{"id":1536,"date":"2020-09-06T20:41:29","date_gmt":"2020-09-06T18:41:29","guid":{"rendered":"https:\/\/education-bien-commun.fr\/?page_id=1536"},"modified":"2020-09-06T20:41:29","modified_gmt":"2020-09-06T18:41:29","slug":"appel","status":"publish","type":"page","link":"https:\/\/education-bien-commun.fr\/?page_id=1536","title":{"rendered":"L&rsquo;APPEL de 2020"},"content":{"rendered":"\n<ul class=\"wp-block-list\">\n<li><strong>2020<\/strong> : \u00ab\u00a0 L\u2019objectif de cet Appel constitue la raison d\u2019\u00eatre de ce site\u00a0\u00bb. Premier appel, voir les signataires ci-dessous.<\/li>\n\n\n\n<li><strong>2022<\/strong> nous avons lanc\u00e9 un second appel \u00e0 \u00ab\u00a0bifurquer\u00a0\u00bb \u00e0 la suite des \u00e9tudiant\u2022e\u2022s des grandes \u00e9coles : <a href=\"https:\/\/education-bien-commun.fr\/bifurquer\/\"><strong>C&rsquo;est tout le syst\u00e8me \u00e9ducatif qui doit bifurquer ! <\/strong><\/a><\/li>\n\n\n\n<li><strong>Octobre 2023<\/strong> un texte a \u00e9t\u00e9 \u00e9crit par Raymond Millot et le Collectif Education bien commun mais il n&rsquo;y a pas eu d&rsquo;appel proprement dit :<strong> <\/strong><a href=\"https:\/\/education-bien-commun.fr\/2023-mobilisation-generale\/\"><strong>Mobilisation g\u00e9n\u00e9rale<\/strong>.<\/a> Texte \u00e0 la suite de l&rsquo;appel du secr\u00e9taire g\u00e9n\u00e9ral de l\u2019ONU, <strong>Antonio Guterres<\/strong> qui s&rsquo;inqui\u00e8te des effets du r\u00e9chauffement climatique au point d\u2019appeler \u00e0 la\u00a0\u00ab\u00a0mobilisation g\u00e9n\u00e9rale\u00a0\u00bb. En attendant que celle-ci devienne effective, il est possible\u00a0:\n<ul class=\"wp-block-list\">\n<li>d\u2019exploiter et d\u00e9border les timides propositions de l\u2019institution scolaire concernant \u00ab\u00a0<strong>l\u2019\u00e9ducation au d\u00e9veloppement durable<\/strong>\u00a0\u00bb. Occasion d\u2019accumuler de l\u2019exp\u00e9rience utile \u00e0 l\u2019\u00e9ventuelle\u00ab\u00a0bifurcation\u00a0\u00bb et de <strong>donner un sens \u00e0 la \u00ab\u00a0transdisciplinarit\u00e9\u00a0\u00bb<\/strong><\/li>\n\n\n\n<li>d\u2019imaginer une mise en \u0153uvre de cette mobilisation, dans les diff\u00e9rents domaines de la vie sociale.<\/li>\n\n\n\n<li>Il est impossible de tenir les enfants et les adolescents\u00a0\u00e0 l\u2019\u00e9cart des horreurs du monde.\u00a0 Nous constatons\u00a0<strong>leur inqui\u00e9tude<\/strong>\u00a0et nous estimons que le moyen le plus efficace pour emp\u00eacher qu\u2019elle n\u2019envahisse les esprits,\u00a0<strong>c\u2019est l\u2019action<\/strong>.\u00a0\u00bbEn attendant que celle-ci devienne effective,\u00a0il est possible\u00a0:<\/li>\n<\/ul>\n<\/li>\n<\/ul>\n\n\n\n<p class=\"has-text-align-center wp-block-paragraph\">***<\/p>\n\n\n\n<p class=\"has-text-align-center wp-block-paragraph\"><strong>Premier Appel en 2020 : <\/strong><\/p>\n\n\n\n<h3 class=\"wp-block-heading has-text-align-center\" id=\"une-education-pour-faire-face\"><strong><mark><mark style=\"background-color:#ff6900\" class=\"has-inline-color\">UNE EDUCATION POUR FAIRE FACE <\/mark><\/mark><\/strong><\/h3>\n\n\n\n<h3 class=\"wp-block-heading has-text-align-center\"><strong><mark style=\"background-color:#ff6900\" class=\"has-inline-color\">AU \u00ab\u00a0JOUR D&rsquo;APRES\u00a0\u00bb<\/mark><\/strong><\/h3>\n\n\n\n<p class=\"has-drop-cap wp-block-paragraph\"><strong>Le Jour d\u2019apr\u00e8s<\/strong>, c\u2019est celui que pr\u00e9voyait le Manifeste de 2017, sign\u00e9 par15364&nbsp;scientifiques de 184 pays et qui se terminait ainsi : \u00ab&nbsp;<em>Pour \u00e9viter une mis\u00e8re g\u00e9n\u00e9ralis\u00e9e et une perte catastrophique de biodiversit\u00e9, l\u2019humanit\u00e9 doit adopter une alternative plus durable \u00e9cologiquement que la pratique qui est la sienne aujourd\u2019hui. Bien que cette recommandation ait \u00e9t\u00e9 d\u00e9j\u00e0 clairement formul\u00e9e il y a vingt-cinq ans par les plus grands scientifiques du monde, nous n\u2019avons, dans la plupart des domaines, pas entendu leur mise en garde. <\/em><em><strong>Il sera bient\u00f4t trop tard<\/strong><\/em><em>.<\/em>&nbsp;\u00bb.<\/p>\n\n\n\n<p class=\"wp-block-paragraph\">Il aura fallu 3 ans pour qu\u2019une majorit\u00e9 de Fran\u00e7ais, selon les enqu\u00eates, prennent conscience du danger. Ils peuvent donc facilement concevoir que <strong>demain<\/strong>,<strong> leurs enfants<\/strong> vont devoir vivre dans un monde o\u00f9 <strong>la solidarit\u00e9, la coop\u00e9ration, la mobilisation de toutes les formes d\u2019intelligence,<\/strong> seront indispensables pour faire face, pour r\u00e9sister, pour trouver des solutions.<\/p>\n\n\n\n<p class=\"wp-block-paragraph\">Notre syst\u00e8me \u00ab&nbsp;\u00e9ducatif&nbsp;\u00bbne correspond en aucune fa\u00e7on \u00e0 cet avenir. Son but principal est de <strong>s\u00e9lectionner<\/strong> les \u00ab&nbsp;\u00e9l\u00e8ves&nbsp;\u00bb pour r\u00e9pondre aux besoins du syst\u00e8me capitaliste, avec pour horizon la <strong>consommation <\/strong>et pour r\u00e9sultat, l\u2019accroissement des <strong>in\u00e9galit\u00e9s<\/strong>. Il est donc urgent d\u2019esquisser les contours d\u2019un <strong>syst\u00e8me \u00e9ducatif alternatif<\/strong> et d\u2019entreprendre <strong>des recherches-action<\/strong> le pr\u00e9figurant. <strong>Divers faits<\/strong> d\u2019actualit\u00e9 sont de nature \u00e0 encourager un tel projet<strong>.<\/strong>&nbsp;<\/p>\n\n\n\n<h3 class=\"wp-block-heading has-text-align-center\" id=\"l-appel-du-20-mai-2020\"><mark><mark style=\"background-color:#ff6900\" class=\"has-inline-color\">L&rsquo;Appel du 20 mai 2020<\/mark><\/mark><\/h3>\n\n\n\n<p class=\"wp-block-paragraph\">Il est donc urgent d\u2019esquisser les contours d\u2019un <strong>syst\u00e8me \u00e9ducatif alternatif<\/strong> et d\u2019entreprendre <strong>des recherches-action<\/strong> le pr\u00e9figurant. <strong>Divers faits<\/strong> d\u2019actualit\u00e9 sont de nature \u00e0 encourager un tel projet<strong>.<\/strong>&nbsp;<\/p>\n\n\n\n<p class=\"wp-block-paragraph\"><strong>Parmi les objectifs que le d\u00e9bat permettra de compl\u00e9ter :<\/strong><\/p>\n\n\n\n<ul class=\"wp-block-list\">\n<li><strong>D\u00e9velopper les capacit\u00e9s de r\u00e9silience<\/strong> \u00ab&nbsp;en donnant la part belle \u00e0 la coop\u00e9ration et la cr\u00e9ativit\u00e9, et au d\u00e9veloppement des sciences citoyennes et participatives\u00a0\u00bb  \n<ul class=\"wp-block-list\">\n<li>(cf. les 35 propositions, dans le livre <strong>Retour sur Terre<\/strong>. Les 35 propositions de 7 chercheurs : Dominique Bourg \u2022 Gauthier Chapelle \u2022 Johann Chapoutot \u2022 Philippe Desbrosses \u2022 Xavier Ricard Lanata \u2022 Pablo Servigne \u2022 Sophie Swaton.) <strong><a href=\"https:\/\/www.babelio.com\/livres\/Bourg-Retour-sur-Terre--35-propositions\/1249667\">Lire le r\u00e9sum\u00e9 sur le site Babelio.<\/a><\/strong><\/li>\n<\/ul>\n<\/li>\n\n\n\n<li>Permettre au <strong>potentiel d\u2019intelligence et de cr\u00e9ativit\u00e9 de chaque individu<\/strong> de s\u2019exprimer au service de son propre \u00e9quilibre et du d\u00e9veloppement qualitatif de la soci\u00e9t\u00e9, notamment par la cr\u00e9ation dans le domaine artistique<\/li>\n\n\n\n<li><strong>Favoriser les d\u00e9marches \u00e9mancipatrices et solidaires <\/strong>dans l\u2019esprit des premiers temps du mouvement ouvrier<\/li>\n\n\n\n<li>Affirmer que <strong>l\u2019\u00e9ducation est un bien commun <\/strong>qui en tant que tel, ne doit pas d\u00e9pendre d\u2019un quelconque pouvoir politique ou \u00e9conomique mais faire l\u2019objet d\u2019une construction collective \u00e9volutive \u00e9labor\u00e9e d\u00e9mocratiquement.<\/li>\n<\/ul>\n\n\n\n<h3 class=\"wp-block-heading has-text-align-center\">***<\/h3>\n\n\n\n<p class=\"wp-block-paragraph\">S\u2019il est \u00ab urgent d\u2019esquisser les contours d\u2019un&nbsp;syst\u00e8me \u00e9ducatif alternatif&nbsp;\u00bb, on ne peut&nbsp;&nbsp;imaginer qu\u2019un syst\u00e8me vieux de 140 ans, qui n\u2019a cess\u00e9 de fonctionner au service de l\u2019ordre \u00e9tabli, puisse du jour au lendemain \u00ab&nbsp;d\u00e9velopper les capacit\u00e9s de r\u00e9silience \u2026 permettre au potentiel d\u2019intelligence et de cr\u00e9ativit\u00e9 de chaque individu de s\u2019exprimer\u2026&nbsp;favoriser&nbsp; les d\u00e9marches&nbsp; \u00e9mancipatrices et solidaires \u00bb.&nbsp;En revanche, il est possible de compter sur la pr\u00e9occupation des parents.&nbsp;Encore faut-il que le sujet entre dans les d\u00e9bats en cours.<\/p>\n\n\n\n<p class=\"wp-block-paragraph\"><mark><mark style=\"background-color:#ffffff\" class=\"has-inline-color\"><strong>A cet effet nous souhaitons que&nbsp;chaque signataire&nbsp;informe son entourage&nbsp; et interpelle les organisations&nbsp;qui lui sont proches<\/strong>.<\/mark><\/mark><\/p>\n\n\n\n<p class=\"wp-block-paragraph\"><mark><mark style=\"background-color:#ffffff\" class=\"has-inline-color\"><strong>VOUS QUI NOUS LISEZ<\/strong>,&nbsp;<strong>SI VOUS VOULEZ SIGNER<\/strong><\/mark><\/mark><strong>,<\/strong>&nbsp;veuillez \u00e9crire \u00e0 l\u2019adresse ci-apr\u00e8s, en mentionnant vos noms, pr\u00e9noms, qualit\u00e9s. Merci.<\/p>\n\n\n\n<p class=\"wp-block-paragraph\">nadine.lanneau@laposte.net<\/p>\n\n\n\n<p class=\"wp-block-paragraph\">ou bien<\/p>\n\n\n\n<p class=\"wp-block-paragraph\">rr.millot@wanadoo.fr<\/p>\n\n\n\n<p class=\"has-text-align-center wp-block-paragraph\">***<\/p>\n\n\n\n<h3 class=\"wp-block-heading has-text-align-center\" id=\"les-signataires-de-l-appel\"><strong><mark style=\"background-color:#ff6900\" class=\"has-inline-color\">Les signataires de l\u2019Appel :<\/mark><\/strong><\/h3>\n\n\n\n<p class=\"wp-block-paragraph\"><strong>Philippe Meirieu<\/strong>, &nbsp;professeur honoraire en sciences de l\u2019\u00e9ducation, pr\u00e9sident des CEMEA&nbsp;<\/p>\n\n\n\n<p class=\"wp-block-paragraph\"><strong>Jean-Pierre Klein<\/strong>, psychiatre honoraire des H\u00f4pitaux, Dr HDR en Psychologie, directeur de l\u2019Institut national d\u2019expression, de cr\u00e9ation, d\u2019art et transformation INECAT<\/p>\n\n\n\n<p class=\"wp-block-paragraph\"><strong>Elisabeth Bourgain<\/strong>, agr\u00e9g\u00e9e de math\u00e9matiques , ancienne coordinatrice d\u2019AUTO-ECOLE ( lyc\u00e9ens d\u00e9crocheurs) ancienne maire adjointe de l\u2019\u00cele St-Denis<\/p>\n\n\n\n<p class=\"wp-block-paragraph\"><strong>Eveline Charmeux<\/strong>, professeur-formateur honoraire de fran\u00e7ais, ex-chercheur \u00e0 l\u2019INRP&nbsp;<\/p>\n\n\n\n<p class=\"wp-block-paragraph\"><strong>Raymond Millot<\/strong>, ancien coordinateur des \u00e9coles ouvertes de la Villeneuve de Grenoble<\/p>\n\n\n\n<p class=\"wp-block-paragraph\"><strong>Didier Minot,&nbsp;<\/strong>Pr\u00e9sident du collectif \u00ab&nbsp;Changer de cap&nbsp;\u00bb<\/p>\n\n\n\n<p class=\"wp-block-paragraph\"><strong>CNNR :&nbsp;<\/strong>Conseil national de la nouvelle r\u00e9sistance&nbsp;<a rel=\"noreferrer noopener\" href=\"http:\/\/www.cnnr.fr\/\" target=\"_blank\">http:\/\/www.cnnr.fr\/<\/a><\/p>\n\n\n\n<p class=\"wp-block-paragraph\"><strong>Emmanu\u00e8le Moreau<\/strong>, b\u00e9n\u00e9vole dans des actions en faveur des pratiques li\u00e9es \u00e0 l\u2019\u00e9crit, &nbsp;<strong>Ariane B\u00e9ranger<\/strong>,&nbsp;<strong>Andr\u00e9 B\u00e9ranger<\/strong>,&nbsp;<strong>Albert Sousbie<\/strong>,&nbsp;<strong>Claudie Bouvier<\/strong>,&nbsp;<strong>Monique Eymard<\/strong>&nbsp;: recherches-action \u00ab&nbsp;Ecole ouverte&nbsp;\u00bb \u00ab&nbsp; Vivre \u00e0 l\u2019\u00e9cole en citoyens&nbsp;\u00bb, &nbsp;<strong>Ernest Bois<\/strong>, m\u00e9diateur de l\u2019\u00e9crit<\/p>\n\n\n\n<p class=\"wp-block-paragraph\"><strong>Michel Eymard,<\/strong>&nbsp;ancien des Ecoles exp\u00e9rimentales de la Villeneuve de Grenoble, responsable de l\u2019ex Centre de Classes-Lecture de Grenoble, ancien \u00e9lu municipal dans le Vercors<\/p>\n\n\n\n<p class=\"wp-block-paragraph\"><strong>Karine Ennifer<\/strong>, Conseill\u00e8re d\u2019\u00e9ducation populaire et de jeunesse<\/p>\n\n\n\n<p class=\"wp-block-paragraph\"><strong>Martine Roussel<\/strong>, militante Freinet (ICEM)<\/p>\n\n\n\n<p class=\"wp-block-paragraph\"><strong>Yvanne Chenouf<\/strong>, initiatrice de recherches-action (Association fran\u00e7aise pour la Lecture A.F.L.)&nbsp;<\/p>\n\n\n\n<p class=\"wp-block-paragraph\"><strong>Huguette Cordelier<\/strong>, ancienne institutrice \u00e9cole Vitruve. \u00e0 l\u2019origine de SUD EDUCATION&nbsp;<\/p>\n\n\n\n<p class=\"wp-block-paragraph\"><strong>Paul Bron<\/strong>, enseignant retrait\u00e9, ancien \u00e9lu municipal de Grenoble<\/p>\n\n\n\n<p class=\"wp-block-paragraph\"><strong>Charles P\u00e9pinster<\/strong>, initiateur du Groupe Belge d\u2019Education Nouvelle&nbsp;(GBEN) \u2013 p\u00e9dagogie du Chef-d\u2019Oeuvre<\/p>\n\n\n\n<p class=\"wp-block-paragraph\"><strong>Eug\u00e9nie Eloy<\/strong>, GBEN&nbsp;<\/p>\n\n\n\n<p class=\"wp-block-paragraph\"><strong>Michel Pl\u00e9e<\/strong>, ancien \u00ab&nbsp;chef d\u2019\u00e9tablissement&nbsp;\u00bb<\/p>\n\n\n\n<p class=\"wp-block-paragraph\"><strong>Jean Jonot<\/strong>, &nbsp;co-cr\u00e9ateur des \u00ab&nbsp;Amis de la Terre de l\u2019Is\u00e8re&nbsp;\u00bb<\/p>\n\n\n\n<p class=\"wp-block-paragraph\"><strong>Genevi\u00e8ve Jonot<\/strong>, premi\u00e8re &nbsp;pr\u00e9sidente des \u00ab&nbsp;Amis de la Terre de l\u2019Is\u00e8re&nbsp;\u00bb<\/p>\n\n\n\n<p class=\"wp-block-paragraph\"><strong>G\u00e9rard Delbet<\/strong>, ancien professeur \u00e9cole Vitruve<\/p>\n\n\n\n<p class=\"wp-block-paragraph\"><strong>Dominique Vachelard<\/strong>, Association Fran\u00e7aise pour la Lecture et ICEM-Freinet 43<\/p>\n\n\n\n<p class=\"wp-block-paragraph\"><strong>Val\u00e9rie Girardon<\/strong>, Praticienne Freinet<\/p>\n\n\n\n<p class=\"wp-block-paragraph\"><strong>Laurent Carle<\/strong>, psychologue honoraire&nbsp;<\/p>\n\n\n\n<p class=\"wp-block-paragraph\"><strong>Olivier Olgiati<\/strong>&nbsp;\u2013 Ecologue du paysage et Accompagnateur d\u2019enfants et d\u2019adultes par le lien avec la nature et l\u2019agroforesterie<\/p>\n\n\n\n<p class=\"wp-block-paragraph\"><strong>Fernando Segui<\/strong>, enseignant en musique, formateur de futurs professeurs des \u00e9coles et de coll\u00e8ges et lyc\u00e9es.<\/p>\n\n\n\n<p class=\"wp-block-paragraph\"><strong>Patricia Prunelle<\/strong>, formatrice en travail social (IRTS)<\/p>\n\n\n\n<p class=\"wp-block-paragraph\"><strong>Michel Bourgain<\/strong>, Maire honoraire de l\u2019\u00cele St-denis<\/p>\n\n\n\n<p class=\"wp-block-paragraph\"><strong>Sylviane Teillard,<\/strong>&nbsp;conservateure honoraire Biblioth\u00e8ques de Grenoble<\/p>\n\n\n\n<p class=\"wp-block-paragraph\"><strong>Marie Preston<\/strong>, Artiste, enseignante-chercheuse en Arts plastiques \u00e0 l\u2019universit\u00e9 Paris 8 Vincennes-Saint-Denis.&nbsp;<\/p>\n\n\n\n<p class=\"wp-block-paragraph\"><strong>Daniel Am\u00e9dro<\/strong>,&nbsp;Ancien inspecteur d\u2019acad\u00e9mie&nbsp;<\/p>\n\n\n\n<p class=\"wp-block-paragraph\"><strong>Pecoraro Patrick<\/strong>, militant associatif<\/p>\n\n\n\n<p class=\"wp-block-paragraph\"><strong>Nadine Lanneau<\/strong>, professeure documentaliste en coll\u00e8ge, AFL (Association Fran\u00e7aise pour la lecture) et APDEN (Association des Professeur.e.s Documentalistes de l\u2019Education Nationale)<\/p>\n\n\n\n<p class=\"wp-block-paragraph\"><strong>Association \u00ab&nbsp;Hors Gabarit&nbsp;\u00bb Marseille<\/strong>&nbsp;(Am\u00e9liorer le cadre de vie de l\u2019habitat et de l\u2019environnement avec les enfants)<\/p>\n\n\n\n<p class=\"wp-block-paragraph\"><strong>Anna-Lisa Lolo<\/strong>, Sociologue<\/p>\n\n\n\n<p class=\"wp-block-paragraph\"><strong>Laura Bernardini<\/strong>, Architecte<\/p>\n\n\n\n<p class=\"wp-block-paragraph\"><strong>Martha Stalla<\/strong>, Architecte<\/p>\n\n\n\n<p class=\"wp-block-paragraph\"><strong>Association \u00ab&nbsp;Les ArchiMinots&nbsp;\u00bb Marseille<\/strong>. (Impliquer les enfants dans la transformation de leur territoire)<\/p>\n\n\n\n<p class=\"wp-block-paragraph\"><strong>Jenny Millot,<\/strong>&nbsp;Danse-Th\u00e9rapeute<\/p>\n\n\n\n<p class=\"wp-block-paragraph\"><strong>Vittorio Leone<\/strong>, Architecte<\/p>\n\n\n\n<p class=\"wp-block-paragraph\"><strong>Nuno Casimiro<\/strong>, Consultant europ\u00e9en<\/p>\n\n\n\n<p class=\"wp-block-paragraph\"><strong>Etiennette Vellas<\/strong>, Groupe Romand d\u2019\u00c9ducation Nouvelle (GREN), groupe co-fondateur du Lien International d\u2019\u00c9ducation nouvelle (LIEN)<\/p>\n\n\n\n<p class=\"wp-block-paragraph\"><strong class=\"\">Michel Neumayer<\/strong>, \u00c9ducation nouvelle, Marseille, GFEN<\/p>\n\n\n\n<p class=\"wp-block-paragraph\"><strong>Martine Fran\u00e7ois<\/strong>, enseignante retrait\u00e9e, militante de l\u2019\u00e9ducation populaire<\/p>\n\n\n\n<p class=\"wp-block-paragraph\"><strong>Catherine Chabrun,&nbsp;<\/strong>Militante p\u00e9dagogique et des droits de l\u2019enfant, \u00e9cologiste<\/p>\n\n\n\n<p class=\"wp-block-paragraph\"><strong>Claudie Bouvier<\/strong>, ancienne de la Villeneuve de Grenoble<\/p>\n\n\n\n<p class=\"wp-block-paragraph\"><strong>Bernard Defrance<\/strong>, philosophe<\/p>\n\n\n\n<p class=\"wp-block-paragraph\"><strong>Vincent Giovannoni<\/strong>, docteur en ethnologie, conservateur en chef du patrimoine<\/p>\n\n\n\n<p class=\"wp-block-paragraph\"><strong>Jean Jullien<\/strong>, BREZINS<\/p>\n\n\n\n<p class=\"wp-block-paragraph\"><strong>S\u00e9bastien Pr\u00e9vot<\/strong>, Conseiller Principal d\u2019Education d\u00e9missionnaire&nbsp;;&nbsp;mouvement Pour une \u00c9cologie Populaire et Sociale<\/p>\n\n\n\n<p class=\"wp-block-paragraph\"><strong>Jean-Didier VERMENOT<\/strong>, Acteur associatif pour une \u00e9ducation \u00e0 la culture de paix&nbsp;<\/p>\n\n\n\n<p class=\"wp-block-paragraph\"><strong>Jadran Svrdlin<\/strong>, citoyen et enseignant<\/p>\n\n\n\n<p class=\"wp-block-paragraph\"><strong>M-A. Schloesing<\/strong>, Enseignant de lettres puis chef d\u2019\u00e9tablissement, ancien \u00e9lu municipal,&nbsp;je suis aujourd\u2019hui en retraite, mais reste&nbsp;actif et mobilis\u00e9 !<\/p>\n\n\n\n<p class=\"wp-block-paragraph\"><strong>Gensel Maud<\/strong>, membre du CNNR, m\u00e8re de trois fils, au foyer&nbsp;<\/p>\n\n\n\n<p class=\"wp-block-paragraph\">&nbsp;<strong>Jean-Louis<\/strong>&nbsp;<strong>BRIAND<\/strong>, prof des Ecoles retrait\u00e9, ex-militant \u00e0 l\u2019AFL<\/p>\n\n\n\n<p class=\"wp-block-paragraph\"><strong>Martine<\/strong>&nbsp;<strong>Briand<\/strong>, prof des Ecoles retrait\u00e9e<\/p>\n\n\n\n<p class=\"wp-block-paragraph\"><strong>Brigitte Liogier<\/strong><\/p>\n\n\n\n<p class=\"wp-block-paragraph\"><strong>Marie Th\u00e9 Visentin<\/strong>, Enseignante Ma\u00eetre E \u00e0 la retraite<\/p>\n\n\n\n<p class=\"wp-block-paragraph\"><strong>Pierre Frackowiak<\/strong>, inspecteur de l\u2019Education Nationale honoraire<\/p>\n\n\n\n<p class=\"wp-block-paragraph\"><strong>Bernard Monthubert<\/strong>, militant p\u00e9dagogie Freinet, formateur informatique retrait\u00e9.&nbsp;<\/p>\n\n\n\n<p class=\"wp-block-paragraph\"><strong>Chantal Pernot<\/strong><\/p>\n\n\n\n<p class=\"wp-block-paragraph\"><strong>Xavier FLEURY<\/strong>, domicili\u00e9 \u00e0 Viroflay dans le 78 et enseignant de math\u00e9matiques en coll\u00e8ge public.<\/p>\n\n\n\n<p class=\"wp-block-paragraph\"><strong>Sabine Loubet<\/strong>, GD 82 ICEM Sud Ouest Groupe communication<\/p>\n\n\n\n<h5 class=\"wp-block-heading\" id=\"yves-porcher\"><strong>Yves Porcher<\/strong><\/h5>\n\n\n\n<p class=\"wp-block-paragraph\"><strong>Marguerite Gomez,<\/strong>&nbsp;enseignante retrait\u00e9e et active ICEM\/FIMEM<\/p>\n\n\n\n<p class=\"wp-block-paragraph\"><strong>Denise Alonso<\/strong><\/p>\n\n\n\n<p class=\"wp-block-paragraph\"><strong>Pralong Sylvie<\/strong>, enseignante retrait\u00e9e, ICEM82-p\u00e9dagogie Freinet<\/p>\n\n\n\n<p class=\"wp-block-paragraph\"><strong>Agn\u00e8s Joyeux<\/strong>, ICEM<\/p>\n\n\n\n<p class=\"wp-block-paragraph\"><strong>ICEM \u2013 p\u00e9dagogie Freinet \u2013 Secr\u00e9tariat national<\/strong><\/p>\n\n\n\n<p class=\"wp-block-paragraph\"><strong>Fran\u00e7ois Le M\u00e9nah\u00e8ze<\/strong>,&nbsp;Enseignant, formateur<\/p>\n\n\n\n<p class=\"wp-block-paragraph\"><strong>Fr\u00e9d\u00e9rique MAIAUX<\/strong>&nbsp; \u2013&nbsp; \u00e9ducation nouvelle \u2013 GFEN \u2013 Is\u00e8re<\/p>\n\n\n\n<p class=\"wp-block-paragraph\"><strong>Yves B\u00e9al<\/strong>, militant d\u2019Education Nouvelle (GFEN) Is\u00e8re, \u00e9crivain, formateur, animateur d\u2019atelier d\u2019\u00e9criture secteur \u00e9criture du GFEN<\/p>\n\n\n\n<p class=\"wp-block-paragraph\"><strong>Colette Charlet,&nbsp;<\/strong>&nbsp;&nbsp;Membre du Groupe Fran\u00e7ais d\u2019Education Nouvelle (GFEN) et de l\u2019Association Internationale Janusz Korczak<\/p>\n\n\n\n<p class=\"wp-block-paragraph\"><strong>Roger&nbsp; Merlin<\/strong>, Ancien directeur \u00e9cole d\u2019application, Ancien \u00e9lu de la ville de Grenoble, ex pr\u00e9sident des Francas de l\u2019Is\u00e8re et de AURA<\/p>\n\n\n\n<p class=\"wp-block-paragraph\"><strong>Guillaume Cornu<\/strong>, enseignant<\/p>\n\n\n\n<p class=\"wp-block-paragraph\"><strong>Marie de Besses<\/strong>, b\u00e9n\u00e9vole Artisans du Monde, pour l\u2019\u00e9quipe Education \u2013 Plaidoyer<\/p>\n\n\n\n<p class=\"wp-block-paragraph\"><strong>Camille Pasquier,<\/strong>&nbsp;citoyenne, engag\u00e9e, pratique et propose des outils d\u2019\u00e9ducation populaire, maman, conf\u00e9renci\u00e8re sur les violences \u00e9ducatives ordinaires<\/p>\n\n\n\n<p class=\"wp-block-paragraph\"><strong>Anne Mongodin<\/strong>, &nbsp;professeure de fran\u00e7ais au lyc\u00e9e Rosa Parks en Vend\u00e9e (85), participe au collectif GD85 de l\u2019ICEM Freinet<\/p>\n\n\n\n<p class=\"wp-block-paragraph\"><strong>Sandrine Attar<\/strong>, psychologue clinicienne : Tous mes encouragements pour votre d\u00e9marche que j\u2019ai parcourue et qui me semble int\u00e9ressante dans la mesure o\u00f9 elle met l\u2019accent sur les capacit\u00e9s individuelles de chaque individu, comme le pr\u00f4ne la m\u00e9thode Montessorit que je connais bien, loin de la norme commune actuelle.<\/p>\n\n\n\n<p class=\"wp-block-paragraph\"><strong>Prim Pierre<\/strong>, Professeur d\u2019Eps \u00e0 B\u00e9ziers, Formateur<\/p>\n\n\n\n<p class=\"wp-block-paragraph\"><strong>St\u00e9phanie Sellem<\/strong>, professeure de fran\u00e7ais en coll\u00e8ge (Val-de-Marne) et intervenante en structure ULIS<\/p>\n\n\n\n<p class=\"wp-block-paragraph\"><strong>Max Masvigner<\/strong>, Enseignant sp\u00e9cialis\u00e9 RASED<\/p>\n\n\n\n<p class=\"wp-block-paragraph\"><strong>Val\u00e9rie Cabanne<\/strong>,&nbsp;\u00c9ducatrice sp\u00e9cialis\u00e9e&nbsp;Membre du CNNR (Conseil National de la Nouvelle R\u00e9sistance)<\/p>\n\n\n\n<p class=\"wp-block-paragraph\"><strong>M\u00e9ziane Lechani<\/strong>, m\u00e9decin et \u00e9diteur<\/p>\n\n\n\n<p class=\"wp-block-paragraph\"><strong>Julien ALBERT<\/strong>, ch\u00f4meur longue dur\u00e9e en reconversion pour devenir agriculteur paysan en bio<\/p>\n\n\n\n<p class=\"wp-block-paragraph\"><strong>Lydia DENNY<\/strong>, employ\u00e9e administratif et maman de 3 enfants<\/p>\n\n\n\n<p class=\"wp-block-paragraph\"><strong>Guillaume Rousseau<\/strong>, prof de biologie<\/p>\n\n\n\n<p class=\"wp-block-paragraph\">H<strong>enri HEBRAUD,<\/strong>&nbsp;Ing\u00e9nieur en retraite, membre du CNNR<\/p>\n\n\n\n<p class=\"wp-block-paragraph\"><strong>Jacques Baul<\/strong>, Ing\u00e9nieur retrait\u00e9 \u2026 enrag\u00e9 de voir dilapider tout bien public&nbsp;: \u00e9ducation, h\u00f4pital, infrastructures. Vous pouvez lire mes \u00ab&nbsp;coups de gueule&nbsp;\u00bb sur le site TRAZIBULE&nbsp;!<\/p>\n\n\n\n<p class=\"wp-block-paragraph\"><strong>Jean-Pierre Barrel<\/strong><\/p>\n\n\n\n<p class=\"wp-block-paragraph\"><strong>Evelyne Paricot<\/strong>, grand-m\u00e8re 5 fois et militante LFI<\/p>\n\n\n\n<p class=\"wp-block-paragraph\"><strong>Agnes Riandiere&nbsp;<\/strong>: Sans l\u2019enseignement et les enseignants, un pays et ses enfants se meurent. Je suis retrait\u00e9e. J\u2019ai travaill\u00e9 pendant 34 ans \u00e0 la cit\u00e9 des Sciences, et de ce fait, j\u2019ai particip\u00e9 au travail des enseignants pour le d\u00e9veloppement de leurs \u00e9l\u00e8ves. Sans eux et sans le cadre et les subventions du minist\u00e8re de l\u2019Education nationale, rien ne peut se faire.<\/p>\n\n\n\n<p class=\"wp-block-paragraph\"><strong>Evelyne Perrin<\/strong>, pr\u00e9sidente pour l\u2019association STOP PRECARITE<\/p>\n\n\n\n<p class=\"wp-block-paragraph\"><strong>Mayer Marie-Claude<\/strong>&nbsp;: Qualit\u00e9 ? Citoyenne<\/p>\n\n\n\n<p class=\"wp-block-paragraph\"><strong>Michelle Leclercq<\/strong><\/p>\n\n\n\n<p class=\"wp-block-paragraph\"><strong>Worms G\u00e9rard<\/strong>, Retrait\u00e9&nbsp;<\/p>\n\n\n\n<p class=\"wp-block-paragraph\"><strong>Beno\u00eet OLIVIER<\/strong>, Com\u00e9dien \u00e0 Grenoble<\/p>\n\n\n\n<p class=\"wp-block-paragraph\"><strong>Jocelyne CONTET<\/strong>, professeur agr\u00e9g\u00e9 de SVT dans le Jura<\/p>\n\n\n\n<p class=\"wp-block-paragraph\"><strong>Patrice Bouqueniaux<\/strong><\/p>\n\n\n\n<p class=\"wp-block-paragraph\"><strong>Annick Dillenseger<\/strong>&nbsp;: Je suis enseignante en BTS M\u00e9tiers de l\u2019eau. La production d\u2019eau potable et l \u00e9puration des eaux us\u00e9es font partie des secteurs d\u2019activit\u00e9 concern\u00e9s par cette formation.&nbsp;<br>Je suis convaincue de l\u2019urgence de r\u00e9former l\u2019\u00e9cole \u00e0 tous niveaux pour adapter les plus jeunes aux situations in\u00e9dites auxquelles ils seront confront\u00e9s. Je suis pr\u00eate \u00e0 contribuer \u00e0 un projet commun avec mes comp\u00e9tences et prises de conscience.<\/p>\n\n\n\n<p class=\"wp-block-paragraph\"><strong>Sarah Wauquiez<\/strong>, enseignante, psychologue, formatrice d\u2019enseignants, auteure<\/p>\n\n\n\n<p class=\"wp-block-paragraph\"><strong>Gilles Tahon<\/strong>, retrait\u00e9 du secteur sanitaire et social<\/p>\n\n\n\n<p class=\"wp-block-paragraph\"><strong>GILLES PICARDY<\/strong>, &nbsp;retrait\u00e9<\/p>\n\n\n\n<p class=\"wp-block-paragraph\"><strong>Isabelle Patin, &nbsp;<\/strong>psychologue interculturelle \u00e0 la retraite<strong>&nbsp;<\/strong><\/p>\n\n\n\n<p class=\"wp-block-paragraph\"><strong>Odile H\u00e9lier<\/strong><\/p>\n\n\n\n<p class=\"wp-block-paragraph\"><strong>\u00c9tienne Parc<\/strong>, com\u00e9dien&nbsp;<\/p>\n\n\n\n<p class=\"wp-block-paragraph\"><strong>Maria-Dolor\u00e8s Sanchez<\/strong>, psychopraticienne sp\u00e9cialis\u00e9e en Psychog\u00e9n\u00e9alogie.&nbsp;<a href=\"http:\/\/www.maria-dolores-sanchez.com\/\">Site.<\/a>&nbsp;Cr\u00e9atrice de la m\u00e9thode&nbsp;<a href=\"http:\/\/www.oser-le-dire.fr\/\">\u00ab&nbsp;Oser le Dire&nbsp;\u00bb<\/a>&nbsp;pour se sortir de l\u2019inceste.<\/p>\n\n\n\n<p class=\"wp-block-paragraph\"><strong>Delphine Saboy<\/strong>, professeur des \u00e9coles 66<\/p>\n\n\n\n<p class=\"wp-block-paragraph\"><strong>Sandrine Binet<\/strong>, artiste-com\u00e9dienne, soutien du CNNR<\/p>\n\n\n\n<p class=\"wp-block-paragraph\"><strong>Maurice Latapie<\/strong>, militant, formateur retrait\u00e9, la salle les Alpes&nbsp;<\/p>\n\n\n\n<p class=\"wp-block-paragraph\"><strong>Dr Serge Kreiter<\/strong>, HDR, Professeur (de Classe Exceptionnelle), acarologue (\u00e9tude des acariens), Montpellier SupAgro<\/p>\n\n\n\n<p class=\"wp-block-paragraph\"><strong>Anne-Laure Franchi<\/strong><\/p>\n\n\n\n<p class=\"wp-block-paragraph\"><strong>Nikita Apotheloz<\/strong>, auxiliaire de vie, en formation d\u2019aide soignante<\/p>\n\n\n\n<p class=\"wp-block-paragraph\"><strong>Patrick LAO<\/strong><\/p>\n\n\n\n<p class=\"wp-block-paragraph\"><strong>Fabrice Gravelat, ing\u00e9nieur et paysan<\/strong><\/p>\n\n\n\n<p class=\"wp-block-paragraph\"><strong>Adrien Pittion-Rossillon<\/strong>, Professeur des \u00e9coles retrait\u00e9<\/p>\n\n\n\n<p class=\"wp-block-paragraph\"><strong>Bernard Molliex<\/strong>, Th\u00e9rapeuthe psychocorporel.&nbsp;<a href=\"http:\/\/www.therapeute-psychocorporel-albertville-grenoble.com\/\">Son site.<\/a><\/p>\n\n\n\n<p class=\"wp-block-paragraph\"><strong>Annie Boulon-Fahmy<\/strong>, Inspectrice honoraire d\u2019Arts plastiques, acad\u00e9mie de Rouen ;&nbsp;<br>co-r\u00e9f\u00e9rente Place Publique, groupe de travail \u00c9ducation&nbsp;<\/p>\n\n\n\n<p class=\"wp-block-paragraph\"><strong>V\u00e9ronique Hervou\u00ebt<\/strong>, Com\u00e9dienne<\/p>\n\n\n\n<p class=\"wp-block-paragraph\"><strong>Vincent Daudon<\/strong>, enseignant dans l\u2019acad\u00e9mie de Paris<\/p>\n\n\n\n<p class=\"wp-block-paragraph\"><strong>Veronique Tanguy&nbsp;<\/strong>\u2013 citoyenne, m\u00e8re \u2013 Villejuif<\/p>\n\n\n\n<p class=\"wp-block-paragraph\"><strong>Willy Fr\u00e9n\u00e9a<\/strong>, Directeur d\u2019\u00e9cole retrait\u00e9<\/p>\n\n\n\n<p class=\"wp-block-paragraph\"><strong>Jean-Christophe BERNARD<\/strong>, maraicher<\/p>\n\n\n\n<p class=\"wp-block-paragraph\"><strong>Claire-Noelle MILLET<\/strong><\/p>\n\n\n\n<p class=\"wp-block-paragraph\"><strong>Patrick AMARANTO,<\/strong>&nbsp;Cardiologue retrait\u00e9<\/p>\n\n\n\n<p class=\"wp-block-paragraph\"><strong>Christine Flamant<\/strong>, retrait\u00e9e de l\u2019\u00e9ducation nationale<\/p>\n\n\n\n<p class=\"wp-block-paragraph\"><strong>Jean-Marc Merlent<\/strong>&nbsp;: Pr\u00e9sident de l\u2019association \u00ab&nbsp;Les jours heureux de Bergerac&nbsp;\u00bb. Membre r\u00e9f\u00e9rent du comit\u00e9 local de Bergerac au CNNR : Je signe cette appel pour que notre \u00e9cole devienne un bien commun soustrait aux alternances politiques, \u00e0 un projet de soci\u00e9t\u00e9 mondialis\u00e9 pour qui la r\u00e9ussite ne s\u2019\u00e9value que par l\u2019argent. \u00ab Cr\u00e9er, c\u2019est r\u00e9sister. R\u00e9sister, c\u2019est cr\u00e9er \u00bb.<\/p>\n\n\n\n<p class=\"wp-block-paragraph\"><strong>Bernard Briche<\/strong>&nbsp;: Ancien animateur social, formateur aupr\u00e8s d\u2019\u00e9ducateurs sp\u00e9cialis\u00e9s, \u00e0 la retraite. La place de l\u2019\u00e9ducation est primordiale. La vis\u00e9e de l\u2019Education nationale, en r\u00e9alit\u00e9, cache qu\u2019elle ne s\u2019int\u00e9resse qu\u2019\u00e0 former dix pour cent d\u2019\u00e9lites et que le reste seront les&nbsp; parias\u2026 Cela est en pleine contradiction avec le triptyque \u00ab&nbsp;Libert\u00e9, \u00e9galit\u00e9, fraternit\u00e9&nbsp;\u00bb. Nous sommes men\u00e9s, sciemment vers une soci\u00e9t\u00e9 qui se fracture\u2026. Je m\u2019associe \u00e0 la n\u00e9cessit\u00e9 urgente de votre action. Je suis retrait\u00e9 de l\u2019institut de formation des travailleurs sociaux de Paris. Je suis retrait\u00e9 depuis&nbsp; 18 ans, je vis en Bretagne et constat\u00e9 les d\u00e9g\u00e2ts faits \u00e0 la Terre et la mer. J\u2019ai \u00e9t\u00e9 tr\u00e8s investi dans le milieu sportif et ai \u00e9t\u00e9 tr\u00e8s insatisfait de l\u2019absence de r\u00e9flexion \u00e9ducative de ces diff\u00e9rents milieux, alors que chacun se targuait d\u2019employer&nbsp;l\u2019expression, sans pouvoir dire un mot (aucune formation n\u2019aborde le sujet, \u00e0 part, je suppose, celles des Profs EPS).<\/p>\n\n\n\n<p class=\"wp-block-paragraph\"><strong>Cigna Corinne<\/strong>&nbsp;AESH<\/p>\n\n\n\n<p class=\"wp-block-paragraph\"><strong>Buisson Michel<\/strong>&nbsp;retrait\u00e9<\/p>\n\n\n\n<p class=\"wp-block-paragraph\"><strong>Charlotte RICCO<\/strong>, conseill\u00e8re en insertion professionnelle, membre du CA de l\u2019association d\u2019\u00e9ducation populaire et \u00e9change interculturel \u00ab&nbsp;Hors Pistes&nbsp;\u00bb.<\/p>\n\n\n\n<p class=\"wp-block-paragraph\"><strong>Jocelyne Abry,&nbsp;<\/strong>professeur d\u2019Eps retrait\u00e9e<\/p>\n\n\n\n<p class=\"wp-block-paragraph\"><strong>Yvette DUCHEMANN<\/strong>, enseignante retrait\u00e9e<\/p>\n\n\n\n<p class=\"wp-block-paragraph\"><strong>Jo\u00ebl XAVIER<\/strong>, Professeur des \u00c9coles, docteur en Sciences de l\u2019\u00c9ducation&nbsp;&nbsp;<\/p>\n\n\n\n<p class=\"wp-block-paragraph\"><strong>Romain Barraband<\/strong>, M\u00e9decin psychiatre<\/p>\n\n\n\n<p class=\"wp-block-paragraph\"><strong>Aur\u00e9lia Mignon<\/strong>, P\u00e9dagogue par la nature<\/p>\n\n\n\n<p class=\"wp-block-paragraph\"><strong>Philippe Besse<\/strong>, professeur \u00e9m\u00e9rite Universit\u00e9 de Toulouse<\/p>\n\n\n\n<p class=\"wp-block-paragraph\"><strong>Prisca Bernard<\/strong>, enseignante<\/p>\n\n\n\n<p class=\"wp-block-paragraph\"><strong>Devanne Bernard,<\/strong>&nbsp;professeur-formateur maitrise de la langue<em>,&nbsp;<\/em>retrait\u00e9<\/p>\n\n\n\n<p class=\"wp-block-paragraph\"><strong>Nathalie Couic,<\/strong>&nbsp;Enseignante<\/p>\n\n\n\n<p class=\"wp-block-paragraph\"><strong>Delphin<em>e&nbsp;<\/em>Bitche<\/strong>, enseignante en Ulis, Dunkerque<\/p>\n\n\n\n<p class=\"wp-block-paragraph\"><strong>Jean-Marie Le Jeune<\/strong><em>,&nbsp;<\/em>Enseignant au coll\u00e8ge, p\u00e9dagogie Freinet, syndicat CNT<\/p>\n\n\n\n<p class=\"wp-block-paragraph\"><strong>Julien Barnoin<\/strong>, Professeur des \u00e9coles, La R\u00e9union&nbsp;<\/p>\n\n\n\n<p class=\"wp-block-paragraph\"><strong>Philippe Watrelot<\/strong>, prof et militant p\u00e9dagogique. Bien s\u00fbr, je signe volontiers.<\/p>\n\n\n\n<p class=\"wp-block-paragraph\"><strong>Paul Masson<\/strong>, Retrait\u00e9 formateur d\u2019adultes et militant d\u2019\u00e9ducation populaire<\/p>\n\n\n\n<p class=\"wp-block-paragraph\"><strong>A-B. Outrebon<\/strong>. Neuville-st-Vaas. Oui, c\u2019est la base de la citoyennet\u00e9 donc d\u2019une vraie d\u00e9mocratie.<\/p>\n\n\n\n<p class=\"wp-block-paragraph\"><strong>Herv\u00e9 Saint-Maxent<\/strong>, retrait\u00e9 de l\u2019\u00e9ducation nationale<\/p>\n\n\n\n<p class=\"wp-block-paragraph\"><strong>Anne TRIFUNOVIC<\/strong>, enseignante de Fran\u00e7ais en coll\u00e8ge (92)<\/p>\n\n\n\n<p class=\"wp-block-paragraph\"><strong>Josse Anino<\/strong>, formatrice \u00e0&nbsp; l\u2019universit\u00e9 lyon1 (iufm\/esp\u00e9) dans l\u2019enseignement sp\u00e9cialis\u00e9 et en master MEEF. A la retraite depuis peu ! Co-pr\u00e9sidente de&nbsp;<a href=\"http:\/\/desirsdecole.fr\/\">D\u00e9sirs d\u2019\u00e9cole<\/a><\/p>\n\n\n\n<p class=\"wp-block-paragraph\"><strong>Fabrice Deboffe<\/strong>, jardinier et aussi papa. Je suis pr\u00e9occup\u00e9 par la situation que nous vivons actuellement et je crois qu\u2019il faut changer beaucoup de choses dans notre soci\u00e9t\u00e9 et bien s\u00fbr l\u2019\u00e9cole qui est compl\u00e8tement englu\u00e9e dans une vision obsol\u00e8te du monde.&nbsp;Nos enfants auront des d\u00e9fis importants auxquels ils devront faire face. Peut-\u00eatre est-il temps de leur apprendre la solidarit\u00e9 \u00e0 la place de la comp\u00e9tition, apprendre \u00e0 \u00eatre libre et non pas ali\u00e9n\u00e9s au consum\u00e9risme, apprendre \u00e0 prendre soin de la vie au lieu de la maltraiter et de la gaspiller. Il est temps pour nous d\u2019apprendre \u00e0 changer et d\u2019esp\u00e9rer. Je signe votre appel et je vous remercie pour votre action.<\/p>\n\n\n\n<p class=\"wp-block-paragraph\"><strong>Martial Farhi<\/strong>, citoyen<\/p>\n\n\n\n<p class=\"wp-block-paragraph\"><strong>Martine Manley<\/strong>, psychologue du travail salari\u00e9e \u00e0 p\u00f4le emploi et psychologue, sophrologue en exercice lib\u00e9ral<\/p>\n\n\n\n<p class=\"wp-block-paragraph\"><strong>Chantal Pagot<\/strong>. Je suis membre du CNNR et je viens de rejoindre le groupe \u00c9ducation bien commun.&nbsp;Je me pr\u00e9sente rapidement : J\u2019ai \u00e9t\u00e9 \u00ab&nbsp;rempla\u00e7ante&nbsp;\u00bb &nbsp;puis dipl\u00f4m\u00e9e de l\u2019\u00c9ducation Nationale dans les ann\u00e9es 70. J\u2019ai d\u00e9missionn\u00e9 car je ne voulais pas travailler dans le \u00ab carcan \u00bb de l\u2019E.N.<br>Je me suis tourn\u00e9e vers le th\u00e9\u00e2tre, notamment jeune public, j\u2019ai fait partie d\u2019une troupe durant 24 ans puis j\u2019ai continu\u00e9 en solo avec des interventions en milieu scolaire, spectacles interactifs et ateliers-th\u00e9\u00e2tre. J\u2019ai d\u00fb arr\u00eater mon activit\u00e9 mais j\u2019ai toujours le feu sacr\u00e9 !!!<\/p>\n\n\n\n<p class=\"wp-block-paragraph\"><strong>Anne-Marie Bonjour<\/strong>, Psychologue Psychoth\u00e9rapeute Psychanalyste, Partenaire du Gfen, Militante des droits humains, porteuse du projet&nbsp;<a href=\"http:\/\/handicapestmoi.fr\/\">handicapestmoi.fr<\/a>&nbsp;(association La main au chapeau)<\/p>\n\n\n\n<p class=\"wp-block-paragraph\"><strong>Raymond COCHET<\/strong>, 29920 NEVEZ Je suis retrait\u00e9 , militant non violent depuis 50 ans. Nous ne reviendrons pas \u00e0 la normalit\u00e9, car la normalit\u00e9 \u00e9tait le probl\u00e8me.<\/p>\n\n\n\n<p class=\"wp-block-paragraph\"><strong>Jo\u00eblle Cordesse<\/strong>, Groupe Fran\u00e7ais d\u2019\u00c9ducation Nouvelle, Lien International d\u2019\u00c9ducation Nouvelle, Labos de Babel Monde<\/p>\n\n\n\n<p class=\"wp-block-paragraph\"><strong>Eric Gaillard<\/strong>, ancien enseignant sp\u00e9cialis\u00e9 qui a travaill\u00e9 dans un ITEP (Institut th\u00e9rapeutique, \u00e9ducatif et p\u00e9dagogique) pendant le temps qui relevait historiquement de la psychoth\u00e9rapie institutionnelle. Donc qui est assez sensible au type de questionnement et de probl\u00e9matique soulev\u00e9s dans le site.<\/p>\n\n\n\n<p class=\"wp-block-paragraph\"><strong>Le Collectif E.P.L.P.<\/strong>&nbsp;(Enseignant.e.s pour la Plan\u00e8te)<\/p>\n\n\n\n<p class=\"wp-block-paragraph\"><strong>Luigi Zuccante<\/strong>, ancien chef d\u2019\u00e9tablissement et \u00e9diteur \u00e0 titre associatif (\u00e9ditions Itin\u00e9raires)<\/p>\n\n\n\n<p class=\"has-text-align-center wp-block-paragraph\">***<\/p>\n\n\n\n<p class=\"wp-block-paragraph\"><\/p>\n\n\n<div class=\"wp-block-image\">\n<figure class=\"alignright size-large is-resized\"><a href=\"https:\/\/education-bien-commun.fr\/\"><img loading=\"lazy\" decoding=\"async\" width=\"155\" height=\"110\" src=\"https:\/\/education-bien-commun.fr\/wp-content\/uploads\/2023\/10\/retour.gif?w=155\" alt=\"\" class=\"wp-image-7987\" style=\"width:139px;height:auto\" \/><\/a><\/figure>\n<\/div>","protected":false},"excerpt":{"rendered":"<p>*** Premier Appel en 2020 : UNE EDUCATION POUR FAIRE FACE AU \u00ab\u00a0JOUR D&rsquo;APRES\u00a0\u00bb Le Jour d\u2019apr\u00e8s, c\u2019est celui que pr\u00e9voyait le Manifeste de 2017, sign\u00e9 par15364&nbsp;scientifiques de 184 pays et qui se terminait ainsi : \u00ab&nbsp;Pour \u00e9viter une mis\u00e8re g\u00e9n\u00e9ralis\u00e9e et une perte catastrophique de biodiversit\u00e9, l\u2019humanit\u00e9 doit adopter une alternative plus durable \u00e9cologiquement&hellip; <a class=\"more-link\" href=\"https:\/\/education-bien-commun.fr\/?page_id=1536\">Lire la suite <span class=\"screen-reader-text\">L&rsquo;APPEL de 2020<\/span><\/a><\/p>\n","protected":false},"author":3,"featured_media":0,"parent":0,"menu_order":0,"comment_status":"closed","ping_status":"closed","template":"","meta":{"footnotes":""},"class_list":["post-1536","page","type-page","status-publish","hentry"],"jetpack_sharing_enabled":true,"_links":{"self":[{"href":"https:\/\/education-bien-commun.fr\/index.php?rest_route=\/wp\/v2\/pages\/1536","targetHints":{"allow":["GET"]}}],"collection":[{"href":"https:\/\/education-bien-commun.fr\/index.php?rest_route=\/wp\/v2\/pages"}],"about":[{"href":"https:\/\/education-bien-commun.fr\/index.php?rest_route=\/wp\/v2\/types\/page"}],"author":[{"embeddable":true,"href":"https:\/\/education-bien-commun.fr\/index.php?rest_route=\/wp\/v2\/users\/3"}],"replies":[{"embeddable":true,"href":"https:\/\/education-bien-commun.fr\/index.php?rest_route=%2Fwp%2Fv2%2Fcomments&post=1536"}],"version-history":[{"count":0,"href":"https:\/\/education-bien-commun.fr\/index.php?rest_route=\/wp\/v2\/pages\/1536\/revisions"}],"wp:attachment":[{"href":"https:\/\/education-bien-commun.fr\/index.php?rest_route=%2Fwp%2Fv2%2Fmedia&parent=1536"}],"curies":[{"name":"wp","href":"https:\/\/api.w.org\/{rel}","templated":true}]}}