{"id":172,"date":"2020-05-20T18:39:37","date_gmt":"2020-05-20T16:39:37","guid":{"rendered":"https:\/\/education-bien-commun.fr\/?page_id=172"},"modified":"2020-05-20T18:39:37","modified_gmt":"2020-05-20T16:39:37","slug":"conventions-citoyennes","status":"publish","type":"page","link":"https:\/\/education-bien-commun.fr\/?page_id=172","title":{"rendered":"Conventions citoyennes"},"content":{"rendered":"\n<blockquote class=\"wp-block-quote is-layout-flow wp-block-quote-is-layout-flow\">\n<h3 class=\"wp-block-heading has-text-align-center\"><mark style=\"background-color:#ffffff\" class=\"has-inline-color has-luminous-vivid-orange-color\">&nbsp;Introduction<\/mark><\/h3>\n\n\n\n<p class=\"wp-block-paragraph\">Dans divers textes , nous \u00e9voquons une convention citoyenne pour l&rsquo;\u00e9ducation comme lieu o\u00f9 pourraient \u00eatre examin\u00e9es <strong>nos th\u00e8ses \u00e9ducation bien commun et ind\u00e9pendance du syst\u00e8me \u00e9ducatif<\/strong> que nous d\u00e9fendons.&nbsp;<\/p>\n\n\n\n<p class=\"wp-block-paragraph\">Nous avons constat\u00e9 que les mesures pr\u00e9conis\u00e9es par La Convention Citoyenne sur le Climat r\u00e9sultent d\u2019un traitement approfondi du sujet. Le fait &nbsp;qu\u2019elles comportent de nombreuses remarques sur l\u2019\u00e9ducation&nbsp;donne \u00e0 croire &nbsp;qu\u2019une CCE se justifierait pleinement&nbsp;<\/p>\n<\/blockquote>\n\n\n\n<p class=\"has-text-align-center wp-block-paragraph\">***<\/p>\n\n\n\n<h3 class=\"wp-block-heading\">Une convention citoyenne pour l\u2019\u00e9ducation ?<\/h3>\n\n\n\n<p class=\"wp-block-paragraph\">L\u2019exemple irlandais est riche d\u2019enseignements. Alors que l\u2019\u00e9glise catholique la plus r\u00e9actionnaire garde un pouvoir massif sur l\u2019opinion, <strong>des citoyens tir\u00e9s au sort<\/strong> et donc tr\u00e8s majoritairement sous son influence, ont \u00e9t\u00e9 capables de conduire une r\u00e9flexion libre mettant en question deux tabous religieux majeurs et d\u2019influencer le parlement en faveur de leur disqualification&nbsp;! \u00ab&nbsp;<em>Trois assembl\u00e9es citoyennes tir\u00e9es au sort ont fait de l\u2019Irlande un laboratoire exceptionnel pour la d\u00e9mocratie d\u00e9lib\u00e9rative \u2013 entra\u00eenant des r\u00e9visions constitutionnelles majeures&nbsp;: la l\u00e9galisation du mariage homosexuel et de l\u2019avortement<\/em>.&nbsp;\u00bb( Coll\u00e8ge de France, la Vie des id\u00e9es \u2013 extraits ) [\u2026<a href=\"https:\/\/education-bien-commun.fr\/2020\/05\/29\/une-convention-citoyenne-pour-leducation\/\">] <strong>Lire la suite<\/strong><\/a>.<\/p>\n\n\n\n<h3 class=\"wp-block-heading\">Propositions de la Convention citoyenne sur le climat, sur l&rsquo;Education<\/h3>\n\n\n\n<p class=\"wp-block-paragraph\">Publi\u00e9 par Raymond Millot<\/p>\n\n\n\n<p class=\"wp-block-paragraph\">Parmi les \u00ab&nbsp;mesures&nbsp;\u00bb pr\u00e9conis\u00e9es par<strong><a href=\"https:\/\/propositions.conventioncitoyennepourleclimat.fr\/\">&nbsp;la CONVENTION CITOYENNE POUR LE CLIMAT<\/a>,<\/strong>&nbsp;celle qui concerne l\u2019\u00e9ducation&nbsp;<strong><a href=\"https:\/\/propositions.conventioncitoyennepourleclimat.fr\/pdf\/ccc-rapport-final.pdf\">\u00ab&nbsp;Consommer objectif 5&nbsp;\u00bb<\/a><\/strong>&nbsp;<\/p>\n\n\n\n<p class=\"wp-block-paragraph\"><strong>\u00ab\u00a0Faire de l&rsquo;\u00e9ducation, de la formation et de la sensibilisation des leviers d&rsquo;action de la consommation responsable\u00a0\u00bb <\/strong>montre que les id\u00e9es qui nous animent ont p\u00e9n\u00e9tr\u00e9 profond\u00e9ment les conceptions de nos concitoyens. L\u2019analyse qui suit le d\u00e9montre. [&#8230;] <strong><a href=\"https:\/\/education-bien-commun.fr\/2020\/07\/20\/propositions-de-la-convention-citoyenne-sur-le-climat-sur-leducation\/\">Lire la suite.<\/a><\/strong><\/p>\n\n\n\n<h3 class=\"wp-block-heading\">La rentr\u00e9e scolaire 2020&#8230;<\/h3>\n\n\n\n<p class=\"wp-block-paragraph\">Publi\u00e9 par Raymond Millot<\/p>\n\n\n\n<p class=\"wp-block-paragraph\">\u2026 devrait rendre audible notre discours (force est de constater qu\u2019il ne n\u2019est pas encore&nbsp; !) La situation de cette rentr\u00e9e illustre celles que vont vivre les enfants au \u00ab&nbsp;jour d\u2019apr\u00e8s&nbsp;\u00bb. Un \u00e9v\u00e8nement mondial perturbe une vie courante d\u00e9j\u00e0 difficile pour beaucoup. Les enfants qui sont en majorit\u00e9, dans des conditions mat\u00e9rielles m\u00e9diocres vivent un \u00e9v\u00e8nement qui inqui\u00e8te le monde entier, sans r\u00e9ellement le comprendre. Ils ressentent, chacun \u00e0 leur mani\u00e8re, les peurs des adultes. Celles-ci ont pu se traduire pendant le confinement en violences conjugales, parfois sous leurs yeux, et depuis le d\u00e9confinement et cette rentr\u00e9e, en violences dans la rue, \u00e0 la t\u00e9l\u00e9, le masque, l\u2019impossibilit\u00e9 de vivre pleinement une enfance qui court, joue, chahute, \u00e9chappe aux adultes. [&#8230;] <strong><a href=\"https:\/\/education-bien-commun.fr\/2020\/08\/28\/la-rentree-scolaire-2020\/\">Lire la suite.<\/a><\/strong><\/p>\n\n\n\n<p class=\"wp-block-paragraph\">22 ao\u00fbt 2021<\/p>\n\n\n\n<h3 class=\"wp-block-heading\">Lutte contre le d\u00e9r\u00e8glement climatique et renforcement de la r\u00e9silience face \u00e0 ses effets : des esp\u00e9rances d\u00e9\u00e7ues<\/h3>\n\n\n\n<p class=\"wp-block-paragraph\">\u00ab\u00a0La loi \u00ab\u00a0Climat et R\u00e9silience\u00a0\u00bb du 22 ao\u00fbt 2021 traduit une partie des 146 propositions de la Convention citoyenne pour le climat retenues par le chef de l&rsquo;\u00c9tat, pour r\u00e9duire les \u00e9missions de gaz \u00e0 effet de serre de 40% d&rsquo;ici 2030, dans un esprit de justice sociale.\u00a0\u00bb<\/p>\n\n\n\n<p class=\"wp-block-paragraph\">Effectivement, elle traduit seulement \u00ab\u00a0une partie des 146 propositions de la Convention citoyenne pour le climat\u00a0\u00bb qui avaient \u00e9t\u00e9 tr\u00e8s remarqu\u00e9es en juin 2020. Le r\u00e9sultat est d\u00e9cevant. En de\u00e7a des esp\u00e9rances et rien sur l\u2019\u00e9ducation :<strong><a href=\"https:\/\/www.vie-publique.fr\/loi\/278460-loi-22-aout-2021-climat-et-resilience-convention-citoyenne-climat\"> lire ici.<\/a><\/strong> <\/p>\n\n\n\n<p class=\"wp-block-paragraph\">Si l&rsquo;on compare avec les propositions ambitieuses de la Convention : \u00ab\u00a0La Convention Citoyenne pour le climat a r\u00e9uni&nbsp;<strong>150 personnes<\/strong>, toutes tir\u00e9es au sort ;&nbsp;<strong>panel repr\u00e9sentatif de la diversit\u00e9 de la population fran\u00e7aise<\/strong>. Elles avaient pour mandat de d\u00e9finir une s\u00e9rie de mesures permettant d\u2019atteindre&nbsp;<strong>une baisse d\u2019au moins 40 % des \u00e9missions de gaz \u00e0 effet de serre d\u2019ici 2030<\/strong>&nbsp;(par rapport \u00e0 1990),&nbsp;<strong>dans un esprit de justice sociale<\/strong>. Apr\u00e8s plus de&nbsp;<strong>8 mois de travail<\/strong>,&nbsp;<strong>d\u2019auditions<\/strong>&nbsp;et&nbsp;<strong>de d\u00e9bats<\/strong>, les 150 membres de la Convention Citoyenne pour le Climat rendent leurs propositions au gouvernement.\u00a0\u00bb <strong><a href=\"https:\/\/propositions.conventioncitoyennepourleclimat.fr\/\">Lire ici.<\/a><\/strong><\/p>\n\n\n\n<p class=\"wp-block-paragraph\">2 septembre 2021<\/p>\n\n\n\n<h3 class=\"wp-block-heading\">Apr\u00e8s les propos de Macron \u00e0 Marseille, le d\u00e9bat sur l\u2019\u00e9ducation va-t-il enfin se lancer ?<\/h3>\n\n\n\n<p class=\"wp-block-paragraph\">\u00ab&nbsp;Il veut faire de Marseille&nbsp;<em>\u00ab&nbsp;un laboratoire&nbsp;\u00bb<\/em>&nbsp;\u00e9ducatif. Emmanuel Macron a annonc\u00e9, jeudi 2 septembre,&nbsp;que certaines \u00e9coles de la cit\u00e9 phoc\u00e9enne allaient exp\u00e9rimenter&nbsp;un projet d\u2019<em>\u00ab&nbsp;\u00e9cole du futur&nbsp;\u00bb<\/em><a href=\"https:\/\/education-bien-commun.fr\/\">&nbsp;<\/a>accordant plus de libert\u00e9 aux directeurs,&nbsp;<em>\u00ab&nbsp;d\u00e8s la rentr\u00e9e 2022-2023&nbsp;\u00bb<\/em>.&nbsp;<em>\u00ab&nbsp;Il faut que ces directeurs d\u2019\u00e9cole puissent choisir l\u2019\u00e9quipe p\u00e9dagogique&nbsp;\u00bb<\/em>, a-t-il notamment esquiss\u00e9, chiffrant \u00e0 50 le nombre d\u2019\u00e9tablissements populaires qui seront progressivement inclus dans le dispositif.&nbsp;\u00bb \u00ab&nbsp;Destin\u00e9e \u00e0 obtenir \u00ab&nbsp;plus de r\u00e9sultats&nbsp;\u00bb dans les quartiers d\u00e9favoris\u00e9s,&nbsp;cette future s\u00e9lection&nbsp;suscite la col\u00e8re des syndicats du primaire.&nbsp;\u00bb<\/p>\n\n\n\n<p class=\"wp-block-paragraph\"><strong>Une Convention citoyenne pour l\u2019\u00e9ducation s\u2019av\u00e8re de plus en plus n\u00e9cessaire<\/strong>&nbsp;pour r\u00e9pondre comme nous le disons, aux vrais enjeux \u00e9ducatifs et climatiques des ann\u00e9es \u00e0 venir.<\/p>\n\n\n\n<p class=\"wp-block-paragraph\"><strong><a href=\"https:\/\/www.francetvinfo.fr\/societe\/education\/marseille-trois-questions-sur-la-volonte-d-emmanuel-macron-de-permettre-aux-directeurs-d-ecole-de-choisir-les-enseignants-de-leur-equipe_4758641.html\">Lire ici.<\/a><\/strong><\/p>\n","protected":false},"excerpt":{"rendered":"<p>&nbsp;Introduction Dans divers textes , nous \u00e9voquons une convention citoyenne pour l&rsquo;\u00e9ducation comme lieu o\u00f9 pourraient \u00eatre examin\u00e9es nos th\u00e8ses \u00e9ducation bien commun et ind\u00e9pendance du syst\u00e8me \u00e9ducatif que nous d\u00e9fendons.&nbsp; Nous avons constat\u00e9 que les mesures pr\u00e9conis\u00e9es par La Convention Citoyenne sur le Climat r\u00e9sultent d\u2019un traitement approfondi du sujet. Le fait &nbsp;qu\u2019elles comportent&hellip; <a class=\"more-link\" href=\"https:\/\/education-bien-commun.fr\/?page_id=172\">Lire la suite <span class=\"screen-reader-text\">Conventions citoyennes<\/span><\/a><\/p>\n","protected":false},"author":3,"featured_media":0,"parent":0,"menu_order":0,"comment_status":"closed","ping_status":"closed","template":"","meta":{"footnotes":""},"class_list":["post-172","page","type-page","status-publish","hentry"],"jetpack_sharing_enabled":true,"_links":{"self":[{"href":"https:\/\/education-bien-commun.fr\/index.php?rest_route=\/wp\/v2\/pages\/172","targetHints":{"allow":["GET"]}}],"collection":[{"href":"https:\/\/education-bien-commun.fr\/index.php?rest_route=\/wp\/v2\/pages"}],"about":[{"href":"https:\/\/education-bien-commun.fr\/index.php?rest_route=\/wp\/v2\/types\/page"}],"author":[{"embeddable":true,"href":"https:\/\/education-bien-commun.fr\/index.php?rest_route=\/wp\/v2\/users\/3"}],"replies":[{"embeddable":true,"href":"https:\/\/education-bien-commun.fr\/index.php?rest_route=%2Fwp%2Fv2%2Fcomments&post=172"}],"version-history":[{"count":0,"href":"https:\/\/education-bien-commun.fr\/index.php?rest_route=\/wp\/v2\/pages\/172\/revisions"}],"wp:attachment":[{"href":"https:\/\/education-bien-commun.fr\/index.php?rest_route=%2Fwp%2Fv2%2Fmedia&parent=172"}],"curies":[{"name":"wp","href":"https:\/\/api.w.org\/{rel}","templated":true}]}}