{"id":244,"date":"2020-05-21T09:43:15","date_gmt":"2020-05-21T07:43:15","guid":{"rendered":"https:\/\/education-bien-commun.fr\/?page_id=244"},"modified":"2020-05-21T09:43:15","modified_gmt":"2020-05-21T07:43:15","slug":"le-systeme-educatif","status":"publish","type":"page","link":"https:\/\/education-bien-commun.fr\/?page_id=244","title":{"rendered":"Syst\u00e8me \u00e9ducatif"},"content":{"rendered":"\n<h3 class=\"wp-block-heading\" id=\"le-reve-de-jaures\"><strong>Le r\u00eave de Jaur\u00e8s<\/strong><\/h3>\n\n\n\n<p class=\"wp-block-paragraph\">Publi\u00e9 par Nadine Lanneau, professeure documentaliste<\/p>\n\n\n\n<p class=\"wp-block-paragraph\">En 1886, Jean Jaur\u00e8s redoutait une \u00e9volution qui explique, en partie, l\u2019\u00e9tat du syst\u00e8me \u00ab&nbsp;Dans quelques ann\u00e9es, quand la plupart des \u00e9coles n\u00e9cessaires auront \u00e9t\u00e9 construites, demain, quand les ma\u00eetres seront pay\u00e9s par l\u2019\u00c9tat,&nbsp;quand le souvenir des sacrifices consentis par les communes et des droits que ces sacrifices leur conf\u00e9raient aura disparu, que verrons-nous ?, je le crains\u00a0\u00bb [&#8230;] <a href=\"https:\/\/education-bien-commun.fr\/2020\/05\/21\/le-reve-de-jaures\/\"><strong>Lire la suite<\/strong><\/a><\/p>\n\n\n\n<h3 class=\"wp-block-heading\" id=\"l-ecole-de-jules-ferry-le-conseil-national-de-la-resistance-et-le-plan-langevin-wallon\"><strong>L&rsquo;\u00e9cole de Jules Ferry, le Conseil National de la R\u00e9sistance et le plan Langevin-Wallon<\/strong><\/h3>\n\n\n\n<p class=\"wp-block-paragraph\">Publi\u00e9 par Nadine Lanneau, professeure documentaliste<\/p>\n\n\n\n<p class=\"wp-block-paragraph\">\u00ab\u00a0Le CNR pensait \u00e0 la formation de la jeunesse. Le plan Langevin Wallon en t\u00e9moigne. Il entendait r\u00e9former le syst\u00e8me instaur\u00e9 par Jules Ferry, consid\u00e9rant possible \u00ab <em>que les fonctions les plus hautes soient&nbsp;r\u00e9ellement accessibles, [\u2026] que soit ainsi promue une \u00e9lite v\u00e9ritable, non de naissance, mais de m\u00e9rite, et constamment renouvel\u00e9e par les apports populaires <\/em>\u00bb. L\u2019exp\u00e9rimentation impuls\u00e9e, interrompue en 1947, a pu montrer l\u2019int\u00e9r\u00eat des \u00ab m\u00e9thodes actives\u00bb. Malheureusement, le processus de s\u00e9lection\/exclusion s&rsquo;est poursuivi et l\u2019on constate aujourd\u2019hui que les \u00ab apports populaires \u00bb reculent au profit des beaux quartiers.\u00a0\u00bb [&#8230;] <a href=\"https:\/\/education-bien-commun.fr\/2020\/05\/30\/lecole-de-jules-ferry-le-conseil-national-de-la-resistance-et-le-plan-langevin-wallon\/\"><strong>Lire la suite.<\/strong><\/a><\/p>\n\n\n\n<h3 class=\"wp-block-heading\" id=\"le-systeme-vu-par-ceux-qui-le-subissent\">Le syst\u00e8me vu par ceux qui le subissent<\/h3>\n\n\n\n<p class=\"wp-block-paragraph\">P\u00e9dagogues et \u00ab&nbsp;r\u00e9publicains&nbsp;\u00bb s\u2019\u00e9charpent pour le bien des enfants. Ceux-ci n\u2019ont pas les moyens d\u2019exprimer leur point de vue. Certains d\u2019entre eux devenus jeunes adultes au Lyc\u00e9e Le Corbusier d\u2019Aubervilliers (93) ont pu le faire d\u2019une mani\u00e8re d\u00e9cisive. Passionnant [\u2026] <strong><a href=\"https:\/\/education-bien-commun.fr\/2020\/05\/20\/pedagogues-largument-decisif\/\">Lire la suite ici.<\/a><\/strong><\/p>\n\n\n\n<h3 class=\"wp-block-heading\" id=\"scenario-pour-changer-de-systeme\">Sc\u00e9nario pour changer de syst\u00e8me<\/h3>\n\n\n\n<p class=\"wp-block-paragraph\">Vers une organisation f\u00e9d\u00e9rale de l&rsquo;enseignement, il nous faut penser les questions d\u2019articulation \u00e0 l\u2019\u00e9chelle nationale&nbsp;: Notre id\u00e9e phare: instituer un \u00ab&nbsp;Conseil constitutionnel de l\u2019Education\u00a0\u00bb, garant de \u00ab&nbsp;l\u2019int\u00e9r\u00eat sup\u00e9rieur de l\u2019enfant&nbsp;\u00bb et du respect de la <em>Convention internationale des Droits de l\u2019Enfant<\/em>. Il serait compos\u00e9 de membres \u00e9lu.e.s par toutes les instances repr\u00e9sentatives concern\u00e9es par l\u2019\u00e9ducation, [&#8230;] <strong><a href=\"https:\/\/education-bien-commun.fr\/2020\/05\/17\/scenario-pour-changer-de-systeme\/\">Lire la suite ici<\/a><\/strong><\/p>\n\n\n\n<h3 class=\"wp-block-heading\" id=\"pour-faire-face-aux-evenements-dramatiques-qui-vont-accompagner-le-changement-climatique-il-importe-de-faire-de-l-education-et-la-recherche-une-priorite\">\u00abPour faire face aux \u00e9v\u00e8nements dramatiques qui vont accompagner le changement climatique, il importe de faire de l\u2019\u00e9ducation et la recherche une&nbsp;priorit\u00e9\u00bb.<\/h3>\n\n\n\n<p class=\"has-text-align-center wp-block-paragraph\"><strong><mark style=\"background-color:rgba(0, 0, 0, 0)\" class=\"has-inline-color has-luminous-vivid-orange-color\">LA POLITIQUE EDUCATIVE<\/mark><\/strong><\/p>\n\n\n\n<p class=\"wp-block-paragraph\">1. doit \u00eatre&nbsp;<strong>ind\u00e9pendant<\/strong><strong>e<\/strong><strong>&nbsp;du pouvoir politique&nbsp;<\/strong>qui en a fait jusqu\u2019\u00e0 ce jour un moyen de conditionnement de l\u2019opinion et de perp\u00e9tuation de l\u2019ordre social, des dominations de toutes sortes<\/p>\n\n\n\n<p class=\"wp-block-paragraph\">2. doit valoriser&nbsp;<strong>le potentiel<\/strong>&nbsp;de chaque individu et ses aptitudes \u00e0&nbsp;<strong>coop\u00e9rer&nbsp;<\/strong>afin que l\u2019<strong>ensemble<\/strong>&nbsp;des citoyens soient en mesure de contribuer aux adaptations et aux changements radicaux n\u00e9cessaires. [&#8230;]<strong> <a href=\"https:\/\/education-bien-commun.fr\/2020\/05\/29\/pour-faire-face-aux-evenements-dramatiques-qui-vont-accompagner-le-changement-climatique-il-importe-de-faire-de-leducation-et-la-recherche-une-priorite\/\">Lire la suite<\/a><\/strong><\/p>\n\n\n\n<h3 class=\"wp-block-heading\" id=\"idee-folle-pour-reinventer-l-ecole\">Id\u00e9e folle pour r\u00e9inventer l&rsquo;\u00e9cole<\/h3>\n\n\n\n<p class=\"wp-block-paragraph\">Publi\u00e9 par l&rsquo;AFL<\/p>\n\n\n\n<p class=\"wp-block-paragraph\">La crise des banlieues, mais aussi la vie quotidienne dans les \u00e9tablissements scolaires, et surtout la d\u00e9saffection de tous pour<strong>&nbsp;un savoir devenu utilitaire pour les uns, excluant pour les autres<\/strong>, sont des signaux d\u2019alarme auxquels ne peuvent r\u00e9pondre des annonces aussi d\u00e9magogiques que d\u00e9risoires : restaurer \u00abl\u2019autorit\u00e9\u00bb, d\u00e9noncer la m\u00e9thode \u00abglobale\u00bb, d\u00e9pister les comportements d\u00e9linquants d\u00e8s le plus jeune \u00e2ge, mettre les r\u00e9calcitrants en apprentissage et au passage supprimer le \u00abcoll\u00e8ge unique\u00bb\u2026[&#8230;] <strong><a href=\"https:\/\/education-bien-commun.fr\/2020\/06\/13\/idee-folle-pour-reinventer-lecole\/\">Lire la suite.<\/a><\/strong><\/p>\n\n\n\n<h3 class=\"wp-block-heading\" id=\"le-diplome-est-fait-pour-ceux-qui-ne-l-ont-pas\">Le dipl\u00f4me est fait pour ceux qui ne l\u2019ont&nbsp;pas<\/h3>\n\n\n\n<p class=\"wp-block-paragraph\">Publi\u00e9 par Michel Foucault en 1975<\/p>\n\n\n\n<p class=\"wp-block-paragraph\">Sur le savoir qui devrait \u00eatre comme le disait Rabelais, un \u00ab&nbsp;gay savoir&nbsp;\u00bb qui donne envie d\u2019apprendre, le r\u00f4le des parents g\u00e9n\u00e9rateurs d\u2019angoisse chez leurs enfants mais aussi angoisse g\u00e9n\u00e9ralis\u00e9e \u00e0 tous les \u00e9tages, sur le dipl\u00f4me et sa fonction de classification et d\u2019exclusion. [&#8230;] <a href=\"https:\/\/education-bien-commun.fr\/2020\/07\/05\/le-diplome-est-fait-pour-ceux-qui-ne-lont-pas\/\"><strong>Lire la suite.<\/strong><\/a><\/p>\n\n\n\n<h3 class=\"wp-block-heading\" id=\"sortie-triomphante-d-un-penible-paradoxe\">Sortie triomphante d&rsquo;un p\u00e9nible paradoxe<\/h3>\n\n\n\n<p class=\"wp-block-paragraph\">Publi\u00e9 par Charles P\u00e9pinster GBEN<\/p>\n\n\n\n<p class=\"wp-block-paragraph\">Les professeurs pourraient-ils cesser d\u2019avoir deux fonctions antinomiques&nbsp;: faire apprendre avec bienveillance et ensuite s\u00e9lectionner&nbsp;? Caresser puis gifler&nbsp;? [&#8230;] <strong><a href=\"https:\/\/education-bien-commun.fr\/2020\/07\/15\/sortie-triomphante-dun-penible-paradoxe\/\">Lire la suite.<\/a><\/strong><\/p>\n\n\n\n<h3 class=\"wp-block-heading\" id=\"l-haccourt-des-enfants\">L&rsquo;Haccourt des enfants<\/h3>\n\n\n\n<p class=\"wp-block-paragraph\">Par Charles P\u00e9pinster GBEN<\/p>\n\n\n\n<p class=\"wp-block-paragraph\">L\u2019Edition \u00ab&nbsp;Vis\u00e9 Magazine&nbsp;\u00bb de juin 2020 pr\u00e9sente la future \u00e9cole communale d\u2019Education nouvelle d\u2019Haccourt dans la commune belge d\u2019Oupeye pr\u00e8s de Vis\u00e9, en province de Li\u00e8ge : Remarques d\u2019un membre du Groupe Belge d\u2019Education Nouvelle (GBEN) pour comprendre le contexte. [&#8230;] <strong><a href=\"https:\/\/education-bien-commun.fr\/2020\/07\/27\/lhaccourt-des-enfants\/\">Lire la suite.<\/a><\/strong><\/p>\n\n\n\n<h3 class=\"wp-block-heading\" id=\"apport-du-ministre-j-m-blanquer-a-notre-reflexion\">Apport du Ministre J. M. Blanquer \u00e0 notre&nbsp;r\u00e9flexion<\/h3>\n\n\n\n<p class=\"wp-block-paragraph\">Par Martin Liber<\/p>\n\n\n\n<p class=\"wp-block-paragraph\"><strong>Education Bien Commun&nbsp;?&nbsp;<\/strong>Le Ministre Blanquer apporte le 31 juillet une contribution particuli\u00e8re \u00e0 notre r\u00e9flexion :  L\u2019enfant constitue un bien commun qui doit \u00eatre r\u00e9gi, comme n\u2019importe quel autre&nbsp;<strong>bien<\/strong>, selon les r\u00e8gles qui ont fait leurs preuves dans&nbsp;<strong>l\u2019industrie et le commerce<\/strong>. Il importe que&nbsp;<strong>le produit qui sort des \u00e9cole<\/strong>s passe par toutes les&nbsp;<strong>\u00e9tapes rationnelles de la production<\/strong>&nbsp;et subisse un&nbsp;<strong>contr\u00f4le syst\u00e9matique et rigoureux<\/strong>&nbsp;pour lutter contre le nombre inacceptable de&nbsp;<strong>rebuts<\/strong>, h\u00e9ritage d\u2019un demi-si\u00e8cle de laxisme irresponsable. [&#8230;] <strong><a href=\"https:\/\/education-bien-commun.fr\/2020\/08\/05\/apport-du-ministre-j-m-blanquer-a-notre-reflexion\/\">Lire la suite.<\/a><\/strong><\/p>\n\n\n\n<h3 class=\"wp-block-heading\" id=\"la-politique-scolaire-de-jean-michel-blanquer\">La politique scolaire de Jean-Michel Blanquer<\/h3>\n\n\n\n<p class=\"wp-block-paragraph\">par Daniel Amedro Inspecteur d\u2019acad\u00e9mie \u00e0 la retraite<\/p>\n\n\n\n<p class=\"wp-block-paragraph\">Alors que la rentr\u00e9e scolaire approche, il me para\u00eet utile de nous int\u00e9resser \u00e0&nbsp;<strong>la politique scolaire&nbsp;<\/strong>de Jean-Michel Blanquer. Cette politique se d\u00e9ploie, depuis trois ans, dans un grand nombre de directions avec beaucoup de d\u00e9termination, et en bravant non seulement le m\u00e9contentement des enseignants, mais aussi celui \u2013 croissant \u2013 des parents. [&#8230;] <strong><a href=\"https:\/\/education-bien-commun.fr\/2020\/08\/18\/la-politique-scolaire-de-jean-michel-blanquer\/\">Lire la suite.<\/a><\/strong><\/p>\n\n\n\n<h3 class=\"wp-block-heading\" id=\"pour-une-ecole-de-l-entraide-et-de-la-cooperation\">Pour une \u00e9cole de l\u2019entraide et de la&nbsp;coop\u00e9ration<\/h3>\n\n\n\n<p class=\"wp-block-paragraph\">Par Rodrigo Arenas, co-pr\u00e9sident de la FCPE (F\u00e9d\u00e9ration des Conseils de Parents d&rsquo;El\u00e8ves) et Philippe Meirieu, professeur \u00e9m\u00e9rite en Sciences de l&rsquo;Education<\/p>\n\n\n\n<p class=\"wp-block-paragraph\">Pourquoi ne pas faire le pari de la&nbsp;<strong>\u00abp\u00e9dagogie coop\u00e9rative\u00bb<\/strong>&nbsp;d\u00e8s la rentr\u00e9e prochaine et d\u00e9velopper syst\u00e9matiquement, de la maternelle au lyc\u00e9e, l<strong>es classes multiniveaux<\/strong>&nbsp;?Depuis le 17 mars, plus de 12 millions d\u2019\u00e9l\u00e8ves ainsi que plus d\u20191 million de personnels de l\u2019Education nationale ont fait face \u00e0 une situation compl\u00e8tement in\u00e9dite. Cette p\u00e9riode de confinement a mis en \u00e9vidence&nbsp;<strong>les terribles in\u00e9galit\u00e9s qui frappent les familles et leurs graves r\u00e9percussions sur la r\u00e9ussite scolaire de leurs enfants.<\/strong>&nbsp;Mais elle a \u00e9galement r\u00e9v\u00e9l\u00e9 un autre ph\u00e9nom\u00e8ne :&nbsp;[&#8230;] <strong><a href=\"https:\/\/education-bien-commun.fr\/2020\/08\/30\/pour-une-ecole-de-lentraide-et-de-la-cooperation\/\">Lire la suite.<\/a><\/strong><\/p>\n\n\n\n<h3 class=\"wp-block-heading\" id=\"il-faut-rentrer-dans-le-rang-maintenant\">\u00ab\u00a0Il faut rentrer dans le rang, maintenant !\u00a0\u00bb<\/h3>\n\n\n\n<p class=\"wp-block-paragraph\">Daniel Amedro, ancien Inspecteur d\u2019acad\u00e9mie fait la recension du livre&nbsp;<strong>\u00ab&nbsp;SOS ECOLE UNIVERSITE, Pour un syst\u00e8me \u00e9ducatif d\u00e9mocratique&nbsp;\u00bb, paru aux \u00e9ditions du croquant en mai 2020 sous la coordination de Martine Boudet<\/strong>. Nous retiendrons ce passage o\u00f9 l\u2019on voit que l\u2019\u00e9cole, les personnels, du primaire au lyc\u00e9e sont sous pression :<\/p>\n\n\n\n<p class=\"wp-block-paragraph\">Le cas d\u2019Alain Refalo, d\u00e9sob\u00e9isseur et r\u00e9sistant du primaire \u00ab&nbsp;III \u2013 Que faire face \u00e0 cette \u00ab strat\u00e9gie du choc \u00bb ? Alain Refalo (initiateur du mouvement des professeurs du primaire en r\u00e9sistance p\u00e9dagogique) montre que \u2013 nonobstant la r\u00e9pression de l\u2019administration \u2013<strong>&nbsp;la r\u00e9sistance p\u00e9dagogique est possible,<\/strong> [&#8230;] <strong><a href=\"https:\/\/education-bien-commun.fr\/2020\/10\/16\/il-faut-rentrer-dans-le-rang-maintenant\/\">Lire la suite.<\/a><\/strong><\/p>\n\n\n\n<h3 class=\"wp-block-heading\" id=\"en-belgique-partout\">En Belgique&#8230; partout !<\/h3>\n\n\n\n<p class=\"wp-block-paragraph\">Rentr\u00e9e 2020 : par Ch. P.&nbsp;<a href=\"mailto:pepinstercharles@yahoo.be\">pepinstercharles@yahoo.be<\/a>&nbsp;(GBEN)<\/p>\n\n\n\n<p class=\"wp-block-paragraph\"><strong>Des \u00e9coles \u00e0 p\u00e9dagogie du chef-d\u2019\u0153uvre<\/strong>&nbsp;ont trouv\u00e9 un terrain favorable en Belgique pour se d\u00e9velopper en toute l\u00e9galit\u00e9 surtout dans l\u2019enseignement public.<\/p>\n\n\n\n<p class=\"wp-block-paragraph\">Est-ce r\u00e9aliste et r\u00e9alisable partout, m\u00eame en France jacobine, dans l\u2019opulent Luxembourg, chez les petits Suisses, dans le jolie Tunisie, au pays des Daciens, en Amazonie bolivienne&nbsp;?<\/p>\n\n\n\n<p class=\"wp-block-paragraph\">Tendez l\u2019oreille et jetez un \u0153il, je vous explique&nbsp;le lien. [&#8230;] <strong><a href=\"https:\/\/education-bien-commun.fr\/2020\/10\/18\/en-belgique-partout\/\">Lire la suite.<\/a><\/strong><\/p>\n\n\n\n<h3 class=\"wp-block-heading\" id=\"pour-l-ecole-du-futur-rien-ne-pourra-plus-etre-comme-avant-il-serait-grand-temps-de-changer-de-strategie\">Pour l\u2019\u00e9cole du futur. Rien ne pourra plus \u00eatre comme avant&nbsp;? Il serait grand temps de changer de strat\u00e9gie<\/h3>\n\n\n\n<p class=\"wp-block-paragraph\">par Pierre Frackowiak, Inspecteur d\u2019\u00e9cole maternelle et \u00e9l\u00e9mentaire \u00e0 la retraite<\/p>\n\n\n\n<p class=\"wp-block-paragraph\">Nous vivons actuellement des moments extraordinaires qui devraient logiquement conduire les responsables politiques, syndicaux, associatifs, \u00e0 changer de strat\u00e9gie pour envisager l\u2019indispensable refondation de l\u2019\u00e9cole. Pour la premi\u00e8re fois depuis l\u2019apr\u00e8s-guerre, tout le monde est d\u2019accord pour dire que \u00ab rien ne pourra plus \u00eatre comme avant \u00bb, qu\u2019 \u00ab il y aura forc\u00e9ment un avant ceci ou cela, et un apr\u00e8s \u00bb. Et pourtant, rien ne change, et pire, tout est fait pour que rien ne change. La frilosit\u00e9 et la peur des ruptures n\u00e9cessaires anesth\u00e9sient toutes les \u00e9nergies.&nbsp;[&#8230;] <strong><a href=\"https:\/\/education-bien-commun.fr\/2020\/11\/03\/pour-lecole-du-futur-rien-ne-pourra-plus-etre-comme-avant\/\">Lire la suite.<\/a><\/strong><\/p>\n\n\n\n<h3 class=\"wp-block-heading\" id=\"lettre-de-jean-jaures-aux-instituteurs-et-institutrices\">Lettre de Jean Jaur\u00e8s aux instituteurs et&nbsp;institutrices<\/h3>\n\n\n\n<p class=\"wp-block-paragraph\">Par Jean Jaur\u00e8s<\/p>\n\n\n\n<p class=\"wp-block-paragraph\">La lettre de Jean Jaur\u00e8s a \u00e9t\u00e9 publi\u00e9e le 15 janvier 1888 dans le journal&nbsp;<em>La D\u00e9p\u00eache<\/em>&nbsp;Journal de la D\u00e9mocratie du Midi.&nbsp;<strong><a href=\"https:\/\/gallica.bnf.fr\/ark:\/12148\/bpt6k4111675d\/f1.item.zoom\">On peut la lire ici sur le site de Gallica<\/a><\/strong>.<\/p>\n\n\n\n<p class=\"wp-block-paragraph\">Voici le texte plus lisible :\u00ab&nbsp;Vous tenez en vos mains l\u2019intelligence et l\u2019\u00e2me des enfants ; vous \u00eates responsables de la patrie. Les enfants qui vous sont confi\u00e9s n\u2019auront pas seulement \u00e0 \u00e9crire et \u00e0 d\u00e9chiffrer une lettre, \u00e0 lire une enseigne au coin d\u2019une rue, \u00e0 faire une addition et une multiplication.&nbsp;[&#8230;] <strong><a href=\"https:\/\/education-bien-commun.fr\/2020\/11\/06\/lettre-de-jean-jaures-aux-instituteurs-et-institutrices\/\">Lire la suite.<\/a><\/strong><\/p>\n\n\n\n<h3 class=\"wp-block-heading\" id=\"eduquer-en-anthropocene\">Eduquer en Anthropoc\u00e8ne<\/h3>\n\n\n\n<p class=\"wp-block-paragraph\">Par Karine Ennifer<\/p>\n\n\n\n<p class=\"wp-block-paragraph\">Recension du livre \u00ab&nbsp;<em><strong>Eduquer en Anthropoc\u00e8ne<\/strong><\/em>\u00ab&nbsp;, sous la direction de Nathana\u00ebl Wallenhorst et Jean-Philippe Pierron, Editions Le bord de l\u2019eau, 2019.<\/p>\n\n\n\n<p class=\"wp-block-paragraph\">Nous avons l\u00e0 un recueil de textes de haut vol, avec la collaboration aussi de Pierre L\u00e9na, professeur \u00e9m\u00e9rite, membre de l\u2019Acad\u00e9mie des sciences. Les auteurs (et autrices) sont Professeurs d\u2019Universit\u00e9, ou \u00e0 tout le moins agr\u00e9g\u00e9s, chercheurs, que ce soit en philosophie, en sciences, sciences de l\u2019\u00e9ducation, \u00e9conomie politique, anthropologie,&nbsp;psychosociologie\u2026 [&#8230;] <strong><a href=\"https:\/\/education-bien-commun.fr\/2020\/11\/22\/eduquer-en-anthropocene\/\">Lire la suite.<\/a><\/strong><\/p>\n\n\n\n<h3 class=\"wp-block-heading\" id=\"de-l-alphabetisation-a-la-lecturisation\">De l&rsquo;alphab\u00e9tisation \u00e0 la lecturisation<\/h3>\n\n\n\n<p class=\"wp-block-paragraph\">Par N.L avec un texte de Jean Foucambert<\/p>\n\n\n\n<p class=\"wp-block-paragraph\">A l\u2019heure o\u00f9 le minist\u00e8re de Jean-Michel Blanquer fait r\u00e9aliser des guides pour l\u2019enseignement de la lecture alphab\u00e9tique en CP et exp\u00e9rimente un nouveau manuel avec une nouvelle m\u00e9thode dans plusieurs acad\u00e9mies, pour l\u2019imposer \u00e0 tous les CP (?!), donc selon les observateurs, amorce un grand retour en arri\u00e8re, il peut \u00eatre int\u00e9ressant de revenir sur la fa\u00e7on dont l\u2019\u00e9cole primaire a alphab\u00e9tis\u00e9 les \u00e9l\u00e8ves d\u00e8s sa cr\u00e9ation et les alphab\u00e9tise encore dans un syst\u00e8me \u00e9ducatif dont tous les \u00e9l\u00e9ments constitutifs tournent autour de cette classe majeure puisque le ministre s\u2019en pr\u00e9occupe tant, le CP. Cette alphab\u00e9tisation qui a fait ses preuves pour donner des rudiments d\u2019\u00e9crit de base depuis sa cr\u00e9ation au XIX\u00b0 si\u00e8cle sous Jules Ferry \u00e0 des g\u00e9n\u00e9rations de petits paysans, est-elle encore efficace dans notre soci\u00e9t\u00e9 du XXI\u00b0 si\u00e8cle quand tous les \u00e9l\u00e8ves vont maintenant \u00e0 l\u2019\u00e9cole obligatoire jusqu\u2019\u00e0 16 ans et ont un enseignement commun au coll\u00e8ge ? Quand on observe que de nombreux \u00e9l\u00e8ves d\u00e9chiffrent encore \u00e0 l\u2019entr\u00e9e en sixi\u00e8me quand ils devraient lire donc comprendre, &#8211; et cela les suivra tout au long de leurs \u00e9tudes -, que des \u00e9valuations de PISA et PIRLS mesurent au niveau international que les comp\u00e9tences dans les langages, autant l\u2019\u00e9crit, la lecture que les math\u00e9matiques sont de plus en plus en baisse d\u2019ann\u00e9es en ann\u00e9es en France. Ne doit-on pas enfin former les \u00e9l\u00e8ves d\u00e8s le primaire \u00e0 la v\u00e9ritable lecture, passer de l\u2019alphab\u00e9tisation \u00e0 la lecturisation qui nous le verrons ci-dessous, est seule capable de faire acc\u00e9der \u00e0 la v\u00e9ritable compr\u00e9hension des langages ?. [&#8230;] <strong><a href=\"https:\/\/education-bien-commun.fr\/2020\/12\/05\/de-lalphabetisation-a-la-lecturisation\/\">Lire ici<\/a><\/strong><\/p>\n\n\n\n<h3 class=\"wp-block-heading\" id=\"l-ecole-en-sortir-pour-s-en-sortir\">L&rsquo;\u00e9cole, en sortir pour s&rsquo;en sortir<\/h3>\n\n\n\n<p class=\"wp-block-paragraph\">Publi\u00e9 par Pierre Frackowiak<\/p>\n\n\n\n<p class=\"wp-block-paragraph\"><strong>La situation dramatique qui s\u2019impose brutalement, de mani\u00e8re impr\u00e9visible, \u00e0 la soci\u00e9t\u00e9 et donc \u00e0 l\u2019\u00e9cole, nous laisse d\u00e9munis, tant\u00f4t acteurs, tant\u00f4t complices du d\u00e9sastre<\/strong>. On s\u2019habitue au mouvement de balancier que rien ne perturbe et au jeu des alternances qui fait que c\u2019est toujours la faute de l\u2019autre. Chacun met toujours un voile sur ses propres carences quand il \u00e9tait au pouvoir ou en responsabilit\u00e9, \u00e0 tous les niveaux et dans tous les domaines. Le spectacle en est affligeant et d\u00e9sesp\u00e9rant. Les drames et les catastrophes provoquent des prises de conscience et des remises en cause passag\u00e8res, \u00e9ph\u00e9m\u00e8res, tr\u00e8s vite enfouies au fond des tiroirs de l\u2019oubli afin de ne d\u00e9ranger personne.<\/p>\n\n\n\n<p class=\"wp-block-paragraph\">Ce n\u2019est pas encore demain, alternance \u00e9lectorale ou pas, que l\u2019on reverra dans les manifestations des banderoles portant les beaux slogans de mai 68&nbsp;:&nbsp;<strong>changer l\u2019\u00e9cole, apprendre \u00e0 apprendre, ouvrir l\u2019\u00e9cole sur la vie, parents \/ enseignants co-\u00e9ducateurs&nbsp;, l\u2019imagination prend le pouvoir, etc.<\/strong> [&#8230;] <strong><a href=\"https:\/\/education-bien-commun.fr\/2020\/12\/12\/lecole-en-sortir-pour-sen-sortir\/\">Lire la suite.<\/a><\/strong><\/p>\n\n\n\n<h3 class=\"wp-block-heading\" id=\"alertez-les-bebes-le-massacre-des-innocents-continue\">\u00ab&nbsp;Alertez les b\u00e9b\u00e9s ! Le massacre des Innocents continue\u2026&nbsp;\u00bb<\/h3>\n\n\n\n<p class=\"wp-block-paragraph\">Publi\u00e9 par Eveline Charmeux<\/p>\n\n\n\n<p class=\"wp-block-paragraph\">Au secours, le grand Higelin ! Les b\u00e9b\u00e9s de trois ans vont \u00eatre fich\u00e9s d\u00e9sormais. Certes, on ne les tue pas encore\u2026 Qu\u2019on se rassure, \u00e7a viendra ! Un questionnaire est pr\u00e9vu, qui rappelle des souvenirs qu\u2019on croyait appartenir \u00e0 un pass\u00e9 r\u00e9volu.<br>Mais non ! L\u2019inhumain est toujours l\u00e0\u2026 L\u2019inhumain\u2026 C\u2019est bien ce qui caract\u00e9rise notre \u00e9poque, et sur ce point l\u2019\u00e9cole n\u2019est pas en retard. On croyait qu\u2019avec la note sur le programme de la maternelle, on avait atteint le sommet\u2026 Pas du tout ! Ils sont formidables : ils ont trouv\u00e9 pire. Est pr\u00e9vu, en effet, un questionnaire destin\u00e9 aux enfants entrant \u00e0 la maternelle, justifi\u00e9 ainsi par la DEPP :<br><em>Nous avons choisi de commencer le nouveau panel en maternelle car d\u00e9sormais l\u2019instruction est obligatoire \u00e0 3 ans et on voit bien que, par exemple, les in\u00e9galit\u00e9s sociales sont d\u00e9j\u00e0 tr\u00e8s fortes en termes scolaires en d\u00e9but de CP et c\u2019est donc tr\u00e8s important de suivre des parcours d\u00e8s l\u2019entr\u00e9e en maternelle.<\/em>\u00a0\u00bb [&#8230;] <strong><a href=\"https:\/\/education-bien-commun.fr\/2021\/02\/12\/alertez-les-bebes-le-massacre-des-innocents-continue\/\">Lire la suite.<\/a><\/strong><\/p>\n\n\n\n<h3 class=\"wp-block-heading\" id=\"education-changer-de-paradigme\">Education : changer de&nbsp;paradigme<\/h3>\n\n\n\n<p class=\"wp-block-paragraph\">Publi\u00e9 par Raymond Millot<\/p>\n\n\n\n<h5 class=\"wp-block-heading\" id=\"les-communs\">Les \u00ab&nbsp;communs&nbsp;\u00bb<\/h5>\n\n\n\n<p class=\"wp-block-paragraph\">Diverses collectifs et personnalit\u00e9s, \u00e9voquent les communs et en y i<strong>nt\u00e9grant<\/strong>&nbsp;<strong>l\u2019\u00e9ducation<\/strong>. (1) Leurs d\u00e9clarations justifient les raisons d\u2019\u00eatre de notre site.<\/p>\n\n\n\n<p class=\"wp-block-paragraph\">Pourquoi, comment&nbsp;? Il importe d\u2019exprimer nos r\u00e9ponses \u00e0 ces questions&nbsp;! Ce n\u2019est peut-\u00eatre pas un hasard si la r\u00e9flexion qui suit s\u2019op\u00e8re dans une p\u00e9riode r\u00e9volutionnaire, celle de&nbsp;<strong>\u00ab&nbsp;&nbsp;Me too&nbsp;\u00bb et \u00ab&nbsp;Me too inceste&nbsp;\u00bb<\/strong>&nbsp;celle qui ouvre le&nbsp;<strong>proc\u00e8s du patriarcat<\/strong>\u2026<\/p>\n\n\n\n<p class=\"wp-block-paragraph\">Des anthropologues ont d\u00e9crit&nbsp;<strong>les \u00e9volutions du statut de l\u2019enfant<\/strong>. Il conviendra d\u2019en tirer profit.<\/p>\n\n\n\n<p class=\"wp-block-paragraph\">Voici mes propre constats :[&#8230;] <strong><a href=\"https:\/\/education-bien-commun.fr\/2021\/02\/28\/education-changer-de-paradigme\/\">Lire la suite.<\/a><\/strong><\/p>\n\n\n\n<h3 class=\"wp-block-heading\" id=\"l-ignorance-programmee\">L&rsquo;ignorance programm\u00e9e<\/h3>\n\n\n\n<p class=\"wp-block-paragraph\">Publi\u00e9 par Laurent Carle dans le blog d&rsquo;Eveline Charmeux<\/p>\n\n\n\n<p class=\"wp-block-paragraph\">Eveline Charmeux sur son blog publie un texte du psychologue Laurent Carle &nbsp;\u00bb Notre ami Laurent Carle a regard\u00e9 tr\u00e8s attentivement le reportage diffus\u00e9 sur Arte le 16 f\u00e9vrier, \u00ab La Fabrique de l\u2019ignorance \u00bb dans l\u2019industrie aujourd\u2019hui.<br>Il nous envoie ce matin les r\u00e9flexions que ce document lui a inspir\u00e9es. Certaines similitudes avec ce qui se passe \u00e0 l\u2019\u00e9cole l\u2019ont frapp\u00e9\u2026&nbsp;\u00bb<\/p>\n\n\n\n<p class=\"wp-block-paragraph\">\u00ab&nbsp;J\u2019ai regard\u00e9&nbsp;<strong>\u00ab La fabrique de l\u2019ignorance \u00bb sur Arte.<\/strong><br>On y montre un prix Nobel mettre sa notori\u00e9t\u00e9 au service de l\u2019industrie chimique qui fabrique des plastiques en bisph\u00e9nol A.<br><br>Ce que j\u2019ai entendu sur les rapports entre la science, les multinationales de l\u2019industrie, les scientifiques auteurs de travaux de diversion au service de celle-ci, l\u2019id\u00e9ologie qui r\u00e9unit croyances et superstitions y compris chez les scientifiques, est transposable&nbsp;<strong>aux rapports entre la p\u00e9dagogie, l\u2019\u00e9cole \u00e0 la fran\u00e7aise, les gardiens du temple, la science de diversion dite neuroscience, les groupes de pression et l\u2019id\u00e9ologie dominante dans les cerveaux enseignants.<\/strong><br>L\u2019industrie empoisonne les corps, l\u2019\u00e9cole, les esprits. [&#8230;] <strong><a href=\"https:\/\/education-bien-commun.fr\/2021\/02\/27\/lignorance-programmee\/\">Lire la suite.<\/a><\/strong><\/p>\n\n\n\n<h3 class=\"wp-block-heading\" id=\"haccourt-ecole-belge-a-pedagogie-du-chef-d-oeuvre\">Haccourt, \u00e9cole belge \u00e0 p\u00e9dagogie du&nbsp;chef-d\u2019\u0153uvre<\/h3>\n\n\n\n<p class=\"wp-block-paragraph\">Publi\u00e9 par Christelle Foss\u00e9prez&nbsp;(<a href=\"mailto:f.christelle@icloud.com\">f.christelle@icloud.com<\/a>) 10\/03\/21<\/p>\n\n\n\n<p class=\"wp-block-paragraph\"><strong>Haccourt, \u00e9cole fondamentale communale belge \u00e0 p\u00e9dagogie du chef-d\u2019\u0153uvre<\/strong>, en milieu socio-\u00e9conomique peu favoris\u00e9 a bien \u00e9volu\u00e9 depuis la rentr\u00e9e de septembre, o\u00f9 elle a \u00e9t\u00e9 cr\u00e9\u00e9e.<\/p>\n\n\n\n<p class=\"wp-block-paragraph\">Elle correspond \u00e0 l\u2019\u00e9cole primaire (maternelle et \u00e9l\u00e9mentaire et au coll\u00e8ge jusqu\u2019en troisi\u00e8me, en France. Mais les diff\u00e9rences sont immenses.<\/p>\n\n\n\n<p class=\"wp-block-paragraph\">Voici des nouvelles apr\u00e8s quelques mois pass\u00e9s au sein du&nbsp;<strong>projet<\/strong>&nbsp;: les choses se mettent en place petit \u00e0 petit et nous pouvons d\u00e9j\u00e0 observer les&nbsp;<strong>bienfaits li\u00e9s<\/strong>&nbsp;<strong>\u00e0 la<\/strong>&nbsp;<strong>suppression de la comp\u00e9tition en faveur de la solidarit\u00e9 et du dialogue<\/strong>. [&#8230;] <strong><a href=\"https:\/\/education-bien-commun.fr\/2021\/03\/12\/haccourt-ecole-belge-a-pedagogie-du-chef-doeuvre\/\">Lire la suite.<\/a><\/strong><\/p>\n\n\n\n<h3 class=\"wp-block-heading\" id=\"vers-une-ecole-ecologique-sociale-solidaire-emancipatrice\">Vers une \u00e9cole \u00e9cologique, sociale, solidaire,&nbsp;\u00e9mancipatrice<\/h3>\n\n\n\n<p class=\"wp-block-paragraph\">Publi\u00e9 par Pierre Prim, Professeur d\u2019Eps \u00e0 B\u00e9ziers. Formateur&nbsp;<\/p>\n\n\n\n<p class=\"wp-block-paragraph\">Les crises climatiques, \u00e9conomiques et sanitaires que nous vivons et qui se succ\u00e8dent avec de plus en plus d\u2019ampleur nous rappellent combien il est n\u00e9cessaire de&nbsp;<strong>repenser notre monde<\/strong>.<\/p>\n\n\n\n<p class=\"wp-block-paragraph\">Ecologues, anthropologues, m\u00e9decins, sociologues, \u00e9conomistes,\u2026 soucieux des biens communs : tous et toutes alertent quant \u00e0&nbsp;<strong>un changement de paradigme \u00e0 op\u00e9rer<\/strong>&nbsp;si nous ne voulons pas vivre un changement brutal du monde dans lequel nous vivons.<\/p>\n\n\n\n<p class=\"wp-block-paragraph\">Cette pand\u00e9mie due au Covid 19 pourrait \u00eatre l\u2019une des \u00e9tincelles embrasant notre monde actuel globalis\u00e9, se r\u00e9pandant sur les sph\u00e8res \u00e9conomiques, financi\u00e8res, sociales, politiques, climatiques et sanitaires.&nbsp;<strong>Un autre monde pourra \u00e9merger<\/strong>&nbsp;mais notre peur t\u00e9tanisante de nous engager dans un chantier d\u2019une telle ampleur freine nos initiatives et l\u2019urgence avec laquelle nous devons, toutes et tous r\u00e9pondre .<\/p>\n\n\n\n<p class=\"wp-block-paragraph\">Pour autant il est urgent de :<\/p>\n\n\n\n<ul class=\"wp-block-list\">\n<li><strong>sortir de ce monde n\u00e9olib\u00e9ral d\u00e9pendant des \u00e9nergies fossiles<\/strong>, qui d\u00e9truit le vivant par sa n\u00e9gligence de la biodiversit\u00e9 et qui prive Femmes et Hommes de leurs biens communs. [&#8230;] <strong><a href=\"https:\/\/education-bien-commun.fr\/2021\/03\/22\/vers-une-ecole-ecologique-sociale-solidaire-emancipatrice\/\">Lire la suite.<\/a><\/strong><\/li>\n<\/ul>\n\n\n\n<p class=\"wp-block-paragraph\"><\/p>\n\n\n\n<h3 class=\"wp-block-heading\" id=\"stop-aux-grilles-comportementalistes\">Stop aux grilles comportementalistes !<\/h3>\n\n\n\n<p class=\"wp-block-paragraph\">Par le groupe \u00e9ducation CNNR<\/p>\n\n\n\n<p class=\"wp-block-paragraph\">Pas de mise en cases des enfants de 2\/3 ans.<\/p>\n\n\n\n<p class=\"wp-block-paragraph\">La maternelle n\u2019est pas le lieu de vie et d\u2019accueil que l\u2019on aimerait imaginer. M\u00eame la pand\u00e9mie n\u2019aura pas permis de stopper la mise en cases d\u2019enfants de 2\/3ans. Tout se passe pour&nbsp;<strong>la DEPP<\/strong>,&nbsp;<strong>la Direction de l\u2019\u00e9valuation, de la prospective et de la performance<\/strong>&nbsp;comme si justement rien ne se passait, comme si rien ne pouvait faire r\u00e9fl\u00e9chir diff\u00e9remment, rompre avec les \u00e9valuations syst\u00e9matiques alors que la crise sanitaire a d\u00e9j\u00e0 bien affect\u00e9 les familles et leurs enfants. Impossible pour&nbsp;<strong>la DEPP<\/strong>&nbsp;de prendre conscience que le monde ne peut plus se voir \u00e0 travers des cases. Pour emprunter la route de la performance, il faut s\u2019y prendre t\u00f4t ! Et cette ann\u00e9e, \u00eatre encore plus performant dans l\u2019\u00e9valuation ! [&#8230;] <strong><a href=\"https:\/\/education-bien-commun.fr\/2021\/04\/08\/stop-aux-grilles-comportementalistes\/\">Lire la suite.<\/a><\/strong><\/p>\n\n\n\n<h3 class=\"wp-block-heading\" id=\"ci-git-la-maternelle\">Ci g\u00eet la maternelle<\/h3>\n\n\n\n<p class=\"wp-block-paragraph\">Par Serge Herreman de l&rsquo;AFL (Association Fran\u00e7aise pour la lecture)<\/p>\n\n\n\n<p class=\"wp-block-paragraph\">\u00ab\u00a0Quel projet politique a \u00e9t\u00e9 men\u00e9 avec&nbsp;<strong>une d\u00e9termination sans faille<\/strong>&nbsp;sans tenir compte d\u2019aucune remarque depuis trois ans ?<\/p>\n\n\n\n<p class=\"wp-block-paragraph\">Comment comprendre qu\u2019une avalanche d\u2019<strong>affirmations p\u00e9remptoires et de pr\u00e9conisations arbitraires<\/strong>&nbsp;qui lui sont li\u00e9es n\u2019ait provoqu\u00e9 que de la sid\u00e9ration&nbsp;?<\/p>\n\n\n\n<p class=\"wp-block-paragraph\">On l\u2019aura compris, je fais r\u00e9f\u00e9rence \u00e0 la&nbsp;<em><strong>r\u00e9volution \u00e9ducative conservatrice<\/strong><\/em>&nbsp;\u00e0 laquelle nous assistons depuis 2017.<\/p>\n\n\n\n<p class=\"wp-block-paragraph\">On l\u2019aura compris \u00e9galement, je m\u2019\u00e9tonne de l\u2019apparente facilit\u00e9 avec laquelle se r\u00e9alise une op\u00e9ration d\u2019atteinte \u00e0 des principes fondateurs (dont la&nbsp;<strong>libert\u00e9 p\u00e9dagogique<\/strong>). Constater que le ministre actuel rejoint la cote de popularit\u00e9 de Claude All\u00e8gre, ministre de l\u2019Education nationale dans le gouvernement Jospin de 1997 \u00e0 2000, ne rassure pas pour autant sur le pouvoir des \u00ab&nbsp;acteurs de terrain&nbsp;\u00bb \u00e0 se mobiliser. La faute n\u2019en revient pas (seulement) \u00e0 la pand\u00e9mie. En t\u00e9moigne notamment la d\u00e9sertion des mouvements p\u00e9dagogiques.\u00a0\u00bb [&#8230;] <strong><a href=\"https:\/\/education-bien-commun.fr\/2021\/04\/19\/ci-git-la-maternelle\/\">Lire la suite.<\/a><\/strong><\/p>\n\n\n\n<h3 class=\"wp-block-heading\" id=\"changement-de-paradigme-explique-par-michel-lussault-en-2016\">Changement de paradigme expliqu\u00e9 par Michel Lussault en&nbsp;2016<\/h3>\n\n\n\n<p class=\"wp-block-paragraph\">Expos\u00e9 de Michel Lussault comment\u00e9 par Raymond Millot et Nadine Lanneau<\/p>\n\n\n\n<p class=\"wp-block-paragraph\">2016 : gouvernement Hollande, avec comme&nbsp;<strong>ministre de l\u2019\u00e9ducation Najat Vallaud-Belkacem<\/strong>&nbsp;qui a annonc\u00e9 des r\u00e9formes pour transformer le syst\u00e8me \u00e9ducatif. Michel Lussault a \u00e9t\u00e9 nomm\u00e9 par la ministre Najat Vallaud-Belkacem&nbsp;<strong>Pr\u00e9sident du Conseil Sup\u00e9rieur des programmes(CSP)<\/strong>, organisme mis en place par Vincent Peillon en 2013, charg\u00e9 de superviser la refonte des programmes scolaires. Ci-dessous, commentaire de l\u2019expos\u00e9 fait en mai 2016 par M. Michel Lussault qui s\u2019adresse \u00e0 un parterre de chefs d\u2019\u00e9tablissement qu\u2019il s\u2019agit de mobiliser.<\/p>\n\n\n\n<p class=\"wp-block-paragraph\">D\u00e9j\u00e0 une petite r\u00e9volution :<\/p>\n\n\n\n<p class=\"wp-block-paragraph\"><strong>\u00ab&nbsp;<\/strong>Par le \u00ab&nbsp;<em><strong>choix volontaire de repr\u00e9senter l\u2019int\u00e9r\u00eat g\u00e9n\u00e9ral et non l\u2019avis des experts<\/strong><\/em>&nbsp;\u00bb, le CSP consacre<strong>&nbsp;une rupture radicale avec la pratique centenaire<\/strong>&nbsp;qui confiait la r\u00e9daction des programmes scolaires aux Inspecteurs G\u00e9n\u00e9raux. Il a donc \u00e9t\u00e9 constitu\u00e9 de 6 parlementaires, 2 membres du Conseil Economique et Social, 10 personnalit\u00e9s \u00ab&nbsp;qualifi\u00e9es&nbsp;\u00bb repr\u00e9sentant la soci\u00e9t\u00e9 civile, dont une minorit\u00e9 issue du monde scolaire. 3 Groupes ont \u00e9t\u00e9 constitu\u00e9s (correspondants aux Cycles 2, 3, 4) qui ont consult\u00e9 300 experts (40% d\u2019universitaires, 30% des corps d\u2019inspection, 30% d\u2019enseignants). [&#8230;] <strong><a href=\"https:\/\/education-bien-commun.fr\/2021\/06\/17\/changement-de-paradigme-explique-par-michel-lussault-en-2016\/\">Lire la suite.<\/a><\/strong><\/p>\n\n\n\n<h3 class=\"wp-block-heading\" id=\"l-ecole-asservie-aux-logiques-du-neoliberalisme\">L\u2019\u00e9cole asservie aux logiques du&nbsp;n\u00e9olib\u00e9ralisme<\/h3>\n\n\n\n<p class=\"wp-block-paragraph\">Par Bernard Devanne, formateur d&rsquo;enseignants, exp\u00e9rimentateur au sein des classes depuis les ann\u00e9es 80<\/p>\n\n\n\n<p class=\"wp-block-paragraph\">et interpellateur permanent du minist\u00e8re.<\/p>\n\n\n\n<p class=\"wp-block-paragraph\"><strong>Pr\u00e9ambule<\/strong><\/p>\n\n\n\n<p class=\"wp-block-paragraph\">\u00ab\u00a0Il est bien difficile pour le grand public qui ne b\u00e9n\u00e9ficie pas d\u2019une information contradictoire et pour les enseignants qui ne sont pas engag\u00e9s dans une formation approfondie de prendre la mesure de&nbsp;<em>ce qui est mis en place dans les classes depuis 2006, lorsque la droite d\u00e9tient le pouvoir,<\/em>&nbsp;et concerne maintenant l\u2019\u00e9cole maternelle : les contenus d\u2019apprentissage sont pr\u00e9sent\u00e9s tels des artefacts aux \u00e9l\u00e8ves consid\u00e9r\u00e9s comme des machines \u00e0 apprendre. Bernard Devanne, formateur d\u2019enseignants, exp\u00e9rimentateur au sein des classes depuis les ann\u00e9es 80 et interpellateur permanent du minist\u00e8re, analyse cette d\u00e9rive n\u00e9olib\u00e9rale qui fait fi de tous les apports des grands praticiens-chercheurs depuis un si\u00e8cle.\u00a0\u00bb [&#8230;]<strong><a href=\"https:\/\/education-bien-commun.fr\/2021\/07\/20\/lecole-asservie-aux-logiques-du-neoliberalisme\/\"> Lire la suite.<\/a><\/strong><\/p>\n\n\n\n<h3 class=\"wp-block-heading\" id=\"pour-l-ecole-la-liberte-c-est-le-liberal-ou-c-est-la-democratie\">Pour l\u2019\u00e9cole, la libert\u00e9, c\u2019est le lib\u00e9ral ou c\u2019est la d\u00e9mocratie&nbsp;?<\/h3>\n\n\n\n<p class=\"wp-block-paragraph\">Par Eveline Charmeux, professeure de fran\u00e7ais et formatrice d&rsquo;enseignants honoraire<\/p>\n\n\n\n<p class=\"wp-block-paragraph\">\u00ab\u00a0Au moment o\u00f9 le gouvernement, pour l\u2019\u00e9cole, s\u2019appr\u00eate \u00e0 r\u00e9soudre, \u00e0 sa fa\u00e7on, l\u2019opposition \u00ab&nbsp;public\/priv\u00e9&nbsp;\u00bb, en la transformant en&nbsp;<strong>entreprise lib\u00e9rale<\/strong>, avec chef PDG, et employ\u00e9s soigneusement choisis, ce qui mettra fin \u00e0 tout r\u00eave d\u00e9mocratique, il n\u2019est pas mauvais de rappeler, pour parler comme notre cher Ministre, les fameux&nbsp;<strong>\u00ab&nbsp;fondamentaux&nbsp;\u00bb de la d\u00e9mocratie<\/strong>, dont il ne faudrait pas oublier qu\u2019elle reste, quoi qu\u2019il en co\u00fbte, du moins en th\u00e9orie, le syst\u00e8me politique de notre pays.\u00a0\u00bb[&#8230;] <strong><a href=\"https:\/\/education-bien-commun.fr\/2021\/09\/06\/pour-lecole-la-liberte-cest-le-liberal-ou-cest-la-democratie\/\">Lire la suite.<\/a><\/strong><\/p>\n\n\n\n<h3 class=\"wp-block-heading\" id=\"pour-l-ecole-du-futur-rien-ne-pourra-plus-etre-comme-avant\">Pour l\u2019\u00e9cole du futur. Rien ne pourra plus \u00eatre comme&nbsp;avant&nbsp;?<\/h3>\n\n\n\n<p class=\"wp-block-paragraph\">Il serait grand temps de changer de strat\u00e9gie.<\/p>\n\n\n\n<p class=\"wp-block-paragraph\">Par Pierre Frackowiak, Inspecteur d\u2019\u00e9cole maternelle et \u00e9l\u00e9mentaire \u00e0 la retraite.&nbsp;<\/p>\n\n\n\n<p class=\"wp-block-paragraph\">\u00ab\u00a0Juste avant les \u00e9lections pr\u00e9sidentielles et un d\u00e9bat sur l\u2019Ecole qui tarde \u00e0 venir : Reprise d\u2019un article du BLOG d\u2019octobre 2020.<\/p>\n\n\n\n<p class=\"wp-block-paragraph\">Nous vivons actuellement des moments extraordinaires qui devraient logiquement conduire les responsables politiques, syndicaux, associatifs, \u00e0 changer de strat\u00e9gie pour envisager l\u2019indispensable refondation de l\u2019\u00e9cole. Pour la premi\u00e8re fois depuis l\u2019apr\u00e8s-guerre, tout le monde est d\u2019accord pour dire que \u00ab rien ne pourra plus \u00eatre comme avant \u00bb, qu\u2019\u00ab il y aura forc\u00e9ment un avant ceci ou cela, et un apr\u00e8s \u00bb. Et pourtant, rien ne change, et pire, tout est fait pour que rien ne change. La frilosit\u00e9 et la peur des ruptures n\u00e9cessaires anesth\u00e9sient toutes les \u00e9nergies. Les uns persistent \u00e0 revendiquer plus de moyens en sachant que leur attribution, m\u00eame massive, ne changera pas grand-chose, les autres<br>poursuivent tranquillement la construction d\u2019une \u00e9cole lib\u00e9rale aux antipodes de l\u2019\u00e9cole d\u00e9mocratique dont notre soci\u00e9t\u00e9 a besoin, profitant de l\u2019absence de projet alternatif cr\u00e9dible et de la faiblesse croissante des organisations contestataires.<br>Le pouvoir actuel joue sur du velours d\u2019une part parce que le terrain a \u00e9t\u00e9 pr\u00e9par\u00e9 par ses opposants qui ont tout rat\u00e9&nbsp;<strong>(1)<\/strong>&nbsp;et, d\u2019autre part, parce que l\u2019int\u00e9r\u00eat de la Nation pour l\u2019\u00e9cole, pour l\u2019\u00e9ducation, a quasiment disparu, sauf durant de brefs instants vite oubli\u00e9s au lendemain des crises cardiaques [&#8230;] <strong><a href=\"https:\/\/education-bien-commun.fr\/2022\/02\/10\/pour-lecole-du-futur-rien-ne-pourra-plus-etre-comme-avant-2\/\">Lire la suite.<\/a><\/strong><\/p>\n\n\n\n<h3 class=\"wp-block-heading\">Quand la participation met en cause l\u2019institution scolaire<\/h3>\n\n\n\n<p class=\"wp-block-paragraph\"><strong>L\u2019exp\u00e9rience controvers\u00e9e des \u00e9coles exp\u00e9rimentales de la Villeneuve \u00e0&nbsp;Grenoble (1972-2005)<\/strong><\/p>\n\n\n\n<p class=\"wp-block-paragraph\">Par Marie-Charlotte Allam, sociologue<\/p>\n\n\n\n<p class=\"wp-block-paragraph\">Cet article est \u00e0 l\u2019origine publi\u00e9 dans Participations, Revue de sciences sociales sur la d\u00e9mocratie et la citoyennet\u00e9,&nbsp;<strong><a href=\"https:\/\/www.cairn.info\/revue-participations-2017-3-page-163.htm?ref=doi#xd_co_f=YTQwMWY5NWMtMTdlNy00NGE2LTgxMTEtMzI3MTY1MzdhYmM0~\">mis en ligne sur le site Cairn.info<\/a><\/strong>&nbsp;en 1978.<\/p>\n\n\n\n<p class=\"wp-block-paragraph\">Nous vous y renvoyons.<\/p>\n\n\n\n<p class=\"wp-block-paragraph\">Des extraits :<\/p>\n\n\n\n<blockquote class=\"wp-block-quote is-layout-flow wp-block-quote-is-layout-flow\">\n<p class=\"wp-block-paragraph\">\u00ab&nbsp;Une \u00e9cole d\u00e9mocratique est-elle possible&nbsp;? \u00bb C\u2019est la question que se sont pos\u00e9e les concepteurs de la Villeneuve, un quartier de grands ensembles construit \u00e0 Grenoble au d\u00e9but des ann\u00e9es&nbsp;1970 (Millot, 1979). Con\u00e7u comme un laboratoire d\u2019exp\u00e9rimentation sociale et politique, cet \u00ab&nbsp;anti-Sarcelles&nbsp;\u00bb&nbsp;est pens\u00e9 en vue d\u2019enrayer la s\u00e9gr\u00e9gation \u00e0 l\u2019\u0153uvre dans les villes nouvelles. Dans cette perspective, la municipalit\u00e9 \u00e9labore, en concertation avec les futurs habitants, une politique socio-\u00e9ducative in\u00e9dite fond\u00e9e sur la&nbsp;<strong>\u00ab&nbsp;co\u00e9ducation&nbsp;\u00bb<\/strong>. Formalis\u00e9e en 1971 dans le&nbsp;<em>Projet de Charte des \u00e9coles de la Villeneuve<\/em>, la co\u00e9ducation institue des modes de&nbsp;<strong>participation d\u00e9mocratique<\/strong>&nbsp;tels que la&nbsp;<strong>concertation des acteurs \u00e9ducatifs&nbsp;<\/strong>(enseignants, parents, animateurs socioculturels ou m\u00e9decins) ou l\u2019<strong>implication des \u00e9l\u00e8ves dans la vie du quartier<\/strong>. Ce projet inclut cinq groupes scolaires (les Buttes, les Charmes, le Lac, les Bouleaux et la Rampe) et un coll\u00e8ge&nbsp;\u00bb [&#8230;] <strong><a href=\"https:\/\/education-bien-commun.fr\/2022\/03\/26\/quand-la-participation-met-en-cause-linstitution-scolaire\/\">Lire la suite.<\/a><\/strong><\/p>\n<\/blockquote>\n\n\n\n<h3 class=\"wp-block-heading\">Ceci est une r\u00e9flexion, une analyse, surtout pas un&nbsp;mod\u00e8le\u2026<\/h3>\n\n\n\n<p class=\"wp-block-paragraph\">Comme le souligne son auteur, Jean Foucambert, AFL (Association Fran\u00e7aise pour la lecture).<\/p>\n\n\n\n<p class=\"wp-block-paragraph\">\u00ab\u00a0Introduction \u00e0&nbsp;<em>\u00ab&nbsp;En sortant de l\u2019\u00e9cole\u2026 \u2013 Un projet r\u00e9alis\u00e9 par des enfants de la rue Vitruve&nbsp;\u00bb<\/em>. L\u2019Ecole de la rue Vitruve, une \u00e9cole exp\u00e9rimentale dans l\u2019enseignement public des ann\u00e9es 70. Elle existe encore.<\/p>\n\n\n\n<p class=\"wp-block-paragraph\">&nbsp;Si le s\u00e9jour \u00e0 Bedous et la \u00ab Tourn\u00e9e \u00bb constituent le sujet essentiel du livre des enfants, ils ne repr\u00e9sentent qu\u2019une br\u00e8ve \u00e9tape \u00e0 l\u2019int\u00e9rieur du&nbsp;<strong>\u00ab projet \u00bb<\/strong>&nbsp;lui-m\u00eame. Quel projet ? [\u2026] Aussi, est-il n\u00e9cessaire de consentir un d\u00e9tour afin de brosser les grandes lignes d\u2019une r\u00e9flexion entreprise depuis plusieurs ann\u00e9es et pour laquelle les \u00e9v\u00e9nements relat\u00e9s loin d\u2019\u00eatre consid\u00e9r\u00e9s comme un mod\u00e8le, ont servi de supports \u00e0 l\u2019analyse et ont permis de r\u00e9ajuster de nouvelles actions\u00a0\u00bb [&#8230;] <strong><a href=\"https:\/\/education-bien-commun.fr\/2022\/05\/07\/ceci-est-une-reflexion-une-analyse-surtout-pas-un-modele\/\">Lire ici.<\/a><\/strong><\/p>\n\n\n\n<h3 class=\"wp-block-heading\">\u00ab&nbsp;Repenser la d\u00e9mocratie scolaire&nbsp;: une cl\u00e9 pour dynamiser la participation citoyenne&nbsp;?&nbsp;\u00bb<\/h3>\n\n\n\n<p class=\"wp-block-paragraph\">Par Claude Leli\u00e8vre, Enseignant-chercheur en histoire de l\u2019\u00e9ducation, professeur honoraire \u00e0 Paris-Descartes, Universit\u00e9 Paris Cit\u00e9.<\/p>\n\n\n\n<p class=\"wp-block-paragraph\">\u00ab\u00a0<strong>Le taux d\u2019abstention \u00e9lev\u00e9<\/strong>&nbsp;lors des deux tours de la pr\u00e9sidentielle met au premier plan la question de changer le fonctionnement des institutions, voire d\u2019aller vers une Sixi\u00e8me R\u00e9publique. Cela devrait induire aussi la question corr\u00e9lative du fonctionnement de l\u2019\u00e9cole r\u00e9publicaine pour qu\u2019elle forme effectivement des citoyens participant \u00e0 la vie politique du pays.<\/p>\n\n\n\n<p class=\"wp-block-paragraph\"><strong><mark><mark style=\"background-color:#ffffff\" class=\"has-inline-color\">Un rapport, v\u00e9ritable cri d\u2019alarme<\/mark><\/mark><\/strong><\/p>\n\n\n\n<p class=\"wp-block-paragraph\">Avant m\u00eame l\u2019\u00e9lection pr\u00e9sidentielle qui vient d\u2019avoir lieu, le \u00ab&nbsp;Comit\u00e9 d\u2019\u00e9valuation des politiques publiques&nbsp;\u00bb a d\u00e9pos\u00e9 un&nbsp;<a href=\"https:\/\/www.assemblee-nationale.fr\/dyn\/15\/rapports\/cec\/l15b5150_rapport-information\">important rapport d\u2019information<\/a>, enregistr\u00e9 le 8&nbsp;mars de cette ann\u00e9e \u00e0 la pr\u00e9sidence de l\u2019Assembl\u00e9e nationale, sur \u00ab&nbsp;l\u2019\u00e9valuation des politiques publiques en faveur de la citoyennet\u00e9&nbsp;\u00bb. C\u2019\u00e9tait d\u00e9j\u00e0 un v\u00e9ritable cri d\u2019alarme\u00a0\u00bb. [&#8230;] <strong><a href=\"https:\/\/education-bien-commun.fr\/2022\/06\/22\/repenser-la-democratie-scolaire-une-cle-pour-dynamiser-la-participation-citoyenne\/\">Lire ici.<\/a><\/strong><\/p>\n\n\n\n<h3 class=\"wp-block-heading\">Lettre ouverte \u00e0 Pap Ndiaye, ministre de l\u2019Education nationale\u2026 \u00ab Redonner leur sens aux m\u00e9tiers de l\u2019\u00e9ducation&nbsp;\u00bb<\/h3>\n\n\n\n<p class=\"wp-block-paragraph\">Par Philippe Meirieu, professeur honoraire en sciences de l\u2019\u00e9ducation, Universit\u00e9 LUMIERE-Lyon 2, pr\u00e9sident des CEMEA.<\/p>\n\n\n\n<p class=\"wp-block-paragraph\">Monsieur le Ministre,<\/p>\n\n\n\n<p class=\"wp-block-paragraph\">Votre nomination est, \u00e0 mes yeux, comme aux yeux de beaucoup, une belle surprise.<br>Votre travail universitaire, vos engagements, vos prises de position sont, en effet, le<br>gage d\u2019un renouvellement important \u00e0 la t\u00eate de l\u2019\u00c9ducation nationale. Vous avez<br>travaill\u00e9 sur les discriminations et sur l\u2019\u00e9mancipation ; vous avez eu, \u00e0 de<br>nombreuses reprises, des paroles justes, sans concession et apaisantes \u00e0 la fois,<br>sur des questions de soci\u00e9t\u00e9 essentielles ; vous incarnez la lutte pour l\u2019\u00e9galit\u00e9 des<br>droits dans ce qu\u2019elle a de plus fondamental pour notre avenir\u2026 [&#8230;] <strong><a href=\"https:\/\/education-bien-commun.fr\/2022\/08\/24\/quelques-fondamentaux-du-metierde-professeur\/\">Lire la suite<\/a><\/strong><\/p>\n\n\n\n<p class=\"wp-block-paragraph\">L&rsquo;article vient sur la Page, apr\u00e8s \u00ab\u00a0Quelques fondamentaux du m\u00e9tier de&nbsp;professeur\u00a0\u00bb de Philippe Meirieu.<\/p>\n\n\n\n<h3 class=\"wp-block-heading\">Scolariser la maternelle&nbsp;?<\/h3>\n\n\n\n<p class=\"wp-block-paragraph\">Par Eveline Charmeux, professeur-formateur honoraire de fran\u00e7ais, ex-chercheur \u00e0 l\u2019INRP.<\/p>\n\n\n\n<p class=\"wp-block-paragraph\">\u00ab\u00a0On n&rsquo;est pas l\u00e0 pour jouer ! Ni pour faire la sieste&#8230;<\/p>\n\n\n\n<p class=\"wp-block-paragraph\">Nous y sommes : la gangr\u00e8ne capitaliste, qui s\u2019infiltre partout, a touch\u00e9 l\u2019\u00e9cole : faut que \u00e7a rapporte ! Donc, toujours plus fort, plus s\u00e9rieux, plus rentable\u2026 On n\u2019est pas l\u00e0 pour jouer et nos enfants doivent&nbsp;<strong>apprendre tout de suite \u00e0 ne pas perdre leur temps<\/strong>. Apr\u00e8s tout, comme le dit fort bien un personnage important de la DGESCO \u2014 une femme ! \u2014 tous les enfants n\u2019ont pas besoin de faire&nbsp;<strong>la sieste<\/strong>\u2026\u00a0\u00bb [&#8230;] <strong><a href=\"https:\/\/education-bien-commun.fr\/2022\/09\/18\/scolariser-la-maternelle\/\">Lire la suite<\/a><\/strong><\/p>\n\n\n\n<h3 class=\"wp-block-heading\">Biennale 2022 pour l\u2019Education nouvelle :&nbsp;Convergence(s)<\/h3>\n\n\n\n<p class=\"wp-block-paragraph\">Par Philippe Meirieu, professeur honoraire en sciences de l\u2019\u00e9ducation, pr\u00e9sident des CEMEA.<\/p>\n\n\n\n<p class=\"wp-block-paragraph\"><strong>3\u00e8me Biennale internationale de l\u2019Education Nouvelle<\/strong>&nbsp;du 29 octobre au 1er novembre 2022, \u00e0 Bruxelles !<\/p>\n\n\n\n<p class=\"wp-block-paragraph\">20 d\u00e9bats, enjeux pour nos soci\u00e9t\u00e9s sur des questions vives concernant l\u2019Education Nouvelle.<\/p>\n\n\n\n<p class=\"wp-block-paragraph\">\u00ab&nbsp;De nombreux ateliers et d\u00e9bats ont \u00e9t\u00e9 consacr\u00e9s au changement de paradigme \u00e9voqu\u00e9 dans ce site educationbiencommun ; dans les \u00e9changes, beaucoup ont soulign\u00e9 qu\u2019on ne pouvait plus se contenter de r\u00e9parer, tant bien que mal, le syst\u00e8me ancien mais qu\u2019il fallait penser un syst\u00e8me nouveau. Mais, pour que cela soit possible et ait un impact r\u00e9el, il nous faut un peu plus que des appels, m\u00eame sign\u00e9s par des personnalit\u00e9s prestigieuses\u2026 il nous faut construire de nouvelles alliances, rendre notre parole audible et faire en sorte que nos propositions soit suffisamment concr\u00e8tes et pr\u00e9cises pour ne pas \u00eatre rejet\u00e9es imm\u00e9diatement par les \u00ab&nbsp;r\u00e9alistes&nbsp;\u00bb de tous poils.&nbsp;\u00bb [&#8230;] <strong><a href=\"https:\/\/education-bien-commun.fr\/2022\/11\/15\/biennale-2022-pour-leducation-nouvelle-convergences\/\">Lire la suite.<\/a><\/strong><\/p>\n\n\n\n<p class=\"wp-block-paragraph\"><\/p>\n\n\n\n<h3 class=\"wp-block-heading\">Des recherches-actions pour une Ecole&nbsp;\u00e9mancipatrice<\/h3>\n\n\n\n<p class=\"wp-block-paragraph\">Par Jean Foucambert, pr\u00e9sident de l\u2019AFL. <\/p>\n\n\n\n<p class=\"wp-block-paragraph\">\u00ab\u00a0XIX\u00b0 si\u00e8cle : Jules Ferry, une \u00e9cole gratuite, la\u00efque et obligatoire de 6 \u00e0 13 ans.<\/p>\n\n\n\n<p class=\"wp-block-paragraph\">Les \u00e9coles de Jules Ferry ont \u00e9t\u00e9 ouvertes voici 140 ans en devenant obligatoires pour le peuple. Jusque-l\u00e0, globalement, l\u2019instruction d\u00e9pendait de la volont\u00e9 des familles, de leurs moyens, de leurs traditions et de leurs besoins. Dans les milieux ais\u00e9s, elle \u00e9tait confi\u00e9e \u00e0 des institutions priv\u00e9es ou \u00e0 des pr\u00e9cepteurs. Dans les milieux populaires, en grande majorit\u00e9 ruraux, se transmettaient&nbsp;<em>sur le tas<\/em>&nbsp;\u2013 hors de toute \u00e9cole \u2013 les savoir-faire n\u00e9cessaires \u00e0 l\u2019accomplissement des t\u00e2ches auxquelles les enfants \u00e9taient associ\u00e9s ainsi que les savoirs construits in\u00e9vitablement dans leur&nbsp;<em>vivre ensemble<\/em>&nbsp;sans lesquels il ne peut y avoir de vie collective. \u00c0 cela s\u2019ajoutait la pr\u00e9sence vigilante d\u2019un clerg\u00e9 charg\u00e9 par les classes dominantes de pr\u00eacher la r\u00e9signation en renvoyant tout espoir apr\u00e8s un dernier jugement\u2026\u00a0\u00bb[&#8230;] <strong><a href=\"https:\/\/education-bien-commun.fr\/2022\/12\/31\/des-recherches-actions-pour-une-ecole-emancipatrice\/\">Lire la suite<\/a><\/strong><\/p>\n\n\n\n<h3 class=\"wp-block-heading\">Vers le triomphe des \u00e9valuations standardis\u00e9es \u00e0 l\u2019\u00e9cole&nbsp;?<\/h3>\n\n\n\n<p class=\"wp-block-paragraph\">Par Rachel Schneider, professeure des \u00e9coles, militante \u00e0 la FSU-SNUipp (secteur \u00e9ducatif). <\/p>\n\n\n\n<p class=\"wp-block-paragraph\">\u00ab\u00a0<mark><strong><mark style=\"background-color:#ffffff\" class=\"has-inline-color\">Pour partager des analyses\u2026<\/mark><\/strong><\/mark><\/p>\n\n\n\n<p class=\"wp-block-paragraph\">L\u2019arriv\u00e9e de Pap Ndiaye au minist\u00e8re de l\u2019Education nationale a pu faire croire \u00e0 un changement de cap&nbsp;: apr\u00e8s \u00ab&nbsp;<em>Jean-Michel Blanquer, ministre autoritaire<\/em>&nbsp;\u00bb (slogan de manif) qui a \u00e9t\u00e9 l\u2019auteur d\u2019un pilotage de l\u2019enseignement facteur d\u2019aggravation des in\u00e9galit\u00e9s scolaires,&nbsp;<strong>Pap Ndiaye repr\u00e9sentait la lutte contre les discriminations<\/strong>, que l\u2019on est forc\u00e9ment tent\u00e9 de confondre avec la lutte contre les in\u00e9galit\u00e9s et pour la d\u00e9mocratisation scolaire.<\/p>\n\n\n\n<p class=\"wp-block-paragraph\">Il nous faut d\u00e9chanter, et travailler \u00e0&nbsp;<strong>d\u00e9crypter<\/strong>&nbsp;ce qui se poursuit voire s\u2019accentue au minist\u00e8re de l\u2019\u00c9ducation nationale. Et d\u2019abord et avant tout parce que c\u2019est bien&nbsp;<strong>en partageant des analyses<\/strong>&nbsp;avec le plus grand nombre possible de coll\u00e8gues enseignant\u2022e\u2022s que l\u2019on pourra d\u00e9fendre le m\u00e9tier et les finalit\u00e9s d\u2019une \u00e9cole d\u00e9mocratique et \u00e9mancipatrice.\u00a0\u00bb [&#8230;] <strong><a href=\"https:\/\/education-bien-commun.fr\/2023\/02\/02\/vers-le-triomphe-des-evaluations-standardisees-a-lecole\/\">Lire la suite.<\/a><\/strong><\/p>\n\n\n\n<h3 class=\"wp-block-heading\">Une critique de l\u2019Ecole \u00ab&nbsp;r\u00e9publicaine&nbsp;\u00bbr\u00e9solument r\u00e9volutionnaire<\/h3>\n\n\n\n<p class=\"wp-block-paragraph\">Par Nadine Lanneau, professeure documentaliste de l\u2019Education nationale, retrait\u00e9e. <\/p>\n\n\n\n<p class=\"wp-block-paragraph\">\u00ab\u00a0De nombreuses critiques se sont souvent \u00e9lev\u00e9es pour d\u00e9noncer l\u2019\u00e9chec de l\u2019\u00e9cole \u00ab&nbsp;r\u00e9publicaine&nbsp;\u00bb quand d\u2019aucun\u2022e\u2022s veulent la restaurer, dans la nostalgie de temps soit-disant paradisiaques&nbsp;; or, toutes les \u00e9tudes s\u00e9rieuses d\u00e9montrent qu\u2019elle est profond\u00e9ment in\u00e9galitaire depuis ses origines et que les in\u00e9galit\u00e9s qui la fondent, ne font que s\u2019amplifier \u00e0 l\u2019heure actuelle, malgr\u00e9 la longue litanie des rapports, \u00e9tudes et r\u00e9formes qui se succ\u00e8dent. \u00ab\u00a0[&#8230;] <strong><a href=\"https:\/\/education-bien-commun.fr\/2023\/03\/11\/une-critique-de-lecole-republicaineresolument-revolutionnaire\/\">Lire la suite.<\/a><\/strong><\/p>\n\n\n\n<p class=\"wp-block-paragraph\"><\/p>\n\n\n\n<h3 class=\"wp-block-heading\">Action : Des manuels scolaires d\u2019Etat pour&nbsp;innover<\/h3>\n\n\n\n<p class=\"wp-block-paragraph\">Par Nadine Lanneau, anciennement professeure documentaliste en coll\u00e8ge et lyc\u00e9e dans l\u2019Education nationale. <\/p>\n\n\n\n<p class=\"wp-block-paragraph\">\u00ab\u00a0<mark><mark style=\"background-color:#ffffff\" class=\"has-inline-color has-black-color\">Le grand bond en arri\u00e8re<strong>\u2026<\/strong><\/mark><\/mark><\/p>\n\n\n\n<p class=\"wp-block-paragraph\">Airs martiaux au Minist\u00e8re de l\u2019Education : \u00ab Nous ne sommes plus dans le temps des constats. Nous sommes dans le temps de l\u2019action \u00bb, dit G. Attal, notre ministre.<\/p>\n\n\n\n<p class=\"wp-block-paragraph\">Alors en avant\u2026<\/p>\n\n\n\n<p class=\"wp-block-paragraph\">mais<\/p>\n\n\n\n<p class=\"wp-block-paragraph\">en mettant la marche arri\u00e8re !&nbsp;<img loading=\"lazy\" decoding=\"async\" height=\"16\" width=\"16\" alt=\"\ud83d\ude21\" src=\"https:\/\/static.xx.fbcdn.net\/images\/emoji.php\/v9\/t2c\/2\/16\/1f621.png\"><\/p>\n\n\n\n<p class=\"wp-block-paragraph\">\u2026<\/p>\n\n\n\n<p class=\"wp-block-paragraph\"><mark><mark style=\"background-color:#ffffff\" class=\"has-inline-color\">\u2026au temps de Guizot<\/mark><\/mark>\u00ab\u00a0. <strong><a href=\"https:\/\/education-bien-commun.fr\/2023\/10\/07\/action-des-manuels-scolaires-detat-pour-innover\/\">[Lire la suite]<\/a><\/strong><\/p>\n\n\n\n<h3 class=\"wp-block-heading\">Il est grand temps de bifurquer\u2026<\/h3>\n\n\n\n<p class=\"wp-block-paragraph\">Par Nadine Lanneau, professeure documentaliste en coll\u00e8ge et lyc\u00e9e de l\u2019Education nationale. R\u00e9cemment \u00e0 la retraite. <\/p>\n\n\n\n<p class=\"wp-block-paragraph\">\u00ab\u00a0\u00c7a va \u00eatre votre f\u00eate, mesdames et messieurs les enseignant\u2022e\u2022s !<\/p>\n\n\n\n<p class=\"wp-block-paragraph\">Le 5 octobre, ce fut votre f\u00eate, mesdames et messieurs les enseignant\u2022e\u2022s !<\/p>\n\n\n\n<p class=\"wp-block-paragraph\">Le 5 octobre, c\u2019est la&nbsp;<strong>f\u00eate mondiale des enseignantes et des enseignant<\/strong>s \u2026&nbsp;\u00bb Le journal le Monde nous apprend : \u00ab&nbsp;Gabriel Attal prononce un discours sur l\u2019esplanade de la Biblioth\u00e8que nationale de France, devant un parterre de 200 invit\u00e9s. Il y annonce le&nbsp;<strong>lancement d\u2019une \u00ab mission \u00bb&nbsp;<\/strong>charg\u00e9e de formuler des propositions \u00e0 tous les niveaux de la scolarit\u00e9&nbsp;<strong>afin \u00ab d\u2019accro\u00eetre le niveau des \u00e9l\u00e8ves \u00bb<\/strong>. Le ministre avance \u00e9galement des pistes pour am\u00e9liorer l\u2019attractivit\u00e9 du m\u00e9tier d\u2019enseignant, en estimant que la priorit\u00e9 n\u2019est plus \u00e0 la hausse des salaires&nbsp;\u00bb. [&#8230;] <strong><a href=\"https:\/\/education-bien-commun.fr\/2023\/10\/15\/il-est-grand-temps-de-bifurquer\/\">Lire la suite<\/a><\/strong><\/p>\n\n\n\n<h3 class=\"wp-block-heading\">Une dr\u00f4le d\u2019histoire,&nbsp;l\u2019\u00e9cole\u2026<\/h3>\n\n\n\n<p class=\"wp-block-paragraph\">Par Jean Foucambert, pr\u00e9sident de l\u2019AFL, Association Fran\u00e7aise pour la Lecture.<\/p>\n\n\n\n<p class=\"wp-block-paragraph\">\u00ab\u00a0Une r\u00e9flexion historique : on n&rsquo;avance pas !<\/p>\n\n\n\n<p class=\"wp-block-paragraph\">D\u00e8s que surgissent des m\u00e9contentements sociaux auxquels des jeunes sont associ\u00e9s en fonction de ce qu\u2019ils comprennent, de ce qu\u2019ils combattent ou de ce qu\u2019ils esp\u00e8rent,&nbsp;<strong>les diff\u00e9rentes droites r\u00e9clament \u00e0 l\u2019\u00e9cole davantage de discipline et de rigueur et les diff\u00e9rentes gauches davantage de moyens et de respect de l\u2019enfant.&nbsp;<\/strong>Et \u00e7a repart pour une petite d\u00e9cennie sans que quelque chose de fondamental \u00e9volue du c\u00f4t\u00e9 de la nature et de la fonction de l\u2019\u00e9cole quand la gauche a le pouvoir, tandis que la droite, lorsqu\u2019elle l\u2019a, r\u00e9duit encore son financement.<\/p>\n\n\n\n<p class=\"wp-block-paragraph\">Au point qu\u2019on peut souvent se demander si, sur le fond, quelque chose diff\u00e9rencie vraiment l\u2019une de l\u2019autre, \u00e0 part l\u2019attribution de moyens. La r\u00e9ponse rel\u00e8ve pour partie d\u2019une r\u00e9flexion historique, par d\u00e9finition la plus neutre possible, m\u00eame si, comme le fait remarquer Antoine Prost, \u00ab&nbsp;<em>l\u2019historien ne lance pas son chalut au hasard pour voir s\u2019il prendra des poissons&nbsp;; et lesquels&nbsp;!&nbsp;<\/em>\u00bb. Essayons, nous aussi, un bien modeste lancement, en reconnaissant que notre propre hasard ne rel\u00e8vera, pas moins que celui des autres, du hasard&nbsp;!\u00a0\u00bb [&#8230;] <strong><a href=\"https:\/\/education-bien-commun.fr\/2023\/11\/02\/une-drole-dhistoire-lecole\/\">Lire la suite.<\/a><\/strong><\/p>\n\n\n\n<h3 class=\"wp-block-heading\">Un ministre sans vergogne\u2026 et sans&nbsp;culture\u2026<\/h3>\n\n\n\n<p class=\"wp-block-paragraph\">Par Eveline Charmeux, professeur-formateur honoraire de fran\u00e7ais, ex-chercheur \u00e0 l\u2019INRP.&nbsp;<\/p>\n\n\n\n<p class=\"wp-block-paragraph\">\u00ab\u00a0Les groupes de niveau acc\u00e9l\u00e8rent les in\u00e9galit\u00e9s \u00e0 l&rsquo;\u00e9cole. Et pourtant, de la vergogne \u2014 et de la culture, p\u00e9dagogique \u2014 quand on est ministre de l\u2019Ecole, il lui en faudrait pour \u00e9viter le ridicule : affirmer comme si c\u2019\u00e9tait une d\u00e9couverte r\u00e9cente, ce qui a \u00e9t\u00e9 d\u00e9nonc\u00e9 comme une erreur, depuis plus de cinquante ans, ne saurait \u00eatre un atout, pour personne, mais cela fr\u00f4le la honte quand c\u2019est un ministre qui tient ce genre de discours. Tentons de lui offrir quelques miettes, de cette culture qui lui manque\u2026\u00a0\u00bb [&#8230;] <strong><a href=\"https:\/\/education-bien-commun.fr\/2023\/11\/19\/un-ministre-sans-vergogne-et-sans-culture\/\">Lire la suite.<\/a><\/strong><\/p>\n\n\n\n<h3 class=\"wp-block-heading\">Pourquoi labelliser les manuels scolaires est une d\u00e9cision politique de droite&nbsp;?<\/h3>\n\n\n\n<p class=\"wp-block-paragraph\">Par Rachel Schneider, professeure des \u00e9coles, militante \u00e0 la FSU-SNUipp (secteur \u00e9ducatif).&nbsp;<\/p>\n\n\n\n<p class=\"wp-block-paragraph\">\u00ab&nbsp;D\u00e8s la rentr\u00e9e 2024, les manuels de lecture en CP b\u00e9n\u00e9ficieront d\u2019une labellisation. Les manuels de CE1, CE2, CM1, CM2 et 6\u00e8me b\u00e9n\u00e9ficieront d\u2019une labellisation \u00e0 compter de septembre 2025. Tous les manuels du CP \u00e0 la terminale \u00e0 partir de septembre 2026&nbsp;\u00bb.&nbsp;Gabriel Attal, ministre de l\u2019\u00e9ducation nationale, 5 d\u00e9cembre 2023. Pourtant, les triples libert\u00e9s (produire, choisir, utiliser) en vigueur depuis 1880 n\u2019ont \u00e9t\u00e9 interrompues qu\u2019en 1940.<\/p>\n\n\n\n<p class=\"wp-block-paragraph\">Le ministre de l\u2019\u00e9ducation nationale a tenu une conf\u00e9rence de presse le mardi 5 d\u00e9cembre 2023, le jour m\u00eame o\u00f9 l\u2019OCDE rendait publique la derni\u00e8re enqu\u00eate internationale PISA[1]. Prenant appui sur de mauvais r\u00e9sultats pour la France, le ministre a annonc\u00e9 un plan en 20 mesures, appel\u00e9 \u00ab&nbsp;Choc des savoirs&nbsp;\u00bb. Parmi les mesures minist\u00e9rielles figure cette annonce&nbsp;\u00ab\u00a0[&#8230;] <strong><a href=\"https:\/\/education-bien-commun.fr\/2024\/01\/12\/pourquoi-labelliser-les-manuels-scolaires-est-une-decision-politique-de-droite\/\">Lire la suite.<\/a><\/strong><\/p>\n\n\n\n<h3 class=\"wp-block-heading\">Face aux d\u00e9fis socio-\u00e9cologiques, l\u2019impasse des groupes de&nbsp;niveau<\/h3>\n\n\n\n<p class=\"wp-block-paragraph\">Par St\u00e9phanie, professeure de lettres.<\/p>\n\n\n\n<p class=\"wp-block-paragraph\">\u00ab\u00a0<em>Nous donnons aujourd\u2019hui la parole \u00e0 une coll\u00e8gue professeure de lettres au sujet de la r\u00e9forme du coll\u00e8ge et notamment du projet de classe de niveaux en fran\u00e7ais et en math\u00e9matiques. A l\u2019heure o\u00f9 la contestation s\u2019organise pour d\u00e9noncer cette r\u00e9forme d\u2019un autre temps, notre coll\u00e8gue rappelle qu\u2019il en va aussi de la capacit\u00e9 de notre syst\u00e8me scolaire \u00e0 s\u2019adapter pour prendre part \u00e0 la n\u00e9cessaire bifurcation \u00e9cologique. Voici son texte.<\/em><\/p>\n\n\n\n<p class=\"wp-block-paragraph\">Fin programm\u00e9e de la p\u00e9dagogie diff\u00e9renci\u00e9e.<\/p>\n\n\n\n<p class=\"wp-block-paragraph\">Les annonces pour l\u2019\u00c9cole faites d\u00e9but d\u00e9cembre ne concernent pas uniquement le coll\u00e8ge et les groupes de niveau en fran\u00e7ais et math\u00e9matiques mais l\u2019atteinte port\u00e9e \u00e0 l\u2019entit\u00e9 classe pour ces deux disciplines remet en cause la p\u00e9dagogie diff\u00e9renci\u00e9e dans les pratiques enseignantes. La p\u00e9dagogie diff\u00e9renci\u00e9e correspond \u00e0 la prise en compte de la diversit\u00e9 au sein d\u2019un groupe classe, diversit\u00e9 de celle que l\u2019on retrouve dans une famille, un groupe d\u2019amis, dans la vie en somme. Dans une classe de fran\u00e7ais, la rencontre avec un texte, une notion de grammaire, la mise en place d\u2019une activit\u00e9 d\u2019\u00e9criture longue, se construit en tenant compte des \u201cfacilit\u00e9s\u201d des uns ou \u201cdifficult\u00e9s\u201d des autres et c\u2019est ensemble que l\u2019on apprend. Certes, la p\u00e9dagogie diff\u00e9renci\u00e9e n\u2019est pas simple \u00e0 mettre en oeuvre dans des classes aux effectifs charg\u00e9s \u2013 parmi ceux les plus \u00e9lev\u00e9s en Europe&nbsp;\u2013 mais nous y sommes form\u00e9s \u2013 quand cette formation est encore possible \u2013&nbsp; dans nos diff\u00e9rentes disciplines et restons libres de pouvoir la pratiquer\u00a0\u00bb. [&#8230;] <strong><a href=\"https:\/\/education-bien-commun.fr\/2024\/03\/01\/face-aux-defis-socio-ecologiques-limpasse-des-groupes-de-niveau\/\">Lire la suite.<\/a><\/strong><\/p>\n\n\n\n<h3 class=\"wp-block-heading\">\u00ab&nbsp;Pourquoi toutes les mesures actuellement prises contre le harc\u00e8lement scolaire ne peuvent qu\u2019\u00e9chouer&nbsp;?<\/h3>\n\n\n\n<p class=\"wp-block-paragraph\">Par Bernard Defrance, philosophe.&nbsp;<\/p>\n\n\n\n<p class=\"wp-block-paragraph\">Pourquoi toutes les mesures actuellement prises contre le harc\u00e8lement scolaire ne peuvent qu\u2019\u00e9chouer\u2026 Tout simplement parce qu\u2019elles ne mettent pas en cause le fonctionnement institutionnel de notre syst\u00e8me \u00e9ducatif, qui, \u00e0 la racine, est le producteur par sa&nbsp;<strong>violence intrins\u00e8que, verticale, continue,<\/strong>&nbsp;froide et invisible, des&nbsp;<strong>violences horizontales, sporadiques<\/strong>, chaudes, dont la visibilit\u00e9 donne pr\u00e9texte \u00e0 exploitation m\u00e9diatique et politique, sur le mode compassionnel ou r\u00e9pressif.<\/p>\n\n\n\n<p class=\"wp-block-paragraph\"><strong><em>Lire Henri Laborit, Ren\u00e9 Girard<\/em><\/strong><\/p>\n\n\n\n<p class=\"wp-block-paragraph\">Serait-ce trop demander \u00e0 nos d\u00e9cideurs au plus haut niveau de s\u2019instruire&nbsp;? ou au moins de lire, entre autres, sur&nbsp;<strong>les causes<\/strong>&nbsp;des violences,&nbsp;<strong>Henri Laborit ou Ren\u00e9 Girard<\/strong>&nbsp;? Notre \u00e9cole en effet r\u00e9duit constamment \u00e9coliers, coll\u00e9giens et lyc\u00e9ens au statut des<strong>&nbsp;rats de Laborit<\/strong>, qui, soumis \u00e0 un&nbsp;<strong>stress&nbsp;<\/strong>ext\u00e9rieur (la grille \u00e9lectrique d\u00e9clench\u00e9e par l\u2019exp\u00e9rimentateur), se battent entre eux pour pr\u00e9server tout bonnement leur sant\u00e9, y compris physique, au moins un certain temps, au lieu de sombrer dans la d\u00e9pression, les maladies psychosomatiques et carr\u00e9ment le suicide, comme forme ultime de la fuite. Et dans le harc\u00e8lement, sont en cause&nbsp;<strong>les encha\u00eenements sacrificiels<\/strong>&nbsp;qui permettent aux groupes (classes, bandes de quartier, gangs \u00e9conomiques\u2026) de maintenir leur fusion mafieuse, en parall\u00e8le exact de l\u2019\u00e9chec scolaire n\u00e9cessaire \u00e0 l\u2019autojustification de l\u2019institution, productrice, notamment dans le creuset des classes pr\u00e9paratoires, des soci\u00e9t\u00e9s d\u2019anciens \u00e9l\u00e8ves qui se partagent l\u2019essentiel des pouvoirs \u00e9conomiques et politiques dans un jeu f\u00e9roce de chaises musicales et de corruptions partag\u00e9es\u00a0\u00bb. [&#8230;] <strong><a href=\"https:\/\/education-bien-commun.fr\/2024\/03\/03\/pourquoi-toutes-les-mesures-actuellement-prises-contre-le-harcelement-scolaire-ne-peuvent-quechouer\/\">Lire la suite.<\/a><\/strong><\/p>\n\n\n\n<h3 class=\"wp-block-heading\">L\u2019\u00e9cole primaire \u00e0 un point de&nbsp;bascule<\/h3>\n\n\n\n<p class=\"wp-block-paragraph\">Par Rachel Schneider, professeure des \u00e9coles, militante \u00e0 la FSU-SNUipp (secteur \u00e9ducatif).&nbsp;<\/p>\n\n\n\n<p class=\"wp-block-paragraph\">Avec le \u00ab choc des savoirs \u00bb, la rentr\u00e9e 2024 est celle de tous les dangers pour le 1er degr\u00e9. Programmes r\u00e9\u00e9crits pour y mettre le \u00ab guide orange \u00bb, labellisation des manuels et g\u00e9n\u00e9ralisation du pilotage par les \u00e9valuations standardis\u00e9es\u2026 Un \u00ab mod\u00e8le d\u2019enseignement \u00bb est impos\u00e9 sans&nbsp;<strong>aucun d\u00e9bat public<\/strong>&nbsp;: vers le triomphe des savants fous&nbsp;?<\/p>\n\n\n\n<p class=\"wp-block-paragraph\"><em>Les programmes de maternelle et de cycle 2 doivent \u00eatre r\u00e9\u00e9crits de mani\u00e8re \u00e0 mettre&nbsp;<strong>le \u00ab&nbsp;guide orange&nbsp;\u00bb<\/strong>&nbsp;dans ces programmes. Le projet de d\u00e9cret sur<strong>&nbsp;la labellisation des manuels scolaires<\/strong>&nbsp;porte aussi sur les dimensions \u00ab&nbsp;didactique et p\u00e9dagogique&nbsp;\u00bb, la r\u00e9daction du r\u00e9f\u00e9rentiel \u00e9tant confi\u00e9e au&nbsp;<strong>Conseil sup\u00e9rieur de l\u2019Education<\/strong>&nbsp;<strong>nationale (CSEN) dirig\u00e9 par Stanislas Dehaene<\/strong>. Les&nbsp;<strong>\u00e9valuations nationales standardis\u00e9es<\/strong>&nbsp;se g\u00e9n\u00e9ralisent \u00e0 tous les niveaux de classes du CP \u00e0 la seconde, et le \u00ab&nbsp;pilotage&nbsp;\u00bb qui les accompagne se renforce dans le 1<sup>er<\/sup>&nbsp;degr\u00e9.<\/em><\/p>\n\n\n\n<p class=\"wp-block-paragraph\"><em>Quel est&nbsp;<strong>le \u00ab&nbsp;mod\u00e8le d\u2019enseignement&nbsp;\u00bb<\/strong>&nbsp;qui s\u2019impose \u00e0 travers ces mesures&nbsp;? Est-il \u00ab&nbsp;prouv\u00e9 par la science&nbsp;\u00bb, comme l\u2019affirme le CSEN et maintenant tous les ministres qui se succ\u00e8dent depuis JM Blanquer&nbsp;?<\/em><\/p>\n\n\n\n<p class=\"wp-block-paragraph\"><em>La situation m\u00e9rite d\u2019\u00eatre \u00e9clair\u00e9e, au vu des menaces qu\u2019elle fait peser sur l\u2019enseignement dans le 1<sup>er<\/sup>&nbsp;degr\u00e9 et sur le m\u00e9tier enseignant lui-m\u00eame. Et au bout du compte, sur&nbsp;<strong>des in\u00e9galit\u00e9s scolaires<\/strong>&nbsp;plus que jamais&nbsp;<strong>corr\u00e9l\u00e9es aux in\u00e9galit\u00e9s sociales.<\/strong><\/em>\u00a0\u00bb [&#8230;] <strong><a href=\"https:\/\/education-bien-commun.fr\/2024\/03\/05\/lecole-primaire-a-un-point-de-bascule\/\">Lire la suite.<\/a><\/strong><\/p>\n\n\n\n<h3 class=\"wp-block-heading\">\u00ab&nbsp;Nous ne trierons pas !&nbsp;\u00bb : prise de conscience ou hypocrisie collective&nbsp;?<\/h3>\n\n\n\n<p class=\"wp-block-paragraph\">Par Philippe Watrelot, militant p\u00e9dagogique actuellement membre du collectif \u00ab&nbsp;Ecole \u2013 La Riposte&nbsp;\u00bb, ancien pr\u00e9sident du Crap-Cahiers-P\u00e9dagogiques, signataire de nos appels Education bien commun.&nbsp;<\/p>\n\n\n\n<p class=\"wp-block-paragraph\">Constat : un slogan unanime contre le \u00ab\u00a0choc des savoirs\u00a0\u00bb<\/p>\n\n\n\n<p class=\"wp-block-paragraph\">\u00ab Nous ne trierons pas ! \u00bb \u00ab Non au&nbsp;<strong>tri social<\/strong>&nbsp;\u00bb sont des slogans des luttes actuelles contre le&nbsp;<strong>\u00ab choc des savoirs<\/strong>&nbsp;\u00bb. On ne peut que se r\u00e9jouir de cette mobilisation unanime contre cette r\u00e9forme et plus particuli\u00e8rement contre&nbsp;<strong>les groupes de niveau(x)<\/strong>&nbsp;(je n\u2019ai jamais su s\u2019il fallait un pluriel ou non\u2026).\u00a0\u00bb [&#8230;] <strong><a href=\"https:\/\/education-bien-commun.fr\/2024\/04\/24\/%f0%9d%90%8d%f0%9d%90%a8%f0%9d%90%ae%f0%9d%90%ac-%f0%9d%90%a7%f0%9d%90%9e-%f0%9d%90%ad%f0%9d%90%ab%f0%9d%90%a2%f0%9d%90%9e%f0%9d%90%ab%f0%9d%90%a8%f0%9d%90%a7%f0%9d%90%ac-%f0%9d%90%a9\/\">Lire la suite.<\/a><\/strong><\/p>\n\n\n\n<h3 class=\"wp-block-heading\">Au pas, l\u2019\u00e9cole, et que \u00e7a saute&nbsp;!<\/h3>\n\n\n\n<p class=\"wp-block-paragraph\">Par Eveline Charmeux, professeur-formateur honoraire de fran\u00e7ais, ex-chercheur \u00e0 l\u2019INRP.&nbsp;<\/p>\n\n\n\n<p class=\"wp-block-paragraph\">Cet article,&nbsp;<strong>\u00ab&nbsp;Au pas, l\u2019\u00e9cole, et que \u00e7a saute !&nbsp;\u00bb&nbsp;<\/strong>Eveline Charmeux l\u2019a \u00e9crit en juin 2024, juste avant les&nbsp;<strong>\u00e9lections l\u00e9gislatives<\/strong>&nbsp;o\u00f9 \u00e9tait presque assur\u00e9e la victoire du&nbsp;<strong>Rassemblement national<\/strong>&nbsp;et de ses id\u00e9es. En tout cas, extr\u00eamement redout\u00e9e.<\/p>\n\n\n\n<p class=\"wp-block-paragraph\">Il est int\u00e9ressant de revenir sur cet article juste avant la&nbsp;<strong>rentr\u00e9e scolaire de septembre 2024<\/strong>, dans cette situation tr\u00e8s probl\u00e9matique o\u00f9 se trouve la France, dans le d\u00e9ni de d\u00e9mocratie du pr\u00e9sident Macron, d\u00e9nonc\u00e9 m\u00eame \u00e0 l\u2019\u00e9tranger, alors que sous pr\u00e9texte de tr\u00eave de Jeux Olympiques, il a pr\u00e9tendu que personne n\u2019a remport\u00e9 l\u2019\u00e9lection. Le Nouveau Front Populaire qui est le v\u00e9ritable vainqueur des urnes, c\u2019est ind\u00e9niable, a propos\u00e9 Lucie Castets comme premi\u00e8re ministre\u2026. Macron n\u2019en veut pas et tente des arrangements avec la droite et pourquoi pas le RN ! \u2026 Il va bien falloir que cette situation se d\u00e9bloque.<\/p>\n\n\n\n<p class=\"wp-block-paragraph\">Examinons avec Eveline Charmeux le projet \u00ab&nbsp;Ecole&nbsp;\u00bb du RN et celui qu\u2019avait commenc\u00e9 \u00e0 mettre en place&nbsp;<strong>Gabriel Attal<\/strong>&nbsp;alors ministre de l\u2019Education d\u2019Emmanuel Macron, vite remplac\u00e9 par&nbsp;<strong>Nicole Belloubet<\/strong>. Car on verra qu\u2019avec le tri social des \u00e9l\u00e8ves, et autres conceptions sur l\u2019\u00e9cole, les \u00e9l\u00e8ves et les enseignant\u2022e\u2022s, RN et macronistes comme G. Attal et N. Belloubet ne sont pas tr\u00e8s \u00e9loign\u00e9s.<\/p>\n\n\n\n<p class=\"wp-block-paragraph\">Ao\u00fbt 2024 : le projet pour la rentr\u00e9e ? On ne sait pas encore au 08\/08 ce qu\u2019il adviendra de celui-ci. Et c\u2019est tr\u00e8s inqui\u00e9tant. [&#8230;] <strong><a href=\"https:\/\/education-bien-commun.fr\/2024\/08\/10\/au-pas-lecole-et-que-ca-saute\/\">Lire la suite.<\/a><\/strong><\/p>\n\n\n\n<h3 class=\"wp-block-heading\">L\u2019Ecole apr\u00e8s l\u2019\u00e9t\u00e9 ? Trois axes pour un vrai&nbsp;changement<\/h3>\n\n\n\n<p class=\"wp-block-paragraph\">Par Roger-Fran\u00e7ois Gauthier,&nbsp;<em>Membre fondateur du Collectif d\u2019interpellation du curriculum (CICUR), sp\u00e9cialiste de politiques \u00e9ducatives compar\u00e9es<\/em>, chercheur en Sciences de l\u2019\u00e9ducation.<\/p>\n\n\n\n<p class=\"wp-block-paragraph\">Souvenons-nous&nbsp;: avant les parenth\u00e8ses estivales impos\u00e9es par le fait du Prince, l\u2019\u00e9ducation faisait, au moins pour le gouvernement, partie des th\u00e8mes politiques les plus chauds, avec ce \u00ab&nbsp;choc des savoirs&nbsp;\u00bb qui \u00e9tait annonc\u00e9 et promis par un ministre voulant tout \u00ab&nbsp;r\u00e9armer&nbsp;\u00bb [1] . Toutefois, de fa\u00e7on \u00e9trange, lors des scrutins qui ont suivi, on ne peut pas dire que l\u2019Ecole ait \u00e9t\u00e9 au centre des d\u00e9bats\u2026 N\u2019est-elle pas devenue celle dont tout le monde souligne sans tr\u00eave l\u2019importance sans avoir \u00e0 proposer rien de v\u00e9ritablement diff\u00e9rent de ce qu\u2019un pouvoir activiste claironne avec certitude&nbsp;? [&#8230;] <strong><a href=\"https:\/\/education-bien-commun.fr\/2024\/09\/05\/lecole-apres-lete-trois-axes-pour-un-vrai-changement\/\">Lire la suite.<\/a><\/strong><\/p>\n\n\n\n<p class=\"wp-block-paragraph\"><\/p>\n\n\n\n<h3 class=\"wp-block-heading\">B\u00e9tharram : penser en sociologue plut\u00f4t qu\u2019en&nbsp;procureur<\/h3>\n\n\n\n<p class=\"wp-block-paragraph\">Par Philippe Watrelot, ancien professeur de Sciences \u00e9conomiques et sociales, formateur, militant p\u00e9dagogique. <\/p>\n\n\n\n<p class=\"wp-block-paragraph\">\u00ab\u00a0L\u2019\u00ab affaire B\u00e9tharram \u00bb continue \u00e0 susciter de nombreuses r\u00e9actions. Ce peut \u00eatre le d\u00e9clencheur d\u2019un v\u00e9ritable \u00ab metoo scolaire \u00bb et d\u2019une vraie r\u00e9flexion sur l\u2019\u00e9ducation. Le livre qui sort,\u00a0<strong>\u00ab Les silences de B\u00e9tharram \u00bb<\/strong>\u00a0par sa m\u00e9diatisation peut y contribuer (voir note). Mais pour y parvenir, il me semble qu\u2019il faut bien distinguer les logiques et se garder de deux tentations d\u2019instrumentalisation.\u00a0\u00bb [&#8230;] <strong><a href=\"https:\/\/education-bien-commun.fr\/2025\/05\/06\/betharram-penser-en-sociologue-plutot-quen-procureur\/\">Lire la suite.<\/a><\/strong><\/p>\n\n\n\n<p class=\"wp-block-paragraph\"><\/p>\n","protected":false},"excerpt":{"rendered":"<p>Le r\u00eave de Jaur\u00e8s Publi\u00e9 par Nadine Lanneau, professeure documentaliste En 1886, Jean Jaur\u00e8s redoutait une \u00e9volution qui explique, en partie, l\u2019\u00e9tat du syst\u00e8me \u00ab&nbsp;Dans quelques ann\u00e9es, quand la plupart des \u00e9coles n\u00e9cessaires auront \u00e9t\u00e9 construites, demain, quand les ma\u00eetres seront pay\u00e9s par l\u2019\u00c9tat,&nbsp;quand le souvenir des sacrifices consentis par les communes et des droits&hellip; <a class=\"more-link\" href=\"https:\/\/education-bien-commun.fr\/?page_id=244\">Lire la suite <span class=\"screen-reader-text\">Syst\u00e8me \u00e9ducatif<\/span><\/a><\/p>\n","protected":false},"author":3,"featured_media":0,"parent":0,"menu_order":0,"comment_status":"closed","ping_status":"closed","template":"","meta":{"footnotes":""},"class_list":["post-244","page","type-page","status-publish","hentry"],"jetpack_sharing_enabled":true,"_links":{"self":[{"href":"https:\/\/education-bien-commun.fr\/index.php?rest_route=\/wp\/v2\/pages\/244","targetHints":{"allow":["GET"]}}],"collection":[{"href":"https:\/\/education-bien-commun.fr\/index.php?rest_route=\/wp\/v2\/pages"}],"about":[{"href":"https:\/\/education-bien-commun.fr\/index.php?rest_route=\/wp\/v2\/types\/page"}],"author":[{"embeddable":true,"href":"https:\/\/education-bien-commun.fr\/index.php?rest_route=\/wp\/v2\/users\/3"}],"replies":[{"embeddable":true,"href":"https:\/\/education-bien-commun.fr\/index.php?rest_route=%2Fwp%2Fv2%2Fcomments&post=244"}],"version-history":[{"count":0,"href":"https:\/\/education-bien-commun.fr\/index.php?rest_route=\/wp\/v2\/pages\/244\/revisions"}],"wp:attachment":[{"href":"https:\/\/education-bien-commun.fr\/index.php?rest_route=%2Fwp%2Fv2%2Fmedia&parent=244"}],"curies":[{"name":"wp","href":"https:\/\/api.w.org\/{rel}","templated":true}]}}