{"id":280,"date":"2020-05-21T18:28:39","date_gmt":"2020-05-21T16:28:39","guid":{"rendered":"https:\/\/education-bien-commun.fr\/?page_id=280"},"modified":"2020-05-21T18:28:39","modified_gmt":"2020-05-21T16:28:39","slug":"co-education","status":"publish","type":"page","link":"https:\/\/education-bien-commun.fr\/?page_id=280","title":{"rendered":"Co-\u00e9ducation"},"content":{"rendered":"\n<h3 class=\"wp-block-heading\">\u00ab<strong>&nbsp;Il faut tout un village pour \u00e9lever un enfant&nbsp;\u00bb<\/strong><\/h3>\n\n\n\n<p class=\"wp-block-paragraph\">C\u2019est un proverbe africain qui le dit et il y a parfois du bon \u00e0 se souvenir des sagesses ancestrales&#8230;<\/p>\n\n\n\n<p class=\"wp-block-paragraph\">Dans nos soci\u00e9t\u00e9s industrialis\u00e9es, on se trouve malheureusement, en tant que parents parfois beaucoup trop isol\u00e9. (&#8230;) Lire la suite de l&rsquo;article d&rsquo;une maman en col\u00e8re <a href=\"https:\/\/education-bien-commun.fr\/2020\/06\/14\/il-faut-tout-un-village-pour-elever-un-enfant\/\">ici <\/a><\/p>\n\n\n\n<h3 class=\"wp-block-heading\">Le loisir d&rsquo;apprendre<\/h3>\n\n\n\n<p class=\"wp-block-paragraph\">Enfants et adultes viennent de vivre de mani\u00e8re diff\u00e9rente une exp\u00e9rience\u00a0in\u00e9dite : la vie a ralenti, le monde s\u2019est embras\u00e9, sortir est devenu dangereux. L\u2019\u00e9cole s\u2019est infiltr\u00e9e dans les foyers\u00a0; parfois\u00a0elle a disparu des \u00e9crans. Apr\u00e8s avoir tent\u00e9 de b\u00e2tir une nation apprenante\u00a0sur l\u2019\u00e9cole de la r\u00e9ussite individuelle, l\u2019Etat promeut un\u00a0\u00e9t\u00e9\u00a0apprenant, un mix de loisirs et de soutien scolaire. Quel tribut une association comme la n\u00f4tre, sp\u00e9cialis\u00e9e dans le rapport \u00e0 l\u2019\u00e9crit, peut-elle apporter aux mairies charg\u00e9es \u00e0 court terme, de r\u00e9cup\u00e9rer les heures de classe manqu\u00e9es et, \u00e0 long terme, de repenser l\u2019\u00e9ducation des enfants au niveau du quartier, du village ? [&#8230;] <a href=\"https:\/\/education-bien-commun.fr\/2020\/06\/24\/le-loisir-dapprendre-1\/\">Lire la suite.<\/a><\/p>\n\n\n\n<h3 class=\"wp-block-heading\">La place des parents pendant le confinement<\/h3>\n\n\n\n<p class=\"wp-block-paragraph\">\u00ab\u00a0L\u2019\u00e9loignement nous montre [\u2026 ]\u00a0<strong>l\u2019importance du lien avec les familles<\/strong>. Cette \u00e9preuve (du confinement) nous rappelle que la r\u00e9ussite \u00e9ducative suppose de d\u00e9passer les m\u00e9fiances r\u00e9ciproques pour\u00a0<strong>\u00ab\u00a0faire alliance\u00a0\u00bb\u00a0<\/strong>Philippe Watrelot Le Monde 5 mai 2020.\u00a0\u00bb <strong><a href=\"https:\/\/education-bien-commun.fr\/2020\/08\/04\/la-place-des-parents-a-lecole\/\">Lire la suite<\/a><\/strong><\/p>\n","protected":false},"excerpt":{"rendered":"<p>\u00ab&nbsp;Il faut tout un village pour \u00e9lever un enfant&nbsp;\u00bb C\u2019est un proverbe africain qui le dit et il y a parfois du bon \u00e0 se souvenir des sagesses ancestrales&#8230; Dans nos soci\u00e9t\u00e9s industrialis\u00e9es, on se trouve malheureusement, en tant que parents parfois beaucoup trop isol\u00e9. (&#8230;) Lire la suite de l&rsquo;article d&rsquo;une maman en col\u00e8re&hellip; <a class=\"more-link\" href=\"https:\/\/education-bien-commun.fr\/?page_id=280\">Lire la suite <span class=\"screen-reader-text\">Co-\u00e9ducation<\/span><\/a><\/p>\n","protected":false},"author":3,"featured_media":0,"parent":0,"menu_order":0,"comment_status":"closed","ping_status":"closed","template":"","meta":{"footnotes":""},"class_list":["post-280","page","type-page","status-publish","hentry"],"jetpack_sharing_enabled":true,"_links":{"self":[{"href":"https:\/\/education-bien-commun.fr\/index.php?rest_route=\/wp\/v2\/pages\/280","targetHints":{"allow":["GET"]}}],"collection":[{"href":"https:\/\/education-bien-commun.fr\/index.php?rest_route=\/wp\/v2\/pages"}],"about":[{"href":"https:\/\/education-bien-commun.fr\/index.php?rest_route=\/wp\/v2\/types\/page"}],"author":[{"embeddable":true,"href":"https:\/\/education-bien-commun.fr\/index.php?rest_route=\/wp\/v2\/users\/3"}],"replies":[{"embeddable":true,"href":"https:\/\/education-bien-commun.fr\/index.php?rest_route=%2Fwp%2Fv2%2Fcomments&post=280"}],"version-history":[{"count":0,"href":"https:\/\/education-bien-commun.fr\/index.php?rest_route=\/wp\/v2\/pages\/280\/revisions"}],"wp:attachment":[{"href":"https:\/\/education-bien-commun.fr\/index.php?rest_route=%2Fwp%2Fv2%2Fmedia&parent=280"}],"curies":[{"name":"wp","href":"https:\/\/api.w.org\/{rel}","templated":true}]}}