{"id":393,"date":"2020-05-23T10:27:25","date_gmt":"2020-05-23T08:27:25","guid":{"rendered":"https:\/\/education-bien-commun.fr\/?page_id=393"},"modified":"2020-05-23T10:27:25","modified_gmt":"2020-05-23T08:27:25","slug":"bien-commun-2","status":"publish","type":"page","link":"https:\/\/education-bien-commun.fr\/?page_id=393","title":{"rendered":"Bien commun"},"content":{"rendered":"\n<h3 class=\"wp-block-heading has-text-align-center\">L&rsquo;\u00e9ducation est un bien commun<\/h3>\n\n\n\n<h5 class=\"wp-block-heading\"> Nos enfants et nos petits-enfants vont devoir vivre dans le monde du r\u00e9chauffement climatique&#8230; et \u00eatre en capacit\u00e9 d&rsquo;y faire face.<\/h5>\n\n\n\n<h3 class=\"wp-block-heading has-text-align-center\"><mark style=\"background-color:rgba(0, 0, 0, 0)\" class=\"has-inline-color has-luminous-vivid-orange-color\"><strong>L\u2019id\u00e9e de Bien Commun n\u2019est pas une utopie<\/strong>&nbsp;<\/mark><\/h3>\n\n\n\n<p class=\"wp-block-paragraph\">Une \u00ab&nbsp;exp\u00e9rience&nbsp;\u00bb d\u2019ampleur significative a partiellement concr\u00e9tis\u00e9 cette id\u00e9e..<\/p>\n\n\n\n<p class=\"wp-block-paragraph\">De 1965 \u00e0 1983, la majorit\u00e9 politique grenobloise &nbsp;\u00e9tait tr\u00e8s influenc\u00e9e par le PSU&nbsp; et le christianisme social. L\u2019agence d\u2019urbanisme avait, sous son impulsion, engag\u00e9 la construction d\u2019un quartier neuf&nbsp; audacieux qui a ouvert ses portes en 1972. Les id\u00e9es d\u2019autogestion, de d\u00e9cloisonnement&nbsp; \u00e9taient dans l\u2019air du temps. Le souffle de 68 avait \u00e9branl\u00e9 les bureaucraties. Diverses personnalit\u00e9s avaient soutenu l\u2019id\u00e9e \u00ab&nbsp;d\u2019<strong>ouverture&nbsp;<\/strong>\u00bb mat\u00e9rielle et p\u00e9dagogique des cinq groupes scolaires et du coll\u00e8ge (CES) du quartier et le projet d\u2019en faire un objet de recherche. Des coordinateurs avaient \u00e9t\u00e9 choisi-e-s&nbsp; par l\u2019INRP (institut national de la recherche p\u00e9dagogique) et avaient pr\u00e9par\u00e9 l\u2019accueil des habitants.&nbsp;<\/p>\n\n\n\n<p class=\"wp-block-paragraph\">On dirait aujourd\u2019hui que des conditions \u00e9taient r\u00e9unies pour envisager&nbsp;<strong>un changement de paradigme incluant le domaine \u00e9ducatif.<\/strong>&nbsp;Premier parall\u00e8le avec notre hypoth\u00e8se BienCommun.&nbsp;<\/p>\n\n\n\n<p class=\"wp-block-paragraph\">Les coordinateurs ont alors lanc\u00e9 un appel public visant \u00e0&nbsp;<strong>associer les citoyens \u00e0 la d\u00e9finition des objectifs du projet \u00e9ducatif<\/strong>. Le parall\u00e8le avec une&nbsp;<strong>Convention Citoyenne<\/strong>&nbsp;peut \u00eatre \u00e9tabli du fait que chaque citoyen-ne avait une voix, y compris les coordinateurs, que les associations partis et syndicats ne pouvaient revendiquer un monopole en \u00e9voquant leur \u00ab&nbsp;<em>repr\u00e9sentativit\u00e9<\/em>&nbsp;\u00bb, ce qui a provoqu\u00e9 des indignations, des retraits mais a permis \u00e0 des commissions de se constituer, de travailler librement pendant plusieurs mois et d\u2019\u00e9laborer&nbsp;<strong>un projet de charte<\/strong>&nbsp;d\u00e9finissant les&nbsp;<strong>grandes lignes des objectifs<\/strong>&nbsp;, ce dans tous les domaines culturels, sportifs, m\u00e9dicaux, \u00e9ducatifs, sociaux. Des appels \u00e0 des&nbsp;<strong>volontaires<\/strong>&nbsp;pour les exp\u00e9rimenter ont ainsi pu \u00eatre lanc\u00e9s et r\u00e9unir les conditions favorables \u00e0 leur r\u00e9alisation. Dans le domaine scolaire un&nbsp;<strong>statut exp\u00e9rimental<\/strong>&nbsp;en a permis l\u2019utilisation et a \u00e9t\u00e9 la source d\u2019une forte hostilit\u00e9 syndicale et administrative.&nbsp;<strong>Le parall\u00e8le&nbsp;<\/strong>est \u00e9galement possible si l\u2019on suppose que le changement de paradigme doit traverser une&nbsp;<strong>p\u00e9riode de transition&nbsp;<\/strong>( avec enthousiasme et hostilit\u00e9s)<strong>.&nbsp;&nbsp;<\/strong><\/p>\n\n\n\n<p class=\"wp-block-paragraph\">Cette r\u00e9alisation a dur\u00e9 de 1972 \u00e0 2000. Un livre, \u00ab&nbsp;UNE VOIE&nbsp;<strong>COMMUNAUTAIRE :  les \u00e9coles de la Villeneuve de Grenoble<\/strong>&nbsp;\u00bb y a \u00e9t\u00e9 consacr\u00e9 en 78 dont le titre est \u00e0 rapprocher de \u00ab&nbsp;<strong>bien commun<\/strong>&nbsp;\u00bb.&nbsp; Une brochure \u00ab&nbsp;<em>Apprendre autrement dans les \u00e9coles de la Villeneuve<\/em>&nbsp;\u00bb a \u00e9t\u00e9 pr\u00e9fac\u00e9 en 87 par un Inspecteur d\u2019Acad\u00e9mie tr\u00e8s exceptionnel (J.M. Laureau), en 1997 une \u00e9quipe a publi\u00e9 <strong><a href=\"https:\/\/www.questionsdeclasses.org\/IMG\/pdf\/vivre_a_l_ecole._ed.recit_.pdf\">\u00ab&nbsp;<em>Vivre \u00e0 l\u2019\u00e9cole en citoyens<\/em>&nbsp;\u00bb<\/a>.<\/strong>&nbsp;Cette \u00ab&nbsp;<strong>recherche-action<\/strong>&nbsp;\u00bb tr\u00e8s productive a dur\u00e9&nbsp;<strong>28 ans<\/strong>. En 2000 les principaux animateurs des \u00e9quipes sont partis en retraite ( depuis longtemps les postes \u00e9taient remis \u00ab&nbsp;au mouvement&nbsp;\u00bb mais la&nbsp;<strong>charte<\/strong>&nbsp;restait respect\u00e9e dans ses grandes lignes). En 2013, quand il \u00e9tait encore possible de se faire des illusions sur un pouvoir \u00ab&nbsp;de gauche&nbsp;\u00bb une analyse de l\u2019exp\u00e9rience a fait l\u2019objet d\u2019<strong><a href=\"http:\/\/www.ecolechangerdecap.net\/IMG\/pdf\/RECHERCHE_-_ACTION.pdf\">une derni\u00e8re brochure<\/a><\/strong>&nbsp;en l\u2019espoir de la voir reprise et multipli\u00e9e. Le ministre Vincent Peillon avait commis un livre \u00ab&nbsp;<em>Refondons l\u2019\u00e9cole<\/em>&nbsp;\u00bb qui permettait cet espoir. On conna\u00eet la suite\u2026&nbsp;<\/p>\n\n\n\n<p class=\"wp-block-paragraph\">L\u2019hypoth\u00e8se \u00a0bien commun, qui va \u00eatre explor\u00e9e dans\u00a0 le Chantier AN 01, peut s\u2019en nourrir. <\/p>\n\n\n\n<p class=\"has-text-align-right wp-block-paragraph\">Raymond Millot 24\/11\/20<\/p>\n\n\n<div class=\"wp-block-image\">\n<figure class=\"aligncenter size-large\"><img loading=\"lazy\" decoding=\"async\" width=\"624\" height=\"351\" src=\"https:\/\/education-bien-commun.fr\/wp-content\/uploads\/2020\/05\/cartes-climatiques-ccca7coles-du-monde-entier_wavetrophy-3.jpg?w=624\" alt=\"\" class=\"wp-image-540\" srcset=\"https:\/\/education-bien-commun.fr\/wp-content\/uploads\/2020\/05\/cartes-climatiques-ccca7coles-du-monde-entier_wavetrophy-3.jpg 624w, https:\/\/education-bien-commun.fr\/wp-content\/uploads\/2020\/05\/cartes-climatiques-ccca7coles-du-monde-entier_wavetrophy-3-300x169.jpg 300w\" sizes=\"auto, (max-width: 624px) 100vw, 624px\" \/><\/figure>\n<\/div>\n\n\n<p class=\"wp-block-paragraph\"><\/p>\n\n\n\n<h3 class=\"wp-block-heading has-text-align-center\"><mark style=\"background-color:rgba(0, 0, 0, 0)\" class=\"has-inline-color has-luminous-vivid-orange-color\">\u00ab\u00a0Eloge des Communs\u00a0\u00bb<\/mark><\/h3>\n\n\n\n<p class=\"wp-block-paragraph\"> Patrick Pharo vient de publier \u00ab&nbsp;<em><strong>Eloge des<\/strong><\/em><strong><em>&nbsp;communs<\/em>&nbsp;\u00bb&nbsp;<\/strong>aux PUF en mars 2020. Il est interview\u00e9 sur le site Non fiction. Patrick Pharo est un sociologue fran\u00e7ais<\/p>\n\n\n\n<blockquote class=\"wp-block-quote is-layout-flow wp-block-quote-is-layout-flow\">\n<p class=\"wp-block-paragraph\">\u00ab&nbsp;<strong>Non fiction&nbsp;: Vous approfondissez dans ce livre le diagnostic que vous aviez port\u00e9 sur la soci\u00e9t\u00e9 actuelle dans votre pr\u00e9c\u00e9dent ouvrage,&nbsp;<em>Le Capitalisme addictif&nbsp;<\/em>(PUF, 2018), en montrant que la fabrication d\u2019addictions \u00e0 des fins commerciales, amplifi\u00e9e par les technologies num\u00e9riques, qui caract\u00e9rise selon vous le capitalisme actuel, a contribu\u00e9 \u00e0 \u00e9roder chez les individus tout sentiment de communaut\u00e9, ou tout au moins de communaut\u00e9 \u00e9largie.<\/strong>\u00a0\u00bb [&#8230;]<strong> <\/strong><a href=\"https:\/\/education-bien-commun.fr\/block-editor\/post\/educationbiencommun.fr\/326\"><strong>Lire la suite i<\/strong>ci.<\/a><\/p>\n\n\n\n<p class=\"wp-block-paragraph\"><\/p>\n<\/blockquote>\n\n\n\n<h3 class=\"wp-block-heading\">Pliage, d\u00e9pliage, repliage<\/h3>\n\n\n\n<p class=\"wp-block-paragraph\">Texte de G\u00e9rard Delbet, ancien instituteur de l&rsquo;\u00e9cole Vitruve.<\/p>\n\n\n\n<p class=\"wp-block-paragraph\"><em><strong>1\/ Mettre en sc\u00e8ne et en \u0153uvre l&rsquo;\u00e9ducation bien commun, comment&nbsp;?<\/strong><\/em><\/p>\n\n\n\n<p class=\"wp-block-paragraph\">L&rsquo;\u00e9ducation comme bien commun ne peut \u00eatre qu&rsquo;autonome des syst\u00e8mes \u00e9tatiques et marchands. Sur quelles r\u00e9alit\u00e9s faire reposer nos propositions&nbsp;? Sur quels concrets, quels lieux&nbsp;? Autrement dit&nbsp;: quels peuvent \u00eatre les lieux de l&rsquo;\u00e9ducation ?<\/p>\n\n\n\n<p class=\"wp-block-paragraph\">L&rsquo;\u00e9cole, l&rsquo;\u00e9co-quartier, l&rsquo;\u00e9co-r\u00e9gion&#8230;\u00a0\u00bb [&#8230;]<a href=\"https:\/\/education-bien-commun.fr\/2020\/05\/29\/pliage-repliage-depliage\/\"><strong> Lire la suite<\/strong><\/a><\/p>\n\n\n\n<h3 class=\"wp-block-heading\">Hors des ge\u00f4les de jeunesse captive<\/h3>\n\n\n\n<p class=\"wp-block-paragraph\">Par G\u00e9rard Delbet, ancien instituteur de l&rsquo;\u00e9cole Vitruve.<\/p>\n\n\n\n<p class=\"wp-block-paragraph\">\u00ab\u00a0Sortir l\u2019\u00e9ducation de la classe, lieu clos, pour r\u00e9aliser l\u2019\u00e9cole, est notre premier pas (cf&nbsp;<a href=\"https:\/\/education-bien-commun.fr\/2020\/05\/29\/pliage-repliage-depliage\/\">Pliage, repliage, d\u00e9pliage<\/a>).Nous avons d\u00e9j\u00e0 ouvert la porte dans l\u2019\u00e9pisode pr\u00e9c\u00e9dent, nous avons vu qu\u2019il \u00e9tait possible et enrichissant de la laisser ouverte, de perdre la cl\u00e9, d\u2019entr\u00e9e en porosit\u00e9 avec les autres, de rebondir de classe en classe, d\u2019adultes &amp; d\u2019enfants, de&nbsp;<em>faire la classe<\/em>&nbsp;\u00e0 deux puis trois puis davantage, se passer de direction pour \u00e9tablir une coordination annuelle tournante qui a autant de sens,&nbsp;<strong>r\u00e9aliser le lieu \u00ab&nbsp;\u00e9cole&nbsp;\u00bb comme lieu d\u2019habitation de nos projets, de nos apprentissages mutuels et de nos initiatives.<\/strong> [&#8230;]<strong> <a href=\"https:\/\/education-bien-commun.fr\/2020\/07\/05\/hors-des-geoles-de-jeunesse-captive\/\">Lire la suite<\/a><\/strong><a href=\"https:\/\/education-bien-commun.fr\/2020\/07\/05\/hors-des-geoles-de-jeunesse-captive\/\">.<\/a><\/p>\n\n\n\n<h3 class=\"wp-block-heading\">Pour une autogestion \u00e9ducative des&nbsp;territoires<\/h3>\n\n\n\n<p class=\"wp-block-paragraph\">Par G\u00e9rard Delbet, ancien instituteur de l&rsquo;\u00e9cole Vitruve.<\/p>\n\n\n\n<p class=\"wp-block-paragraph\">\u00ab\u00a0Comment l\u2019\u00e9cole peut-elle devenir un lieu \u00e9ducatif, comment un lieu peut-il devenir le sujet et l\u2019objet de l\u2019\u00e9ducation des \u00eatres humains&nbsp;? En d\u00e9pliant les classes, en ouvrant les portes.\u00a0\u00bb <strong><a href=\"https:\/\/education-bien-commun.fr\/2020\/05\/29\/pour-une-autogestion-educative-des-territoires\/\">Lire la suite.<\/a><\/strong><br><\/p>\n\n\n\n<p class=\"has-text-align-center wp-block-paragraph\">***<\/p>\n\n\n<div class=\"wp-block-image\">\n<figure class=\"alignright size-large is-resized\"><a href=\"https:\/\/education-bien-commun.fr\/\"><img loading=\"lazy\" decoding=\"async\" width=\"322\" height=\"227\" src=\"https:\/\/education-bien-commun.fr\/wp-content\/uploads\/2024\/06\/retour-6.png?w=322\" alt=\"\" class=\"wp-image-9686\" style=\"width:166px;height:auto\" srcset=\"https:\/\/education-bien-commun.fr\/wp-content\/uploads\/2024\/06\/retour-6.png 322w, https:\/\/education-bien-commun.fr\/wp-content\/uploads\/2024\/06\/retour-6-300x211.png 300w\" sizes=\"auto, (max-width: 322px) 100vw, 322px\" \/><\/a><\/figure>\n<\/div>\n\n\n<p class=\"wp-block-paragraph\"><\/p>\n","protected":false},"excerpt":{"rendered":"<p>L&rsquo;\u00e9ducation est un bien commun Nos enfants et nos petits-enfants vont devoir vivre dans le monde du r\u00e9chauffement climatique&#8230; et \u00eatre en capacit\u00e9 d&rsquo;y faire face. L\u2019id\u00e9e de Bien Commun n\u2019est pas une utopie&nbsp; Une \u00ab&nbsp;exp\u00e9rience&nbsp;\u00bb d\u2019ampleur significative a partiellement concr\u00e9tis\u00e9 cette id\u00e9e.. De 1965 \u00e0 1983, la majorit\u00e9 politique grenobloise &nbsp;\u00e9tait tr\u00e8s influenc\u00e9e par&hellip; <a class=\"more-link\" href=\"https:\/\/education-bien-commun.fr\/?page_id=393\">Lire la suite <span class=\"screen-reader-text\">Bien commun<\/span><\/a><\/p>\n","protected":false},"author":3,"featured_media":0,"parent":0,"menu_order":0,"comment_status":"closed","ping_status":"closed","template":"","meta":{"footnotes":""},"class_list":["post-393","page","type-page","status-publish","hentry"],"jetpack_sharing_enabled":true,"_links":{"self":[{"href":"https:\/\/education-bien-commun.fr\/index.php?rest_route=\/wp\/v2\/pages\/393","targetHints":{"allow":["GET"]}}],"collection":[{"href":"https:\/\/education-bien-commun.fr\/index.php?rest_route=\/wp\/v2\/pages"}],"about":[{"href":"https:\/\/education-bien-commun.fr\/index.php?rest_route=\/wp\/v2\/types\/page"}],"author":[{"embeddable":true,"href":"https:\/\/education-bien-commun.fr\/index.php?rest_route=\/wp\/v2\/users\/3"}],"replies":[{"embeddable":true,"href":"https:\/\/education-bien-commun.fr\/index.php?rest_route=%2Fwp%2Fv2%2Fcomments&post=393"}],"version-history":[{"count":0,"href":"https:\/\/education-bien-commun.fr\/index.php?rest_route=\/wp\/v2\/pages\/393\/revisions"}],"wp:attachment":[{"href":"https:\/\/education-bien-commun.fr\/index.php?rest_route=%2Fwp%2Fv2%2Fmedia&parent=393"}],"curies":[{"name":"wp","href":"https:\/\/api.w.org\/{rel}","templated":true}]}}