{"id":5479,"date":"2022-04-20T23:26:40","date_gmt":"2022-04-20T21:26:40","guid":{"rendered":"https:\/\/education-bien-commun.fr\/?page_id=5479"},"modified":"2022-04-20T23:26:40","modified_gmt":"2022-04-20T21:26:40","slug":"cnnr-groupe-education","status":"publish","type":"page","link":"https:\/\/education-bien-commun.fr\/?page_id=5479","title":{"rendered":"CNNR Groupe Education"},"content":{"rendered":"\n<h3 class=\"wp-block-heading has-text-align-center\"><mark style=\"background-color:rgba(0, 0, 0, 0)\" class=\"has-inline-color has-luminous-vivid-orange-color\"><strong>Cr\u00e9ation du CNNR (Comit\u00e9 National de la Nouvelle R\u00e9sistance)<\/strong><\/mark><\/h3>\n\n\n\n<p class=\"wp-block-paragraph\">Denis Robert \u00e9crit dans la pr\u00e9face \u00e0 l\u2019ouvrage collaboratif R\u00e9sistons Ensemble (Ed.Massot, 2020) \u201cTout est parti d\u2019un vieux militant <strong>Raymond Millot<\/strong>, 93 ans, qui r\u00eavait de refaire le coup \u00ab des jours heureux \u00bb. Il nous a \u00e9crit [\u2026]. <strong>Il parle d\u2019un projet visant \u00e0 repenser le mod\u00e8le \u00e9ducatif<\/strong>. On \u00e9tait au d\u00e9but du confinement.<\/p>\n\n\n\n<p class=\"wp-block-paragraph\">\u201d Ainsi est n\u00e9 le CNNR (Conseil National de la Nouvelle R\u00e9sistance), mouvement citoyen et politique cr\u00e9\u00e9 le 27 mai 2020, journ\u00e9e nationale de la R\u00e9sistance, sous l\u2019\u00e9gide de Claude Alphand\u00e9ry et Anne Beaumanoir, deux r\u00e9sistants. Ont \u00e9t\u00e9 \u00e9galement \u00e0 son initiative des personnalit\u00e9s parmi lesquelles Denis Robert, Pablo Servigne, Gilles Perret\u2026 Le Comit\u00e9 National de la Nouvelle R\u00e9sistance se place sous la tutelle de l\u2019Histoire, des luttes sociales et \u00e9cologiques contemporaines. Son ambition est d\u2019offrir un point de ralliement \u00e0 toutes celles et ceux, (individus, collectifs, mouvements, partis ou syndicats) qui pensent que \u00ab <strong>les Jours heureux<\/strong> \u00bb ne sont pas une formule vide de sens mais le v\u00e9ritable horizon d\u2019un programme politique. Le CNNR existe \u00e0 travers des comit\u00e9s locaux et des groupes th\u00e9matiques comme <strong>le groupe \u00e9ducation n\u00e9 en f\u00e9vrier 2021<\/strong> suite \u00e0 l\u2019appel \u00ab&nbsp;Education Bien Commun&nbsp;\u00bb lanc\u00e9 par Raymond Millot sur le site du m\u00eame nom.<\/p>\n\n\n\n<h3 class=\"wp-block-heading has-text-align-center\"><mark style=\"background-color:rgba(0, 0, 0, 0)\" class=\"has-inline-color has-luminous-vivid-orange-color\">Un vaste appel \u00e0 contributions<\/mark><\/h3>\n\n\n\n<p class=\"has-text-align-center wp-block-paragraph\"><strong>Avril 2022 :<\/strong> <strong>Appel \u00e0 contributions du CNNR en partenariat avec l&rsquo;<a href=\"https:\/\/www.universitebiencommun.org\">UBC<\/a><\/strong><\/p>\n\n\n\n<p class=\"wp-block-paragraph\">L&rsquo;UBC est l&rsquo;Universit\u00e9 du Bien commun.<\/p>\n\n\n\n<p class=\"wp-block-paragraph\">Le groupe \u00e9ducation CNNR qui s\u2019inscrit dans l\u2019appel de Raymond Millot de mai 2020 (voir ci-dessus) a d\u00e9cid\u00e9 de lancer un vaste appel \u00e0 contributions pour illustrer, nuancer, compl\u00e9ter les points de cet appel. L\u2019\u00e9cole qui r\u00e9pondra \u00e0 l\u2019urgence environnementale, celle qui fera de chaque enfant, adolescent, un vivant parmi le Vivant, celle qui saura articuler les besoins et d\u00e9sirs de l\u2019individu avec ceux du collectif, celle qui transformera notre soci\u00e9t\u00e9 pour qu\u2019elle soit plus juste, \u00e9galitaire, fraternelle devra :<\/p>\n\n\n\n<ul class=\"wp-block-list\">\n<li>d\u00e9velopper les capacit\u00e9s de r\u00e9silience \u201c en donnant la part belle \u00e0 la coop\u00e9ration et la cr\u00e9ativit\u00e9, et au d\u00e9veloppement des sciences citoyennes et participatives\u201d (cf. l\u2019ouvrage \u00ab\u00a0Retour sur Terre\u00a0\u00bb et ses 35 propositions)<\/li>\n\n\n\n<li>permettre au potentiel d\u2019intelligence et de cr\u00e9ativit\u00e9 de chaque individu de s\u2019exprimer au service de son propre \u00e9quilibre et du d\u00e9veloppement qualitatif de la soci\u00e9t\u00e9, notamment par la cr\u00e9ation dans le domaine artistique<\/li>\n\n\n\n<li>favoriser les d\u00e9marches \u00e9mancipatrices et solidaires dans l\u2019esprit des premiers temps du mouvement ouvrier<\/li>\n\n\n\n<li>affirmer que l\u2019\u00e9ducation est un bien commun qui, en tant que tel, ne doit pas d\u00e9pendre d\u2019un quelconque pouvoir politique ou \u00e9conomique, mais faire l\u2019objet d\u2019une construction collective \u00e9volutive \u00e9labor\u00e9e d\u00e9mocratiquement.<\/li>\n<\/ul>\n\n\n\n<p class=\"wp-block-paragraph\">Chacun d\u2019entre nous \u2013 parent, enfant, enseignant\u2026.- peut t\u00e9moigner de son rapport pr\u00e9sent ou pass\u00e9 \u00e0 l\u2019\u00e9cole, qu\u2019il soit n\u00e9gatif ou positif \u00e0 travers une anecdote, un souvenir ou une r\u00e9flexion. Vous pouvez nous faire parvenir votre contribution anonymis\u00e9e ou avec un pseudonyme pour que nous puissions l\u2019utiliser sous forme d\u2019extraits lors de visios-ateliers-d\u00e9bats CNNR ou intercollectifs \u00e9ducation.<\/p>\n\n\n\n<p class=\"wp-block-paragraph\">Cette contribution aura la forme d\u2019un texte de quelques lignes \u2013 pas plus d\u2019une page A4 \u2013 ou d\u2019un audio que nous retranscrirons. Vous pouvez aussi collecter autour de vous des contributions.<\/p>\n\n\n\n<p class=\"wp-block-paragraph\">Les t\u00e9moignages seront adress\u00e9s \u00e0&nbsp;<strong>contact@cnnr.fr<\/strong>&nbsp;en pr\u00e9cisant bien l\u2019objet : Education \u2013 appel \u00e0 t\u00e9moignages.<\/p>\n\n\n\n<p class=\"wp-block-paragraph\">Nous interrogerons alors ensemble l\u2019id\u00e9e d\u2019une \u00e9ducation, bien commun et de sa mise en \u0153uvre \u00e0 l\u2019\u00e9cole ou ailleurs. Plus ces t\u00e9moignages seront nombreux, plus l\u2019\u00e9ducation, \u201caffaire de tous\u201d p\u00e8sera dans les d\u00e9bats d\u2019aujourd\u2019hui et de demain. Voici quelques propositions de questions qui peuvent vous aider \u00e0 construire votre contribution.<\/p>\n\n\n\n<p class=\"wp-block-paragraph\">\u25cf Etes-vous parent, enseignant, \u00e9tudiant, \u00e9l\u00e8ve, acteur de l\u2019\u00e9ducation\u2026?<\/p>\n\n\n\n<p class=\"wp-block-paragraph\">\u25cf Racontez un souvenir, une anecdote de l\u2019\u00e9cole ?<\/p>\n\n\n\n<p class=\"wp-block-paragraph\">\u25cf Que vous a-t-elle apport\u00e9 \/ apporte-t-elle ?<\/p>\n\n\n\n<p class=\"wp-block-paragraph\">\u25cf Pour vous, l\u2019\u00e9cole de vos r\u00eaves, ce serait comment ?<\/p>\n\n\n\n<p class=\"wp-block-paragraph\">\u25cf Donnez trois mots pour qualifier ce qu\u2019est l\u2019\u00e9cole et trois mots pour qualifier ce qu\u2019elle pourrait\/devrait \u00eatre.<\/p>\n\n\n\n<p class=\"wp-block-paragraph\">\u25cf L\u2019\u00e9ducation, bien commun : qu\u2019est-ce que cela \u00e9voque, signifie pour vous ?<\/p>\n\n\n\n<p class=\"wp-block-paragraph\"><\/p>\n\n\n\n<h3 class=\"wp-block-heading has-text-align-center\"><mark style=\"background-color:rgba(0, 0, 0, 0)\" class=\"has-inline-color has-luminous-vivid-orange-color\">Le site du CNNR<\/mark><\/h3>\n\n\n\n<p class=\"wp-block-paragraph\">Avec le manifeste du <strong><a href=\"https:\/\/www.cnnr.fr\/\">CNNR<\/a><\/strong><\/p>\n\n\n\n<figure class=\"wp-block-embed is-type-wp-embed is-provider-conseil-national-de-la-nouvelle-r-sistance wp-block-embed-conseil-national-de-la-nouvelle-r-sistance\"><div class=\"wp-block-embed__wrapper\">\n<blockquote class=\"wp-embedded-content\" data-secret=\"gzihgFaKsf\"><a href=\"https:\/\/www.cnnr.fr\/\">Le Conseil National de la Nouvelle R\u00e9sistance<\/a><\/blockquote><iframe loading=\"lazy\" class=\"wp-embedded-content\" sandbox=\"allow-scripts\" security=\"restricted\" style=\"position: absolute; visibility: hidden;\" title=\"\u00ab\u00a0Le Conseil National de la Nouvelle R\u00e9sistance\u00a0\u00bb &#8212; Conseil National de la Nouvelle R\u00e9sistance\" src=\"https:\/\/www.cnnr.fr\/embed\/#?secret=ooGhSrjkNF#?secret=gzihgFaKsf\" data-secret=\"gzihgFaKsf\" width=\"600\" height=\"338\" frameborder=\"0\" marginwidth=\"0\" marginheight=\"0\" scrolling=\"no\"><\/iframe>\n<\/div><\/figure>\n\n\n<div class=\"wp-block-image\">\n<figure class=\"alignright size-large is-resized\"><a href=\"https:\/\/education-bien-commun.fr\/\"><img loading=\"lazy\" decoding=\"async\" width=\"322\" height=\"227\" src=\"https:\/\/education-bien-commun.fr\/wp-content\/uploads\/2024\/06\/retour-5.png?w=322\" alt=\"\" class=\"wp-image-9684\" style=\"width:162px;height:auto\" srcset=\"https:\/\/education-bien-commun.fr\/wp-content\/uploads\/2024\/06\/retour-5.png 322w, https:\/\/education-bien-commun.fr\/wp-content\/uploads\/2024\/06\/retour-5-300x211.png 300w\" sizes=\"auto, (max-width: 322px) 100vw, 322px\" \/><\/a><\/figure>\n<\/div>\n\n\n<p class=\"wp-block-paragraph\"><\/p>\n","protected":false},"excerpt":{"rendered":"<p>Cr\u00e9ation du CNNR (Comit\u00e9 National de la Nouvelle R\u00e9sistance) Denis Robert \u00e9crit dans la pr\u00e9face \u00e0 l\u2019ouvrage collaboratif R\u00e9sistons Ensemble (Ed.Massot, 2020) \u201cTout est parti d\u2019un vieux militant Raymond Millot, 93 ans, qui r\u00eavait de refaire le coup \u00ab des jours heureux \u00bb. Il nous a \u00e9crit [\u2026]. Il parle d\u2019un projet visant \u00e0 repenser&hellip; <a class=\"more-link\" href=\"https:\/\/education-bien-commun.fr\/?page_id=5479\">Lire la suite <span class=\"screen-reader-text\">CNNR Groupe Education<\/span><\/a><\/p>\n","protected":false},"author":3,"featured_media":0,"parent":0,"menu_order":0,"comment_status":"closed","ping_status":"closed","template":"","meta":{"footnotes":""},"class_list":["post-5479","page","type-page","status-publish","hentry"],"jetpack_sharing_enabled":true,"_links":{"self":[{"href":"https:\/\/education-bien-commun.fr\/index.php?rest_route=\/wp\/v2\/pages\/5479","targetHints":{"allow":["GET"]}}],"collection":[{"href":"https:\/\/education-bien-commun.fr\/index.php?rest_route=\/wp\/v2\/pages"}],"about":[{"href":"https:\/\/education-bien-commun.fr\/index.php?rest_route=\/wp\/v2\/types\/page"}],"author":[{"embeddable":true,"href":"https:\/\/education-bien-commun.fr\/index.php?rest_route=\/wp\/v2\/users\/3"}],"replies":[{"embeddable":true,"href":"https:\/\/education-bien-commun.fr\/index.php?rest_route=%2Fwp%2Fv2%2Fcomments&post=5479"}],"version-history":[{"count":0,"href":"https:\/\/education-bien-commun.fr\/index.php?rest_route=\/wp\/v2\/pages\/5479\/revisions"}],"wp:attachment":[{"href":"https:\/\/education-bien-commun.fr\/index.php?rest_route=%2Fwp%2Fv2%2Fmedia&parent=5479"}],"curies":[{"name":"wp","href":"https:\/\/api.w.org\/{rel}","templated":true}]}}