{"id":6723,"date":"2022-12-19T18:54:21","date_gmt":"2022-12-19T17:54:21","guid":{"rendered":"https:\/\/educationbiencommun.fr\/?page_id=6723"},"modified":"2022-12-19T18:54:21","modified_gmt":"2022-12-19T17:54:21","slug":"bifurquer","status":"publish","type":"page","link":"https:\/\/education-bien-commun.fr\/?page_id=6723","title":{"rendered":"2022 : Bifurquer !"},"content":{"rendered":"\n<p class=\"wp-block-paragraph\">   Le combat contre la r\u00e9forme des retraites montre une forte mobilisation&nbsp;de&nbsp;nos jeunes. Leurs appels, actions, revendications portent bien moins sur les retraites que sur l&#8217;emploi, le travail, les solidarit\u00e9s, la justice sociale, le d\u00e9sastre \u00e9cologique, bref <strong>un d\u00e9sir fort d&rsquo;un futur autre que celui qui leur est aujourd&rsquo;hui propos\u00e9<\/strong>. Les assembl\u00e9es g\u00e9n\u00e9rales, les ateliers&nbsp;de&nbsp;cr\u00e9ation politique, les blocus &#8211; parfois m\u00eame&nbsp;de&nbsp;coll\u00e9giens protestant contre des effectifs de classe charg\u00e9s et des conditions&nbsp;de&nbsp;travail d\u00e9grad\u00e9es &#8211; nous obligent toutes et tous, expert\u2022e\u2022s ou non des questions \u00e9ducatives, \u00e0 r\u00e9unir nos forces et \u00e0 entreprendre partout o\u00f9 l&rsquo;on peut des actions, des d\u00e9marches pour construire ensemble une autre \u00e9cole&nbsp;dans le cadre d&rsquo;une \u00e9ducation qui serait consid\u00e9r\u00e9e comme un bien commun.<br>C&rsquo;est l&rsquo;objectif d&rsquo;un cycle initi\u00e9 par l&rsquo;UBC et le CNNR dont la premi\u00e8re session aura lieu \u00e0 l&rsquo;Acad\u00e9mie du Climat le 11 mai prochain ( ci-joint l&rsquo;invitation ). Nous vous invitons \u00e0 partager avec nous ce temps d&rsquo;ateliers qui inaugurera un cycle&nbsp;de&nbsp;r\u00e9flexion.&nbsp;De&nbsp;cet atelier se d\u00e9gageront des premi\u00e8res pistes, propositions, qui auront alors besoin d&rsquo;\u00eatre nourries par vos travaux, vos recherches. C&rsquo;est alors que nous vous solliciterons dans les prochaines sessions pour nous aider \u00e0 explorer ce concept d&rsquo;\u00e9ducation bien commun.<\/p>\n\n\n\n<p class=\"wp-block-paragraph\">Automne 2022<\/p>\n\n\n\n<h3 class=\"wp-block-heading has-text-align-center\"><mark style=\"background-color:#ff6900\" class=\"has-inline-color\">C&rsquo;est tout le syst\u00e8me \u00e9ducatif qui doit bifurquer !<\/mark><\/h3>\n\n\n\n<p class=\"wp-block-paragraph\">\u00ab&nbsp;<em>Quand on parle de politique climatique, en r\u00e9alit\u00e9 on ne parle pas seulement de climat, on parle d\u2019emploi, on parle de formation, on parle de protection sociale, on parle d\u2019\u00e9ducation, on parle de\u2026\u00bb<\/em>, explique Magali Reghezza-Zitt, membre du Haut Conseil pour le climat dans&nbsp;<em>Le Monde<\/em>&nbsp;du 17 ao\u00fbt 2022. Et elle n\u2019est pas seule \u00e0 inclure l\u2019\u00e9ducation dans le changement de paradigme qui s\u2019impose sans pour autant pr\u00e9ciser ce qui doit changer.&nbsp;<\/p>\n\n\n\n<p class=\"wp-block-paragraph\">&nbsp;&nbsp;&nbsp; On peut, d\u2019ailleurs, poursuivre sur le m\u00eame mod\u00e8le&nbsp;: quand on parle d\u2019\u00e9ducation, on ne parle pas seulement des savoirs fondamentaux, on parle de la fonction du syst\u00e8me \u00e9ducatif, de s\u00e9lection, d\u2019in\u00e9galit\u00e9s, de reproduction sociale, d\u2019ali\u00e9nation, on parle de formatage, mais aussi de fonctionnalit\u00e9 de coop\u00e9ration pour les apprentissages, on parle\u2026<\/p>\n\n\n\n<p class=\"wp-block-paragraph\">&nbsp;&nbsp;&nbsp; Des enseignants et \u00e9ducateurs qui en sont convaincus, parfois depuis tr\u00e8s longtemps (avec l\u2019Education Nouvelle, C\u00e9lestin Freinet, Bourdieu\u2026), sont persuad\u00e9s que, de nos jours, la \u00ab<em>&nbsp;politique climatique<\/em>&nbsp;\u00bb peut enfin inciter le syst\u00e8me \u00e9ducatif et les \u00e9ducateurs \u00e0 \u00ab&nbsp;bifurquer&nbsp;\u00bb.&nbsp;<strong>Cette bifurcation doit mettre l\u2019entraide, la consid\u00e9ration, l\u2019\u00e9galit\u00e9, au c\u0153ur du syst\u00e8me public d\u2019\u00e9ducation. Le chemin \u00e0 prendre est celui qui permettra \u00e0 chaque jeune de s\u2019\u00e9panouir parmi les autres et qui offrira d\u2019autres perspectives que celles de la reproduction sociale, de la consommation, de l\u2019individualisme. Une bifurcation qui pose l\u2019\u00e9cologie et la justice sociale comme projet \u00e9mancipateur.<\/strong><\/p>\n\n\n\n<p class=\"wp-block-paragraph\">&nbsp;&nbsp;&nbsp; Un premier signal de d\u00e9part avait \u00e9t\u00e9 donn\u00e9 par l\u2019appel : \u00ab&nbsp;<em>Plus jamais \u00e7a&nbsp;! Pr\u00e9parons le jour d\u2019apr\u00e8s<\/em>&nbsp;\u00bb lanc\u00e9 le 27 mars 2020 par 16 grandes organisations, et qui se terminait ainsi&nbsp;: \u00ab&nbsp;<em>Lorsque la fin de la pand\u00e9mie le permettra, nous nous donnons rendez-vous pour r\u00e9investir les lieux publics et construire notre \u00ab&nbsp;jour d\u2019apr\u00e8s&nbsp;\u00bb. Nous en appelons \u00e0 toutes les forces progressistes et humanistes, et plus largement \u00e0 toute la soci\u00e9t\u00e9, pour reconstruire ensemble un futur, \u00e9cologique, f\u00e9ministe et social, en rupture avec les politiques men\u00e9es jusque-l\u00e0 et le d\u00e9sordre n\u00e9olib\u00e9ral&nbsp;\u00bb.&nbsp;<\/em><\/p>\n\n\n\n<p class=\"wp-block-paragraph\">Avec l\u2019intention d\u2019introduire l\u2019\u00e9ducation dans la pr\u00e9paration du \u00ab&nbsp;jour d\u2019apr\u00e8s&nbsp;\u00bb, un nouvel appel, \u00ab&nbsp;Education Bien Commun&nbsp;\u00bb, est lanc\u00e9 quelques jours plus tard, dans ce site, <a href=\"https:\/\/education-bien-commun.fr\/appel\/\">(cliquer ici)<\/a>, affirmant que notre syst\u00e8me \u00e9ducatif a pour \u00ab&nbsp;but principal de&nbsp;s\u00e9lectionner&nbsp;les \u00ab&nbsp;\u00e9l\u00e8ves&nbsp;\u00bb pour r\u00e9pondre aux besoins du syst\u00e8me capitaliste, avec pour horizon la&nbsp;consommation&nbsp;et pour r\u00e9sultat, l\u2019accroissement des&nbsp;in\u00e9galit\u00e9s&nbsp;\u00bb, qu\u2019il est \u00ab&nbsp;urgent d\u2019esquisser les contours d\u2019un&nbsp;syst\u00e8me \u00e9ducatif alternatif&nbsp;et d\u2019entreprendre&nbsp;des recherches-actions&nbsp;le pr\u00e9figurant \u00bb.<\/p>\n\n\n\n<p class=\"wp-block-paragraph\">&nbsp;&nbsp;&nbsp;&nbsp;<strong>Aujourd\u2019hui, des faits nouveaux rendent ces projets d\u2019actualit\u00e9<\/strong>. D\u2019une part, la canicule, les inondations, la multiplication d\u2019\u00e9v\u00e9nements climatiques extr\u00eames ; d\u2019autre part, un \u00e9v\u00e9nement in\u00e9dit, r\u00e9volutionnaire, <strong>la d\u00e9claration des \u00e9tudiant\u2022e\u2022s d\u2019AgroParisTech lors de la remise des dipl\u00f4mes<\/strong> le 10 mai dernier refl\u00e8te la volont\u00e9 de bifurcation de certains jeunes. Cette d\u00e9claration, qui recoupe celles de dipl\u00f4m\u00e9\u2022e\u2022s de l\u2019Ecole Normale Sup\u00e9rieure,&nbsp;Centrale Nantes, Polytechnique, l\u2019Ecole Nationale Agronomique de Toulouse, HEC, Science PO, exprime leur malaise d\u2019une mani\u00e8re retentissante (\u00ab&nbsp;d\u00e9serter&nbsp;\u00bb, \u00ab&nbsp;bifurquer&nbsp;\u00bb) et a \u00e9t\u00e9 relay\u00e9e par de nombreux m\u00e9dias.&nbsp;<\/p>\n\n\n\n<p class=\"wp-block-paragraph\">&nbsp;&nbsp;&nbsp; Fait tout aussi significatif, de nombreux jeunes lyc\u00e9en\u2022ne\u2022s et \u00e9tudiant\u2022e\u2022s, stimul\u00e9\u2022e\u2022s par l\u2019initiative de Greta Thunberg, ont manifest\u00e9 leur impatience par centaines de milliers dans plus de 100 pays depuis 2018. Elles et Ils se sont exprim\u00e9\u2022e\u2022s&nbsp;en novembre 2021 au cours de la COP 26 \u00e0 Glasgow&nbsp;: \u00ab Que voulons-nous ? La justice climatique ! Quand la voulons-nous ? Maintenant ! \u00bb.<\/p>\n\n\n\n<p class=\"wp-block-paragraph\">Les plus jeunes, coll\u00e9gien\u2022ne\u2022s, \u00e9colier\u2022\u00e8re\u2022s, auraient aussi beaucoup \u00e0 dire s\u2019ils en avaient la possibilit\u00e9. L\u2019\u00e9co-anxi\u00e9t\u00e9 touche un nombre croissant de jeunes. C\u2019est aux professeurs d\u2019en observer et relater<strong>&nbsp;<\/strong>l\u2019expression qu\u2019elle soit celle de la fuite, de la r\u00e9signation, de la r\u00e9volte ou<strong>&nbsp;<\/strong>du d\u00e9sespoir.&nbsp;<strong>Il ne s\u2019agit pas d\u2019ajouter aux programmes une nouvelle mati\u00e8re, le \u00ab&nbsp;<em>d\u00e9veloppement durable<\/em>&nbsp;\u00bb, mais d\u2019organiser un r\u00e9el engagement dans la mobilisation g\u00e9n\u00e9rale qui s\u2019impose\u2026et qu\u2019il s\u2019agit de pr\u00e9parer.&nbsp;<\/strong><\/p>\n\n\n\n<p class=\"wp-block-paragraph\">&nbsp;&nbsp;&nbsp; Dans le domaine de l\u2019\u00e9ducation, les facteurs d\u00e9terminants sont multiples&nbsp;:<\/p>\n\n\n\n<ul class=\"wp-block-list\">\n<li>Les parents. Ils sont soucieux de l\u2019avenir de leurs enfants&nbsp;; dans l\u2019imm\u00e9diat, ils souhaitent leur insertion dans la soci\u00e9t\u00e9 et savent qu\u2019elle passe par les examens. En m\u00eame temps, ils constatent que m\u00eame tr\u00e8s dipl\u00f4m\u00e9s, leurs enfants n\u2019ont pas la garantie d\u2019un emploi et que ces m\u00eames jeunes refusent parfois des emplois qui contribuent \u00e0 la catastrophe plan\u00e9taire. Ils constatent, comme les experts de ces questions, que leurs enfants sont en souffrance.&nbsp;Il s\u2019agit de leur montrer que leur vitalit\u00e9 est retrouv\u00e9e quand ils se trouvent engag\u00e9s dans des projets porteurs de sens.<\/li>\n\n\n\n<li>Les intellectuels, scientifiques, philosophes, sociologues, m\u00e9decins, psychologues, journalistes, les leaders politiques,\u2026, qui influencent l\u2019opinion ont tous b\u00e9n\u00e9fici\u00e9 du syst\u00e8me scolaire. Ils se mobilisent plus volontiers pour d\u00e9fendre \u00ab&nbsp;l\u2019\u00e9cole de la R\u00e9publique&nbsp;\u00bb que pour examiner les d\u00e9fauts d\u2019un syst\u00e8me faussement \u00ab&nbsp;\u00e9ducatif&nbsp;\u00bb, b\u00e2ti sur la m\u00e9ritocratie, la transmission magistrale des savoirs et qui participe \u00e0 entretenir un syst\u00e8me \u00e9conomique obsol\u00e8te et mortif\u00e8re.&nbsp;<\/li>\n\n\n\n<li>Il s\u2019agit qu\u2019ils admettent que d\u2019autres voies permettent de d\u00e9velopper les potentiels des enfants et des adolescents, en particulier leur engagement dans cette mobilisation g\u00e9n\u00e9rale.<\/li>\n\n\n\n<li>Les enseignants. Ce sont des hommes et des femmes mal pay\u00e9s \u00e0 qui l\u2019on confie des missions devenues impossibles.&nbsp;Il s\u2019agit de leur proposer des perspectives, de d\u00e9finir leur place majeure dans la pr\u00e9paration des enfants face \u00e0 un avenir probl\u00e9matique, d\u2019engager des recherches-actions permettant de d\u00e9finir les voies de la bifurcation. Ces voies doivent sortir les \u00e9l\u00e8ves de leur pupitre, transformer leur statut et faire de ces enfants et adolescents des acteurs de la transition dans des projets concernant leur classe, leur \u00e9tablissement, leur quartier.<\/li>\n\n\n\n<li>Les animateurs et animatrices du p\u00e9riscolaire, de l\u2019\u00e9ducation populaire, de la culture et du&nbsp;sport, par leur proximit\u00e9 avec les enfants, notamment les plus \u00e9loign\u00e9s de l\u2019Ecole, sont des partenaires \u00e0 ne pas oublier.<\/li>\n\n\n\n<li>Les enfants. Il est l\u00e9gitime que les adultes aient un projet \u00e9ducatif. S\u2019ils le veulent \u00e9mancipateur et s\u2019ils pensent indispensable de rendre les enfants actifs dans cette mobilisation, il leur revient de les aider \u00e0 prendre conscience de leur changement de statut de plus en plus pr\u00e9cis\u00e9ment en les associant progressivement \u00e0 ce projet. (1)<\/li>\n\n\n\n<li>Il importe donc que nous mettions en question l\u2019id\u00e9ologie m\u00e9ritocratique et que nous appelions \u00e0 la bifurcation en y incluant le syst\u00e8me \u00e9ducatif dans sa totalit\u00e9.&nbsp;Il ne s\u2019agit pas d\u2019attendre des pouvoirs \u00e9tablis une nouvelle r\u00e9forme&nbsp;mais d\u2019op\u00e9rer ensemble une bifurcation&nbsp;qui concerne l\u2019ensemble de la soci\u00e9t\u00e9.&nbsp;<\/li>\n<\/ul>\n\n\n\n<p class=\"wp-block-paragraph\">(1)&nbsp;<em>Les d\u00e9veloppements&nbsp; de ce paragraphe ne peuvent figurer dans ce texte volontairement bref. Toutes les associations qui pr\u00e9conisent les \u00ab&nbsp;m\u00e9thodes actives&nbsp;\u00bb, la \u00ab&nbsp;coop\u00e9ration&nbsp;\u00bb, \u00ab&nbsp;l\u2019auto-socio construction&nbsp;\u00bb, agissent d\u00e9j\u00e0 dans ce sens. Une publication r\u00e9cente \u00ab&nbsp;EDUCATION , UN BIEN COMMUN&nbsp;\u00bb rattache ces pratiques au changement de paradigme qu\u2019imposent le changement climatique et la volont\u00e9 de justice sociale.<\/em>&nbsp;<\/p>\n\n\n\n<p class=\"has-text-align-right wp-block-paragraph\">14 octobre 2022 &#8211; Raymond Millot et le groupe \u00e9ducation CNNR (Conseil National de la Nouvelle R\u00e9sistance)<\/p>\n\n\n\n<p class=\"has-text-align-center wp-block-paragraph\">***<\/p>\n\n\n\n<h3 class=\"wp-block-heading has-text-align-center\"><strong><mark style=\"background-color:#ff6900\" class=\"has-inline-color\">Premiers signataires&nbsp;:<\/mark><\/strong><\/h3>\n\n\n\n<p class=\"wp-block-paragraph\">UBC, Universit\u00e9 du Bien Commun<\/p>\n\n\n\n<p class=\"wp-block-paragraph\">Philippe Meirieu, professeur honoraire en sciences de l\u2019\u00e9ducation&nbsp;&nbsp;<\/p>\n\n\n\n<p class=\"wp-block-paragraph\">Laurence De Cock, historienne et enseignante<\/p>\n\n\n\n<p class=\"wp-block-paragraph\">Michel Bourgain, maire honoraire de l\u2019\u00cele-Saint-Denis<\/p>\n\n\n\n<p class=\"wp-block-paragraph\">Elisabeth&nbsp; Bourgain, &nbsp;agr\u00e9g\u00e9e de math\u00e9matiques, ancienne coordinatrice d\u2019Auto-Ecole (lyc\u00e9ens d\u00e9crocheurs), ancienne maire adjointe de l\u2019\u00cele St-Denis&nbsp;<\/p>\n\n\n\n<p class=\"wp-block-paragraph\">Eveline Charmeux, professeure-formatrice honoraire de fran\u00e7ais, ex-chercheuse \u00e0 l\u2019INRP&nbsp;<\/p>\n\n\n\n<p class=\"wp-block-paragraph\">Didier Minot, pr\u00e9sident de Changer de Cap<\/p>\n\n\n\n<p class=\"wp-block-paragraph\">Vincent Giovannoni, PhD, conservateur en chef du patrimoine&nbsp;<\/p>\n\n\n\n<p class=\"wp-block-paragraph\">Catherine Chabrun, militante p\u00e9dagogique et des droits de l\u2019enfant, p\u00e9dagogie Freinet<\/p>\n\n\n\n<p class=\"wp-block-paragraph\">Patrick Viveret, philosophe<\/p>\n\n\n\n<p class=\"wp-block-paragraph\">Marie Preston,&nbsp;artiste, enseignante-chercheuse \u00e0 l\u2019universit\u00e9 Paris 8 Vincennes-Saint-Denis, membre de l\u2019\u00e9quipe TEAMeD (Th\u00e9orie Exp\u00e9rimentation Arts M\u00e9dias et Design)<\/p>\n\n\n\n<p class=\"wp-block-paragraph\">Martin Pavelka, p\u00e9dopsychiatre \u00e0 l\u2019h\u00f4pital public, Collectif des 39 \u2013 Groupe enfance, API<\/p>\n\n\n\n<p class=\"wp-block-paragraph\">Sandrine Deloche, m\u00e9decin p\u00e9dopsychiatre en CMP et en CMPP. Collectif des 39- Groupe Enfance, API<\/p>\n\n\n\n<p class=\"wp-block-paragraph\">Charles Pepinster, promoteur de la p\u00e9dagogie du chef-d\u2019oeuvre<\/p>\n\n\n\n<p class=\"wp-block-paragraph\">Dominique Bourg, &nbsp;professeur honoraire de l\u2019Universit\u00e9 de Lausanne<\/p>\n\n\n\n<p class=\"wp-block-paragraph\">Bernard Charlot,&nbsp; professeur honoraire en sciences de l\u2019\u00e9ducation, Universit\u00e9 de Paris 8<\/p>\n\n\n\n<p class=\"wp-block-paragraph\">Jean-Pierre Klein,&nbsp; psychiatre honoraire des h\u00f4pitaux publics, pionnier de l\u2019Art-Th\u00e9rapie<\/p>\n\n\n\n<p class=\"wp-block-paragraph\">Jean-No\u00ebl Dumont, pr\u00e9sident de GAFE-France (Groupe d\u2019Action Francophone pour l\u2019Environnement)<\/p>\n\n\n\n<p class=\"wp-block-paragraph\">Le GAFE \u2013 Ha\u00efti<\/p>\n\n\n\n<p class=\"wp-block-paragraph\">Damien Deville, docteur en g\u00e9ographie et am\u00e9nagement du territoire<\/p>\n\n\n\n<p class=\"wp-block-paragraph\">Anne Querrien, sociologue retrait\u00e9e, auteur de&nbsp;&nbsp;<em>L\u2019\u00c9cole mutuelle. Une p\u00e9dagogie trop efficace?<\/em><\/p>\n\n\n\n<blockquote class=\"wp-block-quote is-layout-flow wp-block-quote-is-layout-flow\">\n<p class=\"wp-block-paragraph\">Fran\u00e7ois Harduin, enseignant sp\u00e9cialis\u00e9 \u00e0 dominante r\u00e9\u00e9ducative-relationnelle , pr\u00e9sident de la FNAREN<\/p>\n\n\n\n<p class=\"wp-block-paragraph\">Angela Barthe, professeure des universit\u00e9s \u00e0 Aix-Marseille<\/p>\n\n\n\n<p class=\"wp-block-paragraph\">Pierre Frackowiak, inspecteur de l\u2019Education Nationale honoraire&nbsp;<\/p>\n\n\n\n<p class=\"wp-block-paragraph\">Denis Robert, journaliste d\u2019investigation, fondateur du media BLAST<\/p>\n\n\n\n<p class=\"wp-block-paragraph\">Sophie Djigo, professeure de philosophie en classe pr\u00e9paratoire au lyc\u00e9e Watteau \u00e0 Valenciennes. \u00c0 40 ans, elle est aussi l&rsquo;auteure de plusieurs ouvrages sur les questions migratoires et fondatrice d\u2019une association \u00ab\u00a0Migractions 59\u00a0\u00bb qui vient en aide aux migrants de Calais.<\/p>\n<\/blockquote>\n\n\n\n<p class=\"has-text-align-center wp-block-paragraph\">***<\/p>\n\n\n\n<h3 class=\"wp-block-heading has-text-align-center\"><strong><mark style=\"background-color:#ff6900\" class=\"has-inline-color\">Pourquoi bifurquer&nbsp;?<\/mark><\/strong><\/h3>\n\n\n\n<h3 class=\"wp-block-heading has-text-align-center\"><mark style=\"background-color:#ff6900\" class=\"has-inline-color\"><strong>E<\/strong>t pour quoi ?<\/mark><\/h3>\n\n\n\n<p class=\"has-text-align-left wp-block-paragraph\">De nombreux&nbsp;\u00e9l\u00e8ves des grandes \u00e9coles \u00e0 la suite d\u2019AGRO PARIS TECH ont su expliquer pourquoi&nbsp; ils souhaitent \u00ab&nbsp;d\u00e9serter&nbsp;\u00bb, \u00ab&nbsp;bifurquer&nbsp;\u00bb. [1] Il faut les \u00e9couter&nbsp;<strong><a href=\"https:\/\/www.linfodurable.fr\/politique\/agroparistech-des-etudiants-appellent-bifurquer-32140\">ici dans ce site et cette vid\u00e9o<\/a><\/strong>.<\/p>\n\n\n\n<p class=\"has-text-align-left wp-block-paragraph\">Les plus jeunes qui ont suivi Greta Thunberg dans sa r\u00e9volte,&nbsp; qui ont d\u00e9fil\u00e9 dans une centaine de pays, alert\u00e9s par le GIEC, ont r\u00e9v\u00e9l\u00e9 leur peur et l\u2019ont traduite en exigeant lors de la COP 26 \u00e0 Glasgow, \u00ab&nbsp;la justice climatique&nbsp;\u00bb, \u00ab&nbsp;maintenant&nbsp;\u00bb. C\u2019est \u00e0 dire \u00ab&nbsp;bifurquer&nbsp;\u00bb m\u00eame si leur analyse des raisons de l\u2019injustice r\u00e9gnante reste impr\u00e9cise. Ils poursuivent aujourd\u2019hui, par tous les moyens, m\u00eame \u00ab&nbsp;contre productifs&nbsp;\u00bb de se faire entendre (Extinction R\u00e9bellion, etc\u2026 )<\/p>\n\n\n\n<p class=\"wp-block-paragraph\">Les uns et les autres se passionnent, \u00ab&nbsp;r\u00e9sistent\u00bb,&nbsp;pratiquent la d\u00e9sob\u00e9issance civique, mettent en question \u00ab&nbsp;l\u2019ordre \u00e9tabli&nbsp;\u00bb. Vivent. Ils construisent cette \u00ab&nbsp;r\u00e9silience&nbsp;\u00bb qui leur permettra de traverser, mieux que d\u2019autres, les \u00e9preuves qui vont se multiplier.<\/p>\n\n\n\n<p class=\"wp-block-paragraph\">Les plus petits, ceux des \u00e9coles, des coll\u00e8ges, ressentent plus confus\u00e9ment&nbsp;<strong>cette peur dont les raisons sont parfaitement fond\u00e9es.<\/strong>&nbsp;De nombreuses \u00e9tudes en d\u00e9crivent les effets inqui\u00e9tants. Une \u00e9ducation adapt\u00e9e au monde dans lequel nous entrons doit&nbsp;<strong>viser \u00e0 construire cette r\u00e9silience<\/strong>. A cet effet, il importe que, comme leurs a\u00een\u00e9s, ils se passionnent, donnent un nom \u00e0 leurs peurs, en comprennent la source, questionnent l\u2019ordre \u00e9tabli, participent \u00e0 certains projets des adultes.<\/p>\n\n\n\n<p class=\"wp-block-paragraph\">A cet effet,&nbsp;<strong>la bifurcation<\/strong>&nbsp;qui concerne les enfants consisterait \u00e0&nbsp; leur&nbsp; reconna\u00eetre&nbsp;:<\/p>\n\n\n\n<ul class=\"wp-block-list\">\n<li><strong>un statut de citoyens en construction<\/strong>&nbsp;et non plus des \u00e9l\u00e8ves&nbsp; ayant, dans leur emploi du temps, un temps donn\u00e9 d\u2019instruction civique<\/li>\n\n\n\n<li><strong>un statut de sujets<\/strong>&nbsp;dont les apprentissages prendront essentiellement leur source dans les actions individuelles et collectives en lien avec le monde qui les entoure et non plus dans des programmes et des progressions<\/li>\n<\/ul>\n\n\n\n<p class=\"wp-block-paragraph\">La&nbsp;<strong>bifurcation<\/strong>&nbsp;qui concerne le \u00ab&nbsp;corps enseignant&nbsp;\u00bb [2] consisterait&nbsp; \u00e0 devenir<\/p>\n\n\n\n<ul class=\"wp-block-list\">\n<li>les organisateurs de cette ouverture sur le monde,<\/li>\n\n\n\n<li>les techniciens des apprentissages qui s\u2019y op\u00e8rent, des potentiels qui s\u2019y r\u00e9v\u00e8lent,&nbsp;<strong>des \u00e9mancipations<\/strong>&nbsp;qui s\u2019y produisent.<\/li>\n\n\n\n<li>les facilitateurs de la co-\u00e9ducation dans la perspective d\u2019une soci\u00e9t\u00e9 elle-m\u00eame \u00e9ducatrice<\/li>\n<\/ul>\n\n\n\n<p class=\"has-text-align-right wp-block-paragraph\">&nbsp;&nbsp;&nbsp;&nbsp;&nbsp;&nbsp;&nbsp;&nbsp;&nbsp;&nbsp;&nbsp;&nbsp;&nbsp;&nbsp;&nbsp;&nbsp;&nbsp;&nbsp;&nbsp;&nbsp;&nbsp;&nbsp;&nbsp;&nbsp;&nbsp;&nbsp;&nbsp;&nbsp;&nbsp;&nbsp;&nbsp;&nbsp;&nbsp;&nbsp;&nbsp;&nbsp;&nbsp;&nbsp;&nbsp;&nbsp;&nbsp;&nbsp;&nbsp;&nbsp;&nbsp;&nbsp;&nbsp;&nbsp;&nbsp;&nbsp;&nbsp;&nbsp;&nbsp;&nbsp;&nbsp;&nbsp;&nbsp;&nbsp;&nbsp;&nbsp;&nbsp;&nbsp;&nbsp;&nbsp;&nbsp;&nbsp;&nbsp;&nbsp;&nbsp;&nbsp;&nbsp;&nbsp;&nbsp;&nbsp;&nbsp;&nbsp;&nbsp;&nbsp;&nbsp;&nbsp;&nbsp;&nbsp;&nbsp;&nbsp;&nbsp;&nbsp;&nbsp; R.M. 07 11 22<\/p>\n\n\n\n<p class=\"wp-block-paragraph\"><strong>Notes<\/strong><\/p>\n\n\n\n<p class=\"has-text-align-left wp-block-paragraph\">(1) ils ont mis en question les objectifs pour lesquels ils ont \u00e9t\u00e9 form\u00e9s<\/p>\n\n\n\n<p class=\"wp-block-paragraph\">(2) les enseignants auraient \u00e0 mettre en question les&nbsp; divers formatages qu\u2019on leur impose d\u2019op\u00e9rer pour assurer la reproduction sociale<\/p>\n\n\n\n<p class=\"has-text-align-center wp-block-paragraph\">***<\/p>\n\n\n\n<h3 class=\"wp-block-heading has-text-align-center\">&nbsp;<mark style=\"background-color:#ff6900\" class=\"has-inline-color\">Transition<\/mark><\/h3>\n\n\n<div class=\"wp-block-image\">\n<figure class=\"aligncenter size-large is-resized\"><img loading=\"lazy\" decoding=\"async\" width=\"570\" height=\"394\" src=\"https:\/\/education-bien-commun.fr\/wp-content\/uploads\/2023\/10\/image.png?w=570\" alt=\"\" class=\"wp-image-7931\" style=\"width:284px;height:auto\" srcset=\"https:\/\/education-bien-commun.fr\/wp-content\/uploads\/2023\/10\/image.png 570w, https:\/\/education-bien-commun.fr\/wp-content\/uploads\/2023\/10\/image-300x207.png 300w\" sizes=\"auto, (max-width: 570px) 100vw, 570px\" \/><\/figure>\n<\/div>\n\n\n<p class=\"has-text-align-center wp-block-paragraph\">Einstein<\/p>\n\n\n\n<h3 class=\"wp-block-heading has-text-align-center\"><strong><mark><mark style=\"background-color:#ff6900\" class=\"has-inline-color\">Le changement de paradigme exige des \u00abbifurcations&nbsp;\u00bb\u2026<\/mark><\/mark><\/strong><\/h3>\n\n\n\n<p class=\"wp-block-paragraph\">\u00ab&nbsp;<em>En science, on appelle&nbsp;<strong>paradigme<\/strong>&nbsp;une conception th\u00e9orique dominante ayant cours \u00e0 une certaine \u00e9poque dans une communaut\u00e9 scientifique donn\u00e9e<\/em>&nbsp;\u00bb.<\/p>\n\n\n\n<p class=\"wp-block-paragraph\">Le productivisme est \u00ab&nbsp;une conception&nbsp; dominante de notre \u00e9poque&nbsp;\u00bb qui a cr\u00e9\u00e9 une situation catastrophique. Le mettre en question c\u2019est donc vouloir \u00ab&nbsp;<strong>changer de paradigme<\/strong>&nbsp;\u00bb.<\/p>\n\n\n\n<p class=\"wp-block-paragraph\"><strong>Le syst\u00e8me \u00e9ducatif<\/strong>&nbsp;entretient actuellement&nbsp;<strong>l\u2019ancien paradigme<\/strong>&nbsp;en fa\u00e7onnant les esprits et en jouant un r\u00f4le majeur dans la reproduction sociale. Il est possible de nuancer&nbsp;le constat, d\u2019\u00e9voquer le r\u00f4le \u00e9mancipateur des savoirs qu\u2019il transmet, mais il est ind\u00e9niable qu\u2019il est organis\u00e9 &nbsp;pour&nbsp;<strong>s\u00e9lectionner<\/strong>, sur la base de crit\u00e8res d\u00e9finis par&nbsp;<strong>des programmes<\/strong>&nbsp;<strong>qui correspondent aux besoins de la soci\u00e9t\u00e9 productiviste et capitaliste.<\/strong><\/p>\n\n\n\n<p class=\"wp-block-paragraph\"><strong>Sa philosophie m\u00e9ritocratique<\/strong>, pr\u00e9tendument \u00e9galitaire, d\u00e9veloppe un&nbsp;<strong>individualisme&nbsp;<\/strong>&nbsp;qui fait obstacle \u00e0 toute remise en question.<\/p>\n\n\n\n<p class=\"wp-block-paragraph\"><strong>Vouloir&nbsp;<\/strong>changer de paradigme, c\u2019est aussi vouloir,&nbsp;champ par champ,&nbsp;<strong>envisager<\/strong>&nbsp;les bifurcations n\u00e9cessaires, et chercher \u00e0 \u00ab&nbsp;<em>r\u00e9soudre les probl\u00e8mes<\/em>&nbsp;\u00bb en pratiquant&nbsp;<em>\u00ab&nbsp;une autre pens\u00e9e&nbsp;\u00bb.<\/em>&nbsp;Dans le champ de l\u2019\u00e9ducation, une transition organis\u00e9e doit, et peut, ouvrir la voie de&nbsp;<strong>la bifurcation<\/strong>.<\/p>\n\n\n\n<h3 class=\"wp-block-heading has-text-align-center\"><em>a)<\/em>&nbsp;<strong><em>La \u00ab&nbsp;d\u00e9construction&nbsp;\u00bb du syst\u00e8me\u2026 un pr\u00e9alable&nbsp;?<\/em><\/strong><\/h3>\n\n\n\n<p class=\"wp-block-paragraph\">La&nbsp;<strong>d\u00e9construction<\/strong>&nbsp;&nbsp;commence d\u2019une mani\u00e8re inattendue, inesp\u00e9r\u00e9e,&nbsp;<strong>initi\u00e9e par celles et ceux&nbsp; que le syst\u00e8me a s\u00e9lectionn\u00e9s pour se perp\u00e9tuer&nbsp;!&nbsp;<mark><mark style=\"background-color:#ffffff\" class=\"has-inline-color\">(note 1)<\/mark><\/mark><\/strong><\/p>\n\n\n\n<p class=\"wp-block-paragraph\">En mai 2022, les dipl\u00f4m\u00e9s d\u2019AgroParisTech suivis par ceux des grandes \u00e9coles affirment leur volont\u00e9 de&nbsp; \u00ab&nbsp;<strong>bifurquer&nbsp;<\/strong>\u00bb et contestent \u00e0 la fois, l\u2019orientation politique de leur formation et les fonctions qui leur sont r\u00e9serv\u00e9es.<\/p>\n\n\n\n<p class=\"wp-block-paragraph\">Six mois plus tard, \u00ab&nbsp;le Monde Campus 01&nbsp;12 22&nbsp;\u00bb, confirme la tendance, parle de&nbsp;<em>\u00ab&nbsp;nouveaux rapports de force<\/em>&nbsp;\u00bb et commente l\u2019exemple&nbsp;des \u00e9l\u00e8ves&nbsp;<strong>polytechniciens<\/strong>&nbsp;qui s\u2019opposent aux tentatives d\u2019implantation de total Energies et de LVMH sur leur campus : \u00ab&nbsp;<em>Voil\u00e0 un groupe social \u2013 historiquement associ\u00e9 au pouvoir \u2013 qui se d\u00e9tache de la tradition. Dans une \u00e9cole militaire, \u00e7a fait d\u00e9sordre&nbsp;: si ces \u00e9lites commencent \u00e0 se mobiliser, alors quelque chose est d\u00e9finitivement&nbsp;<strong>reconfigur\u00e9 par l\u2019urgence \u00e9cologique<\/strong><\/em><strong>&nbsp;\u00bb<\/strong><\/p>\n\n\n\n<p class=\"wp-block-paragraph\">La conviction de John Dewey, philosophe am\u00e9ricain (1859-1952)&nbsp; que&nbsp;<mark><mark style=\"background-color:#ffffff\" class=\"has-inline-color\"><strong>\u00ab&nbsp;<em>toute le\u00e7on doit \u00eatre la r\u00e9ponse \u00e0 une question que les \u00e9l\u00e8ves se posent&nbsp;\u00bb<\/em><\/strong><\/mark><\/mark><em><mark style=\"background-color:#ffffff\" class=\"has-inline-color\">&nbsp;<\/mark>&nbsp;<\/em>r\u00e9sume, en 2022, la contestation des dipl\u00f4m\u00e9s. La&nbsp;<strong>question<\/strong>&nbsp;qu\u2019ils posent et \u00e0 laquelle ne r\u00e9pondent pas les \u00ab&nbsp;grandes \u00e9coles&nbsp;\u00bb est&nbsp; en effet &nbsp;<strong><em>l\u2019urgence \u00e9cologique<\/em>.<\/strong>&nbsp;<\/p>\n\n\n\n<p class=\"wp-block-paragraph\">Cette conviction est port\u00e9e, depuis 1921, par les militants de \u00ab&nbsp;<strong>l\u2019Education Nouvelle<\/strong>\u00bb. Ils ont longtemps esp\u00e9r\u00e9 que des forces progressistes entreprendraient un jour cette d\u00e9construction et reconna\u00eetraient l\u2019int\u00e9r\u00eat de leurs efforts. C\u2019est le changement de paradigme qui peut aujourd\u2019hui satisfaire cet espoir&nbsp;! A cet effet&nbsp;:<\/p>\n\n\n\n<ul class=\"wp-block-list\">\n<li>Il faut&nbsp;<strong>sensibiliser l\u2019opinion<\/strong>&nbsp;et en premier, celles et ceux qui l\u2019influencent. Notre Appel&nbsp;intitul\u00e9 \u00ab&nbsp;<strong>C\u2019est tout le syst\u00e8me \u00e9ducatif qui doit bifurquer&nbsp;\u00bb<\/strong>&nbsp;&nbsp;a d\u00e9j\u00e0 recueilli la signature significatives de diverses personnalit\u00e9s<strong>.<\/strong>&nbsp;Il croise la r\u00e9flexion qui se d\u00e9veloppe dans les mouvements p\u00e9dagogiques et d\u2019\u00e9ducation populaire (cf. Biennale \u00ab&nbsp;<strong>Convergence(s)pour l\u2019Education Nouvelle&nbsp;<\/strong>\u00bb qui a r\u00e9uni 500 participants \u00e0 Bruxelles fin Novembre 22).<\/li>\n\n\n\n<li>Il faut informer les jeunes militants qui se mobilisent dans la foul\u00e9e de GretaThunberg et multiplient les actions et qui n\u2019\u00e9tablissent pas un rapport entre l\u2019\u00e9tat du monde et le r\u00f4le qui&nbsp;joue l\u2019\u00e9ducation. L\u2019Appel \u00ab&nbsp;<strong>Pourquoi bifurquer, et pour quoi<\/strong>&nbsp;<strong>?<\/strong>\u00bb en pr\u00e9cise tr\u00e8s bri\u00e8vement le lien.<\/li>\n\n\n\n<li>Il faut &nbsp;maintenant r\u00e9pondre \u00e0 la question: \u00ab&nbsp;<strong>Comment s\u2019y prendre&nbsp;?\u00bb, d\u2019o\u00f9 la proposition<\/strong>&nbsp;ci-apr\u00e8s qui &nbsp;envisage&nbsp;<strong>concr\u00e8tement<\/strong>&nbsp;le probl\u00e8me de la&nbsp;<strong>transition<\/strong>.<\/li>\n\n\n\n<li>Elle suppose, ce qui n\u2019est pas acquis, que l\u2019id\u00e9e de changement de paradigme&nbsp;<strong>p\u00e9n\u00e8tre le domaine de l\u2019\u00e9ducation<\/strong>. Dans celui de l\u2019agriculture, de multiple exp\u00e9riences qui&nbsp; redonnent vie \u00e0 la terre peuvent \u00eatre \u00e9voqu\u00e9es, pour esp\u00e9rer qu\u2019un jour les ravages des pesticides et insecticides pourront \u00eatre combattus.&nbsp;Dans l\u2019\u00e9cole publique les recherches tourn\u00e9es vers l\u2019avenir que les enfants vont&nbsp; devoir affronter, n\u2019existent pas. On parle seulement \u00ab&nbsp;d\u2019innovations&nbsp;\u00bb.<\/li>\n\n\n\n<li>&nbsp;Les recherches organis\u00e9es nationalement qui se produisaient dans les \u00e9coles exp\u00e9rimentales&nbsp; \u00e0 Paris, Grenoble, Villeneuve d\u2019Ascq \u2026, ont \u00e9t\u00e9 abandonn\u00e9es depuis plus de 25 ans. Les perspectives ont dramatiquement chang\u00e9 et on ne peut plus s\u2019y r\u00e9f\u00e9rer,&nbsp;<mark style=\"background-color:#ffffff\" class=\"has-inline-color\"> <strong>(note 2)<\/strong> m<\/mark>ais leurs apports ne sont pas oubli\u00e9s. Ils nourrissent&nbsp; cette proposition.<\/li>\n\n\n\n<li>&nbsp;&nbsp;L<strong>\u2019\u00e9tat moral&nbsp; et \u00e9motionnel inqui\u00e9tant de la jeunesse<\/strong>,&nbsp;relat\u00e9 par de nombreuses enqu\u00eates, devrait en motiver l\u2019examen. Et rien n\u2019interdit d\u2019imaginer&nbsp; que la&nbsp;<strong>conscience de l\u2019urgence \u00e9cologique<\/strong>, manifest\u00e9e par l\u2019\u00e9lite de la jeunesse, soit,&nbsp;<strong>tout aussi<\/strong>&nbsp;<strong>subitement, partag\u00e9e par une vaste cohorte de professeurs&nbsp;<\/strong>(ce que leur haut niveau de formation permet d\u2019esp\u00e9rer)\u2026<\/li>\n<\/ul>\n\n\n\n<h3 class=\"wp-block-heading has-text-align-center\"><em>b)<\/em>&nbsp;<em><strong>La proposition&nbsp;<\/strong>: lancer&nbsp;&nbsp;<strong>une recherche-action<\/strong>&nbsp;de tr\u00e8s grande ampleur<\/em><\/h3>\n\n\n\n<p class=\"wp-block-paragraph\">Elle repose sur une&nbsp;<strong>hypoth\u00e8se optimiste<\/strong>. La n\u00e9cessit\u00e9 de \u00ab&nbsp;bifurquer&nbsp;\u00bb se d\u00e9veloppe et suscite l\u2019exploration de voies nouvelles :<\/p>\n\n\n\n<ul class=\"wp-block-list\">\n<li>visant \u00e0 explorer les caract\u00e9ristiques possibles et souhaitables du&nbsp;<strong>nouveau paradigme \u00e9ducatif<\/strong>, d\u2019une mani\u00e8re&nbsp;<strong>pragmatique, coop\u00e9rative&nbsp;<\/strong>(avec une organisation r\u00e9gionale et nationale d\u00e9j\u00e0 exp\u00e9riment\u00e9e)<\/li>\n\n\n\n<li>faisant &nbsp;appel \u00e0 de nombreuses&nbsp;<strong>\u00e9quipes d\u2019\u00e9tablissement volontaires<\/strong>\n<ul class=\"wp-block-list\">\n<li>ayant pour&nbsp;<strong>objectif de pr\u00e9parer des citoyens<\/strong>&nbsp;capables de&nbsp;<strong>faire face<\/strong>&nbsp;aux cons\u00e9quences du r\u00e9chauffement climatique, de&nbsp;<strong>pr\u00e9server<\/strong>&nbsp;les biens communs et d\u2019<strong>inventer<\/strong>&nbsp;une alternative d\u00e9mocratique et sociale au syst\u00e8me capitaliste<\/li>\n<\/ul>\n<\/li>\n\n\n\n<li>qui ne pourrait se confondre\n<ul class=\"wp-block-list\">\n<li>ni avec &nbsp;un nouveau de projet de<strong>&nbsp;r\u00e9forme, ni avec &nbsp;l\u2019op\u00e9ration lanc\u00e9e<\/strong>&nbsp; par le pouvoir au service d\u2019un \u00ab&nbsp;<strong>Fonds d\u2019Innovation P\u00e9dagogique<\/strong>&nbsp;(FIP)&nbsp;\u00bb. Op\u00e9ration conforme \u00e0 l\u2019id\u00e9ologie lib\u00e9rale, sans perspective politique ambitieuse, qui d\u00e9tourne certains concepts de l\u2019Education Nouvelle comme \u00ab&nbsp;<em>innovations p\u00e9dagogiques au plus pr\u00e8s&nbsp;<strong>des besoins des \u00e9l\u00e8ves<\/strong><\/em><strong>,<\/strong>&nbsp;\u00ab&nbsp;<strong><em>libert\u00e9 p\u00e9dagogique<\/em><\/strong>&nbsp;\u00bb, et m\u00eame qui s\u2019approprie l\u2019id\u00e9e &nbsp;\u00ab&nbsp;<em>\u00e9cole&nbsp;<strong>&nbsp;bien commun&nbsp;\u00bb<\/strong><\/em>&nbsp;que nous avons mise en chantier&nbsp;<strong>(note 3)<\/strong><\/li>\n<\/ul>\n<\/li>\n<\/ul>\n\n\n\n<p class=\"has-text-align-center wp-block-paragraph\">Elle concernerait&nbsp;<strong>les \u00e9l\u00e8ves de 3 \u00e0 15 ans<\/strong>.<\/p>\n\n\n\n<p class=\"wp-block-paragraph\"><strong><mark style=\"background-color:rgba(0, 0, 0, 0)\" class=\"has-inline-color has-luminous-vivid-orange-color\">Objectifs imm\u00e9diats :<\/mark><\/strong><\/p>\n\n\n\n<ul class=\"wp-block-list\">\n<li>Enrayer leur&nbsp;<strong>d\u00e9tresse&nbsp;<\/strong>morale visible et pr\u00e9visible en&nbsp;<strong>les engageant<\/strong>&nbsp;<strong>dans des activit\u00e9s<\/strong>&nbsp;sociales, \u00e9cologiques, urbanistiques, agricoles, artistiques en cours dans leur environnement.<\/li>\n\n\n\n<li>&nbsp;Donner&nbsp;<strong>sens<\/strong>&nbsp;aux apprentissages, rendus&nbsp;<strong>fonctionnels&nbsp;<\/strong>parce que fond\u00e9s majoritairement sur ces exp\u00e9riences de vie et&nbsp;<strong>\u00e9valu\u00e9s d\u2019une mani\u00e8re participante formative,<\/strong>&nbsp;porteuses de sens pour les parents.&nbsp;<\/li>\n\n\n\n<li>&nbsp;Permettre aux&nbsp;<strong>potentiels individuels<\/strong>&nbsp;de s\u2019exprimer et se d\u00e9velopper au b\u00e9n\u00e9fice g\u00e9n\u00e9ral.<\/li>\n\n\n\n<li>&nbsp;D\u00e9terminer le r\u00f4le que les enfants peuvent jouer,&nbsp;<strong>sans \u00eatre enr\u00e9giment\u00e9s<\/strong>, dans les&nbsp;<strong>mobilisations adultes que le r\u00e9chauffement climatique va rendre n\u00e9cessaires<\/strong>.<\/li>\n<\/ul>\n\n\n\n<p class=\"wp-block-paragraph\"><mark style=\"background-color:rgba(0, 0, 0, 0)\" class=\"has-inline-color has-luminous-vivid-orange-color\"><strong>Objectifs \u00e0 moyen terme :<\/strong><\/mark><\/p>\n\n\n\n<ul class=\"wp-block-list\">\n<li>Ces deux premiers cycles essentiellement \u00ab&nbsp;\u00e9ducatifs&nbsp;\u00bb&nbsp; deviendraient une&nbsp;<strong>pr\u00e9paration efficace et<\/strong>&nbsp;<strong>motiv\u00e9e<\/strong>&nbsp;pour des enseignements interdisciplinaires du 3i\u00e8me cycle.<\/li>\n\n\n\n<li>&nbsp;L\u2019ouverture de l\u2019\u00e9cole sur le monde amorcerait l\u2019id\u00e9e d\u2019une&nbsp;<strong>soci\u00e9t\u00e9 \u00e9ducatrice<\/strong>&nbsp;(les&nbsp; sources du savoir \u00e9tant partag\u00e9es entre enseignants, parents, acteurs du monde \u00e9conomique, social, culturel\u2026).<\/li>\n\n\n\n<li>&nbsp;Les enfants et adolescents, sujets actifs &nbsp;de cette \u00e9ducation, contribueraient eux-m\u00eames &nbsp;activement au&nbsp;<strong>changement des conceptions concernant l\u2019\u00e9ducation et l\u2019enseignement<\/strong>, et deviendraient acteurs et b\u00e9n\u00e9ficiaires du&nbsp;<strong>processus \u00e9mancipateur en cours<\/strong>&nbsp;<strong>dans plusieurs domaines\u2026<\/strong><\/li>\n<\/ul>\n\n\n\n<p class=\"wp-block-paragraph\"><strong>NOTES<\/strong><\/p>\n\n\n\n<p class=\"wp-block-paragraph\"><mark><strong><mark style=\"background-color:#ffffff\" class=\"has-inline-color\">(Note 1)<\/mark><\/strong><\/mark><\/p>\n\n\n\n<p class=\"wp-block-paragraph\"><mark><mark style=\"background-color:#ffffff\" class=\"has-inline-color\"><strong>(Note 2)<\/strong>&nbsp;<\/mark><\/mark>Ces propositions s\u2019appuient sur l\u2019exp\u00e9rience acquise dans la recherche-action (dans le cadre de l\u2019INRDP)&nbsp;relat\u00e9e dans&nbsp;:&nbsp;<strong>Une voie communautaire<\/strong>&nbsp;(\u00e9d. Castermann 1978 ) \u2013&nbsp;<strong>Ecoles en rupture<\/strong>&nbsp;(\u00e9d. Syros &nbsp;1979) \u2013&nbsp;<strong>Vivre \u00e0 l\u2019\u00e9cole en citoyens&nbsp;<\/strong>(\u00e9d.Voies livres 1998),&nbsp;<strong>Ecole ouverte\/recherche-action\/soci\u00e9t\u00e9 \u00e9ducatrice<\/strong>&nbsp;(\u00e9d. AFL 2013)<\/p>\n\n\n\n<p class=\"wp-block-paragraph\">Lire sur notre site les articles de la page&nbsp;<strong><a href=\"https:\/\/education-bien-commun.fr\/recherche-action\/\">Recherche-action<\/a><\/strong>&nbsp;et de la page&nbsp;<strong><a href=\"https:\/\/education-bien-commun.fr\/autogestion\/\">Innovation.<\/a><\/strong><\/p>\n\n\n\n<p class=\"wp-block-paragraph\"><strong>(Note 3)<\/strong> Raymond Millot.&nbsp;<strong><a href=\"https:\/\/massot.com\/collections\/leducation-un-bien-commun\/\">L\u2019EDUCATION UN BIEN COMMUN&nbsp; (\u00e9d.Massot<\/a><\/strong>&nbsp;2021). Il se cl\u00f4ture par des pistes de r\u00e9flexion pour&nbsp;<strong>mettre en \u0153uvre une \u00e9cole plus juste, d\u00e9mocratique et solidaire<\/strong>&nbsp;en quelque sorte une \u00ab&nbsp;bifurcation&nbsp;\u00bbcomme celle qu\u2019ont souhait\u00e9&nbsp;en juin 2022,&nbsp;les \u00e9tudiants d\u2019AGRO PARIS TECH et leurs coll\u00e8gues des autres \u00ab&nbsp;Grandes Ecoles&nbsp;\u00bb \u00bb.<\/p>\n\n\n\n<p class=\"has-text-align-center wp-block-paragraph\">***<\/p>\n\n\n\n<p class=\"wp-block-paragraph\">Parce que l&rsquo;\u00e9ducation nous concerne tous, parce que la mise en place&nbsp;de&nbsp;la r\u00e9forme du lyc\u00e9e professionnel et&nbsp;de&nbsp;l&rsquo;\u00e9cole du pacte fragilisent encore davantage notre \u00e9cole, soyons nombreuses et nombreux \u00e0 partager nos exp\u00e9riences et \u00e0 d\u00e9fendre un vrai service public d&rsquo;\u00e9ducation.<\/p>\n\n\n\n<p class=\"wp-block-paragraph\">Le 11 mai 2023, ensemble, bifurquons ! A l&rsquo;acad\u00e9mie du Climat.<\/p>\n\n\n\n<p class=\"wp-block-paragraph\">Pour le groupe \u00e9ducation CNNR- St\u00e9phanie Sellem, Raymond Millot, Nadine Lanneau<br>Pour l&rsquo;Universit\u00e9 du Bien Commun, Jean Pascal Derumier<\/p>\n\n\n\n<p class=\"wp-block-paragraph\"><strong>Apr\u00e8s l&rsquo;Appel \u00e0 bifurquer dans l&rsquo;Education de 2022 : invitation pour r\u00e9fl\u00e9chir en vue d&rsquo;actions de bifurcations :<\/strong> <\/p>\n\n\n\n<figure class=\"wp-block-image size-large is-resized\"><img loading=\"lazy\" decoding=\"async\" width=\"1406\" height=\"1740\" src=\"https:\/\/education-bien-commun.fr\/wp-content\/uploads\/2023\/04\/capture-decran-2023-04-21-a-14.35.36-1.png?w=827\" alt=\"\" class=\"wp-image-7425\" srcset=\"https:\/\/education-bien-commun.fr\/wp-content\/uploads\/2023\/04\/capture-decran-2023-04-21-a-14.35.36-1.png 1406w, https:\/\/education-bien-commun.fr\/wp-content\/uploads\/2023\/04\/capture-decran-2023-04-21-a-14.35.36-1-242x300.png 242w, https:\/\/education-bien-commun.fr\/wp-content\/uploads\/2023\/04\/capture-decran-2023-04-21-a-14.35.36-1-827x1024.png 827w, https:\/\/education-bien-commun.fr\/wp-content\/uploads\/2023\/04\/capture-decran-2023-04-21-a-14.35.36-1-768x950.png 768w, https:\/\/education-bien-commun.fr\/wp-content\/uploads\/2023\/04\/capture-decran-2023-04-21-a-14.35.36-1-1241x1536.png 1241w\" sizes=\"auto, (max-width: 1406px) 100vw, 1406px\" \/><\/figure>\n\n\n<div class=\"wp-block-image\">\n<figure class=\"alignright\" id=\"block-af8d650e-e92d-4c8c-ab16-75996fa69769\"><a href=\"https:\/\/education-bien-commun.fr\/\"><img decoding=\"async\" src=\"https:\/\/education-bien-commun.fr\/wp-content\/uploads\/2023\/10\/retour.gif?w=155\" alt=\"Cette image a un attribut alt vide\u00a0; le nom du fichier est retour.gif\" \/><\/a><\/figure>\n<\/div>","protected":false},"excerpt":{"rendered":"<p>Le combat contre la r\u00e9forme des retraites montre une forte mobilisation&nbsp;de&nbsp;nos jeunes. Leurs appels, actions, revendications portent bien moins sur les retraites que sur l&#8217;emploi, le travail, les solidarit\u00e9s, la justice sociale, le d\u00e9sastre \u00e9cologique, bref un d\u00e9sir fort d&rsquo;un futur autre que celui qui leur est aujourd&rsquo;hui propos\u00e9. Les assembl\u00e9es g\u00e9n\u00e9rales, les ateliers&nbsp;de&nbsp;cr\u00e9ation politique,&hellip; <a class=\"more-link\" href=\"https:\/\/education-bien-commun.fr\/?page_id=6723\">Lire la suite <span class=\"screen-reader-text\">2022 : Bifurquer !<\/span><\/a><\/p>\n","protected":false},"author":3,"featured_media":0,"parent":0,"menu_order":0,"comment_status":"closed","ping_status":"closed","template":"","meta":{"footnotes":""},"class_list":["post-6723","page","type-page","status-publish","hentry"],"jetpack_sharing_enabled":true,"_links":{"self":[{"href":"https:\/\/education-bien-commun.fr\/index.php?rest_route=\/wp\/v2\/pages\/6723","targetHints":{"allow":["GET"]}}],"collection":[{"href":"https:\/\/education-bien-commun.fr\/index.php?rest_route=\/wp\/v2\/pages"}],"about":[{"href":"https:\/\/education-bien-commun.fr\/index.php?rest_route=\/wp\/v2\/types\/page"}],"author":[{"embeddable":true,"href":"https:\/\/education-bien-commun.fr\/index.php?rest_route=\/wp\/v2\/users\/3"}],"replies":[{"embeddable":true,"href":"https:\/\/education-bien-commun.fr\/index.php?rest_route=%2Fwp%2Fv2%2Fcomments&post=6723"}],"version-history":[{"count":0,"href":"https:\/\/education-bien-commun.fr\/index.php?rest_route=\/wp\/v2\/pages\/6723\/revisions"}],"wp:attachment":[{"href":"https:\/\/education-bien-commun.fr\/index.php?rest_route=%2Fwp%2Fv2%2Fmedia&parent=6723"}],"curies":[{"name":"wp","href":"https:\/\/api.w.org\/{rel}","templated":true}]}}