{"id":7055,"date":"2023-02-26T11:38:12","date_gmt":"2023-02-26T10:38:12","guid":{"rendered":"https:\/\/educationbiencommun.fr\/?page_id=7055"},"modified":"2023-02-26T11:38:12","modified_gmt":"2023-02-26T10:38:12","slug":"paradigme","status":"publish","type":"page","link":"https:\/\/education-bien-commun.fr\/?page_id=7055","title":{"rendered":"Paradigme"},"content":{"rendered":"\n<p class=\"has-text-align-center wp-block-paragraph\">***<\/p>\n\n\n\n<p class=\"wp-block-paragraph\">Plusieurs textes de Raymond Millot, qui pr\u00e9parent et annoncent la bifurcation de la soci\u00e9t\u00e9 \u00e0 plusieurs niveaux : articles, d\u00e9clarations, annonces, etc. et notre projet de bifurcation dans l\u2019Education. R\u00e9flexions au cours des mois de l\u2019ann\u00e9e 2023.<\/p>\n\n\n\n<p class=\"wp-block-paragraph\">En fait, gen\u00e8se de la pens\u00e9e de Raymond Millot et des r\u00e9flexions des membres de notre collectif Education bien commun.<\/p>\n\n\n\n<p class=\"wp-block-paragraph\">SOMMAIRE<\/p>\n\n\n\n<ol><li><a class=\"wp-block-table-of-contents__entry\" href=\"https:\/\/education-bien-commun.fr\/paradigme\/#mobilisation-generale-enfants-jeunes-compris\">Mobilisation g\u00e9n\u00e9rale&#8230; Enfants, jeunes, compris ?<\/a><\/li><li><a class=\"wp-block-table-of-contents__entry\" href=\"https:\/\/education-bien-commun.fr\/paradigme\/#convergences-emancipatrices\">Convergences \u00e9mancipatrices<\/a><ol><li><a class=\"wp-block-table-of-contents__entry\" href=\"https:\/\/education-bien-commun.fr\/paradigme\/#les-enfants-non-plus-d-ou-cette-autre-bifurcation\">Les enfants non plus,\u00a0d\u2019o\u00f9 cette autre\u00a0bifurcation<\/a><\/li><li><a class=\"wp-block-table-of-contents__entry\" href=\"https:\/\/education-bien-commun.fr\/paradigme\/#de-l-enfant-objet-a-l-enfant-sujet\">De l&rsquo;enfant-objet \u00e0 l&rsquo;enfant-sujet<\/a><\/li><li><a class=\"wp-block-table-of-contents__entry\" href=\"https:\/\/education-bien-commun.fr\/paradigme\/#analyse\">Analyse<\/a><ol><li><a class=\"wp-block-table-of-contents__entry\" href=\"https:\/\/education-bien-commun.fr\/paradigme\/#le-statut-des-enfants\">\u00a0LE STATUT DES ENFANTS<\/a><\/li><li><a class=\"wp-block-table-of-contents__entry\" href=\"https:\/\/education-bien-commun.fr\/paradigme\/#les-enseignant-e-s-et-leurs-contradictions\">LES ENSEIGNANT\u2022E\u2022S ET LEURS CONTRADICTIONS<\/a><\/li><\/ol><\/li><li><a class=\"wp-block-table-of-contents__entry\" href=\"https:\/\/education-bien-commun.fr\/paradigme\/#strategie\">Strat\u00e9gie<\/a><\/li><\/ol><\/li><li><a class=\"wp-block-table-of-contents__entry\" href=\"https:\/\/education-bien-commun.fr\/paradigme\/#bifurcation-du-systeme-educatif\">Bifurcation du syst\u00e8me \u00e9ducatif <\/a><\/li><li><a class=\"wp-block-table-of-contents__entry\" href=\"https:\/\/education-bien-commun.fr\/paradigme\/#premieres-etapes-d-une-longue-marche\">Premi\u00e8res \u00e9tapes d&rsquo;une longue marche<\/a><\/li><li><a class=\"wp-block-table-of-contents__entry\" href=\"https:\/\/education-bien-commun.fr\/paradigme\/#mars-2023-les-propositions-de-bifurcations-se-multiplient\">Mars 2023 : les propositions de bifurcations se multiplient<\/a><\/li><li><a class=\"wp-block-table-of-contents__entry\" href=\"https:\/\/education-bien-commun.fr\/paradigme\/#les-bifurcations-historiques\">Les bifurcations historiques<\/a><ol><li><a class=\"wp-block-table-of-contents__entry\" href=\"https:\/\/education-bien-commun.fr\/paradigme\/#et-la-bifurcation-de-l-education\">Et la bifurcation de l\u2019Education&#8230;<\/a><\/li><\/ol><\/li><li><a class=\"wp-block-table-of-contents__entry\" href=\"https:\/\/education-bien-commun.fr\/paradigme\/#pour-une-geopolitique-de-l-education\">Pour une g\u00e9opolitique de l\u2019\u00e9ducation<\/a><\/li><\/ol>\n\n\n\n<p class=\"has-text-align-center wp-block-paragraph\">***<\/p>\n\n\n\n<p class=\"wp-block-paragraph\">Juin 2023<\/p>\n\n\n\n<h2 class=\"wp-block-heading has-text-align-center\" id=\"mobilisation-generale-enfants-jeunes-compris\"><mark style=\"background-color:#ff6900\" class=\"has-inline-color\">Mobilisation g\u00e9n\u00e9rale&#8230; Enfants, jeunes, compris ?<\/mark><\/h2>\n\n\n\n<p class=\"wp-block-paragraph\">La mobilisation face aux changements climatiques va \u00eatre mat\u00e9riellement douloureuse. Il&nbsp; est cependant possible d\u2019en tirer profit en r\u00e9alisant des progr\u00e8s que l\u2019id\u00e9ologie&nbsp; dominante rendait jusqu\u2019ici irr\u00e9alisables.<\/p>\n\n\n\n<p class=\"wp-block-paragraph\"><strong>La jeunesse prend progressivement conscience qu\u2019elle est la premi\u00e8re concern\u00e9e par l\u2019avenir que nous lui l\u00e9guons. Ainsi&nbsp;:&nbsp;<\/strong><\/p>\n\n\n\n<p class=\"wp-block-paragraph\">\u2013 2018&nbsp;: Greta Thunberg faisait sourire.<\/p>\n\n\n\n<p class=\"wp-block-paragraph\">&nbsp;\u2013 2021&nbsp;: des dizaines de milliers de jeunes manifestaient \u00e0 la COP 26<\/p>\n\n\n\n<p class=\"wp-block-paragraph\">&nbsp;\u2013 2022&nbsp;: des \u00e9l\u00e8ves de nos \u00e9coles prestigieuses, refusant un avenir de privil\u00e9gi\u00e9s et&nbsp; appelaient \u00e0 \u00ab&nbsp;bifurquer&nbsp;\u00bb\u2026<\/p>\n\n\n\n<p class=\"wp-block-paragraph\">\u2013&nbsp; 2023&nbsp;: L\u00e9na Lazare initie \u00ab&nbsp;les soul\u00e8vements de la terre&nbsp;\u00bb qui ne font que commencer et sont d\u00e9j\u00e0 soutenus par de nombreuses personnalit\u00e9s.<\/p>\n\n\n\n<p class=\"wp-block-paragraph\">Ces jeunes sont de plus en plus disponibles \u00e0 l\u2019id\u00e9e que la coop\u00e9ration est pr\u00e9f\u00e9rable \u00e0 la comp\u00e9tition. Ils sont attentifs aux travaux du GIEC qui \u00e0 son tour appelle \u00e0 la bifurcation et se pr\u00e9occupe du d\u00e9clin de la biodiversit\u00e9. Ils admettent comme une \u00e9vidence que la terre, les plantes, animaux&nbsp; ne sont pas des objets au service de l\u2019esp\u00e8ce humaine, mais des sujets qu\u2019on doit conna\u00eetre et respecter.<\/p>\n\n\n\n<p class=\"wp-block-paragraph\">Dans cet esprit,&nbsp; ils sont pr\u00eats \u00e0 entendre les p\u00e9dagogues qui consid\u00e8rent les \u00ab&nbsp;\u00e9l\u00e8ves&nbsp;\u00bb comme des sujets et d\u00e9noncent un syst\u00e8me \u00e9ducatif qui les formate comme des objets, qui&nbsp; les \u00e9value en permanence, les soumet \u00e0 des programmes, les s\u00e9lectionne par des examens sans souci du bon usage de leur potentiel.<\/p>\n\n\n\n<p class=\"wp-block-paragraph\">Les adolescent\u2022e\u2022s ne sont pas encore en mesure de r\u00e9cuser objectivement le statut d\u2019objets que leur assigne le&nbsp; coll\u00e8ge&nbsp; comme peuvent le faire les lyc\u00e9en\u2022ne\u2022s.&nbsp; Les enfants de l\u2019\u00e9cole primaire ne peuvent que subir ce statut. Les un\u2022e\u2022s et les autres&nbsp; sont n\u00e9anmoins sensibles aux informations sur le climat qui souvent les angoissent et donnent envie de fuir par divers moyens plus ou moins dangereux.<\/p>\n\n\n\n<p class=\"wp-block-paragraph\"><strong>La bifurcation du syst\u00e8me \u00e9ducatif que nous pr\u00e9conisons peut les pr\u00e9server du d\u00e9sespoir.<\/strong><\/p>\n\n\n\n<p class=\"wp-block-paragraph\"><strong>Il s\u2019agit non pas&nbsp; d\u2019inscrire les probl\u00e8mes climatiques dans de nouveaux programmes mais d\u2019associer les enfants aux actions entreprises dans leur environnement<\/strong>, les professeur\u2022e\u2022s ayant la charge de les encadrer et d\u2019adapter leurs enseignements aux questions soulev\u00e9es comme aux modalit\u00e9s de l\u2019action.<\/p>\n\n\n\n<p class=\"wp-block-paragraph\">A tous niveaux les apprentissages fondamentaux et les savoirs transmis prendront du sens. Les enfants passeront de l\u2019\u00e9tat d\u2019objets qu\u2019on forme pour s\u2019ins\u00e9rer dans une soci\u00e9t\u00e9 soucieuse de d\u00e9velopper la consommation et le PIB,&nbsp; \u00e0 l\u2019\u00e9tat de sujets qu\u2019on aide \u00e0 d\u00e9crypter le monde.<\/p>\n\n\n\n<p class=\"wp-block-paragraph\">Devenant acteurs dans la mobilisation qui s\u2019impose, les enfants feront \u00e9voluer leur statut et reculer leur peur.<\/p>\n\n\n\n<p class=\"has-text-align-right wp-block-paragraph\">&nbsp;&nbsp;&nbsp;&nbsp;&nbsp;&nbsp;&nbsp;&nbsp;&nbsp;&nbsp;&nbsp;&nbsp;&nbsp;&nbsp;&nbsp;&nbsp;&nbsp;&nbsp;&nbsp;&nbsp;&nbsp;&nbsp;&nbsp;&nbsp;&nbsp;&nbsp;&nbsp;&nbsp;&nbsp;&nbsp;&nbsp;&nbsp;&nbsp;&nbsp;&nbsp;&nbsp;&nbsp;&nbsp;&nbsp;&nbsp;&nbsp;&nbsp;&nbsp;&nbsp;&nbsp;&nbsp;&nbsp;&nbsp;&nbsp;&nbsp;&nbsp;&nbsp;&nbsp;&nbsp;&nbsp;&nbsp;&nbsp;&nbsp;&nbsp; &nbsp;&nbsp;&nbsp;&nbsp;&nbsp;&nbsp;&nbsp;&nbsp;&nbsp;Raymond Millot, juin 2023<\/p>\n\n\n\n<p class=\"wp-block-paragraph\">N.B. A la fin d\u2019un article provoqu\u00e9 par la folie meurtri\u00e8re d\u2019Annecy (Le Monde \u2013L\u2019Epoque 25 juin) la psychanalyste Claude Halmos &nbsp;pose cette question&nbsp;:<strong><\/strong><\/p>\n\n\n\n<p class=\"has-text-align-center wp-block-paragraph\"><strong>&nbsp;&nbsp;&nbsp;&nbsp;&nbsp;&nbsp;&nbsp;&nbsp;&nbsp;&nbsp;&nbsp; <em>POURQUOI CERTAINS PROFESSIONNELS PRECONISENT-ILS<\/em><\/strong><\/p>\n\n\n\n<p class=\"has-text-align-center wp-block-paragraph\"><strong><em>&nbsp;&nbsp;&nbsp;&nbsp;&nbsp;&nbsp;&nbsp;&nbsp;&nbsp;&nbsp;&nbsp;&nbsp;&nbsp;&nbsp;&nbsp;&nbsp;&nbsp;&nbsp;&nbsp;&nbsp;&nbsp;&nbsp;&nbsp;&nbsp;&nbsp;&nbsp;&nbsp;&nbsp;&nbsp;&nbsp;&nbsp; DE NE NE PAS INFORMER LES ENFANTS&nbsp;?<\/em><\/strong><\/p>\n\n\n\n<p class=\"wp-block-paragraph\">&nbsp;Elle y r\u00e9pond&nbsp; d\u2019une mani\u00e8re qui conforte notre proposition&nbsp;:<\/p>\n\n\n\n<p class=\"wp-block-paragraph\">\u00ab&nbsp;<em><strong>La question de l\u2019information de l\u2019enfant<\/strong>&nbsp;pose celle \u2013 essentielle \u2013 du&nbsp;<strong>statut que l\u2019on donne \u00e0&nbsp;l\u2019enfant.<\/strong>&nbsp;Si l\u2019on pense que, bien qu\u2019\u00e9tant&nbsp;<strong>un \u00eatre en construction<\/strong>, il est&nbsp;<strong>une personne \u00e0 part enti\u00e8re<\/strong>, dot\u00e9e d\u2019un fonctionnement psychique aussi complexe que celui de l\u2019adulte&nbsp;; et si l\u2019on con\u00e7oit l\u2019\u00e9ducation comme un temps, pour lui, d\u2019apprentissage de la vie et du monde (comme en \u00ab&nbsp;conduite accompagn\u00e9e&nbsp;\u00bb), alors&nbsp;<strong>il faut l\u2019informer.<\/strong><\/em><\/p>\n\n\n\n<p class=\"wp-block-paragraph\"><em>Si on ne le voit pas comme un \u00eatre \u00e0 part enti\u00e8re, on peut, sous couvert de le prot\u00e9ger, se&nbsp;dispenser de le faire. Et il y a deux fa\u00e7ons de consid\u00e9rer l\u2019enfant de cette mani\u00e8re&nbsp;: celle d\u2019autrefois (\u00ab&nbsp;Tais-toi&nbsp;! Tu parleras quand tu seras grand&nbsp;!&nbsp;\u00bb). Et la fa\u00e7on actuelle, pr\u00e9tendument \u00ab&nbsp;positive&nbsp;\u00bb et \u00ab&nbsp;bienveillante&nbsp;\u00bb, qui consiste \u00e0 faire de lui un petit objet f\u00e9tichis\u00e9 qu\u2019il faudrait faire vivre, \u00ab&nbsp;pour son bien&nbsp;\u00bb, loin de la r\u00e9alit\u00e9, dans une cage dor\u00e9e.<\/em><\/p>\n\n\n\n<p class=\"wp-block-paragraph\"><strong><em>Il serait important que les parents y r\u00e9fl\u00e9chissent<\/em><\/strong><em>\u00bb<\/em>.<\/p>\n\n\n\n<p class=\"has-text-align-center wp-block-paragraph\">***<\/p>\n\n\n\n<p class=\"wp-block-paragraph\">Mai 2023<\/p>\n\n\n\n<h2 class=\"wp-block-heading has-text-align-center\" id=\"convergences-emancipatrices\"><mark style=\"background-color:#ff6900\" class=\"has-inline-color\">Convergences \u00e9mancipatrices<\/mark><\/h2>\n\n\n\n<p class=\"wp-block-paragraph\">Didier Eribon (Lib\u00e9ration 9 mai 2023)&nbsp;: \u00ab&nbsp;<strong>Simone de Beauvoir<\/strong>&nbsp;dans&nbsp;<strong>Le Deuxi\u00e8me sexe<\/strong>&nbsp;en 1949 se demandait&nbsp;: \u00ab&nbsp;Pourquoi&nbsp; les femmes ne disent-elles pas \u00ab&nbsp;<strong>nous<\/strong>\u00ab&nbsp;, alors que les ouvriers disent&nbsp;<strong>\u2018nous\u2019<\/strong>&nbsp;que les noirs aux Etats-Unis disent&nbsp;<strong>\u00ab&nbsp;nous &nbsp;\u00bb&nbsp;<\/strong>? Quand elle pr\u00e9sente son livre sur les \u00ab&nbsp;vieillards&nbsp;\u00bb, elle dit d\u2019entr\u00e9e de jeu&nbsp; qu\u2019elle veut \u00ab&nbsp;faire entendre leur voix&nbsp;\u00bb, ent\u00e9rinant le fait qu\u2019ils ne peuvent pas dire&nbsp;<strong>\u00ab&nbsp;nous&nbsp;\u2026<\/strong>&nbsp;\u00bb<\/p>\n\n\n\n<h3 class=\"wp-block-heading has-text-align-center\" id=\"les-enfants-non-plus-d-ou-cette-autre-bifurcation\"><strong>Les enfants non plus<\/strong>,&nbsp;d\u2019o\u00f9 cette autre&nbsp;<mark style=\"background-color:#ffffff\" class=\"has-inline-color\">bifurcation<\/mark><\/h3>\n\n\n\n<p class=\"wp-block-paragraph\"><em>L\u2019actualit\u00e9 est telle que \u00ab&nbsp;le jour d\u2019apr\u00e8s&nbsp;\u00bb qui nous a initialement mobilis\u00e9s (cf&nbsp;<strong>l\u2019appel&nbsp;de 2020)<\/strong>&nbsp;para\u00eet lointain. Les retraites, l\u2019arrogance du pouvoir et ses casseroles, la guerre\u2026 nous incitent \u00e0 r\u00e9fl\u00e9chir \u00ab&nbsp;en m\u00eame temps&nbsp;\u00bb sur l\u2019\u00e9ducation au pr\u00e9sent, face \u00e0 l\u2019\u00e9tat inqui\u00e9tant des enfants et adolescents. Une \u00ab&nbsp;bifurcation&nbsp;\u00bb dans l\u2019esprit de celle du 11 mai 2022 exig\u00e9e par les \u00e9tudiants d\u2019Agro Paris Tech devrait s\u2019imposer. Le texte suivant en explore une des voies souhaitables.&nbsp;<\/em><\/p>\n\n\n\n<h3 class=\"wp-block-heading has-text-align-center\" id=\"de-l-enfant-objet-a-l-enfant-sujet\"><mark style=\"background-color:#ffffff\" class=\"has-inline-color\">De l&rsquo;enfant-objet \u00e0 l&rsquo;enfant-sujet<\/mark><\/h3>\n\n\n\n<p class=\"wp-block-paragraph\"><strong>\u00ab&nbsp;Me Too&nbsp;\u00bb (octobre 2017) a port\u00e9 un coup d\u00e9cisif \u00e0 la domination masculine qui, selon l\u2019anthropologue Fran\u00e7oise H\u00e9ritier est universelle et remonte \u00e0 la pr\u00e9histoire.<\/strong><\/p>\n\n\n\n<p class=\"wp-block-paragraph\">En octobre 2022, Lib\u00e9ration c\u00e9l\u00e8bre cet anniversaire&nbsp;: \u00ab&nbsp;<em>Le mouvement #Me Too a rendu possible quelque chose qui semblait inimaginable il y a quelques ann\u00e9es&nbsp;:&nbsp;<strong>entendre les femmes.&nbsp;<\/strong>Une \u00ab&nbsp;lib\u00e9ration de la parole&nbsp;\u00bb mais surtout de l\u2019\u00e9coute qui n\u2019emp\u00eache pas certains discours sexistes de persister&nbsp;\u00bb et \u00e9voque Annie Ernaux : \u00ab&nbsp;qui \u00e9crit ce qu\u2019elle devrait taire et qui, l\u2019\u00e9crivant permet \u00e0 celles qui suivront de&nbsp;<strong>ne plus avoir \u00e0 se taire&nbsp;<\/strong><\/em>\u00bb (Lib\u00e9ration 12-10-22).<\/p>\n\n\n\n<p class=\"wp-block-paragraph\"><strong>Cette longue marche \u00e9mancipatrice a \u00e9t\u00e9 rendue possible parce que les femmes ont su enfin \u00abse faire entendre\u00bb.<\/strong><\/p>\n\n\n\n<blockquote class=\"wp-block-quote has-text-align-left is-layout-flow wp-block-quote-is-layout-flow\">\n<figure class=\"wp-block-table\"><table><tbody><tr><td>Il importe aujourd\u2019hui de r\u00e9fl\u00e9chir au fait&nbsp;<strong>qu\u2019aucun mouvement \u00ab&nbsp;Me Too&nbsp;\u00bb ne permettra aux enfants de \u00ab&nbsp;se faire entendre\u00bb,<\/strong>&nbsp;<strong>et que cette \u00e9vidence nous fait le devoir<\/strong>, sinon de parler pour eux, du moins de r\u00e9unir les preuves que leurs souffrances sont encore plus nombreuses et odieuses que celles des femmes. C\u2019est un pr\u00e9alable pour que la bifurcation qui les concerne soit envisag\u00e9e sous tous ses aspects. &nbsp;<\/td><\/tr><\/tbody><\/table><\/figure>\n\n\n\n<p class=\"wp-block-paragraph\">Toute personne qui accepte d\u2019envisager cet objectif sait, ou peut admettre qu\u2019il n\u2019y a l\u00e0&nbsp;<strong>aucune exag\u00e9ration&nbsp;<\/strong>en prenant connaissance des quelques constats rassembl\u00e9s sur le sujet.&nbsp; <mark style=\"background-color:rgba(0, 0, 0, 0)\" class=\"has-inline-color has-luminous-vivid-orange-color\"><strong>(1)<\/strong><\/mark><\/p>\n\n\n\n<p class=\"has-text-align-center wp-block-paragraph\">_____________________<\/p>\n<cite>Poursuivant le travail entrepris sur le sujet \u00abEDUCATION, BIEN COMMUN\u00bb (\u00e9ditions Massot), nous entendons affirmer que&nbsp;<strong>notre syst\u00e8me scolaire est aussi un lieu de souffrances<\/strong>&nbsp;et bousculer la bien-pensance des \u00ab<em>d\u00e9fenseurs<\/em>\u00bb de l\u2019\u00e9cole \u00ab<em>qui s\u2019expriment dans les journaux et qui ont en commun d\u2019avoir tir\u00e9 profit du jeu scolaire<\/em>\u00bb. <mark style=\"background-color:rgba(0, 0, 0, 0)\" class=\"has-inline-color has-luminous-vivid-orange-color\"><strong>(2)<\/strong><\/mark><br>Nous avons pu \u00e9crire (27 mars 2023)&nbsp;: \u00abLes raisons de bifurquer deviennent chaque jour plus \u00e9videntes.&nbsp;<strong>Harc\u00e8lement, d\u00e9crochage,&nbsp; phobie scolaire, d\u00e9t\u00e9rioration de la sant\u00e9 mentale des enfants et des adolescents<\/strong>, sont mis en \u00e9vidence dans les journaux,&nbsp; \u00e0 la t\u00e9l\u00e9\u00bb, mais nous appelons \u00e0 sortir de la rubrique \u00abfaits divers\u00bb et \u00e0 aller \u00e0&nbsp;<strong>la racine<\/strong>&nbsp;du probl\u00e8me qui concerne aussi bien les travailleurs, les femmes, les enfants,&nbsp;<strong>les \u00ab&nbsp;domin\u00e9s<\/strong>&nbsp;\u00bb. A la racine, il y a \u00e9videmment le patriarcat, mais nous essaierons seulement de poser ici&nbsp;<strong>la question du statut&nbsp;<\/strong>qu\u2019on leur accorde<strong>, et les bases d\u2019une action qui devrait s\u2019imposer tout autant que \u00ab&nbsp;Me Too&nbsp;\u00bb.<\/strong><br><strong><br>STATUTS<\/strong><br><br><strong>LES TRAVAILLEURS<\/strong><br>Dans la soci\u00e9t\u00e9 industrielle, naissante, Marx pouvait d\u00e9finir le&nbsp;<em>prol\u00e9taire<\/em>&nbsp;comme un&nbsp;<em>travailleur<\/em>&nbsp;\u00ab<em>qui, n\u2019ayant ni capital ni rente fonci\u00e8re, vit uniquement de son travail, d\u2019un travail abstrait et monotone<\/em>\u00bb.&nbsp;<strong>Le prol\u00e9taire est un objet<\/strong>&nbsp;dont on dispose comme une machine.&nbsp;<mark style=\"background-color:rgba(0, 0, 0, 0)\" class=\"has-inline-color has-luminous-vivid-orange-color\"><strong>(3)<\/strong><\/mark> Cette soci\u00e9t\u00e9 s\u2019est complexifi\u00e9e mais le nombre de personnes qui vendent leur force de travail et ex\u00e9cutent des t\u00e2ches sans int\u00e9r\u00eat est tout aussi grand. Cette complexification rend&nbsp;<strong>le projet \u00e9mancipateur<\/strong>&nbsp;lui aussi plus complexe.<\/cite><\/blockquote>\n\n\n\n<p class=\"wp-block-paragraph\"><strong>LA FEMME<\/strong><\/p>\n\n\n\n<p class=\"wp-block-paragraph\">Le&nbsp;<strong>statut d\u2019objet&nbsp;<\/strong>a une place majeure dans&nbsp;<strong>la lutte \u00e9mancipatrice des femmes<\/strong>&nbsp;qui d\u00e9noncent ce fait imm\u00e9morial&nbsp; et qui combattent les ali\u00e9nations qui les accablent et revendiquent un<strong>&nbsp;statut de sujet<\/strong>.<\/p>\n\n\n\n<p class=\"wp-block-paragraph\"><strong>LES ENFANTS<\/strong><\/p>\n\n\n\n<p class=\"wp-block-paragraph\">Les travailleurs et les femmes luttent pour<strong>&nbsp;leur \u00e9mancipation.&nbsp;<\/strong>Les enfants, mis \u00e0 part les plus grands, ne sont pas en mesure ne serait-ce que&nbsp;<strong>d\u2019analyser le probl\u00e8me<\/strong>. C\u2019est donc notre devoir d\u2019entreprendre cette analyse et d\u2019envisager les voies de leur \u00e9mancipation dont l\u2019institution parle abusivement, depuis&nbsp;<strong>Jules Ferry<\/strong>, en r\u00e9duisant cet objectif \u00e0 la transmission de savoirs\u2026 ce dont on peut discuter&nbsp;!<\/p>\n\n\n\n<p class=\"wp-block-paragraph\">Nous verrons que les jeunes adultes, ceux du \u00ab&nbsp;93&nbsp;\u00bb (Lyc\u00e9e Le Corbusier -Seine Saint-Denis en 2016) et ceux sortis des Grandes Ecoles qui ont exprim\u00e9 leur volont\u00e9 de \u00ab&nbsp;BIFURQUER&nbsp;\u00bb peuvent nous y aider.<\/p>\n\n\n\n<p class=\"has-text-align-center wp-block-paragraph\">_____________________<\/p>\n\n\n\n<h3 class=\"wp-block-heading has-text-align-center\" id=\"analyse\">Analyse<\/h3>\n\n\n\n<p class=\"wp-block-paragraph\">Dans la sph\u00e8re&nbsp;<strong>familiale<\/strong>, ce&nbsp;<strong>statut d\u2019objet est \u00e9vident<\/strong>, non seulement dans les actes criminels d\u00e9nonc\u00e9s par l\u2019INED,&nbsp; mais aussi dans le&nbsp;<strong>formatage<\/strong>&nbsp;\u00e9ducatif, la transmission des \u00ab&nbsp;valeurs&nbsp;\u00bb (traditions, religion, \u00ab&nbsp;r\u00e9cits&nbsp;\u00bb historiques, etc.). Les parents sont de plus en plus nombreux \u00e0 prendre conscience de la r\u00e9alit\u00e9 volontaire ou insidieuse de ce probl\u00e8me. Ils constatent aussi qu\u2019il est difficile de s\u2019en d\u00e9gager. Des sociologues pourraient d\u00e9crire comment le&nbsp;<strong>statut de sujet&nbsp;<\/strong>s\u2019impose progressivement. La&nbsp;<strong>&nbsp;bifurcation objet\/sujet<\/strong>&nbsp;suit son cours<strong>&nbsp;&nbsp;<\/strong>dans notre soci\u00e9t\u00e9<strong>.&nbsp;<\/strong>Elle peut sembler irr\u00e9versible mais les syst\u00e8mes totalitaires peuvent engendrer des r\u00e9gressions comme dans la Russie de Poutine.&nbsp; <strong><mark style=\"background-color:rgba(0, 0, 0, 0)\" class=\"has-inline-color has-luminous-vivid-orange-color\">(4)<\/mark><\/strong><\/p>\n\n\n\n<p class=\"wp-block-paragraph\">Dans le syst\u00e8me&nbsp;<strong>scolaire public,&nbsp;<\/strong>&nbsp;qui fait l\u2019objet de notre r\u00e9flexion, nous appelons&nbsp; \u00e0 r\u00e9fl\u00e9chir aux faits suivants concernant&nbsp;:<\/p>\n\n\n\n<h4 class=\"wp-block-heading\" id=\"le-statut-des-enfants\"><strong>&nbsp;LE STATUT DES ENFANTS<\/strong><\/h4>\n\n\n\n<p class=\"wp-block-paragraph\">\u2013 \u00e0&nbsp;<strong>l\u2019\u00e9cole maternelle<\/strong>, alors que le pouvoir actuel cherche \u00e0 en faire la prop\u00e9deutique de l\u2019\u00e9cole primaire, par des \u00e9valuations h\u00e2tives, les enfants sont&nbsp;<strong>tr\u00e8s majoritairement trait\u00e9s comme des<\/strong>&nbsp;<strong>sujets,<\/strong>&nbsp;tout autant et probablement mieux que dans la moyenne des familles.<\/p>\n\n\n\n<p class=\"wp-block-paragraph\">I<strong>l<\/strong>s peuvent se d\u00e9placer librement, jouer, exister en&nbsp;<strong>sujets&nbsp;<\/strong>de leurs cr\u00e9ations inventives. Ils sont invit\u00e9s \u00e0 d\u00e9couvrir et respecter les diff\u00e9rences (sexe, couleur, \u00e2ge, comportements). Ils se socialisent, apprennent \u00e0 coop\u00e9rer et y sont encourag\u00e9s et accompagn\u00e9s par des adultes bienveillants. Le processus \u00ab<strong>d\u2019auto-socio-construction<\/strong>\u00bb est objectivement en cours (plus ou moins clairement th\u00e9oris\u00e9).<\/p>\n\n\n\n<p class=\"wp-block-paragraph\"><strong>\u2013 \u00e0 6 ans,<\/strong>&nbsp;ils se trouvent soudain enferm\u00e9s dans la salle du \u00ab<strong>cours pr\u00e9paratoire<\/strong>\u00bb, contraints \u00e0 des apprentissages dont ils ne comprennent pas pr\u00e9cis\u00e9ment l\u2019int\u00e9r\u00eat et la n\u00e9cessit\u00e9. Apprentissages qui laissent peu de place au respect du rythme de chaque enfant, et dont la fonctionnalit\u00e9 est tr\u00e8s r\u00e9duite, peu perceptible (sinon la fonction&nbsp;: satisfaire la ma\u00eetresse ou le ma\u00eetre, les parents). Les enseignant\u2022e\u2022s peuvent s\u2019efforcer d\u2019en ouvrir le champ culturel, mais la r\u00e9gression actuelle rend cette attitude presqu\u2019impossible parce qu\u2019il faut&nbsp;<strong>suivre le programme et sa temporalit\u00e9. Les enfants&nbsp;<\/strong>deviennent objectivement<strong>&nbsp;des objets&nbsp;<\/strong>dont les \u00e9tapes de formatage sont suivies attentivement&nbsp;:&nbsp;<strong>les \u00e9valuations<\/strong>&nbsp;se multiplient et l\u2019on accorde \u00e0 celle \u00ab&nbsp;du milieu d\u2019ann\u00e9e&nbsp;\u00bb une possibilit\u00e9 pr\u00e9dictive de r\u00e9ussite ult\u00e9rieure ou d\u2019\u00e9chec.<\/p>\n\n\n\n<p class=\"wp-block-paragraph\"><strong>Les parents&nbsp;<\/strong>acceptent ce changement, ils savent qu\u2019un retard pris&nbsp;<strong>\u00e0 6 ans et demi<\/strong>&nbsp;risque de co\u00fbter tr\u00e8s cher au cours du processus de s\u00e9lection. Il leur semble normal de dire \u00ab&nbsp;<em>maintenant tu es grand, tu vas \u00e0&nbsp;<strong>la &nbsp;grande \u00e9cole<\/strong><\/em>&nbsp;\u00bb, sous-entendu, il est temps que tu d\u00e9couvres la dure contrainte du travail.&nbsp;<strong>L\u2019enfant peut en \u00eatre fier, se r\u00e9signer ou en souffrir<\/strong>.<\/p>\n\n\n\n<p class=\"wp-block-paragraph\">Il est possible de comparer cette attitude \u00ab&nbsp;r\u00e9aliste&nbsp;\u00bb avec un rite d\u2019initiation\u2026<\/p>\n\n\n\n<p class=\"wp-block-paragraph\">\u2013 d<strong>e 6 \u00e0 17ans, le formatage se poursuit<\/strong>, les enseignants en sont charg\u00e9s sans trop le mettre en cause.<\/p>\n\n\n\n<p class=\"wp-block-paragraph\">\u2013&nbsp;<strong>A&nbsp;18 ans,&nbsp;<\/strong>apr\u00e8s le bac, ils pourront plus facilement s\u2019affirmer&nbsp;en tant que sujets&nbsp;<strong>mais le long<\/strong>&nbsp;<strong>formatage qu\u2019ils ont subi \u00e0 partir de leur sixi\u00e8me ann\u00e9e aura laiss\u00e9 des traces\u2026<\/strong>&nbsp;&nbsp;<\/p>\n\n\n\n<h4 class=\"wp-block-heading\" id=\"les-enseignant-e-s-et-leurs-contradictions\"><strong>LES ENSEIGNANT\u2022E\u2022S ET LEURS CONTRADICTIONS<\/strong><\/h4>\n\n\n\n<p class=\"wp-block-paragraph\">Celles et ceux qui se consid\u00e8rent enseignants&nbsp;<strong>et<\/strong>&nbsp;<strong>\u00e9ducateurs<\/strong>&nbsp;s\u2019efforcent&nbsp;<strong>de respecter<\/strong>&nbsp;leurs \u00e9l\u00e8ves en tant que&nbsp;<strong>sujets,&nbsp;<\/strong>individus et \u00eatres sociaux\u2026 mais ils doivent avant tout respecter les programmes pour qui les \u00e9l\u00e8ves sont&nbsp;<strong>des objets<\/strong>&nbsp;\u00e0 formater, \u00e0 \u00e9valuer, \u00e0 s\u00e9lectionner, principalement en p<strong>r\u00e9vision de leur insertion dans la hi\u00e9rarchie \u00e9conomique<\/strong>.<\/p>\n\n\n\n<p class=\"wp-block-paragraph\">Les&nbsp; adeptes des diverses formes d<strong>\u2019Education Nouvelle<\/strong>, sont donc dans l\u2019obligation de g\u00e9rer&nbsp; l\u2019antagonisme&nbsp;<strong>objet\/sujet<\/strong>&nbsp;et se trouvent dans une contradiction douloureuse. Ils s\u2019efforcent de donner du sens aux obligations qu\u2019ils subissent, tout autant que les enfants\u2026Contradiction permanente d\u2019autant plus dure \u00e0 supporter qu\u2019ils sont&nbsp;&nbsp;<strong>tr\u00e8s rarement majoritaires<\/strong>&nbsp;dans leur \u00e9tablissement&nbsp;!<\/p>\n\n\n\n<p class=\"wp-block-paragraph\">Ils ne cessent d\u2019esp\u00e9rer qu\u2019un changement politique puisse, un jour,&nbsp; <strong><mark style=\"background-color:rgba(0, 0, 0, 0)\" class=\"has-inline-color has-luminous-vivid-orange-color\">(5)<\/mark><\/strong>, faire prosp\u00e9rer le fruit de leurs recherches et parfois militent politiquement \u00e0 cet effet. Ils ne peuvent que constater, comme nous le faisons ici, que&nbsp;<strong>les organisations politiques<\/strong>&nbsp;\u00e9voquent volontiers le concept&nbsp;<strong>\u00e9ducation<\/strong>&nbsp;mais se gardent de d\u00e9noncer le r\u00f4le du syst\u00e8me scolaire dans la reproduction sociale comme a os\u00e9 le faire le sociologue Pierre Bourdieu.<\/p>\n\n\n\n<p class=\"wp-block-paragraph\">Il est possible de faire une&nbsp;<strong>hypoth\u00e8se<\/strong>&nbsp;: la cause de cette difficult\u00e9 r\u00e9currente pourrait se trouver dans l\u2019attachement \u00e0 l\u2019id\u00e9e ancestrale de&nbsp;<strong>transmission\u2026&nbsp;<\/strong>La<strong>&nbsp;gauche&nbsp;&nbsp;<\/strong>tout autant que la droite, les croyants de toutes religions, les parents, souhaitent transmettre leurs&nbsp;<strong>\u00ab&nbsp;valeurs&nbsp;\u00bb<\/strong>.<\/p>\n\n\n\n<p class=\"wp-block-paragraph\">\u2026Et une<strong>\u00a0objection<\/strong>\u00a0: pourquoi\u00a0<strong>la Finlande<\/strong>\u00a0est-elle capable d\u2019apporter des r\u00e9ponses audacieuses, \u00e9volutives et satisfaisantes alors que les Finlandais vivent dans un syst\u00e8me politique comparable au n\u00f4tre et sont sans doute, tout autant que les Fran\u00e7ais, attach\u00e9s \u00e0 leurs \u00ab\u00a0<strong>valeurs<\/strong>\u00a0\u00bb\u00a0?<\/p>\n\n\n\n<ul class=\"wp-block-list\">\n<li><strong>Les \u00e9coliers<\/strong>&nbsp;ne sont pas en mesure de s\u2019exprimer, avec les mots justes sur leur v\u00e9cu scolaire. Nous venons de donner un coup de projecteur (de la maternelle \u00e0 la classe terminale du lyc\u00e9e) qui risque de bousculer\u2026 Le chantier de l\u2019analyse est ainsi ouvert.<\/li>\n\n\n\n<li><strong>Les coll\u00e9giens<\/strong>&nbsp; sont en \u00e2ge de pouvoir d\u00e9crire leurs malaises, constater des incoh\u00e9rences du syst\u00e8me,&nbsp; formuler un avis sur les mati\u00e8res, affirmer leur manque d\u2019int\u00e9r\u00eat, appr\u00e9cier la p\u00e9dagogie, et mieux encore analyser les rapports entre \u00e9l\u00e8ves, mais ne sont pas en mesure de th\u00e9oriser.&nbsp;<strong>Les professeurs<\/strong>&nbsp;pourraient les y aider si un temps \u00e9tait imparti \u00e0 cet effet. Ils pourraient \u00eatre au moins invit\u00e9s \u00e0&nbsp;<strong>rassembler leurs constats syst\u00e9matiquement<\/strong>.<\/li>\n<\/ul>\n\n\n\n<p class=\"wp-block-paragraph\">Il faut des \u00e9v\u00e8nements, suicides, harc\u00e8lements, phobie scolaire pour que les medias enqu\u00eatent.&nbsp;<strong>Lib\u00e9ration<\/strong>&nbsp;(18 mars) donne la parole \u00e0 4 enfants dont celui gla\u00e7ant d\u2019une coll\u00e9gienne qui a subi des horreurs dans l\u2019indiff\u00e9rence de l\u2019institution. La sociologue Margot D\u00e9age, autrice de \u00ab&nbsp;A L\u2019ECOLE DES MAUVAISES REPUTATIONS&nbsp;\u00bb constate que&nbsp;\u00ab&nbsp;<em>l\u2019insensibilit\u00e9 est forte au coll\u00e8ge o\u00f9 l\u2019empathie n\u2019est pas la bienvenue&nbsp;\u00bb o\u00f9 \u00ab&nbsp;la d\u00e9rision prime&nbsp;<\/em>\u00bb. \u00ab&nbsp;<em>En public, les \u00e9l\u00e8ves affirment qu\u2019ils vont bien mais quand on discute seul \u00e0 seul, beaucoup confient ne pas pouvoir \u00eatre eux-m\u00eames&nbsp;ni exprimer certaines \u00e9motions comme la tristesse&nbsp;<\/em>\u00bb.<\/p>\n\n\n\n<p class=\"wp-block-paragraph\">Le statut de sujets n\u2019\u00e9tant que tr\u00e8s partiellement attribu\u00e9 aux coll\u00e9giens, ceux-ci l\u2019affirment de mani\u00e8re plus ou moins insolente, bruyante, intempestive. Les parents peuvent constater \u00e0 la t\u00e9l\u00e9vision cette r\u00e9alit\u00e9 (fauss\u00e9e par la pr\u00e9sence de la cam\u00e9ra) qui signe&nbsp;<strong>la fin d\u2019un syst\u00e8me bas\u00e9 sur l\u2019autorit\u00e9<\/strong>. Il faut souvent semble-t-il, un quart d\u2019heure pour commencer les cours\u2026 et le chahut, la poursuite des conflits, la d\u00e9rision, les impertinences, semblent s\u2019imposer in\u00e9vitablement. Une mesure qui ne r\u00e9sout pas&nbsp; le probl\u00e8me mais qui en att\u00e9nue les dommages en termes d\u2019enseignement, des cours passant de 50 \u00e0 90 minutes&nbsp; a&nbsp; \u00e9t\u00e9 exp\u00e9riment\u00e9e.<\/p>\n\n\n\n<ul class=\"wp-block-list\">\n<li><strong>Les lyc\u00e9ens<\/strong>, devenus de jeunes adultes, sont en mesure d\u2019analyser lucidement leur pass\u00e9 scolaire.&nbsp;<strong>L\u2019exemple le plus \u00e9difiant<\/strong>&nbsp;a \u00e9t\u00e9 recueilli par le CESE (Conseil Economique Social et Environnemental) en 2016.&nbsp; Des \u00e9l\u00e8ves,&nbsp;le Proviseur et plusieurs professeurs du lyc\u00e9e Le Corbusier d\u2019Aubervilliers \u00e9taient appel\u00e9s \u00e0 t\u00e9moigner. Ce t\u00e9moignage a \u00e9t\u00e9 rendu possible gr\u00e2ce \u00e0&nbsp; une innovation auxquelles les \u00e9l\u00e8ves rendent eux-m\u00eames hommage (classes \u00e0 effectifs r\u00e9duits). Voir la page \u00ab&nbsp;17-02-2015 : table ronde autour d\u2019une \u00e9cole de la r\u00e9ussite pour tous&nbsp;\u00bb.&nbsp;<strong><a href=\"https:\/\/www.lecese.fr\/content\/17-02-2015-table-ronde-autour-dune-cole-de-la-r-ussite-pour-tous\">La vid\u00e9o est toujours accessible.<\/a><\/strong><\/li>\n<\/ul>\n\n\n\n<p class=\"wp-block-paragraph\">La parole a \u00e9t\u00e9 longuement donn\u00e9e \u00e0 une dizaine d\u2019\u00e9l\u00e8ves de \u00ab l\u2019atelier culturel \u00bb qui se sont r\u00e9partis les interventions autour de trois th\u00e8mes :&nbsp;<strong>\u00ab&nbsp;l\u2019importance de la pression, l\u2019importance de la culture, l\u2019importance du plaisir<\/strong>&nbsp;\u00bb.<\/p>\n\n\n\n<p class=\"wp-block-paragraph\">&nbsp;Occasion de d\u00e9noncer \u00ab&nbsp;<em>l\u2019\u00e9cole lieu de souffrance<\/em>&nbsp;\u00bb, \u00ab&nbsp;<em>la comp\u00e9tition malsaine pour la meilleure note (de la classe) au d\u00e9triment du savoir<\/em>&nbsp;\u00bb \u2013 de d\u00e9crire \u00ab&nbsp;<em>la solidarit\u00e9, l\u2019entraide, le travail en groupe et la mutualisation qui permet de combler les lacunes avec les points forts des autres<\/em>&nbsp;\u00bb \u2013 de constater \u00ab<em>qu\u2019il faut d\u00e9faire la repr\u00e9sentation qu\u2019ont les parents de l\u2019\u00e9cole et leur montrer que la qualit\u00e9 de l\u2019apprentissage est plus important<\/em>&nbsp;\u00bb \u2013 de d\u00e9noncer \u00ab&nbsp;<em>la pression sur les profs qui doivent finir le programme et ne donnent pas le temps de comprendre, et sur l\u2019\u00e9l\u00e8ve qui doit restituer ses connaissances sans m\u00eame les comprendre<\/em>&nbsp;\u00bb.&nbsp; <strong><mark style=\"background-color:rgba(0, 0, 0, 0)\" class=\"has-inline-color has-luminous-vivid-orange-color\">(6)<\/mark><\/strong><\/p>\n\n\n\n<p class=\"wp-block-paragraph\">Une enqu\u00eate beaucoup plus large est \u00e0 organiser pour demander aux grands \u00e9l\u00e8ves des lyc\u00e9es (techniques, professionnels compris), ce dont ils se souviennent de leurs ann\u00e9es d\u2019\u00e9cole et de coll\u00e8ge\u2026<\/p>\n\n\n\n<p class=\"wp-block-paragraph\"><strong>Des \u00e9tudiants (\u00ab&nbsp;sujets&nbsp;\u00bb \u00e0 part enti\u00e8re),&nbsp;<\/strong>notamment les plus brillants (d\u2019Agro Pari Tech \u00e0 Polytechnique) ont proc\u00e9d\u00e9, lors de la remise des dipl\u00f4mes, \u00e0 une analyse de l\u2019enseignement qu\u2019ils ont re\u00e7u et conclu \u00e0 la&nbsp;<strong>n\u00e9cessit\u00e9 d\u2019une \u00ab bifurcation \u00bb.<\/strong><\/p>\n\n\n\n<p class=\"wp-block-paragraph\">Un universitaire vient d\u2019illustrer et concr\u00e9tiser leur critique de l\u2019enseignement dispens\u00e9. Dans une tribune du MONDE Sciences &amp; M\u00e9decine (19 avril 2023) le Pr. Nathana\u00ebl Wallenhort appelle<strong>&nbsp;\u00e0 m\u00e9diter<\/strong>&nbsp;sur les \u00ab<strong>enseignements trompeurs d\u00e8s le lyc\u00e9e<\/strong>\u00bb qui permettent de poser la question suivante au \u00ab&nbsp;baccalaur\u00e9at&nbsp;\u00bb&nbsp;: \u00ab&nbsp;<em>A partir d\u2019un exemple, vous montrerez que l\u2019innovation peut aider \u00e0 reculer les limites \u00e9cologiques de la croissance&nbsp;\u00bb<\/em>&nbsp;!<\/p>\n\n\n\n<p class=\"has-text-align-center wp-block-paragraph\">_____________________<\/p>\n\n\n\n<h3 class=\"wp-block-heading has-text-align-center\" id=\"strategie\">Strat\u00e9gie<\/h3>\n\n\n\n<p class=\"wp-block-paragraph\">Dans l\u2019impossibilit\u00e9 d\u2019esp\u00e9rer un \u00ab&nbsp;<strong>Me too<\/strong>&nbsp;\u00bb exprim\u00e9 par les enfants, il faut r\u00e9fl\u00e9chir \u00e0 une strat\u00e9gie de remplacement (nous n\u2019avons ni les moyens ni l\u2019intention de r\u00e9aliser une enqu\u00eate avec des questions qui orientent plus ou moins les r\u00e9ponses comme celle du minist\u00e8re).<\/p>\n\n\n\n<p class=\"wp-block-paragraph\">Nous proposons la strat\u00e9gie&nbsp; suivante&nbsp;:<\/p>\n\n\n\n<p class=\"wp-block-paragraph\">Mettre en \u0153uvre les deux propositions d\u00e9j\u00e0 \u00e9nonc\u00e9es&nbsp;:<\/p>\n\n\n\n<p class=\"wp-block-paragraph\">1\/ que les&nbsp;professeur\u2022e\u2022s d\u2019\u00e9cole recueillent des expressions de souffrance ou de col\u00e8re en pr\u00e9cisant \u00e2ge, circonstances de cette expression, et les opinions exprim\u00e9es dans les \u00e9ventuels \u00ab&nbsp;conseils de coop\u00e9rative&nbsp;\u00bb<\/p>\n\n\n\n<p class=\"wp-block-paragraph\">2\/ que les professeur\u2022e\u2022s de coll\u00e8ge fassent le m\u00eame travail en recueillant particuli\u00e8rement les opinions relatives au syst\u00e8me, son organisation, la p\u00e9dagogie, l\u2019existence ou non de moments de r\u00e9gulation de la vie sociale scolaire, la nature et l\u2019importance des probl\u00e8mes relationnels<\/p>\n\n\n\n<p class=\"wp-block-paragraph\"><strong>A cet effet, les mouvements p\u00e9dagogiques et les syndicats seraient sollicit\u00e9s pour inviter leurs militant\u2022e\u2022s&nbsp; \u00e0 rassembler les preuves des souffrances et des ali\u00e9nations que le syst\u00e8me ignore ou entretient et parfois g\u00e9n\u00e8re.<\/strong><\/p>\n\n\n\n<p class=\"wp-block-paragraph\">&nbsp;Il sera alors possible&nbsp;:<\/p>\n\n\n\n<p class=\"wp-block-paragraph\">&nbsp;\u2013 de rendre perceptible l\u2019enfermement des \u00e9l\u00e8ves dans un statut d\u2019objet et de faire conna\u00eetre les&nbsp; situations exploit\u00e9es pour construire le statut de sujet<\/p>\n\n\n\n<p class=\"wp-block-paragraph\">\u2013 de convaincre les \u00ab&nbsp;domin\u00e9\u2022e\u2022s&nbsp;\u00bb en lutte, en premier les mouvements f\u00e9ministes, mais aussi les syndicats ouvriers, les associations d\u2019Education Populaire (1), les p\u00e9dopsychiatres, les psychologues, que&nbsp;<strong>les batailles pour le statut de sujet doivent converger<\/strong><\/p>\n\n\n\n<p class=\"wp-block-paragraph\">\u2013&nbsp;<strong>d\u2019envisager une action retentissante comparable \u00e0&nbsp; \u00ab&nbsp;Me too&nbsp;\u00bb<\/strong>, et de proposer une alternative qui pourrait retenir les id\u00e9es d\u00e9velopp\u00e9es dans nos&nbsp;&nbsp;<strong>deux appels<\/strong>&nbsp;:<\/p>\n\n\n\n<p class=\"wp-block-paragraph\">&nbsp;&nbsp;&nbsp;&nbsp;&nbsp;&nbsp;&nbsp;&nbsp;&nbsp;&nbsp;&nbsp; \u2013&nbsp; Celui de 2<strong>020<\/strong>&nbsp;ayant pour objectif \u00ab&nbsp;<strong>une \u00e9ducation pour faire face au&nbsp;jour d\u2019apr\u00e8s<\/strong>&nbsp;\u00bb qui affirmait&nbsp;: \u00ab&nbsp;<strong><em>l\u2019\u00e9ducation<\/em><\/strong><em>&nbsp;ne doit pas d\u00e9pendre d\u2019un quelconque pouvoir politique ou \u00e9conomique mais faire l\u2019objet d\u2019une construction collective \u00e9volutive \u00e9labor\u00e9e d\u00e9mocratiquement<\/em>&nbsp;\u00bb.<\/p>\n\n\n\n<p class=\"wp-block-paragraph\"><strong>&nbsp;&nbsp;&nbsp;&nbsp;&nbsp;&nbsp;&nbsp;&nbsp;&nbsp;&nbsp;&nbsp; \u2013 Celui de 2022<\/strong>&nbsp;: \u00ab&nbsp;<strong>C\u2019est tout le syst\u00e8me \u00e9ducatif qui doit bifurquer<\/strong><strong>&nbsp;\u00bb&nbsp;<\/strong>o\u00f9 sont d\u00e9velopp\u00e9s de nouveaux arguments \u00e0 la suite et&nbsp;<strong>dans l\u2019esprit des \u00e9tudiants des \u00ab&nbsp;grandes \u00e9coles&nbsp;\u00bb<\/strong>&nbsp;qui avec Agro Paris Tech appelaient \u00e0 \u00ab&nbsp;bifurquer&nbsp;\u00bb<\/p>\n\n\n\n<p class=\"has-text-align-right wp-block-paragraph\">&nbsp;&nbsp;&nbsp;&nbsp;&nbsp;&nbsp;&nbsp;&nbsp;&nbsp;&nbsp;&nbsp;&nbsp;&nbsp;&nbsp;&nbsp;&nbsp;&nbsp;&nbsp;&nbsp;&nbsp;&nbsp;&nbsp;&nbsp;&nbsp;&nbsp;&nbsp;&nbsp;&nbsp;&nbsp;&nbsp;&nbsp;&nbsp;&nbsp;&nbsp;&nbsp;&nbsp;&nbsp;&nbsp;&nbsp;&nbsp;&nbsp;&nbsp;&nbsp;&nbsp;&nbsp;&nbsp;&nbsp;&nbsp;&nbsp;&nbsp;&nbsp; Raymond Millot 22 04 23<\/p>\n\n\n\n<p class=\"wp-block-paragraph\"><\/p>\n\n\n\n<p class=\"wp-block-paragraph\">NOTES<\/p>\n\n\n\n<p class=\"wp-block-paragraph\"><strong><mark style=\"background-color:rgba(0, 0, 0, 0)\" class=\"has-inline-color has-luminous-vivid-orange-color\">(1)<\/mark><\/strong> Le patriarcat est \u00e0 l\u2019origine de ces souffrances depuis des temps imm\u00e9moriaux. Lors de lar\u00e9volution industrielle, le travail des enfants parfois \u00e0 partir de 5 ans, r\u00e9glement\u00e9 \u00e0 partir de 8 ans (\u00e9voqu\u00e9 par V. Hugo \u00ab&nbsp;<em>o\u00f9 vont tous ces enfants dont pas un seul ne rit\u2026<\/em>&nbsp;\u00bb). Cette situation et les abus de l\u2019autorit\u00e9 parentale ont donn\u00e9 naissance \u00e0 une politique de protection de l\u2019enfance qui d\u00e9bute avec les lois de 1889 et 1898. Il existe aujourd\u2019hui \u00ab&nbsp;<em>une d\u00e9fenseure des enfants, une institution ind\u00e9pendante charg\u00e9e de d\u00e9fendre les droits de tous les jeunes jusqu\u2019\u00e0 18 ans, nomm\u00e9e par le pr\u00e9sident de la R\u00e9publique<\/em>&nbsp;\u00bb. Cette \u00ab&nbsp;protection&nbsp;\u00bb couvre le fait qu\u2019en 2022, on peut estimer qu\u2019il y aurait au moins 2 enfants par classe abus\u00e9s sexuellement dans sa famille, que 300&nbsp;000 enfants ont subi des abus sexuels au sein de l\u2019Eglise catholique depuis 1950. Etc \u2026 Un dossier effrayant t\u00e9moigne de ce \u00ab&nbsp;statut d\u2019objet&nbsp;\u00bb mis en question dans ce texte.<\/p>\n\n\n\n<p class=\"wp-block-paragraph\"><strong><mark style=\"background-color:rgba(0, 0, 0, 0)\" class=\"has-inline-color has-luminous-vivid-orange-color\">(2)<\/mark><\/strong> \u00ab&nbsp;Changer l\u2019\u00e9cole&nbsp;ou la sauver, une pol\u00e9mique m\u00e9diatique&nbsp;\u00bb (\u00e9d.PUF) Yann Forestier.<\/p>\n\n\n\n<p class=\"wp-block-paragraph\"><strong><mark style=\"background-color:rgba(0, 0, 0, 0)\" class=\"has-inline-color has-luminous-vivid-orange-color\">(3) <\/mark><\/strong>La cha\u00eene LCP diffuse 4 \u00e9missions \u00e9difiantes sur \u00ab&nbsp;Le monde ouvrier&nbsp;\u00bb.<\/p>\n\n\n\n<p class=\"wp-block-paragraph\"><strong><mark style=\"background-color:rgba(0, 0, 0, 0)\" class=\"has-inline-color has-luminous-vivid-orange-color\">(4) <\/mark><\/strong>Reportage France 5 (16 avril 23). OLGA , instructrice dans \u00ab&nbsp;l\u2019arm\u00e9e des jeunes&nbsp;\u00bb&nbsp;: \u00ab<em>Les enfants sont un terreau fertile et il nous revient d\u2019y planter la bonne graine. Il faut profiter de la p\u00e9riode o\u00f9 ils sont encore petits. Ce que nous mettrons dans leur t\u00eate d\u00e9terminera&nbsp; ce qu\u2019ils seront dans le futur. Un jour, ce sera leur tour de payer leur dette envers leur pays. Oui, \u00e7a fait de la peine de devoir sacrifier ses enfants (\u2026) un enfant na\u00eet pour \u00eatre d\u00e9fenseur de sa patrie. Une fille pour \u00eatre la gardienne de son foyer<\/em>\u00bb.<\/p>\n\n\n\n<p class=\"wp-block-paragraph\"><strong><mark style=\"background-color:rgba(0, 0, 0, 0)\" class=\"has-inline-color has-luminous-vivid-orange-color\">(5)<\/mark><\/strong> <strong>1968<\/strong>&nbsp;: Une effervescence&nbsp; a \u00e9t\u00e9 habilement permise au cours d\u2019une courte p\u00e9riode (<strong>Edgar &nbsp; Faure&nbsp;<\/strong>ministre de l\u2019Education jusqu\u2019en juin 69). Au cours de la p\u00e9riode qui a suivi, quelques id\u00e9es, comme l\u2019organisation en cycles exp\u00e9riment\u00e9es dans le XX\u00e8me ont \u00e9t\u00e9 reprises&nbsp; (et caricatur\u00e9es), et certains projets audacieux ont vu le jour (dont celui de la Villeneuve de Grenoble, n\u00e9 avant 68 et mis en \u0153uvre en 72&nbsp; sous \u00abstatut&nbsp;exp\u00e9rimental\u00bb qui a pu se d\u00e9velopper gr\u00e2ce \u00e0 une municipalit\u00e9 anim\u00e9e par le PSU.<\/p>\n\n\n\n<p class=\"wp-block-paragraph\">&nbsp;&nbsp;&nbsp;&nbsp;&nbsp;&nbsp;&nbsp;&nbsp;&nbsp;&nbsp;&nbsp;&nbsp;<strong>De 1981 \u00e0 1984<\/strong>&nbsp;: les militant\u2022e\u2022s p\u00e9dagogiques ont esp\u00e9r\u00e9 qu\u2019<strong>Alain Savary<\/strong>&nbsp;pourrait faire \u00abbouger les lignes\u00bb mais la grande manifestation des partisans de \u00abl\u2019\u00e9cole libre\u00bb (priv\u00e9e) a provoqu\u00e9 sa&nbsp;d\u00e9mission.<\/p>\n\n\n\n<p class=\"wp-block-paragraph\">&nbsp;&nbsp;&nbsp;&nbsp;&nbsp;&nbsp;&nbsp;&nbsp;&nbsp;&nbsp;&nbsp;&nbsp;<strong>De 1997 \u00e0 2000<\/strong>&nbsp;: sous Jospin, ils auraient pu esp\u00e9rer mais avec&nbsp;<strong>Claude All\u00e8gre&nbsp; et S\u00e9gol\u00e8ne Royal\u2026<\/strong>&nbsp;Nous avons rencontr\u00e9 cette derni\u00e8re mais elle s\u2019est reconnue impuissante face \u00e0 l\u2019Inspection Primaire et l\u2019Inspection Acad\u00e9mique qui travaillaient \u00e0 la mort de la Villeneuve de Grenoble.<\/p>\n\n\n\n<p class=\"wp-block-paragraph\">&nbsp;&nbsp;&nbsp;&nbsp;&nbsp;&nbsp;&nbsp;&nbsp;&nbsp;&nbsp;&nbsp;&nbsp;<strong>2012-2014<\/strong>&nbsp; :&nbsp;<strong>Vincent Peillon<\/strong>. C\u2019\u00e9tait le ministre le plus prometteur (donner \u00e0 l\u2019\u00e9l\u00e8ve \u00abla libert\u00e9 du choix\u00bb, \u00abil faut \u00eatre capable de l\u2019arracher \u00e0 tous les d\u00e9terminismes, familial, ethnique, social, intellectuel\u00bb) mais il n\u2019a tenu que 2 ans. Le conservatisme du syst\u00e8me et du corps enseignant \u2026<\/p>\n\n\n\n<p class=\"wp-block-paragraph\">&nbsp;&nbsp;&nbsp;&nbsp;&nbsp;&nbsp;&nbsp;&nbsp;&nbsp;&nbsp;&nbsp;&nbsp;<strong>2017-2022<\/strong>&nbsp;: La r\u00e9gression a montr\u00e9 ses possibilit\u00e9s pendant 5 ans avec&nbsp;<strong>Blanquer<\/strong>&nbsp;(elle peut prendre de nouvelles formes au cours des ann\u00e9es qui viennent).<\/p>\n\n\n\n<p class=\"wp-block-paragraph\"><strong><mark style=\"background-color:rgba(0, 0, 0, 0)\" class=\"has-inline-color has-luminous-vivid-orange-color\">(6) <\/mark><\/strong>Les Lyc\u00e9ens du lyc\u00e9e Le Corbusier remercient \u00ab&nbsp;<em>le proviseur qui a instaur\u00e9 de nombreuses classes \u00e0 effectifs r\u00e9duits \u00bb&nbsp; et&nbsp; saluent \u00abla p\u00e9dagogie de l\u2019\u00e9coute et du dialogue pour conna\u00eetre les \u00e9l\u00e8ves<\/em>\u00bb. Ils savent les inconv\u00e9nients des effectifs charg\u00e9s. L\u2019ensemble de ce reportage exceptionnel est toujours accessible&nbsp;<strong><a href=\"https:\/\/www.lecese.fr\/content\/17-02-2015-table-ronde-autour-dune-cole-de-la-r-ussite-pour-tous\">dans cette vid\u00e9o.<\/a><\/strong><\/p>\n\n\n\n<p class=\"has-text-align-center wp-block-paragraph\">***<\/p>\n\n\n\n<p class=\"wp-block-paragraph\">Avril 2023<\/p>\n\n\n\n<h2 class=\"wp-block-heading has-text-align-center\" id=\"bifurcation-du-systeme-educatif\"><mark style=\"background-color:#ff6900\" class=\"has-inline-color\"><strong>B<\/strong>ifurcation du syst\u00e8me \u00e9ducatif <\/mark><\/h2>\n\n\n\n<h2 class=\"wp-block-heading has-text-align-center\" id=\"premieres-etapes-d-une-longue-marche\"><mark style=\"background-color:#ff6900\" class=\"has-inline-color\">Premi\u00e8res \u00e9tapes d&rsquo;une longue marche<\/mark><\/h2>\n\n\n\n<p class=\"wp-block-paragraph\">\u00ab\u00a0<strong>Le harc\u00e8lement<\/strong> qui fait l\u2019actualit\u00e9, mais aussi la <strong>&nbsp;phobie scolaire<\/strong>&nbsp;\u00bb ou \u00ab&nbsp;refus scolaire anxieux&nbsp;\u00bb, le<strong>&nbsp;d\u00e9crochage,<\/strong> permettent d\u2019examiner d\u2019autres aspects de la bifurcation n\u00e9cessaire\u00a0\u00bb.<\/p>\n\n\n\n<p class=\"wp-block-paragraph\"><strong>&nbsp;2017<\/strong> &#8211;&nbsp; alors que le GIEC commen\u00e7ait \u00e0 se faire entendre, dans le texte \u00ab&nbsp;<strong>Avant qu\u2019il soit trop tard<\/strong>&nbsp;\u00bb nous estimions d\u00e9j\u00e0 \u00ab<em>que les enfants n\u2019\u00e9chappent pas au sentiment diffus d\u2019une menace et qu\u2019il serait pr\u00e9f\u00e9rable&nbsp; de leur proposer d\u2019\u00eatre, \u00e0 leur niveau, acteurs dans cette mobilisation<\/em>&nbsp;\u00bb<\/p>\n\n\n\n<p class=\"wp-block-paragraph\"><strong>2020<\/strong> &#8211; lancement d\u2019un appel ayant pour objectif &nbsp;<strong>une \u00e9ducation pour faire face au&nbsp;jour d\u2019apr\u00e8s<\/strong>&nbsp; (ce \u00ab&nbsp;jour d\u2019apr\u00e8s&nbsp;\u00bb qui pr\u00e9occupait&nbsp; alors 16 grandes organisations)&nbsp;:&nbsp; <strong>l\u2019\u00e9ducation<\/strong> ne doit pas d\u00e9pendre d\u2019un quelconque pouvoir politique ou \u00e9conomique mais faire l\u2019objet d\u2019une construction collective \u00e9volutive \u00e9labor\u00e9e d\u00e9mocratiquement.<\/p>\n\n\n\n<p class=\"wp-block-paragraph\"><strong>2021<\/strong> \u2013 dans \u00ab&nbsp;<strong>L\u2019\u00e9ducation, un bien commun<\/strong>&nbsp;\u00bb(\u00e9d. Massot) le changement de paradigme dans le domaine de l\u2019\u00e9ducation est explor\u00e9 et le probl\u00e8me de la transition mis en chantier<\/p>\n\n\n\n<p class=\"wp-block-paragraph\"><strong>2022<\/strong>&#8211; nouvel appel&nbsp; \u00ab&nbsp;<strong>C\u2019est tout le syst\u00e8me \u00e9ducatif qui doit bifurquer<\/strong>&nbsp;\u00bb o\u00f9 sont d\u00e9velopp\u00e9s de nouveaux arguments \u00e0 la suite et dans l\u2019esprit des \u00ab&nbsp;grandes \u00e9coles&nbsp;\u00bb qui avec Agro Paris Tech appelaient \u00e0 \u00ab&nbsp;bifurquer&nbsp;\u00bb et m\u00eame \u00ab&nbsp;d\u00e9serter&nbsp;\u00bb&nbsp;!<\/p>\n\n\n\n<p class=\"wp-block-paragraph\"><strong>2023<\/strong> &#8211; Les raisons de bifurquer deviennent chaque jour plus \u00e9videntes. <strong>Harc\u00e8lement, d\u00e9crochage,&nbsp; phobie scolaire, d\u00e9t\u00e9rioration de la sant\u00e9 mentale des enfants et des adolescents<\/strong>, sont mis en \u00e9vidence dans les journaux (1) \u00e0 la t\u00e9l\u00e9\u2026 Quant au \u00ab&nbsp;<em> sentiment d\u2019une menace diffuse<\/em>&nbsp;\u00bb d\u00e9j\u00e0 constat\u00e9 en 2017, ce sentiment s\u2019est transform\u00e9 pour de nombreux enfants en <strong>conscience d\u2019un avenir dangereux<\/strong>. Le20 mars , un membre \u00e9minent du GIEC, <strong>Jean Jouzel<\/strong>, d\u00e9clare \u00ab&nbsp;\u00ab&nbsp;&nbsp;<em>La trajectoire actuelle d\u2019augmentation de la temp\u00e9rature, si elle devait se poursuivre, ne permettrait pas aux jeunes d\u2019aujourd\u2019hui de s\u2019adapter&nbsp; sans difficult\u00e9 au r\u00e9chauffement<\/em>&nbsp;\u00bb. Il estime que <em>\u00ab&nbsp;chaque dixi\u00e8me de degr\u00e9 compte&nbsp;\u00bb<\/em><\/p>\n\n\n\n<p class=\"wp-block-paragraph\">Il appelle implicitement \u00e0 une <strong>mobilisation g\u00e9n\u00e9rale <\/strong>et nous pouvons affirmer de nouveau&nbsp; qu\u2019elle doit <strong>inclure les enfants<\/strong>, qui en agissant feront reculer leur peur et seront ainsi reconnus&nbsp; comme <strong>des sujets responsables<\/strong> et non plus comme des objets que l\u2019on forme pour la production, selon le mod\u00e8le de l\u2019ancien paradigme.<\/p>\n\n\n\n<p class=\"wp-block-paragraph\">2023\u20262027&nbsp; <strong>Faute de pouvoir l\u00e9guer \u00e0 nos enfants un avenir radieux, les ann\u00e9es qui viennent nous font un devoir de leur \u00e9pargner&nbsp; les souffrances qu\u2019ils sont nombreux \u00e0 conna\u00eetre dans le syst\u00e8me scolaire. De leur donner des raisons de vivre une vraie vie, ici et maintenant, aussi heureuse que possible.<\/strong><\/p>\n\n\n\n<p class=\"wp-block-paragraph\"><strong>Le harc\u00e8lement<\/strong> qui fait l\u2019actualit\u00e9, mais aussi la <strong>&nbsp;phobie scolaire<\/strong>&nbsp;\u00bb ou \u00ab&nbsp;refus scolaire anxieux&nbsp;\u00bb, le<strong>&nbsp;d\u00e9crochage,<\/strong> permettent d\u2019examiner d\u2019autres aspects de la bifurcation n\u00e9cessaire.<\/p>\n\n\n\n<p class=\"wp-block-paragraph\">Certes, les p\u00e9dagogues militants&nbsp; estimeront \u00e0 juste titre, qu\u2019il est possible d\u2019instaurer&nbsp; des rapports coop\u00e9ratifs&nbsp; entre les enfants, d\u2019instituer des temps de r\u00e9flexion sur les rapports sociaux et de contribuer \u00e0 \u00ab&nbsp;l\u2019auto-socio-construction&nbsp;\u00bb de chaque individu. Et sans faire dispara\u00eetre les difficult\u00e9s&nbsp;&nbsp; inh\u00e9rentes \u00e0 cette p\u00e9riode de la vie, d\u2019en \u00e9liminer certaines causes.<\/p>\n\n\n\n<p class=\"wp-block-paragraph\">Leurs pratiques&nbsp; faciles \u00e0 mettre en \u0153uvre \u00e0 l\u2019\u2019\u00e9cole,&nbsp; se heurtent au coll\u00e8ge au syst\u00e8me de transmission des savoirs sur la base de programmes et de disciplines cloisonn\u00e9es. Les professeurs&nbsp; peuvent sans doute inventer des solutions quand les conditions s\u2019y pr\u00eatent. L\u2019exemple qu\u2019il m\u2019est possible de citer est celui de la Villeneuve de Grenoble avec ses \u00ab&nbsp;mini-coll\u00e8ges de 100 enfants&nbsp;\u00bb.Les professeurs pouvaient conna\u00eetre les enfants, se concerter sur les cas difficiles, \u00e9tablir des r\u00e8gles communes&nbsp; Ils b\u00e9n\u00e9ficiaient de certaines conditions horaires dont le co\u00fbt \u00e9tait sans doute largement amorti par le b\u00e9n\u00e9fice social\u2026<\/p>\n\n\n\n<p class=\"wp-block-paragraph\">Ces pratiques utiles et efficaces ne font qu\u2019am\u00e9nager intelligemment et utilement un projet d\u2019enseignement qui se pr\u00e9tend \u00ab&nbsp;\u00e9ducatif&nbsp;\u00bbet dont le caract\u00e8re gratuit et obligatoire&nbsp; est appr\u00e9ci\u00e9 au point d\u2019en emp\u00eacher la critique&nbsp; &#8230;<\/p>\n\n\n\n<p class=\"wp-block-paragraph\">Il y a lieu de penser que les grands rassemblements qu\u2019imposent les coll\u00e8ges (parfois plus de 500 \u00e9l\u00e8ves), avec les multiples d\u00e9placements dans les couloirs, les concentrations dans la cour, sont propices \u00e0 une \u00ab&nbsp;socialisation&nbsp;\u00bb sauvage et favorisent ces pratiques de harc\u00e8lement&nbsp; portant sur le sexe, l\u2019apparence, la couleur, le travail scolaire, l\u2019origine sociale. Les profs se concentrent sur leurs programmes, dans le cadre d\u2019un emploi du temps acrobatique, fait de successions de cours sans&nbsp; coh\u00e9rence o\u00f9 le bien- \u00eatre des enfants a peu de place. Pour de multiples raisons, ils passent souvent devant ces faits asociaux sans les voir, ou en \u00e9vitant de les regarder (des exemples gla\u00e7ants ont \u00e9t\u00e9 publi\u00e9s) (2). Le syst\u00e8me dit \u00ab&nbsp;\u00e9ducatif&nbsp;\u00bb ne leur donne pas la possibilit\u00e9 de jouer un r\u00f4le dans la socialisation des adolescents.<\/p>\n\n\n\n<p class=\"wp-block-paragraph\">En 1971, les trois ph\u00e9nom\u00e8nes inqui\u00e9tants cit\u00e9s ne choquaient pas sp\u00e9cialement. <strong>Ivan Illich<\/strong> en aurait fait des arguments suppl\u00e9mentaires en faveur d\u2019une \u00ab&nbsp;<strong>soci\u00e9t\u00e9 sans \u00e9cole<\/strong>&nbsp;\u00bb \u2026<\/p>\n\n\n\n<p class=\"wp-block-paragraph\">Rares sont les intellectuels qui font comme Ilitch une critique radicale de l\u2019\u00e9cole. Mais cette id\u00e9e de \u00ab&nbsp; soci\u00e9t\u00e9 sans \u00e9cole&nbsp;\u00bb est-elle concevable&nbsp;?<\/p>\n\n\n\n<p class=\"wp-block-paragraph\">L\u2019id\u00e9e n\u2019est pas \u00e9trang\u00e8re \u00e0 une r\u00e9flexion aliment\u00e9e par certaines exp\u00e9rimentations de longue dur\u00e9e&nbsp; (1962\/ 2002) (\u00e9coles exp\u00e9rimentales du XXe arrondissement et Villeneuve de Grenoble).<\/p>\n\n\n\n<p class=\"wp-block-paragraph\">En 2014&nbsp; dans la brochure \u00ab&nbsp;<strong>\u00e9cole ouverte- recherche action \u2013 soci\u00e9t\u00e9 \u00e9ducatrice<\/strong>&nbsp;\u00bb (fruit de l\u2019exp\u00e9rience &nbsp;Villeneuve de Grenoble) nous avons pu d\u00e9crire cette \u00ab&nbsp; soci\u00e9t\u00e9 \u00e9ducatrice&nbsp;\u00bb qui commen\u00e7ait \u00e0 se profiler sous la forme&nbsp; d\u2019une \u00ab&nbsp;co\u00e9ducation&nbsp;\u00bb (avec les parents) s\u2019\u00e9largissant au monde du travail (divers personnels municipaux) aux structures socio-culturelles du quartier et aux associations locales.<\/p>\n\n\n\n<p class=\"wp-block-paragraph\">En 2022, les perspectives d\u2019un possible \u00ab&nbsp;effondrement&nbsp;\u00bb&nbsp; se dessinent. Les catastrophes d\u00e9j\u00e0 visibles (certaines conjugu\u00e9es d\u00e9vastent aujourd\u2019hui la Californie).La fonte des glaciers, les d\u00e9ficits d\u2019eau ne peuvent \u00e9chapper \u00e0 l\u2019attention des enfants. Ces faits irriguent leurs peurs inconscientes et pas seulement celles des 1,6 million d\u2019enfants ayant besoin de soins p\u00e9dopsychiatriques&nbsp; dont parle la Cours des comptes (3)<\/p>\n\n\n\n<p class=\"wp-block-paragraph\">Notre appel\/manifeste \u00ab&nbsp;<strong>C\u2019est tout le syst\u00e8me \u00e9ducatif qui doit bifurquer<\/strong>&nbsp;\u00bb (sign\u00e9 significativement par&nbsp; des personnalit\u00e9s tr\u00e8s diverses (liste&nbsp; sur le site&nbsp;en page d&rsquo;accueil), \u00e9voque&nbsp; pr\u00e9cis\u00e9ment \u00ab<em>l\u2019\u00e9co-anxi\u00e9t\u00e9(qui) touche un nombre croissant de jeunes. C\u2019est aux professeurs d\u2019en observer et relater l\u2019expression qu\u2019elle soit celle de la fuite, de la r\u00e9signation, de la r\u00e9volte ou du d\u00e9sespoir. Il ne s\u2019agit pas d\u2019ajouter aux programmes une nouvelle mati\u00e8re, le \u00ab&nbsp;d\u00e9veloppement durable&nbsp;\u00bb, mais d\u2019organiser un r\u00e9el engagement dans la mobilisation g\u00e9n\u00e9rale qui s\u2019impose\u2026et qu\u2019il s\u2019agit de pr\u00e9parer<\/em>&nbsp;\u00bb.&nbsp;<\/p>\n\n\n\n<p class=\"wp-block-paragraph\">En 2023, nous devons&nbsp; examiner concr\u00e8tement comment, dans le cadre du syst\u00e8me \u00e9ducatif existant, une p\u00e9dagogie audacieuse peut contribuer \u00e0 \u00e9viter ces souffrances en associant les enfants aux&nbsp; efforts des collectivit\u00e9s locales, des associations citoyennes, et de leurs professeurs eux-m\u00eames mobilis\u00e9s.<\/p>\n\n\n\n<p class=\"wp-block-paragraph\">L\u2019exp\u00e9rience acquise par les militant-es et dans la recherche&nbsp; permet d\u2019imaginer que les enseignants soient invit\u00e9s \u00e0 <strong>g\u00e9n\u00e9raliser et syst\u00e9matiser la \u00ab&nbsp;p\u00e9dagogie du projet&nbsp;\u00bb (<\/strong>4)&nbsp; et \u00e0 en faire la base essentielle de la construction et de la transmission des savoirs.<\/p>\n\n\n\n<p class=\"wp-block-paragraph\"><strong>Pour op\u00e9rer r\u00e9alistement la transition<\/strong> avec le syst\u00e8me actuel, une ambitieuse recherche-action serait propos\u00e9e \u00e0 tous les \u00e9tablissements ou fraction d\u2019\u00e9tablissement souhaitant s\u2019y engager et s\u2019engageant \u00e0 en faire <strong>un projet commun avec les parents et les collectivit\u00e9s locales<\/strong> (5).<\/p>\n\n\n\n<p class=\"wp-block-paragraph\"><strong>Les enseignants<\/strong> auraient alors la responsabilit\u00e9&nbsp; de red\u00e9finir leur fonction. Leur \u00ab&nbsp; libert\u00e9 p\u00e9dagogique&nbsp;\u00bbs\u2019exercerait dans le cadre d\u2019un contrat avec un Institut p\u00e9dagogique ad hoc&nbsp; qui suivrait l\u2019op\u00e9ration avec les moyens n\u00e9cessaires et ferait partager les fruits de l\u2019exp\u00e9rimentation (6)<\/p>\n\n\n\n<p class=\"wp-block-paragraph\">&nbsp;Ils devraient&nbsp; en particulier analyser avec les enfants les caract\u00e9ristiques de l\u2019exp\u00e9rience v\u00e9cue, les probl\u00e8mes \u00e0 comprendre, lister et programmer les savoirs \u00e0 approfondir. Leur fonction de \u00ab&nbsp;<strong>transmission<\/strong>&nbsp;\u00bb s\u2019op\u00e9reraient ainsi dans des conditions<strong> fonctionnelles <\/strong>et serait ainsi comprise et appr\u00e9ci\u00e9e par les \u00e9l\u00e8ves. Leur r\u00f4le dans l\u2019auto-socio-construction de chaque enfant leur conf\u00e9rerait une <strong>reconnaissance et un respect<\/strong> accrus.<\/p>\n\n\n\n<p class=\"wp-block-paragraph\">&nbsp;&nbsp;&nbsp;&nbsp;&nbsp;&nbsp;&nbsp;&nbsp;&nbsp;&nbsp;&nbsp; Les probl\u00e8mes relationnels, in\u00e9vitables chez les adolescents, ne dispara\u00eetraient pas mais ne seraient pas occult\u00e9s. Les temps consacr\u00e9s syst\u00e9matiquement \u00e0 la vie coop\u00e9rative permettraient de les analyser, contribueraient au <strong>projet \u00e9mancipateur g\u00e9n\u00e9ral<\/strong>. Il y a lieu de penser que les liens \u00e9tablis au cours des actions communes permettraient de les analyser, les relativiser et les traiter avec objectivit\u00e9.<\/p>\n\n\n\n<p class=\"wp-block-paragraph\">&nbsp;&nbsp;&nbsp;&nbsp;&nbsp;&nbsp;&nbsp;&nbsp;&nbsp;&nbsp;&nbsp; Une <strong>\u00abSoci\u00e9t\u00e9 sans \u00e9cole&nbsp;\u00bb<\/strong> prenant cette forme continuerait, dans des conditions mat\u00e9rielles et temporelles \u00e0 d\u00e9finir, pourrait assurer son r\u00f4le de \u00ab&nbsp;garderie&nbsp;\u00bb que lui impose la soci\u00e9t\u00e9 moderne et qui permet&nbsp; le travail des parents, et notamment celui des m\u00e8res, garant de leur \u00e9mancipation.<\/p>\n\n\n\n<p class=\"wp-block-paragraph\">&nbsp;&nbsp;&nbsp;&nbsp;&nbsp;&nbsp;&nbsp;&nbsp;&nbsp;&nbsp;&nbsp; En l\u2019\u00e9tat actuel, ce service est un lieu de <strong>souffrance <\/strong>pour un nombre consid\u00e9rable d\u2019enfants, et un lieu d\u2019<strong>ennui <\/strong>&nbsp;et de <strong>r\u00e9signation<\/strong> pour beaucoup d\u2019autres. Un lieu dont la majorit\u00e9 des parents doivent actuellement <strong>se contenter<\/strong>. Seuls les plus privil\u00e9gi\u00e9s l\u2019\u00e9vitent et le plus souvent cherchent dans le priv\u00e9 le moyen de garantir la transmission de leurs privil\u00e8ges. Mais d\u2019autres peuvent aussi l\u00e9gitimement chercher \u00e0 pr\u00e9server leurs enfants d\u2019une possible souffrance.<\/p>\n\n\n\n<p class=\"wp-block-paragraph\"><strong>L\u2019\u00e8re du capitaloc\u00e8ne invite \u00e0 la bifurcation dans de nombreux domaines. Celle que nous pr\u00e9conisons dans le domaine \u00e9ducatif aurait un caract\u00e8re \u00e9mancipateur \u00e9vident et garantirait que cette \u00ab&nbsp;mobilisation&nbsp;\u00bb des enfants et des adolescents ne puisse se confondre avec un classique enr\u00e9gimentement ou un nouveau formatage.<\/strong><\/p>\n\n\n\n<p class=\"wp-block-paragraph\"><\/p>\n\n\n\n<p class=\"has-text-align-left wp-block-paragraph\"><strong>NOTES<\/strong><\/p>\n\n\n\n<p class=\"wp-block-paragraph\">(1) <strong>Harc\u00e8lement, d\u00e9crochage,&nbsp; phobie scolaire, d\u00e9t\u00e9rioration de la sant\u00e9 mentale des enfants et des adolescents<\/strong>, sont mis en \u00e9vidence dans les journaux, \u00e0 la tv, sur Internet, dans les r\u00e9seaux sociaux :  <\/p>\n\n\n\n<p class=\"wp-block-paragraph\"><strong>Harc\u00e8lement&nbsp;:<\/strong><\/p>\n\n\n\n<p class=\"wp-block-paragraph\">Chaque ann\u00e9e, trente \u00e0 quarante enfants&nbsp; de moins de 15 ans se suicident (Inserm-C\u00e9pidc 2017) \u00ab&nbsp;Entre 800&nbsp;000 et 1 million d\u2019enfants seraient victimes&nbsp; chaque ann\u00e9e de harc\u00e8lement&nbsp; scolaire selon un rapport du s\u00e9nat rendu en 2021&nbsp;\u00bb . La sociologue Margot D\u00e9age constate que \u00ab&nbsp;<em>les atteintes physiques ou verbales&nbsp; touchent davantage&nbsp; (les) gar\u00e7ons\u2026. Les logiques de classe, sexiste, raciste ou homophobes (\u2026) favorisent&nbsp; la \u00ab&nbsp;mauvaise r\u00e9putation&nbsp;\u00bb \u00e0 cet \u00e2ge&nbsp; (celui du coll\u00e8ge) d\u00e9cisif de la construction sociale de l\u2019identit\u00e9&nbsp;\u00bb<\/em>.&nbsp; Les cyber-agressions, le sexisme ou les violences sexuelles ne sont pas prises en compte dans les chiffres officiels\u2026 Le taux de 5,5% de coll\u00e9giens victimes de harc\u00e8lement s\u00e9v\u00e8re selon la derni\u00e8re enqu\u00eate&nbsp; nationale serait \u00ab<em>largement sous-\u00e9valu\u00e9<\/em>&nbsp;\u00bb.Elle constate que&nbsp;\u00ab&nbsp;<em>l\u2019insensibilit\u00e9 est forte au coll\u00e8ge o\u00f9 l\u2019empathie n\u2019est pas la bienvenue&nbsp;\u00bb o\u00f9 \u00ab&nbsp;la d\u00e9rision&nbsp; prime&nbsp;<\/em>\u00bb \u00ab&nbsp;<em>en public, les \u00e9l\u00e8ves&nbsp; affirment qu\u2019ils vont bien mais quand on discute seul \u00e0 seul, beaucoup confient ne pas pouvoir \u00eatre eux-m\u00eames&nbsp;ni exprimer certaines \u00e9motions comme la tristesse&nbsp;<\/em>\u00bb<\/p>\n\n\n\n<p class=\"wp-block-paragraph\">&nbsp;&nbsp;&nbsp;&nbsp;&nbsp;&nbsp;&nbsp;&nbsp;&nbsp;&nbsp;&nbsp; Toutes ces citations sont tir\u00e9es de l\u2019interview de la sociologue, autrice de&nbsp; \u00ab&nbsp;A &nbsp;L\u2019ECOLE DES MAUVAISES REPUTATIONS&nbsp;\u00bb (Lib\u00e9 18 mars 23. Margot D\u00e9age&nbsp; ne fait que souhaiter (dans &nbsp; l\u2019interview) \u00ab&nbsp;<em>une meilleure \u00e9coute par l\u2019institution&nbsp;\u00bb,&nbsp; d\u00e9plore le \u00ab&nbsp;manque de personnel pour accompagner&nbsp; les enfants dans leur vie sociale<\/em>&nbsp;\u00bb, \u00e9voque &nbsp; la n\u00e9cessit\u00e9 de \u00ab&nbsp;<em>qualifications p\u00e9nales et judiciaires<\/em>&nbsp;\u00bb de certains actes\u2026 et se pr\u00e9occupe longuement du r\u00f4le des r\u00e9seaux sociaux. Ces conclusions d\u00e9pourvues d\u2019ambition sont r\u00e9v\u00e9latrices d\u2019une certaine r\u00e9signation devant l\u2019ordre \u00e9tabli.<\/p>\n\n\n\n<p class=\"wp-block-paragraph\"><strong>Phobie&nbsp;scolaire&nbsp;:<\/strong><\/p>\n\n\n\n<p class=\"wp-block-paragraph\"><strong>&nbsp;&nbsp;&nbsp;&nbsp;&nbsp;&nbsp;&nbsp;&nbsp;&nbsp;&nbsp;&nbsp; <\/strong>&nbsp;le Monde&nbsp; du 19 mars y consacre une page avec un reportage sur un service du CHU de &nbsp;Montpellier. \u00ab&nbsp;Ces enfants sont tellement anxieux \u00e0 l\u2019id\u00e9e d\u2019aller en classe qu\u2019ils d\u00e9veloppent des sympt\u00f4mes somatiques&nbsp;: maux de ventre le matin, la veille de la rentr\u00e9e (\u2026) vomissements mais aussi attaques de panique. Parfois ils tombent en d\u00e9pression<\/p>\n\n\n\n<p class=\"wp-block-paragraph\">&nbsp;<strong>D\u00e9crochage&nbsp;:<\/strong><\/p>\n\n\n\n<p class=\"wp-block-paragraph\"><strong>&nbsp;&nbsp;&nbsp;&nbsp;&nbsp;&nbsp;&nbsp;&nbsp;&nbsp;&nbsp;&nbsp; <\/strong>Ce processus qui conduit chaque ann\u00e9e des jeunes \u00e0 quitter le syst\u00e8me de formation initiale sans avoir obtenu une qualification est d\u2019une importance telle que \u00ab&nbsp;l\u2019Institut des Hautes Etudes&nbsp;de l\u2019Education et de la formation&nbsp;\u00bb en fait un sujet : <strong><a href=\"http:\/\/La pr\u00e9vention du d\u00e9crochage scolaire : d\u00e9terminants et leviers d'intervention\">\u00ab\u00a0La pr\u00e9vention du d\u00e9crochage scolaire : d\u00e9terminants et leviers d&rsquo;intervention\u00a0\u00bb.<\/a><\/strong><\/p>\n\n\n\n<p class=\"wp-block-paragraph\">&nbsp;&nbsp;&nbsp;&nbsp;&nbsp;&nbsp;&nbsp;&nbsp;&nbsp;&nbsp;&nbsp; Chacun.e de nous a connaissance de&nbsp;cas, est parfois concern\u00e9\u2022e\u2026.<\/p>\n\n\n\n<p class=\"wp-block-paragraph\">(2) LIBERATION 26 12 2022 <strong>Harc\u00e8lement scolaire&nbsp;: \u00abD\u00e8s les premi\u00e8res insultes, j\u2019ai&nbsp;cess\u00e9 de m\u2019aimer\u00bb.<\/strong><\/p>\n\n\n\n<p class=\"wp-block-paragraph\">Injuri\u00e9e, frapp\u00e9e, asperg\u00e9e d\u2019essence et menac\u00e9e de&nbsp;mort&nbsp;: Anne-Liz Deba a v\u00e9cu un v\u00e9ritable calvaire au coll\u00e8ge, aggrav\u00e9 selon elle par l\u2019inaction de l\u2019\u00e9quipe p\u00e9dagogique qui minimise les faits, et semble les tol\u00e9rer, comme les multiples institutions qui tol\u00e8rent le bizutage\u2026 Durablement traumatis\u00e9e, elle tente aujourd\u2019hui d\u2019aider d\u2019autres victimes \u00e0 se reconstruire.<\/p>\n\n\n\n<p class=\"wp-block-paragraph\">(3) La Cour des comptes \u00ab&nbsp; <em>dans un rapport rendu publique estime que 50% des enfants et adolescents souffrent de troubles psychiques<\/em>&nbsp;\u00bb&nbsp;\u00ab&nbsp;<em>sur 1,6 millions souffrant de troubles psychiques, seuls 750&nbsp;000\u00e0&nbsp; 850&nbsp;000 b\u00e9n\u00e9ficient de soins&nbsp; en p\u00e9dopsychiatrie<\/em>&nbsp;\u00bb (LIBERATION 22 mars 2023)<\/p>\n\n\n\n<p class=\"wp-block-paragraph\">(4) La p\u00e9dagogie du projet vise \u00e0 impliquer les enfants dans des actions qui les int\u00e9ressent et qui donnent aux transmissions du savoir, pr\u00e9vues dans les programmes, des raisons fonctionnelles, que les enfants comprennent et auxquelles ils adh\u00e8rent plus volontiers.<\/p>\n\n\n\n<p class=\"wp-block-paragraph\">(5) Un tel projet commun a \u00e9t\u00e9 r\u00e9alis\u00e9 pour le premier quartier&nbsp;de la Villeneuve de Grenoble (9000 habitants)<\/p>\n\n\n\n<p class=\"wp-block-paragraph\">(6) L\u2019INRP (Institut National de la Recherche p\u00e9dagogique)&nbsp;a jou\u00e9 ce r\u00f4le pendant une quinzaine d\u2019ann\u00e9es \u00e0 la Villeneuve de Grenoble<\/p>\n\n\n\n<p class=\"wp-block-paragraph\">&#8230;&#8230;&#8230;&#8230;&#8230;&#8230;&#8230;&#8230;&#8230;&#8230;&#8230;&#8230;&#8230;&#8230;&#8230;&#8230;&#8230;&#8230;&#8230;&#8230;&#8230;&#8230;&#8230;&#8230;&#8230;&#8230;&#8230;&#8230;&#8230;&#8230;&#8230;&#8230;&#8230;&#8230;&#8230;&#8230;&#8230;&#8230;&#8230;&#8230;&#8230;&#8230;&#8230;&#8230;&#8230;&#8230;&#8230;&#8230;&#8230;&#8230;&#8230;&#8230;&#8230;&#8230;&#8230;&#8230;&#8230;&#8230;&#8230;&#8230;&#8230;&#8230;&#8230;&#8230;&#8230;&#8230;&#8230;&#8230;&#8230;.<\/p>\n\n\n\n<p class=\"wp-block-paragraph\">N.B.&nbsp;&nbsp; Un petit calcul r\u00e9aliste montre le peu de temps qu\u2019il reste d\u2019ici 2050 pour rendre la mobilisation des enfants op\u00e9rationnelle&nbsp;:<\/p>\n\n\n\n<ul class=\"wp-block-list\">\n<li>La bifurcation dont&nbsp;la n\u00e9cessit\u00e9 est \u00e9vidente et&nbsp; l\u2019id\u00e9e de l\u2019ind\u00e9pendance du syst\u00e8me \u00e9ducatif pr\u00e9conis\u00e9e dans notre premier appel ne peuvent \u00eatre imagin\u00e9es avant 2027&nbsp; .<\/li>\n\n\n\n<li>De 2023 \u00e0 2027 nous devons parvenir \u00e0 faire envisager, explorer et planifier ces deux objectifs et les modalit\u00e9s d\u2019une vaste \u00ab&nbsp;recherche-action&nbsp;\u00bb&nbsp; qui ne pourra, au mieux, d\u00e9marrer qu\u2019en 2028.<\/li>\n\n\n\n<li>Il faudra, au moins&nbsp;10 ans&nbsp;pour que cette ambitieuse p\u00e9dagogie du projet soit vraiment op\u00e9rationnelle. Nous serons alors en 2038.<\/li>\n<\/ul>\n\n\n\n<ul class=\"wp-block-list\">\n<li>Les effets b\u00e9n\u00e9fiques de cette politique se seront d\u00e9j\u00e0&nbsp; fait sentir en termes \u00e9ducatifs mais la contribution aux efforts de la collectivit\u00e9&nbsp; pour freiner le r\u00e9chauffement et en combattre les effets ne sera pleinement op\u00e9rationnelle que pendant les 12 ans pr\u00e9c\u00e9dant&nbsp; 2050.<\/li>\n<\/ul>\n\n\n\n<p class=\"has-text-align-right wp-block-paragraph\">Raymond Millot, 27 mars 2023<\/p>\n\n\n\n<p class=\"has-text-align-center wp-block-paragraph\">***<\/p>\n\n\n\n<p class=\"wp-block-paragraph\">Mars 2023<\/p>\n\n\n\n<h2 class=\"wp-block-heading has-text-align-center\" id=\"mars-2023-les-propositions-de-bifurcations-se-multiplient\"><mark style=\"background-color:#ff6900\" class=\"has-inline-color has-black-color\">Mars 2023 : les propositions de bifurcations se multiplient<\/mark><\/h2>\n\n\n\n<p class=\"wp-block-paragraph\">L\u2019\u00e9ditorial de f\u00e9vrier nous situait dans le courant des \u00ab&nbsp;bifurcations&nbsp;\u00bb qui se pr\u00e9parent \u00e0 affronter l\u2019avenir. En ce d\u00e9but mars&nbsp;:<\/p>\n\n\n\n<p class=\"wp-block-paragraph\"><strong>Nouvelle bifurcation<\/strong>&nbsp;:&nbsp;<strong>Les Amis de la Terre , Agir pour l\u2019Environnement, Greenpeace,&nbsp; et 5 associations appellent \u00e0 leur tour \u00e0 bifurquer. Elles&nbsp; estiment que&nbsp;; \u00ab&nbsp;<em>la possibilit\u00e9 d\u2019une transition agro\u00e9cologique ne peut se faire sans paysannes et paysans nombreux et nombreuses<\/em><\/strong><strong>&nbsp;\u00bb&nbsp;<\/strong>et \u00e0 cet effet qu\u2019 il est \u00ab&nbsp;&nbsp;<em>urgent de limiter la surface de terres agricoles qu\u2019une m\u00eame personne peut contr\u00f4ler<\/em>&nbsp;\u00bb . Elles proposent de<strong>&nbsp;\u00ab&nbsp;<\/strong><strong>&nbsp;<em>fixer un plafond \u00e0 300 hectares, afin d\u2019assurer au plus grand nombre la libert\u00e9 de s\u2019installer et de cultiver la terre<\/em>&nbsp;\u00bb.<\/strong><\/p>\n\n\n\n<p class=\"wp-block-paragraph\"><strong>Notre bifurcation<\/strong><strong>&nbsp;doit aujourd\u2019hui se pr\u00e9occuper de<\/strong>&nbsp;&nbsp;l\u2019\u00e9tat alarmant dans lequel nos enfants abordent les dangers qui les attendent.&nbsp;Le d\u00e9sespoir (&nbsp;<em>le&nbsp;nombre de d\u00e9pression s\u2019accro\u00eet significativement&nbsp; chez les 18\/24 ans<\/em>),<strong>&nbsp;&nbsp;<\/strong>la fuite&nbsp;&nbsp;<em>(<\/em><em>\u00ab&nbsp;les enfants passeraient&nbsp;<strong>jusqu\u2019\u00e0 trois heures par jour devant un \u00e9cran<\/strong>, qu\u2019ils s\u2019agissent de t\u00e9l\u00e9vision, de tablettes, d\u2019ordinateurs ou encore&nbsp;<\/em><a href=\"https:\/\/www.vibration.fr\/dependance-aux-smartphones-des-qu-on-desinstalle-nos-notifications-la-journee-est-beaucoup-plus-calme\" target=\"_blank\" rel=\"noreferrer noopener\"><em>de portables<\/em><\/a><em>&nbsp;\u00bb<\/em>) , la r\u00e9signation (&nbsp;<em>pour beaucoup l\u2019\u00e9cole, le coll\u00e8ge sont des lieux in\u00e9vitables&nbsp; dont l\u2019int\u00e9r\u00eat principal est de retrouver les ami.es<\/em>), l\u2019ali\u00e9nation \u00e0 la soci\u00e9t\u00e9 de consommation.<\/p>\n\n\n\n<p class=\"wp-block-paragraph\"><strong>Nous proposons dans l\u2019imm\u00e9diat<\/strong>&nbsp;que,<\/p>\n\n\n\n<ul class=\"wp-block-list\">\n<li>tous les enseignants du primaire et du coll\u00e8ge conscients de cette situation&nbsp; donnent la priorit\u00e9 sur les programmes \u00e0 des projets qui engagent les enfants dans des actions&nbsp; sur leur environnement et&nbsp; les d\u00e9crivent et les justifient dans des \u00e9crits&nbsp; collectifs et individuels \u00e0 l\u2019intention des parents et des associations qui travaillent \u00e0 la transition \u00e9cologique. Cette \u00e9tape est indispensable&nbsp;<strong>pour que l\u2019id\u00e9e de bifurcation p\u00e9n\u00e8tre l\u2019opinion et soit partag\u00e9e par les influenceurs&nbsp;<\/strong>(journalistes, intellectuels, organisations syndicales et politiques) . De telles actions sont d\u00e9j\u00e0 nombreuses et donnent aux enfants le sentiment&nbsp;<strong>qu\u2019ils ne sont pas impuissants face \u00e0 leurs peurs<\/strong>&nbsp;(m\u00eame quand elles se situent sous le label officiel et contestable de \u00abd\u00e9veloppement durable\u00bb&nbsp;)<\/li>\n<\/ul>\n\n\n\n<p class=\"wp-block-paragraph\"><strong>D\u00e8s que la bifurcation sera engag\u00e9e,<\/strong>&nbsp;localement ou nationalement&nbsp;:<\/p>\n\n\n\n<ul class=\"wp-block-list\">\n<li>&nbsp;de fonder les apprentissages fondamentaux et les savoirs&nbsp; indispensables sur les actions entreprises et sur les collaborations avec les acteurs locaux de la transition \u00e9cologique. Ces actions auront un statut de recherche-actions&nbsp; suivies, analys\u00e9es syst\u00e9matiquement et mises en valeur par un Institut idoine.&nbsp;<\/li>\n<\/ul>\n\n\n\n<p class=\"wp-block-paragraph\">Ces propositions concr\u00e9tisent le premier des 4 objectifs de notre APPEL. qui pr\u00e9conise&nbsp; de \u00ab&nbsp;<strong>d\u00e9velopper les qualit\u00e9s de r\u00e9silience<\/strong>&nbsp;\u00bb<\/p>\n\n\n\n<p class=\"has-text-align-right wp-block-paragraph\">Raymond Millot, mars 2023<\/p>\n\n\n\n<p class=\"has-text-align-center wp-block-paragraph\">***<\/p>\n\n\n\n<p class=\"wp-block-paragraph\">F\u00e9vrier 2023<\/p>\n\n\n\n<h2 class=\"wp-block-heading has-text-align-center\" id=\"les-bifurcations-historiques\"><strong><mark><mark style=\"background-color:#ff6900\" class=\"has-inline-color\">Les bifurcations historiques<\/mark><\/mark><\/strong><\/h2>\n\n\n\n<p class=\"wp-block-paragraph\"><strong>Sur France-Culture<\/strong>,&nbsp; dans un \u00ab&nbsp;billet d\u2019humeur&nbsp;\u00bb&nbsp;<strong>Guillaume Erner<\/strong>&nbsp;ironise sur la 4<sup>\u00e8me&nbsp;<\/sup>blessure narcissique que nous subissons ces jours-ci&nbsp;maintenant que&nbsp;<strong>le robot Chat GPT<\/strong>&nbsp;a montr\u00e9 qu\u2019il pouvait entretenir une conversation aussi bien que nous. Les trois pr\u00e9c\u00e9dentes ont \u00e9t\u00e9 inflig\u00e9es par<\/p>\n\n\n\n<ul class=\"wp-block-list\">\n<li><strong>Copernic<\/strong>&nbsp;: la terre n\u2019est pas le centre du monde<\/li>\n\n\n\n<li>&nbsp;<strong>Darwin<\/strong>&nbsp;: nous ne sommes que des animaux comme les autres<\/li>\n\n\n\n<li>&nbsp;<strong>Freud&nbsp;<\/strong>: nous ne sommes pas ma\u00eetres de notre esprit, nous habitons avec notre inconscient.<\/li>\n<\/ul>\n\n\n\n<p class=\"wp-block-paragraph\"><em>Curieusement &nbsp;il omet deux&nbsp; \u00ab&nbsp;blessures narcissiques&nbsp;\u00bb&nbsp;:<\/em><\/p>\n\n\n\n<ul class=\"wp-block-list\">\n<li>l\u2019une qui n\u2019en finit pas de se refermer&nbsp;:&nbsp;<strong><mark><mark style=\"background-color:#ffffff\" class=\"has-inline-color has-luminous-vivid-orange-color\">l\u2019\u00e9galit\u00e9 de la femme avec l\u2019homme&nbsp;<\/mark><\/mark><\/strong><\/li>\n\n\n\n<li>l\u2019autre pr\u00e9c\u00e8de&nbsp;Chat GPT et l\u2019Intelligence Artificielle et est r\u00e9v\u00e9l\u00e9e par le&nbsp;<strong>GIEC<\/strong>&nbsp;qui a annonc\u00e9 au cours des ann\u00e9es 1970,&nbsp;<strong><mark><mark style=\"background-color:#ffffff\" class=\"has-inline-color has-luminous-vivid-orange-color\">la fin du r\u00eave de toute puissance de l\u2019homme.<\/mark><\/mark><\/strong><\/li>\n<\/ul>\n\n\n\n<p class=\"wp-block-paragraph\">Ces \u00e9tapes de l\u2019histoire humaine ont produit et produisent&nbsp;<strong>des bifurcations socio-culturelles consid\u00e9rables<\/strong>&nbsp;qui mettent de moins en moins de temps \u00e0 s\u2019affirmer et dont les cons\u00e9quences sont consid\u00e9rables.<\/p>\n\n\n\n<p class=\"wp-block-paragraph\">Ainsi deux concepts refoul\u00e9s ou r\u00e9cus\u00e9s par la recherche de progr\u00e8s mat\u00e9riel et la course au profit viennent bouleverser notre fa\u00e7on de penser :&nbsp;<\/p>\n\n\n\n<ul class=\"wp-block-list\">\n<li><mark style=\"background-color:#faf8f8\" class=\"has-inline-color has-luminous-vivid-orange-color\">&nbsp;<\/mark><mark style=\"background-color:rgba(0, 0, 0, 0)\" class=\"has-inline-color has-luminous-vivid-orange-color\"><strong>les animaux<\/strong><\/mark> souffrent, pensent et m\u00eame g\u00e9n\u00e8rent des civilisations complexes ce que d\u00e9signe un mot nouveau \u00ab&nbsp;la sentience&nbsp;\u00bb\u2026et nous constatons avec horreur les extinctions de masse que le \u00ab&nbsp;progr\u00e8s&nbsp;\u00bb industriel a g\u00e9n\u00e9r\u00e9es<\/li>\n\n\n\n<li>l<mark style=\"background-color:rgba(0, 0, 0, 0)\" class=\"has-inline-color has-luminous-vivid-orange-color\"><strong>a Terre et le vivant sont des Biens communs.<\/strong><\/mark> D\u00e9couvertes que d\u2019autres civilisations que celles engendr\u00e9es en Europe avaient imagin\u00e9es et parfois transform\u00e9es en croyances parfois elles-m\u00eames mortif\u00e8res\u2026&nbsp;<\/li>\n<\/ul>\n\n\n\n<p class=\"wp-block-paragraph\"><strong>Ces deux concepts&nbsp;<\/strong>alimentent le projet de bifurcation dans le domaine de l\u2019Education&nbsp;:<\/p>\n\n\n\n<h3 class=\"wp-block-heading has-text-align-center\" id=\"et-la-bifurcation-de-l-education\"><strong><mark><mark style=\"background-color:#ffffff\" class=\"has-inline-color has-black-color\">Et la bifurcation de l\u2019Education<\/mark><\/mark><\/strong>&#8230;<\/h3>\n\n\n\n<p class=\"has-text-align-left wp-block-paragraph\"><strong><mark><mark style=\"background-color:#ffffff\" class=\"has-inline-color has-luminous-vivid-orange-color\">Les enfants<\/mark><\/mark><\/strong><\/p>\n\n\n\n<ul class=\"wp-block-list\">\n<li>comme tout&nbsp;<strong>le vivant<\/strong>, doivent \u00eatre trait\u00e9s comme&nbsp;<strong>des \u00ab&nbsp;sujets&nbsp;\u00bb qu\u2019on doit respecter et non des \u00ab&nbsp;objets&nbsp;\u00bb \u00e0 formater<\/strong>&nbsp;pour qu\u2019ils soient utiles (\u00e0 la famille, au pouvoir dominant etc. ) \u2013<\/li>\n\n\n\n<li><strong>leur \u00e9ducation<\/strong>&nbsp;doit permettre le d\u00e9veloppement du potentiel de chacun d\u2019eux, de leur conscience des \u00ab&nbsp;biens communs&nbsp;\u00bb \u00e0 pr\u00e9server, de&nbsp; l\u2019extinction des esp\u00e8ces \u00e0 enrayer, du r\u00e9chauffement \u00e0 contenir et de la coop\u00e9ration n\u00e9cessaire pour y parvenir, des efforts n\u00e9cessaires pour substituer le progr\u00e8s qualitatif&nbsp;au progr\u00e8s quantitatif mortif\u00e8re. [\u2026]&nbsp;<strong><a href=\"https:\/\/education-bien-commun.fr\/2023\/02\/26\/enfants-objets-ou-sujets\/\">Lire la suite ici.<\/a><\/strong><\/li>\n<\/ul>\n\n\n\n<p class=\"wp-block-paragraph\"><strong><mark><mark style=\"background-color:#ffffff\" class=\"has-inline-color has-luminous-vivid-orange-color\">Les enseignants et \u00e9ducateurs<\/mark><\/mark><\/strong><\/p>\n\n\n\n<ul class=\"wp-block-list\">\n<li>Les enseignants et \u00e9ducateurs, tr\u00e8s minoritaires, qui s\u2019effor\u00e7aient d\u00e9j\u00e0 d\u2019agir en ce sens, sous le terme g\u00e9n\u00e9rique&nbsp;<strong>\u00ab&nbsp;Education nouvelle&nbsp;\u00bb,<\/strong>&nbsp; ont aujourd\u2019hui l\u2019occasion d\u2019\u00eatre compris&nbsp; et de devenir moteurs de cette \u00ab&nbsp;bifurcation&nbsp;\u00bb.&nbsp;<\/li>\n\n\n\n<li>Ils peuvent d\u00e9crire les grandes lignes des objectifs qui, sur la base de l\u2019exp\u00e9rience, leur semblent pouvoir \u00eatre imm\u00e9diatement mis en \u0153uvre, ils peuvent d\u00e9crire ce que pourrait engendrer l\u2019extension de la&nbsp;<strong>p\u00e9dagogie du projet<\/strong>&nbsp;\u00e0 des&nbsp;<strong>projets locaux, collectifs, faisant face aux urgences<\/strong>&nbsp;et non plus aux objectifs des \u00ab&nbsp;programmes&nbsp;\u00bb.<\/li>\n<\/ul>\n\n\n\n<p class=\"wp-block-paragraph\"><strong><mark><mark style=\"background-color:#ffffff\" class=\"has-inline-color has-luminous-vivid-orange-color\">Les collectivit\u00e9s<\/mark><\/mark><\/strong><\/p>\n\n\n\n<ul class=\"wp-block-list\">\n<li>Certaines exp\u00e9riences permettent m\u00eame d\u2019imaginer comme premi\u00e8re \u00e9tape, l\u2019<strong>engagement d\u2019un grand nombre de collectivit\u00e9s volontaires<\/strong>&nbsp;(unissant municipalit\u00e9s, \u00e9tablissements scolaires, associations de parents et d\u2019\u00e9ducation populaire) dans une recherche organis\u00e9e nationalement qui ouvrirait la voie &nbsp;de cette transition et en ferait conna\u00eetre l\u2019int\u00e9r\u00eat aux h\u00e9sitant.es et aux sceptiques\u2026<\/li>\n\n\n\n<li>Ces consid\u00e9rations nullement utopiques r\u00e9alistes auraient peut-\u00eatre des chances d\u2019\u00eatre entendues dans les rares pays comme la Finlande o\u00f9 le syst\u00e8me scolaire est tr\u00e8s attentif au d\u00e9veloppement harmonieux des enfants&nbsp; aux conditions des apprentissages, \u00e0 la formation des professionnels de l\u2019\u00e9ducation et de l\u2019enseignement, pour peu que l\u2019Etat Finnois ait pris la mesure de la mobilisation g\u00e9n\u00e9rale qu\u2019exige l\u2019avenir de nos soci\u00e9t\u00e9s\u2026<\/li>\n<\/ul>\n\n\n\n<p class=\"wp-block-paragraph\"><strong><mark style=\"background-color:rgba(0, 0, 0, 0)\" class=\"has-inline-color has-luminous-vivid-orange-color\">Les \u00ab\u00a0Conventions Citoyennes Pour l&rsquo;Education C.C.E.<\/mark><\/strong><\/p>\n\n\n\n<ul class=\"wp-block-list\">\n<li>En France la crispation du syst\u00e8me d\u2019enseignement public est tel qu\u2019il faudrait multiplier les \u00ab&nbsp;Conventions Citoyennes Pour l\u2019Education&nbsp;\u00bb pour qu\u2019elles soient syst\u00e9matiquement examin\u00e9es\u2026et non vite oubli\u00e9es. Il est symptomatique que la&nbsp;&nbsp;<strong>Convention Citoyenne sur le Climat&nbsp;<\/strong>qui a r\u00e9cemment eu lieu (C.C.C.) ait consacr\u00e9 de&nbsp;<strong>nombreuses r\u00e9flexions \u00e0 l\u2019\u00e9ducation&nbsp;<\/strong>&nbsp;et r\u00e9v\u00e9l\u00e9 que nos id\u00e9es y seraient sans doute appr\u00e9ci\u00e9es.&nbsp;<strong><a href=\"https:\/\/education-bien-commun.fr\/conventions-citoyennes\/\">Lire ici.<\/a><\/strong><\/li>\n\n\n\n<li>En supposant que des conventions citoyennes pr\u00e9conisent ces changements majeurs, g\u00e9n\u00e9rateurs de citoyens et citoyennes r\u00e9ellement \u00e9mancip\u00e9s, on voit mal un pouvoir fran\u00e7ais acceptant de se dessaisir d\u2019un outil qui lui permet de reproduire l\u2019ordre \u00e9tabli (3). Il importe donc que le changement de paradigme s\u2019int\u00e9resse particuli\u00e8rement au domaine de l\u2019\u00e9ducation pour qu\u2019on y forme des individus \u00e9mancip\u00e9s, capables de&nbsp;<strong>mettre en question l\u2019ordre existant, quel qu\u2019il soit<\/strong>, quand il met en danger la soci\u00e9t\u00e9 comme c\u2019est le cas de nos jours avec la course \u00e0 la production et \u00e0 la consommation qui &nbsp;entra\u00eene la soci\u00e9t\u00e9 vers le chaos climatique et politique.<\/li>\n\n\n\n<li>C\u2019est pr\u00e9cis\u00e9ment ce qu\u2019ont exprim\u00e9 les \u00e9tudiants des grandes \u00e9coles avec leurs d\u00e9clarations sur \u00ab&nbsp;la bifurcation&nbsp;\u00bb (solution collective) et \u00e0 d\u00e9faut, \u00ab&nbsp;la d\u00e9sertion&nbsp;\u00bb (solution individuelle).<\/li>\n\n\n\n<li>C\u2019est ce qui conduit \u00e0 \u00ab&nbsp;<em>affirmer&nbsp;<\/em>\u00bb&nbsp; comme notre appel de mars 2020 &nbsp;que&nbsp;:<\/li>\n<\/ul>\n\n\n\n<blockquote class=\"wp-block-quote is-layout-flow wp-block-quote-is-layout-flow\">\n<p class=\"wp-block-paragraph\">&nbsp;&nbsp;&nbsp;&nbsp;&nbsp;&nbsp;&nbsp;&nbsp;&nbsp;&nbsp;&nbsp; \u00ab&nbsp;<strong><em>l\u2019\u00e9ducation est un bien commun&nbsp;<\/em><\/strong><em>qui en tant que tel, ne doit pas d\u00e9pendre d\u2019un quelconque pouvoir politique ou \u00e9conomique mais faire l\u2019objet d\u2019une construction collective \u00e9volutive \u00e9labor\u00e9e d\u00e9mocratiquement<\/em>&nbsp;\u00bb.<\/p>\n\n\n\n<p class=\"wp-block-paragraph\"><strong><mark><mark style=\"background-color:#ffffff\" class=\"has-inline-color has-luminous-vivid-orange-color\">Mise en place d\u2019une C.C.E.<\/mark><\/mark><\/strong><\/p>\n\n\n\n<p class=\"wp-block-paragraph\">Cette&nbsp;<strong>\u00ab&nbsp;construction collective&nbsp;\u00bb<\/strong>&nbsp;ne peut \u00eatre envisag\u00e9e&nbsp;avant d\u2019\u00eatre cr\u00e9dibilis\u00e9e. A cet effet nous aurions&nbsp;<strong>besoin&nbsp; de comp\u00e9tences&nbsp;<\/strong>(de juristes,&nbsp; historiens ou philosophes) pour examiner le statut des organismes qui b\u00e9n\u00e9ficient d\u2019une&nbsp; r\u00e9elle ind\u00e9pendance et les cr\u00e9dits garantissant leur fonctionnement.<\/p>\n\n\n\n<p class=\"wp-block-paragraph\">La CCE ne serait que partiellement compos\u00e9e de&nbsp;<strong>personnes tir\u00e9es au sort<\/strong>&nbsp;mais aussi de&nbsp;<strong>partenaires permanents (associations , syndicats\u2026)<\/strong><\/p>\n\n\n\n<ul class=\"wp-block-list\">\n<li>qui auraient \u00e0 suivre, pour commencer, les enseignements tir\u00e9s des&nbsp;<strong>recherches-actions<\/strong>&nbsp;entreprises<\/li>\n\n\n\n<li>mais aussi ajuster en permanence les objectifs en terme de savoirs \u00e0 construire (en auto-socio-construction) mais de pratiques \u00e9mancipatrices (collecte des pratiques et des effets \u00e0 court et long terme\u2026),&nbsp; de pratique favorisant les potentiels hors normes de toute nature, de cr\u00e9ativit\u00e9 artistique etc.<\/li>\n<\/ul>\n<\/blockquote>\n\n\n\n<p class=\"has-text-align-right wp-block-paragraph\">Raymond Millot \u2013&nbsp;13 f\u00e9vrier 2023<\/p>\n\n\n\n<p class=\"has-text-align-center wp-block-paragraph\">***<\/p>\n\n\n\n<p class=\"wp-block-paragraph\">Janvier 2023<\/p>\n\n\n\n<h2 class=\"wp-block-heading has-text-align-center\" id=\"pour-une-geopolitique-de-l-education\"><mark><strong><mark style=\"background-color:#ff6900\" class=\"has-inline-color\">Pour une g\u00e9opolitique de l\u2019\u00e9ducation<\/mark><\/strong><\/mark><\/h2>\n\n\n\n<p class=\"wp-block-paragraph\"><strong>Bruno Latour<\/strong>&nbsp;(sociologue, anthropologue, th\u00e9ologien et philosophe des sciences fran\u00e7ais, d\u00e9c\u00e9d\u00e9 en octobre 2022) nous avait pr\u00e9venus :<\/p>\n\n\n\n<p class=\"wp-block-paragraph\"><strong><mark style=\"background-color:rgba(0, 0, 0, 0)\" class=\"has-inline-color has-luminous-vivid-orange-color\"><em>\u00ab\u00a0Il n&rsquo;y a plus de question politique qui ne soit g\u00e9opolitique\u00a0\u00bb<\/em><\/mark><\/strong><\/p>\n\n\n\n<p class=\"wp-block-paragraph\"><em>(\u00ab&nbsp;A condition qu\u2019on entende le pr\u00e9fixe \u00ab&nbsp;g\u00e9o&nbsp;\u00bb dans son sens \u00e9tymologique&nbsp;: \u00ab&nbsp;terrestre<\/em>&nbsp;\u00bb nous pr\u00e9cise dans Le Monde 01 02 23 le philosophe&nbsp;Patrice Maniglier).<\/p>\n\n\n\n<p class=\"wp-block-paragraph\"><strong>Le syst\u00e8me &nbsp;dit \u00ab&nbsp;\u00e9ducatif&nbsp;\u00bb actuel<\/strong>&nbsp;fait partie de \u00ab&nbsp;<strong>la question politique<\/strong>&nbsp;\u00bb dans la mesure o\u00f9 il entreprend de former les acteurs de la soci\u00e9t\u00e9 productiviste.<\/p>\n\n\n\n<p class=\"wp-block-paragraph\">La r\u00e9flexion que nous entreprenons vise \u00e0 en faire un facteur \u00ab&nbsp;<strong>g\u00e9opolitique<\/strong>&nbsp;\u00bb. Former les acteurs d\u2019une soci\u00e9t\u00e9 faisant face aux probl\u00e8mes&nbsp;<strong>\u00ab&nbsp;terrestres&nbsp;\u00bb<\/strong>&nbsp;dont nous commen\u00e7ons (enfin) \u00e0 prendre conscience, dont nous d\u00e9couvrons chaque jour&nbsp;&nbsp;<strong>l\u2019interd\u00e9pendance<\/strong>, et qui obligent la soci\u00e9t\u00e9 \u00e0&nbsp;<strong>changer de paradigme<\/strong>.<\/p>\n\n\n\n<p class=\"wp-block-paragraph\"><strong><mark><mark style=\"background-color:#ffffff\" class=\"has-inline-color has-luminous-vivid-orange-color\">Changer de paradigme dans le syst\u00e8me \u00e9ducatif<\/mark><\/mark><\/strong><\/p>\n\n\n\n<p class=\"wp-block-paragraph\">Nos enfants vont \u00eatre contraints de devenir les acteurs d\u2019une soci\u00e9t\u00e9 de&nbsp;<strong>la sobri\u00e9t\u00e9<\/strong>&nbsp;o\u00f9&nbsp;<strong>le qualitatif&nbsp;<\/strong>peut, et devrait,<strong>&nbsp;remplacer le quantitatif<\/strong>.<\/p>\n\n\n\n<p class=\"wp-block-paragraph\">C\u2019est ce qu\u2019ont exprim\u00e9 d\u2019une certaine mani\u00e8re tous&nbsp;<strong>les \u00e9tudiants<\/strong>&nbsp;des grandes \u00e9coles qui ont appel\u00e9 \u00e0 \u00ab&nbsp;bifurquer&nbsp;\u00bb. Ils ont les connaissances qui les rendent pleinement conscients de l\u2019in\u00e9vitabilit\u00e9 du&nbsp;<strong>changement de paradigme.<\/strong><\/p>\n\n\n\n<p class=\"wp-block-paragraph\"><strong><mark style=\"background-color:rgba(0, 0, 0, 0)\" class=\"has-inline-color has-luminous-vivid-orange-color\">La prise de conscience du sens du travail actuel<\/mark><\/strong><\/p>\n\n\n\n<p class=\"wp-block-paragraph\"><strong>Les travailleur\u2022e\u2022s<\/strong>&nbsp;manifestent massivement pour leurs retraites, occasion pour beaucoup de s\u2019interroger sur&nbsp;<strong>le sens&nbsp;<\/strong>&nbsp;du travail qu\u2019ils accomplissent, sur la nature et l\u2019usage de ce qu\u2019ils produisent, sur le&nbsp;<strong>processus de production et les rapports sociaux&nbsp;<\/strong>qui y r\u00e8gnent. Ils posent plus ou moins explicitement la question du&nbsp;<strong>qualitatif<\/strong>, notamment quand ils d\u00e9couvrent que ce qu\u2019ils produisent est \u00e0 l\u2019origine des probl\u00e8mes climatiques. &nbsp;La&nbsp;<strong>conscience du changement de paradigme<\/strong>&nbsp;se construit lentement.<\/p>\n\n\n\n<p class=\"wp-block-paragraph\"><strong><mark><mark style=\"background-color:#ffffff\" class=\"has-inline-color has-luminous-vivid-orange-color\">Donner du sens au travail des enfants, des jeunes, par leur engagement dans des projets<\/mark><\/mark><\/strong><\/p>\n\n\n\n<p class=\"wp-block-paragraph\">Notre appel ci-dessous&nbsp;\u00ab&nbsp;<strong>C\u2019est tout le syst\u00e8me \u00e9ducatif qui doit bifurquer<\/strong>&nbsp;\u00bb aborde les m\u00eames questions. Les&nbsp; projets grands et petits dans lesquels nous proposons d\u2019engager les enfants donnent du<strong>&nbsp;sens&nbsp;<\/strong>aux efforts qu\u2019on leur demande. Au cours de ces projets, le&nbsp;<strong>processus de r\u00e9alisation&nbsp;<\/strong>(travail en petites \u00e9quipes h\u00e9t\u00e9rog\u00e8nes d\u2019\u00e2ges, de sexe, de comp\u00e9tences)<strong>&nbsp;et les rapports sociaux<\/strong>&nbsp;( la coop\u00e9ration, la construction des r\u00e8gles, le respect des diff\u00e9rences) en rupture avec la comp\u00e9tition, la notation, la s\u00e9lection constituent un v\u00e9ritable&nbsp;<strong>changement de paradigme&nbsp;<\/strong>que devra compl\u00e9ter le choix&nbsp;de&nbsp;<strong>connaissances<\/strong>&nbsp;\u00e0 acqu\u00e9rir pour op\u00e9rer le passage du quantitatif au qualitatif.<\/p>\n\n\n\n<p class=\"wp-block-paragraph\"><strong><mark><mark style=\"background-color:#ffffff\" class=\"has-inline-color has-luminous-vivid-orange-color\">Une \u00e9mancipation g\u00e9n\u00e9ralis\u00e9e<\/mark><\/mark><\/strong><\/p>\n\n\n\n<p class=\"wp-block-paragraph\">Au-del\u00e0 de ces quelques similitudes, une m\u00eame aspiration \u00e0 ne pas \u00eatre consid\u00e9r\u00e9s comme des objets mais comme des&nbsp;<strong>sujets&nbsp;<\/strong>concerne les travailleurs\u2022e\u2022, les enfants, les femmes, condition premi\u00e8re du&nbsp;<strong>processus \u00e9mancipateur<\/strong>\u2026<\/p>\n\n\n\n<p class=\"wp-block-paragraph\"><strong>La g\u00e9opolitique conduit \u00e0 \u00e9tendre cette aspiration \u00e0 tout le vivant, animaux, plantes<\/strong>, etc.<\/p>\n\n\n\n<p class=\"has-text-align-right wp-block-paragraph\">Raymond Millot janvier 2023<\/p>\n\n\n\n<p class=\"has-text-align-center wp-block-paragraph\">***<\/p>\n\n\n<div class=\"wp-block-image\">\n<figure class=\"alignright size-large\"><a href=\"https:\/\/education-bien-commun.fr\/bifurquer\/\"><img loading=\"lazy\" decoding=\"async\" width=\"155\" height=\"110\" src=\"https:\/\/education-bien-commun.fr\/wp-content\/uploads\/2023\/10\/retour-3.gif?w=155\" alt=\"\" class=\"wp-image-8111\" \/><\/a><\/figure>\n<\/div>","protected":false},"excerpt":{"rendered":"<p>*** Plusieurs textes de Raymond Millot, qui pr\u00e9parent et annoncent la bifurcation de la soci\u00e9t\u00e9 \u00e0 plusieurs niveaux : articles, d\u00e9clarations, annonces, etc. et notre projet de bifurcation dans l\u2019Education. R\u00e9flexions au cours des mois de l\u2019ann\u00e9e 2023. En fait, gen\u00e8se de la pens\u00e9e de Raymond Millot et des r\u00e9flexions des membres de notre collectif&hellip; <a class=\"more-link\" href=\"https:\/\/education-bien-commun.fr\/?page_id=7055\">Lire la suite <span class=\"screen-reader-text\">Paradigme<\/span><\/a><\/p>\n","protected":false},"author":3,"featured_media":0,"parent":0,"menu_order":0,"comment_status":"closed","ping_status":"closed","template":"","meta":{"footnotes":""},"class_list":["post-7055","page","type-page","status-publish","hentry"],"jetpack_sharing_enabled":true,"_links":{"self":[{"href":"https:\/\/education-bien-commun.fr\/index.php?rest_route=\/wp\/v2\/pages\/7055","targetHints":{"allow":["GET"]}}],"collection":[{"href":"https:\/\/education-bien-commun.fr\/index.php?rest_route=\/wp\/v2\/pages"}],"about":[{"href":"https:\/\/education-bien-commun.fr\/index.php?rest_route=\/wp\/v2\/types\/page"}],"author":[{"embeddable":true,"href":"https:\/\/education-bien-commun.fr\/index.php?rest_route=\/wp\/v2\/users\/3"}],"replies":[{"embeddable":true,"href":"https:\/\/education-bien-commun.fr\/index.php?rest_route=%2Fwp%2Fv2%2Fcomments&post=7055"}],"version-history":[{"count":0,"href":"https:\/\/education-bien-commun.fr\/index.php?rest_route=\/wp\/v2\/pages\/7055\/revisions"}],"wp:attachment":[{"href":"https:\/\/education-bien-commun.fr\/index.php?rest_route=%2Fwp%2Fv2%2Fmedia&parent=7055"}],"curies":[{"name":"wp","href":"https:\/\/api.w.org\/{rel}","templated":true}]}}