{"id":9428,"date":"2024-06-08T07:40:33","date_gmt":"2024-06-08T05:40:33","guid":{"rendered":"https:\/\/educationbiencommun.fr\/?page_id=9428"},"modified":"2024-06-08T07:40:33","modified_gmt":"2024-06-08T05:40:33","slug":"actualites","status":"publish","type":"page","link":"https:\/\/education-bien-commun.fr\/?page_id=9428","title":{"rendered":"ACTUALITES"},"content":{"rendered":"\n<p class=\"wp-block-paragraph\"><em>Nous souhaitons publier sous cette rubrique des articles ayant trait aux possibilit\u00e9s et aux difficult\u00e9s du changement de paradigme en \u00e9ducation que propose notre APPEL et des articles en rapport avec les th\u00e8mes de la brochure \u00ab&nbsp;EDUCATION UN BIEN COMMUN&nbsp;\u00bb. <\/em><\/p>\n\n\n\n<p class=\"wp-block-paragraph\">L&rsquo;ensemble des faits d&rsquo;actualit\u00e9s les plus marquants depuis le 3 mai 2022, sont consultables dans la <strong><a href=\"https:\/\/education-bien-commun.fr\/archives\/\">Page des Archives.<\/a><\/strong><\/p>\n\n\n\n<p class=\"has-text-align-center wp-block-paragraph\"><em>&nbsp;<\/em>***<\/p>\n\n\n\n<p class=\"wp-block-paragraph\">Le 9 juin 2024 <\/p>\n\n\n\n<h3 class=\"wp-block-heading\">Elections europ\u00e9ennes : <strong>les jeunes veulent avoir leur mot \u00e0 dire<\/strong><\/h3>\n\n\n\n<p class=\"wp-block-paragraph\">Trouv\u00e9 sur X ce tweet de l\u2019Ecole des Lettres ; le Caf\u00e9 P\u00e9dagogique a retweet\u00e9 :&nbsp;<\/p>\n\n\n<div class=\"wp-block-image\">\n<figure class=\"aligncenter size-large is-resized\"><img loading=\"lazy\" decoding=\"async\" width=\"1208\" height=\"1344\" src=\"https:\/\/education-bien-commun.fr\/wp-content\/uploads\/2024\/06\/capture-decran-2024-06-09-a-12.10.02.png?w=920\" alt=\"\" class=\"wp-image-9573\" style=\"width:540px;height:auto\" srcset=\"https:\/\/education-bien-commun.fr\/wp-content\/uploads\/2024\/06\/capture-decran-2024-06-09-a-12.10.02.png 1208w, https:\/\/education-bien-commun.fr\/wp-content\/uploads\/2024\/06\/capture-decran-2024-06-09-a-12.10.02-270x300.png 270w, https:\/\/education-bien-commun.fr\/wp-content\/uploads\/2024\/06\/capture-decran-2024-06-09-a-12.10.02-920x1024.png 920w, https:\/\/education-bien-commun.fr\/wp-content\/uploads\/2024\/06\/capture-decran-2024-06-09-a-12.10.02-768x854.png 768w\" sizes=\"auto, (max-width: 1208px) 100vw, 1208px\" \/><\/figure>\n<\/div>\n\n\n<p class=\"wp-block-paragraph\">\u00ab\u00a0Les 28 et 30 mai derniers, une simulation des \u00e9lections europ\u00e9ennes a \u00e9t\u00e9 organis\u00e9e au lyc\u00e9e Auguste-Renoir d\u2019Asni\u00e8res (Hauts-de-Seine). Si, dans l\u2019imaginaire collectif, les jeunes de banlieue ne sont pas politis\u00e9s, ce scrutin montre qu\u2019ils sont en demande d\u2019opportunit\u00e9s pour apprendre \u00e0 participer \u00e0 la vie civique. T\u00e9moignages recueillis par leurs enseignants Fr\u00e9d\u00e9ric Ledru et Marguerite Graff\u00a0\u00bb<strong>.<\/strong> <strong><a href=\"https:\/\/ecoledeslettres.fr\/elections-europeennes-anticipees-au-lycee-votez-comme-vous-etes\/\">Sur le site de l&rsquo;Ecole des Lettres, le 7 juin 2024.<\/a><\/strong><\/p>\n\n\n\n<p class=\"wp-block-paragraph\">Nos d\u00e9bats et \u00e9crits dans le collectif Education bien commun portent depuis l&rsquo;origine, <strong>sur le statut des enfants et des jeunes<\/strong>, qui en tant que sujets, doivent \u00eatre responsabilis\u00e9s : finalement toutes et tous veulent avoir leur mot \u00e0 dire. L\u2019Ecole doit \u00eatre avant tout, le lieu du d\u00e9bat, de la prise de parole et de l\u2019engagement en lien \u00e9troit avec la soci\u00e9t\u00e9 et le milieu.<\/p>\n\n\n\n<p class=\"has-text-align-center wp-block-paragraph\">***<\/p>\n\n\n\n<p class=\"has-text-align-left wp-block-paragraph\">Le 17 mars 2024<\/p>\n\n\n\n<h3 class=\"wp-block-heading\">Arr\u00eat\u00e9 relatif \u00e0 l\u2019organisation des enseignements dans les classes de coll\u00e8ge<\/h3>\n\n\n\n<p class=\"wp-block-paragraph\">Fin du feuilleton ?<\/p>\n\n\n\n<blockquote class=\"wp-block-quote is-layout-flow wp-block-quote-is-layout-flow\">\n<p class=\"wp-block-paragraph\">Apr\u00e8s l\u2019annonce du&nbsp;<strong>Choc des savoirs&nbsp;<\/strong>le 5 d\u00e9cembre 2023, et les fameux&nbsp;<strong>groupes de niveau<\/strong>&nbsp;qui ont mobilis\u00e9 contre eux enseignants, communaut\u00e9 \u00e9ducative (m\u00eame des parents) et chercheurs contre&nbsp;<strong>le tri social des \u00e9l\u00e8ves<\/strong>&nbsp;d\u00e8s l\u2019entr\u00e9e en sixi\u00e8me,&nbsp;<strong>Nicole Belloubet<\/strong>&nbsp;la nouvelle ministre a \u00e9t\u00e9 plus nuanc\u00e9e en consultant les syndicats : elle a parl\u00e9 de&nbsp;<strong>groupes de\u2026 besoins<\/strong>.<br>\u00ab Art. 4-1. \u2013 Les enseignements communs de fran\u00e7ais et de math\u00e9matiques, sur tout l\u2019horaire, sont organis\u00e9s en groupes pour l\u2019ensemble des classes et des niveaux du coll\u00e8ge. Les groupes sont constitu\u00e9s en fonction des besoins des \u00e9l\u00e8ves identifi\u00e9s par les professeurs. Les groupes des \u00e9l\u00e8ves les plus en difficult\u00e9 b\u00e9n\u00e9ficient d\u2019effectifs r\u00e9duits. Par d\u00e9rogation, et afin de garantir la coh\u00e9rence des progressions p\u00e9dagogiques des diff\u00e9rents groupes, les \u00e9l\u00e8ves peuvent \u00eatre, pour une ou plusieurs p\u00e9riodes, une \u00e0 dix semaines dans l\u2019ann\u00e9e, regroup\u00e9s conform\u00e9ment \u00e0 leur classe de r\u00e9f\u00e9rence pour ces enseignements. La composition des groupes est r\u00e9examin\u00e9e au cours de l\u2019ann\u00e9e scolaire, notamment \u00e0 l\u2019occasion des regroupements, afin de tenir compte de la progression et des besoins des \u00e9l\u00e8ves&nbsp;\u00bb.<\/p>\n<\/blockquote>\n\n\n\n<p class=\"wp-block-paragraph\">On constatera que le texte officiel n\u2019emploie plus le terme de \u00ab&nbsp;groupes de niveau&nbsp;\u00bb d\u2019Attal ni celui de Nicole Belloubet mais parle seulement de \u00ab&nbsp;groupes&nbsp;\u00bb et de \u00ab&nbsp;groupes constitu\u00e9s en fonction des besoins des \u00e9l\u00e8ves&nbsp;\u00bb. Un d\u00e9voiement du terme \u00ab&nbsp;groupes de besoins&nbsp;\u00bb ?!<\/p>\n\n\n\n<p class=\"wp-block-paragraph\">\u00ab&nbsp;Les groupes, qui devront \u00eatre&nbsp;<em>\u00ab&nbsp;r\u00e9examin\u00e9s&nbsp;\u00bb<\/em>&nbsp;toute l\u2019ann\u00e9e, ne seront pas non plus obligatoires sur toutes les heures de math\u00e9matiques et de fran\u00e7ais, les \u00e9quipes pouvant r\u00e9unir les \u00e9l\u00e8ves dans leur&nbsp;<em>\u00ab&nbsp;classe de r\u00e9f\u00e9rence&nbsp;\u00bb<\/em>&nbsp;jusqu\u2019\u00e0 dix semaines par an&nbsp;\u00bb&nbsp;<strong><a href=\"https:\/\/www.lemonde.fr\/societe\/article\/2024\/03\/18\/des-groupes-de-niveaux-aux-groupes-de-besoins-un-compromis-politique-une-incertitude-pedagogique_6222770_3224.html\">Le Monde pour abonn\u00e9\u2022e\u2022s du 18 mars.<\/a><\/strong><\/p>\n\n\n\n<p class=\"has-text-align-center wp-block-paragraph\">***<\/p>\n\n\n\n<p class=\"wp-block-paragraph\">Le 12 mars 2024<\/p>\n\n\n\n<h3 class=\"wp-block-heading\">\u00ab&nbsp;<strong>Le Choc des savoirs est une contre-r\u00e9forme du coll\u00e8g<\/strong>e&nbsp;\u00bb<\/h3>\n\n\n\n<p class=\"wp-block-paragraph\">Extraits de l\u2019article du blog de&nbsp;<strong>Philippe Watrelot<\/strong>&nbsp;dans M\u00e9diapart : \u00ab&nbsp;Les fameux&nbsp;<strong>groupes de niveau<\/strong>&nbsp;ne sont pas un dispositif isol\u00e9. Ils s\u2019inscrivent dans un ensemble plus vaste. Le&nbsp;<strong>\u00ab&nbsp;choc des savoirs&nbsp;\u00bb<\/strong>&nbsp;annonc\u00e9 par Gabriel Attal le 5 d\u00e9cembre 2023 et que Nicole Belloubet va devoir appliquer constitue une&nbsp;<strong>remise en cause du \u00ab&nbsp;Coll\u00e8ge unique&nbsp;\u00bb<\/strong>.&nbsp; Volont\u00e9 d\u00e9lib\u00e9r\u00e9e ou juxtaposition de mesures&nbsp;? Au final, c\u2019est bien une contre-r\u00e9forme du coll\u00e8ge qui est \u00e0 l\u2019\u0153uvre&nbsp;\u00bb. [\u2026]<\/p>\n\n\n\n<p class=\"wp-block-paragraph\">\u00ab&nbsp;Car le choc des savoirs comporte bien d\u2019autres mesures qu\u2019il faut \u00e9num\u00e9rer pour prendre conscience des&nbsp;<strong>transformations<\/strong>&nbsp;qu\u2019il implique&nbsp;:<\/p>\n\n\n\n<ul class=\"wp-block-list\">\n<li>Des programmes articul\u00e9s autour d\u2019objectifs annuels<\/li>\n\n\n\n<li>Des programmes de math\u00e9matiques favorisant une approche concr\u00e8te et imag\u00e9e (m\u00e9thode de Singapour)<\/li>\n\n\n\n<li>Des manuels labellis\u00e9s obligatoires en math\u00e9matiques et en fran\u00e7ais<\/li>\n\n\n\n<li>Un socle commun r\u00e9organis\u00e9 (en 2025) autour de comp\u00e9tences disciplinaires, de comp\u00e9tences psychosociales et de rep\u00e8res de culture g\u00e9n\u00e9rale.<\/li>\n\n\n\n<li>Doublement de l\u2019horaire d\u2019EMC (rebaptis\u00e9e \u201cinstruction civique\u201det enti\u00e8rement r\u00e9\u00e9crite)<\/li>\n\n\n\n<li>Redoublement d\u00e9cid\u00e9 \u201c\u00e0 la main\u201d des enseignants<\/li>\n\n\n\n<li>Passage conditionnel dans la classe sup\u00e9rieure (tutorat, stage de r\u00e9ussite\u2026)<\/li>\n\n\n\n<li>Le brevet devient \u00ab&nbsp;un v\u00e9ritable examen d\u2019entr\u00e9e au lyc\u00e9e&nbsp;\u00bb<\/li>\n\n\n\n<li>Mise en place d\u2019une \u201cpr\u00e9pa lyc\u00e9e\u201d pour les \u00e9l\u00e8ves ayant \u00e9chou\u00e9 au Brevet<\/li>\n\n\n\n<li>Utilisation de l\u2019IA pour des exercices adapt\u00e9s aux \u00e9l\u00e8ves<\/li>\n\n\n\n<li>Renforcement des enseignements g\u00e9n\u00e9raux de math\u00e9matiques, de fran\u00e7ais et d\u2019histoire-g\u00e9ographie dans la voie professionnelle<\/li>\n<\/ul>\n\n\n\n<p class=\"wp-block-paragraph\">\u00ab&nbsp;Avec cette liste de mesures,&nbsp;<strong>le gouvernement s\u2019attaque \u00e0 plusieurs fondements de la politique \u00e9ducative<\/strong>&nbsp;<strong>depuis plusieurs dizaines d\u2019ann\u00e9e<\/strong>s&nbsp;\u00bb.<\/p>\n\n\n\n<p class=\"wp-block-paragraph\">Titres des paragraphes d\u00e9velopp\u00e9s dans l\u2019article :<\/p>\n\n\n\n<ul class=\"wp-block-list\">\n<li><strong>Un peu d\u2019histoire<\/strong><\/li>\n\n\n\n<li><strong>Le coll\u00e8ge unique a t-il exist\u00e9&nbsp;?<\/strong><\/li>\n\n\n\n<li><strong>Choc des savoirs et menaces sur le coll\u00e8ge unique<\/strong><\/li>\n\n\n\n<li><strong>Contre-r\u00e9forme&nbsp;?<\/strong><\/li>\n\n\n\n<li><strong>Scolariser ensemble pour faire soci\u00e9t\u00e9<\/strong><\/li>\n<\/ul>\n\n\n\n<p class=\"wp-block-paragraph\">Avec cette conclusion : \u00ab&nbsp;Le \u00ab&nbsp;choc des savoirs&nbsp;\u00bb peut contribuer au chaos social et \u00e0 la fragmentation de la soci\u00e9t\u00e9\u2026&nbsp;\u00bb<\/p>\n\n\n\n<p class=\"wp-block-paragraph\">Philippe Watrelot. Le 12 mars 2024. Dans son blog de M\u00e9diapart :&nbsp;<strong><a href=\"http:\/\/xn--le%20choc%20des%20savoirs%20est%20une%20contre-rforme%20du%20collge-62f5c\/\">Le choc des savoirs est une contre-r\u00e9forme du coll\u00e8ge<\/a><\/strong><\/p>\n\n\n\n<p class=\"has-text-align-center wp-block-paragraph\">***<\/p>\n\n\n\n<p class=\"wp-block-paragraph\">07 mars 2024<\/p>\n\n\n\n<h3 class=\"wp-block-heading\">Groupes de niveau&nbsp;: r\u00e9trop\u00e9dalage du gouvernement<\/h3>\n\n\n\n<p class=\"wp-block-paragraph\">Le caf\u00e9 P\u00e9dagogique publie&nbsp;<em>\u00ab&nbsp;<strong>\u00c0 titre d\u00e9rogatoire<\/strong>, et sous la responsabilit\u00e9 des chefs d\u2019\u00e9tablissement, il sera possible de pr\u00e9server des temps d\u2019enseignement&nbsp;<strong>en classe enti\u00e8re<\/strong>&nbsp;en fran\u00e7ais et en math\u00e9matiques \u00bb, indique-t-on au minist\u00e8re de l\u2019\u00c9ducation nationale. Une fa\u00e7on de reculer sans perdre la face pour le gouvernement sur la mesure phare du Premier ministre Gabriel Attal. Autre reculade, et non des moindres, l\u2019appellation de ces groupes. La rue de Grenelle n\u2019\u00e9voque plus de groupes de niveau, mais parle de<strong>&nbsp;groupes de besoin<\/strong>. Un changement lexical loin d\u2019\u00eatre anodin&nbsp;\u00bb [\u2026]<\/em><\/p>\n\n\n\n<p class=\"wp-block-paragraph\">\u00ab&nbsp;La nouvelle ministre de l\u2019\u00c9ducation nationale a finalement d\u00e9savou\u00e9 le projet de Gabriel Attal. Une victoire \u00e0 mettre sur le compte de&nbsp;<strong>la mobilisation des communaut\u00e9s \u00e9ducatives<\/strong>&nbsp;\u2013 enseignant\u00b7es, chef\u00b7fes d\u2019\u00e9tablissement, vie scolaire, parents, \u00e9lus\u2026 Et de la r\u00e9alit\u00e9 du&nbsp;<strong>budget<\/strong>&nbsp;de l\u2019\u00c9ducation nationale\u2026&nbsp;\u00bb<\/p>\n\n\n\n<p class=\"wp-block-paragraph\">Les syndicats dans leur ensemble soulignent que la r\u00e9cente et forte mobilisation des personnels contre le Choc des savoirs et le tri social des \u00e9l\u00e8ves, a eu une influence certaine sur le minist\u00e8re. Mais ils attendent des pr\u00e9cisions et des \u00e9claircissements.<\/p>\n\n\n\n<p class=\"wp-block-paragraph\"><strong><a href=\"https:\/\/www.cafepedagogique.net\/2024\/03\/07\/groupes-de-niveau-retropedalage-du-gouvernement\/\">Sur la Page du Caf\u00e9 P\u00e9dagogique.<\/a><\/strong><\/p>\n\n\n\n<p class=\"has-text-align-center wp-block-paragraph\">***<\/p>\n\n\n\n<p class=\"wp-block-paragraph\">23 F\u00e9vrier 2024<\/p>\n\n\n\n<h3 class=\"wp-block-heading\">Au cin\u00e9ma, la parole des femmes se lib\u00e8re suivie par celle des hommes<\/h3>\n\n\n\n<p class=\"wp-block-paragraph\">Judith Godr\u00e8che : Un # metoo fran\u00e7ais du cin\u00e9ma aux C\u00e9sars du 23\/02\/24. Apr\u00e8s sa d\u00e9nonciation de l\u2019emprise et agressions sexuelles qu\u2019elle a subies de la part de deux r\u00e9alisateurs pendant sa jeunesse alors qu\u2019elle \u00e9tait mineure, \u00ab&nbsp;L\u2019actrice assure au \u00abParisien\u00bb avoir \u00e9t\u00e9 touch\u00e9e par la standing ovation qui a suivi sa prise de parole lors de la c\u00e9r\u00e9monie des c\u00e9sars, vendredi 23 f\u00e9vrier. Elle appelle d\u00e9sormais \u00e0 l\u2019action pour lutter contre les violences sexistes et sexuelles dans le monde du cin\u00e9ma fran\u00e7ais&nbsp;\u00bb. Elle d\u00e9clare \u00ab&nbsp;qu\u2019elle a \u00e9crit&nbsp;<em>\u00abce discours pour qu\u2019il f\u00e9d\u00e8re, qu\u2019il suscite un changement\u00bb<\/em>.&nbsp;<strong><a href=\"https:\/\/www.liberation.fr\/societe\/droits-des-femmes\/cesars-2024-jai-ecrit-ce-discours-pour-quil-federe-quil-suscite-un-changement-assure-judith-godreche-20240225_72RCZIWFHJDNHJRL6GBANSZXFE\/?redirected=1\">Sur la page de Lib\u00e9ration.<\/a><\/strong><\/p>\n\n\n\n<p class=\"wp-block-paragraph\">Sur France 5 dans l\u2019\u00e9mission \u00ab&nbsp;En soci\u00e9t\u00e9&nbsp;\u00bb qui a suivi, le 25\/02, elle dit que ce qu\u2019elle voudrait d\u00e9noncer, plus que le sort des femmes, c\u2019est surtout le sort des enfants dans le cin\u00e9ma, comment ils sont trait\u00e9s par les r\u00e9alisateur\u2022rice\u2022s\u2026 Et&nbsp;l\u2019inceste dans les sc\u00e9narios comme des choses \u00e9videntes. Il y a beaucoup de familles incestueuses dit Eric Orsenna, invit\u00e9 dans l\u2019\u00e9mission : dans les milieux politiques, le sport\u2026 et il remercie Judith God\u00e8che pour ses paroles.<\/p>\n\n\n\n<p class=\"wp-block-paragraph\">Celle-ci invit\u00e9e toujours sur France 5 mais dans l\u2019\u00e9mission \u00ab&nbsp;C\u2019est \u00e0 vous&nbsp;\u00bb du 26\/02 annonce que ses paroles aux C\u00e9sars lui ont valu\u2026 2000 t\u00e9moignages !<\/p>\n\n\n\n<p class=\"wp-block-paragraph\">Etait pr\u00e9sent aussi \u00e0 l\u2019\u00e9mission le journaliste Adrien Borne qui avait d\u00e9nonc\u00e9 sur Facebook, il y a quelques ann\u00e9es, sans trop de r\u00e9actions,&nbsp;les atteintes sexuelles qu\u2019il avait subies \u00e0 13 ans et a annonc\u00e9 le @me too gar\u00e7ons qui venait d\u2019\u00eatre lanc\u00e9 par l\u2019acteur fran\u00e7ais Aur\u00e9lien Wiick pour t\u00e9moigner et raconter les abus sexuels dont il a \u00e9t\u00e9 victime pendant son enfance dans le milieu du cin\u00e9ma.&nbsp;<strong>Le hashtag #MeTooGar\u00e7ons doit encourager d\u2019autres hommes \u00e0 prendre la parole et raconter les violences sexuelles qu\u2019ils ont pu subir<\/strong>. Des centaines de t\u00e9moignages jaillissent alors sur les r\u00e9seaux sociaux. \u00ab&nbsp;Au-del\u00e0 des abus subis de la part de son agent, c\u2019est toute l\u2019industrie du cin\u00e9ma qu\u2019il met en cause, \u00e9voquant \u00ab&nbsp;producteurs et r\u00e9alisateurs&nbsp;\u00bb et d\u00e9non\u00e7ant \u00ab&nbsp;agressions, harc\u00e8lements, tentatives de viol&nbsp;\u00bb. Aur\u00e9lien Wiik raconte par ailleurs le \u00ab&nbsp;chantage&nbsp;\u00bb qu\u2019il a subi \u00ab&nbsp;contre des r\u00f4les&nbsp;\u00bb, les \u00ab&nbsp;d\u00eeners pi\u00e9g\u00e9s organis\u00e9s par des vieux avec plusieurs mineurs&nbsp;\u00bb ou encore les \u00ab&nbsp;mains baladeuses&nbsp;\u00bb contre lesquelles il a d\u00fb se \u00ab&nbsp;d\u00e9fendre&nbsp;\u00bb. \u00ab&nbsp;Jusqu\u2019\u00e0 25 ans, on m\u2019a propos\u00e9 des r\u00f4les en \u00e9change de faveurs. On a tent\u00e9 de me droguer souvent&nbsp;\u00bb, confie l\u2019acteur [\u2026]&nbsp;\u00bb&nbsp;<strong><a href=\"https:\/\/www.radiofrance.fr\/mouv\/j-avais-16-ans-j-ai-encore-des-sequelles-avec-metoogarcons-la-parole-se-libere-aussi-chez-les-hommes-3208259\">Lire ici.<\/a><\/strong>&nbsp;<strong><a href=\"https:\/\/www.ladepeche.fr\/2024\/02\/23\/les-garcons-du-cinema-se-reveillent-apres-les-actrices-les-hommes-denoncent-a-leur-tour-les-abus-sexuels-avec-le-metoogarcons-11783030.php\">et ici.<\/a><\/strong><\/p>\n\n\n\n<p class=\"wp-block-paragraph\">@me too gar\u00e7ons a provoqu\u00e9 plus de 15000 r\u00e9ponses&nbsp;parmi lesquelles celle d\u2019un d\u00e9put\u00e9 de la France Insoumise qui est interview\u00e9 dans l\u2019\u00e9mission : &nbsp;\u00ab Je serai l\u00e0 pour porter la parole&nbsp;\u00bb.&nbsp;<\/p>\n\n\n\n<p class=\"has-text-align-center wp-block-paragraph\">***<\/p>\n\n\n\n<p class=\"wp-block-paragraph\">19 F\u00e9vrier 2024<\/p>\n\n\n\n<h3 class=\"wp-block-heading\">Les coll\u00e9giens contre les groupes de niveau<\/h3>\n\n\n\n<p class=\"wp-block-paragraph\">Tweet sur X anciennement tweeter ce matin, remarquable et \u00e0 partager : @Lunarobase<\/p>\n\n\n\n<p class=\"wp-block-paragraph\">\u00ab&nbsp;J\u2019arrive pas \u00e0 d\u00e9passer le fait qu<strong>\u2018on est en train de d\u00e9truire le coll\u00e8ge unique<\/strong>&nbsp;et que personne \u00e0 part les profs en a quelque chose \u00e0 foutre. Et pourtant dieu sait qu\u2019il est dysfonctionnel, ce coll\u00e8ge unique. Mais bordel.&nbsp;<strong>Le tri des enfants \u00e0 10 ans<\/strong>. Mes \u00e9l\u00e8ves m\u2019ont demand\u00e9 \u2013<\/p>\n\n\n\n<p class=\"wp-block-paragraph\">\u2013&nbsp;<a><\/a>pourquoi je faisais gr\u00e8ve. Du coup, au lieu de lancer l\u2019activit\u00e9 d\u2019\u00e9criture qui m\u2019aurait fait rattraper le retard que la 5e7 a sur la 5e1 et qui m\u2019emb\u00eate fortement, je leur ai parl\u00e9 des groupes de niveau. Ils \u00e9taient unanimement horrifi\u00e9s. Ils ont tout de suite eu conscience-<\/p>\n\n\n\n<p class=\"wp-block-paragraph\">\u2013 de la d\u00e9gueulasserie concoct\u00e9e par Gabriel Attal. J\u2019ai vu le regard de W., dys, tdah en cours de diag, un gamin que j\u2019aime beaucoup (eh oui) dans ma classe depuis deux ans. Tr\u00e8s intelligent et vif, passage \u00e0 l\u2019\u00e9crit tr\u00e8s difficile. Il m\u2019a rendu une super \u00e9val o\u00f9 les phrases avaient presque tous les mots, r\u00e9cemment. Un beau 14, la premi\u00e8re fois qu\u2019il a une aussi belle note en fran\u00e7ais. J\u2019\u00e9tais super fi\u00e8re de lui. Dans son regard et dans son cri d\u2019horreur quand j\u2019ai parl\u00e9 des groupes de niveau,&nbsp;<strong>j\u2019ai vu qu\u2019il s\u2019imaginait toute sa scolarit\u00e9 dans le groupe des nuls. \u00c7a m\u2019a bris\u00e9 le c\u0153ur.<\/strong>&nbsp;C\u2019est tellement violent. Je pleure en \u00e9crivant ces lignes. J\u2019ai vu plus de profs de fran\u00e7ais et maths pleurer cette semaine que dans les 4 derni\u00e8res ann\u00e9es. On d\u00e9truit notre m\u00e9tier avec le sourire et \u00ab&nbsp;l\u2019int\u00e9r\u00eat des \u00e9l\u00e8ves&nbsp;\u00bb en \u00e9tendard. \u2013<\/p>\n\n\n\n<p class=\"wp-block-paragraph\">Standardisation des manuels d\u00e8s le primaire, tri sur le niveau \u00e0 10 ans, pas de lyc\u00e9e g\u00e9n\u00e9ral sans brevet, brevet plus dur, r\u00e9duction des mati\u00e8res g\u00e9n\u00e9rales \u00e0 peau de chagrin en bac pro, uniformes, SNU. Nos \u00e9l\u00e8ves? Chair \u00e0 patron, chair \u00e0 canon. Rien d\u2019autre&nbsp;\u00bb.<\/p>\n\n\n\n<p class=\"wp-block-paragraph\"><strong>A partager d\u2019urgence pour avertir les parents et autres partenaires de l\u2019\u00e9cole (primaire, coll\u00e8ge, lyc\u00e9e). Pour une r\u00e9action imm\u00e9diate.<\/strong><\/p>\n\n\n\n<p class=\"wp-block-paragraph\">Une action est entreprise actuellement&nbsp;<strong><a href=\"https:\/\/digipad.app\/p\/623073\/e9b15ab6ebcb2\">sur le site de la Riposte<\/a><\/strong>. Appel \u00e0 soutien et signatures de tous les personnels et usagers (parents, citoyens, etc.) de l\u2019\u00e9cole primaire (maternelle, \u00e9l\u00e9mentaire, coll\u00e8ge, lyc\u00e9e).<\/p>\n\n\n\n<p class=\"has-text-align-center wp-block-paragraph\">***<\/p>\n\n\n\n<p class=\"wp-block-paragraph\">15 F\u00e9vrier 2024<\/p>\n\n\n\n<h3 class=\"wp-block-heading\">L\u2019enfance n\u2019est toujours pas prot\u00e9g\u00e9e<\/h3>\n\n\n\n<p class=\"wp-block-paragraph\">En effet ce matin je re\u00e7ois des notification de X (anciennement Twitter) dont \u00e9norm\u00e9ment de&nbsp;<strong>Lyes Louffok<\/strong>&nbsp;@LyesLouffok, militant des droits de l\u2019enfant, ancien membre du Conseil National de la Protection de l\u2019Enfance. A 29 ans, il est l\u2019auteur de \u00ab&nbsp;Dans l\u2019enfer des foyers&nbsp;\u00bb et de \u00ab&nbsp;Si les enfants votaient&nbsp;\u00bb. Il t\u00e9moigne encore et toujours : Qui d\u00e9fend la cause des enfants plac\u00e9s ? D\u2019autant que des faits divers (suicides, enfants et jeunes plac\u00e9s en foyer, pire dans des h\u00f4tels, sans protection, &nbsp;violences, prostitution, etc.) d\u00e9fraient la chronique en ce moment (mais on n\u2019en parle pas au journal de la 2 par exemple).<\/p>\n\n\n\n<p class=\"wp-block-paragraph\">Lu sur Wikipedia : \u00ab&nbsp;<strong>Lyes Louffok<\/strong>, n\u00e9 le&nbsp;3 novembre 1994&nbsp;dans les&nbsp;Yvelines, est un militant des&nbsp;droits de l\u2019enfant&nbsp;et&nbsp;essayiste&nbsp;fran\u00e7ais. Ancien&nbsp;enfant plac\u00e9, il t\u00e9moigne en 2014 des maltraitances qu\u2019il a subies dans un livre intitul\u00e9&nbsp;<em>Dans l\u2019enfer des foyers<\/em>. Il milite depuis pour une r\u00e9forme de l\u2019Aide sociale \u00e0 l\u2019enfance&nbsp;et une meilleure repr\u00e9sentativit\u00e9 politique des enfants. Il d\u00e9nonce notamment qu\u2019\u00ab&nbsp;un&nbsp;SDF&nbsp;sur quatre est un ancien enfant plac\u00e9&nbsp;\u00bb<\/p>\n\n\n\n<p class=\"wp-block-paragraph\">Il est membre du&nbsp;Conseil national de la protection de l\u2019enfance&nbsp;(CNPE)<\/p>\n\n\n\n<p class=\"wp-block-paragraph\">Le t\u00e9l\u00e9film&nbsp;<em>L\u2019Enfant de personne<\/em>, r\u00e9alis\u00e9 par&nbsp;Akim Isker&nbsp;et diffus\u00e9 le&nbsp;15 novembre 2021&nbsp;sur&nbsp;France 2, porte \u00e0 l\u2019\u00e9cran le parcours de Lyes Louffok. Il remporte deux prix au&nbsp;Festival de la fiction TV de La Rochelle 2021, dont le prix du meilleur&nbsp;unitaire.&nbsp;\u00bb J\u2019ai vu ce t\u00e9l\u00e9film diffus\u00e9 en 2021 aux alentours de minuit (!!!) l\u2019histoire vraie et bouleversante de Lyes, enfant plac\u00e9. Suivi d\u2019un d\u00e9bat que je n\u2019ai pas regard\u00e9.<\/p>\n\n\n\n<p class=\"wp-block-paragraph\">\u00ab&nbsp;Th\u00e9matiques du film sur wikipedia : Le t\u00e9l\u00e9film aborde avec pudeur les nombreux p\u00e9rils qui guettent les enfants en foyer&nbsp;: enfants agit\u00e9s sans prise en charge&nbsp;p\u00e9dopsychiatrique, violences d\u2019\u00e9ducateurs&nbsp;non&nbsp;form\u00e9s, petits&nbsp;viol\u00e9s&nbsp;par des grands,&nbsp;prostitution, jeunes filles plac\u00e9es seules \u00e0 l\u2019h\u00f4tel, enfants l\u00e2ch\u00e9s \u00e0&nbsp;la rue&nbsp;le jour de leurs&nbsp;18 ans\u2026&nbsp;\u00bb<\/p>\n\n\n\n<p class=\"wp-block-paragraph\">Une jeune fille vient de se suicider \u00e0 Clermont-Ferrand :<\/p>\n\n\n<div class=\"wp-block-image\">\n<figure class=\"aligncenter is-resized\"><img loading=\"lazy\" decoding=\"async\" width=\"1188\" height=\"1224\" src=\"https:\/\/education-bien-commun.fr\/wp-content\/uploads\/2024\/02\/capture-decran-2024-02-15-a-06.15.59.png?w=994\" alt=\"\" class=\"wp-image-8913\" style=\"width:465px;height:auto\" srcset=\"https:\/\/education-bien-commun.fr\/wp-content\/uploads\/2024\/02\/capture-decran-2024-02-15-a-06.15.59.png 1188w, https:\/\/education-bien-commun.fr\/wp-content\/uploads\/2024\/02\/capture-decran-2024-02-15-a-06.15.59-291x300.png 291w, https:\/\/education-bien-commun.fr\/wp-content\/uploads\/2024\/02\/capture-decran-2024-02-15-a-06.15.59-994x1024.png 994w, https:\/\/education-bien-commun.fr\/wp-content\/uploads\/2024\/02\/capture-decran-2024-02-15-a-06.15.59-768x791.png 768w\" sizes=\"auto, (max-width: 1188px) 100vw, 1188px\" \/><\/figure>\n<\/div>\n\n\n<p class=\"wp-block-paragraph\">Robert Badinter vient de d\u00e9c\u00e9der mais nous laisse de puissantes paroles dont t\u00e9moigne l\u2019Unicef<\/p>\n\n\n<div class=\"wp-block-image\">\n<figure class=\"aligncenter is-resized\"><img loading=\"lazy\" decoding=\"async\" width=\"1154\" height=\"1576\" src=\"https:\/\/education-bien-commun.fr\/wp-content\/uploads\/2024\/02\/capture-decran-2024-02-15-a-06.19.12.png?w=750\" alt=\"\" class=\"wp-image-8915\" style=\"width:498px;height:auto\" srcset=\"https:\/\/education-bien-commun.fr\/wp-content\/uploads\/2024\/02\/capture-decran-2024-02-15-a-06.19.12.png 1154w, https:\/\/education-bien-commun.fr\/wp-content\/uploads\/2024\/02\/capture-decran-2024-02-15-a-06.19.12-220x300.png 220w, https:\/\/education-bien-commun.fr\/wp-content\/uploads\/2024\/02\/capture-decran-2024-02-15-a-06.19.12-750x1024.png 750w, https:\/\/education-bien-commun.fr\/wp-content\/uploads\/2024\/02\/capture-decran-2024-02-15-a-06.19.12-768x1049.png 768w, https:\/\/education-bien-commun.fr\/wp-content\/uploads\/2024\/02\/capture-decran-2024-02-15-a-06.19.12-1125x1536.png 1125w\" sizes=\"auto, (max-width: 1154px) 100vw, 1154px\" \/><\/figure>\n<\/div>\n\n\n<p class=\"wp-block-paragraph\">Mais combien encore de cas d\u2019enfants et de jeunes en d\u00e9tresse en 2024 ?<\/p>\n\n\n\n<figure class=\"wp-block-image\"><img loading=\"lazy\" decoding=\"async\" width=\"1166\" height=\"1114\" src=\"https:\/\/education-bien-commun.fr\/wp-content\/uploads\/2024\/02\/capture-decran-2024-02-15-a-06.17.46.png?w=1024\" alt=\"\" class=\"wp-image-8917\" srcset=\"https:\/\/education-bien-commun.fr\/wp-content\/uploads\/2024\/02\/capture-decran-2024-02-15-a-06.17.46.png 1166w, https:\/\/education-bien-commun.fr\/wp-content\/uploads\/2024\/02\/capture-decran-2024-02-15-a-06.17.46-300x287.png 300w, https:\/\/education-bien-commun.fr\/wp-content\/uploads\/2024\/02\/capture-decran-2024-02-15-a-06.17.46-1024x978.png 1024w, https:\/\/education-bien-commun.fr\/wp-content\/uploads\/2024\/02\/capture-decran-2024-02-15-a-06.17.46-768x734.png 768w\" sizes=\"auto, (max-width: 1166px) 100vw, 1166px\" \/><\/figure>\n\n\n\n<p class=\"has-text-align-center wp-block-paragraph\">***<\/p>\n\n\n\n<p class=\"wp-block-paragraph\">F\u00e9vrier 2024<\/p>\n\n\n\n<h3 class=\"wp-block-heading\">D\u00e9noncer la violence syst\u00e9mique \u00e0 l\u2019oeuvre dans l\u2019\u00e9cole, c\u2019est aussi lutter contre le harc\u00e8lement scolaire<\/h3>\n\n\n\n<p class=\"wp-block-paragraph\">\u00ab&nbsp;Faire de la lutte contre le harc\u00e8lement une priorit\u00e9 \u00e9ducative va de soi. Mais remettre en question la violence p\u00e9dagogique syst\u00e9mique de notre organisation scolaire en faisant vivre la d\u00e9mocratie scolaire au lieu de la consid\u00e9rer comme un artifice inutile, est n\u00e9cessaire pour ne pas renforcer les vuln\u00e9rabilit\u00e9s des \u00e9l\u00e8ves. [\u2026]<\/p>\n\n\n\n<p class=\"wp-block-paragraph\">La violence syst\u00e9mique de l\u2019\u00e9cole : \u00ab&nbsp;Si les heures de vie de classe sont effectivement des lieux d\u2019expression o\u00f9 il s\u2019agit d\u2019\u00e9couter d\u2019abord les \u00e9l\u00e8ves puis de dialoguer avec eux en changeant ce qui peut \u00eatre chang\u00e9 quand ils ont \u00e9voqu\u00e9 une difficult\u00e9, on a aussi plus de chances de faire \u00e9merger la souffrance scolaire du silence dans lequel elle est le plus souvent tenue. Cette souffrance a de multiples facteurs, externes pour certains \u00e0 l\u2019\u00e9cole, comme la pr\u00e9carit\u00e9, le ch\u00f4mage, mais aussi internes. On pense bien s\u00fbr aux relations entre \u00e9l\u00e8ves, qui peuvent se traduire par du harc\u00e8lement, mais aussi aux relations entre les \u00e9l\u00e8ves et les personnels&nbsp;: discriminations, stigmatisations, comparaisons, sont des composantes de la violence p\u00e9dagogique ordinaire.<\/p>\n\n\n\n<p class=\"wp-block-paragraph\">S\u2019interroge-t-on assez souvent sur le sens que peut avoir le fait de rester assis huit heures par jour, pour \u00e9couter en faisant silence la plupart du temps, temps marqu\u00e9 par des contr\u00f4les-surprises dont il est hors de question de discuter la note, de supporter le jugement des adultes et des pairs ? Dans son ouvrage&nbsp;<em>L\u2019attention port\u00e9e aux vuln\u00e9rabilit\u00e9s des \u00e9l\u00e8ves,&nbsp;<\/em>Christophe Marsollier appelle \u00e0 la plus grande vigilance sur ce point. Et il met en lumi\u00e8re&nbsp;<strong>le curriculum cach\u00e9 qui constitue la face invisible des apprentissage scolaires&nbsp;: s\u2019inscrire dans un milieu contraignant, savoir bachoter, faire semblant, simuler, vivre dans la comp\u00e9tition institu\u00e9e, crier en silence pour respecter la discipline impos\u00e9e\u2026<\/strong>&nbsp;\u00bb [\u2026]&nbsp;<strong><a href=\"https:\/\/blogs.mediapart.fr\/jean-pierre-veran\/blog\/140224\/harcelement-scolaire-ne-laisser-rien-dans-l-ombre\">Sur le blog de Jean-Pierre V\u00e9ran dans M\u00e9diapart<\/a><\/strong><\/p>\n\n\n\n<p class=\"has-text-align-center wp-block-paragraph\">***<\/p>\n\n\n\n<p class=\"wp-block-paragraph\">14 F\u00e9vrier 2024<\/p>\n\n\n\n<h3 class=\"wp-block-heading\">R\u00e9actions de membres de la premi\u00e8re Commission ind\u00e9pendante sur l\u2019inceste et les violences sexuelles faites aux enfants (Ciivise)<\/h3>\n\n\n\n<p class=\"wp-block-paragraph\">\u00ab&nbsp;Des membres de la Ciivise 1&nbsp;veulent reprendre le travail qu\u2019ils ont mis en place, apr\u00e8s la d\u00e9mission du nouveau pr\u00e9sident. Treize membres de la premi\u00e8re commission ind\u00e9pendante ont demand\u00e9 mercredi le retour du juge Edouard Durand \u00e0 la t\u00eate de l\u2019instance. Quatre associations de victimes d\u2019inceste estiment de leur c\u00f4t\u00e9 que la Ciivise&nbsp;2&nbsp;a \u00ab&nbsp;trahi les victimes&nbsp;\u00bb, dans une lettre adress\u00e9e \u00e0 Emmanuel Macron&nbsp;\u00bb. Article pour abonn\u00e9\u2022e\u2022s du Monde.<\/p>\n\n\n\n<p class=\"has-text-align-center wp-block-paragraph\">***<\/p>\n\n\n\n<p class=\"wp-block-paragraph\">2 F\u00e9vrier 2024<\/p>\n\n\n\n<h3 class=\"wp-block-heading\">D\u00e9mission du recteur de l\u2019Acad\u00e9mie de Paris<\/h3>\n\n\n\n<p class=\"wp-block-paragraph\">\u00ab&nbsp;Education&nbsp;: la d\u00e9mission tr\u00e8s politique du recteur de Paris, en d\u00e9saccord avec Am\u00e9lie Oud\u00e9a-Cast\u00e9ra.<\/p>\n\n\n\n<p class=\"wp-block-paragraph\">Christophe Kerrero, \u00e0 la t\u00eate de l\u2019acad\u00e9mie depuis 2020, a annonc\u00e9 sa d\u00e9cision vendredi dans une lettre aux personnels. Il \u00e9voque le d\u00e9saccord qui semble l\u2019avoir convaincu de quitter ses fonctions, lorsque la ministre a suspendu, mercredi, son projet de fermeture de certaines classes pr\u00e9pa \u00e0 Paris&nbsp;\u00bb.[\u2026]<\/p>\n\n\n\n<p class=\"wp-block-paragraph\">\u00ab&nbsp;Les disparitions d\u2019une classe \u00e9conomique commerciale et g\u00e9n\u00e9rale, au lyc\u00e9e Jacques-Decour, de la seule hypokh\u00e2gne de Lamartine, d\u2019une kh\u00e2gne \u00e0 Chaptal et d\u2019une classe de la fili\u00e8re adaptation technicien sup\u00e9rieur \u00e0 Pierre-Gilles-de-Gennes devaient permettre,&nbsp;<em>\u00ab&nbsp;\u00e0 moyens constants&nbsp;\u00bb<\/em>, d\u2019ouvrir d\u2019autres types de classes. Le recteur avait pour ambition d\u2019ouvrir deux pr\u00e9pas destin\u00e9es \u00e0 des bacheliers professionnels pour pr\u00e9parer les concours des \u00e9coles d\u2019ing\u00e9nieurs et des \u00e9coles de commerce. Le lyc\u00e9e Henri-IV devait quant \u00e0 lui exp\u00e9rimenter une toute nouvelle fili\u00e8re de classe pr\u00e9paratoire au professorat des \u00e9coles&nbsp;\u00bb.&nbsp;<strong><a href=\"https:\/\/www.lemonde.fr\/societe\/article\/2024\/02\/02\/education-la-demission-tres-politique-du-recteur-de-paris-en-desaccord-avec-amelie-oudea-castera_6214453_3224.html\">Lire sur la page du Monde pour abonn\u00e9.e.s<\/a><\/strong><\/p>\n\n\n\n<p class=\"has-text-align-center wp-block-paragraph\">***<\/p>\n\n\n\n<p class=\"wp-block-paragraph\">Janvier 2024 : l\u2019ann\u00e9e de tous les d\u00e9sastres<\/p>\n\n\n\n<h3 class=\"wp-block-heading\">Groupes de niveau&nbsp;: le choc de r\u00e9pulsion<\/h3>\n\n\n\n<p class=\"wp-block-paragraph\">Sur le site du Caf\u00e9 P\u00e9dagogique : \u00ab&nbsp;<em>Le 5 d\u00e9cembre 2023, le ministre de l\u2019Education nationale annon\u00e7ait la&nbsp;<strong>mise en place de groupes de niveau en fran\u00e7ais et en math\u00e9matiques<\/strong>&nbsp;<strong>pour les 6<sup>\u00e8mes<\/sup>&nbsp;et 5<sup>\u00e8mes&nbsp;<\/sup><\/strong>\u00e0 la rentr\u00e9e 2024&nbsp;: un dispositif in\u00e9galitaire imm\u00e9diatement contest\u00e9 par les p\u00e9dagogues, les \u00e9quipes \u00e9ducatives, les syndicats\u2026 En cette fin janvier 2024, alors que les \u00e9tablissements d\u00e9couvrent avec effroi leurs Dotations Horaires Globales pour l\u2019an prochain, les autoproclam\u00e9s \u00ab&nbsp;choc des savoirs&nbsp;\u00bb&nbsp;et \u00ab&nbsp;choc&nbsp;<\/em>d\u2019attractivit\u00e9 \u00bb se transformeraient-ils en choc de r\u00e9pulsion jusque chez les enseignant\u00b7es&nbsp;?&nbsp;<em><strong>Voici 10 t\u00e9moignages, \u00e9difiants, de professeur\u00b7es de fran\u00e7ais sur les cons\u00e9quences d\u00e9sastreuses d<\/strong>es groupes de niveau annonc\u00e9s&nbsp;: aggravation de l\u2019apartheid scolaire, stigmatisation d\u2019\u00e9l\u00e8ves par l\u2019institution elle-m\u00eame, naufrage des p\u00e9dagogies coop\u00e9ratives, progressions uniformis\u00e9es, suppression d\u2019options ou de dispositifs pour r\u00e9cup\u00e9rer des moyens, renoncement au r\u00f4le si essentiel de professeur principal, fin des dynamiques de projets, cloisonnements disciplinaires, conditions de travail d\u00e9grad\u00e9es, \u00e9valuation probl\u00e9matique, perte de sens du m\u00e9tier \u2026 Le minist\u00e8re entendra-t-il leur parole&nbsp;?<\/em><\/p>\n\n\n\n<p class=\"wp-block-paragraph\"><strong>Marina<\/strong>&nbsp;(acad\u00e9mie de Rennes) :&nbsp;<strong>Mes 6<sup>\u00e8mes<\/sup>&nbsp;me disent \u00ab&nbsp;j\u2019ai pas envie d\u2019\u00eatre chez les nuls&nbsp;\u00bb<\/strong><\/p>\n\n\n\n<p class=\"wp-block-paragraph\"><strong>C\u00e9line<\/strong>&nbsp;(acad\u00e9mie de Besan\u00e7on) :&nbsp;<strong>Regrouper, classifier, trier, \u00e9tiqueter des enfants<\/strong><\/p>\n\n\n\n<p class=\"wp-block-paragraph\"><strong>Marie&nbsp;<\/strong>(acad\u00e9mie de Bordeaux) :&nbsp;<strong>La mort de tout ce que j\u2019ai mis des ann\u00e9es \u00e0 construire<\/strong><\/p>\n\n\n\n<p class=\"wp-block-paragraph\"><strong>Sandrine<\/strong>&nbsp;(acad\u00e9mie de Grenoble) :&nbsp;<strong>Faire se rencontrer les parcours de vie<\/strong><\/p>\n\n\n\n<p class=\"wp-block-paragraph\"><strong>Chlo\u00e9<\/strong>&nbsp;(acad\u00e9mie de Cr\u00e9teil)&nbsp;<strong>C\u2019est le contraire de notre m\u00e9tier<\/strong><\/p>\n\n\n\n<p class=\"wp-block-paragraph\"><strong>Fran\u00e7ois<\/strong>&nbsp;(acad\u00e9mie de Besan\u00e7on) :&nbsp;<strong>Quid des progressions, des s\u00e9ries de livres, de l\u2019\u00e9valuation\u2026&nbsp;?<\/strong><\/p>\n\n\n\n<p class=\"wp-block-paragraph\"><strong>V\u00e9ronique<\/strong>&nbsp;(acad\u00e9mie de Rennes) :&nbsp;<strong>Supprimer latin, allemand, EPI, poste d\u2019H-G&nbsp;\u2026 ?<\/strong><\/p>\n\n\n\n<p class=\"wp-block-paragraph\"><strong>Peggy&nbsp;<\/strong>(acad\u00e9mie de Lille) :&nbsp;<strong>L\u2019inclusion par l\u2019exclusion&nbsp;!<\/strong><\/p>\n\n\n\n<p class=\"wp-block-paragraph\"><strong>Cl\u00e9mence&nbsp;<\/strong>(acad\u00e9mie de Grenoble) :&nbsp;<strong>Un creuset des in\u00e9galit\u00e9s scolaires<\/strong><\/p>\n\n\n\n<p class=\"wp-block-paragraph\"><strong>C\u00e9cile&nbsp;<\/strong>(acad\u00e9mie d\u2019Orl\u00e9ans-Tours) :&nbsp;<strong>Quid des projets, des professeurs principaux, des comp\u00e9tences psychosociales&nbsp;\u2026&nbsp;?<\/strong><\/p>\n\n\n\n<p class=\"wp-block-paragraph\"><strong>Propos recueillis par Jean-Michel Le Baut<\/strong>. (Certains pr\u00e9noms ont \u00e9t\u00e9 modifi\u00e9s).&nbsp;<strong><a href=\"https:\/\/www.cafepedagogique.net\/2024\/01\/29\/groupes-de-niveau-le-choc-de-repulsion\/\">Lire sur la page du Caf\u00e9 P\u00e9dagogique.<\/a><\/strong><\/p>\n\n\n\n<p class=\"wp-block-paragraph\">Et une p\u00e9tition du pr\u00e9sident du CRAP-Cahiers p\u00e9dagogiques : Alerte sur les groupes de niveau au coll\u00e8ge.&nbsp;<a href=\"https:\/\/www.cafepedagogique.net\/2024\/01\/23\/alerte-sur-les-groupes-de-niveau-au-college\/\">P\u00e9tition lanc\u00e9e par Gwenael Le Gu\u00e9vel, pr\u00e9sident du CRAP-Cahiers p\u00e9dagogiques<\/a><\/p>\n\n\n\n<p class=\"has-text-align-center wp-block-paragraph\">***<\/p>\n\n\n\n<p class=\"wp-block-paragraph\">14\/12\/23<\/p>\n\n\n\n<h3 class=\"wp-block-heading\">\u00ab&nbsp;Pour un coll\u00e8ge d\u00e9mocratique&nbsp;\u00bb enfin ?<\/h3>\n\n\n\n<p class=\"wp-block-paragraph\">Philippe Meirieu, chercheur et militant en p\u00e9dagogie \u2013 \u00e9cologiste \u2013 vice-pr\u00e9sident des @Cemea a twitt\u00e9 : \u00ab&nbsp;Renoncer au coll\u00e8ge unique ou r\u00e9parer le vice de forme initial ?&nbsp;\u00bb puis \u00e9crit le lendemain, un second tweet : \u00ab&nbsp;Peut-\u00eatre pourrait-on m\u00eame s\u2019inspirer du rapport de Louis Legrand en 1981 : \u00ab Pour un coll\u00e8ge d\u00e9mocratique \u00bb. Il ferait appara\u00eetre comme particuli\u00e8rement vieillottes et r\u00e9trogrades les propositions de notre jeune ministre&nbsp;\u00bb.<\/p>\n\n\n\n<p class=\"wp-block-paragraph\"><strong>Historique du rapport Legrand<\/strong><\/p>\n\n\n\n<p class=\"wp-block-paragraph\">Intitul\u00e9 \u00ab Pour un coll\u00e8ge d\u00e9mocratique \u00bb, le \u00ab rapport Legrand \u00bb est rendu en d\u00e9cembre 1982.<br>Il pr\u00f4ne la constitution au sein des \u00e9tablissements d\u2019ensembles autonomes d\u2019une centaine d\u2019\u00e9l\u00e8ves sous la responsabilit\u00e9 d\u2019une \u00e9quipe p\u00e9dagogique. Celle-ci aurait la latitude d\u2019organiser son enseignement, notamment en formant des groupes temporaires d\u2019\u00e9l\u00e8ves en fonction des besoins, ainsi qu\u2019en adaptant les programmes.<br>Le rapport pr\u00e9conise un large recours \u00e0 la \u00ab p\u00e9dagogie de projet \u00bb, impliquant simultan\u00e9ment plusieurs disciplines, et pr\u00e9voit l\u2019instauration d\u2019un syst\u00e8me de tutorat, o\u00f9 un adulte prend en charge un groupe de 12 \u00e0 15 \u00e9l\u00e8ves pour les soutenir dans leurs \u00e9tudes. Il d\u00e9fend la reconnaissance des enseignements artistiques, technologiques et sportifs \u00e0 \u00e9gale dignit\u00e9 avec les autres mati\u00e8res. Il propose enfin une red\u00e9finition du service hebdomadaire des enseignants dans le sens d\u2019une pr\u00e9sence accrue dans l\u2019\u00e9tablissement : seize heures de cours pour tous (agr\u00e9g\u00e9s compris), trois heures de tutorat et trois heures de concertation&nbsp;\u00bb [\u2026]<\/p>\n\n\n\n<p class=\"wp-block-paragraph\"><strong>Les adversaires qui ont d\u00e9truit la r\u00e9forme :<\/strong><\/p>\n\n\n\n<p class=\"wp-block-paragraph\">\u00ab&nbsp;[\u2026] le SNES, principal syndicat du second degr\u00e9 [\u2026] lance une intense campagne contre la r\u00e9forme, refusant notamment tout changement dans les obligations des enseignants et d\u00e9non\u00e7ant dans le tutorat une distorsion du m\u00e9tier dans le sens de \u00ab l\u2019animation \u00bb. Parall\u00e8lement, le camp traditionaliste se mobilise dans le champ politique et dans les m\u00e9dias sur le th\u00e8me, promis \u00e0 un grand avenir, de la \u00ab destruction de l\u2019\u00e9cole \u00bb.<\/p>\n\n\n\n<p class=\"wp-block-paragraph\">\u00ab&nbsp;Alain Savary abandonne la red\u00e9finition du service hebdomadaire des enseignants et le tutorat. Le ministre ne retient sous une forme amoindrie que certaines des mesures pr\u00e9conis\u00e9es et d\u00e9cide que la r\u00e9novation se fera \u00e0 partir de la rentr\u00e9e 1984 sur la base du volontariat des \u00e9tablissements, par<br>tranches de 10 % chaque ann\u00e9e [\u2026] \u00ab&nbsp;Nomm\u00e9 ministre de l\u2019\u00e9ducation en juillet 1984, Jean-Pierre<br>Chev\u00e8nement, r\u00e9ticent envers les r\u00e9formes de son pr\u00e9d\u00e9cesseur, n\u2019annule pas officiellement la r\u00e9novation engag\u00e9e, mais celle-ci s\u2019enlisera lentement mais s\u00fbrement&nbsp;\u00bb.&nbsp;<strong><a href=\"https:\/\/www.meirieu.com\/ACTUALITE\/cedelle_legrand.pdf\">Lire en int\u00e9gralit\u00e9<\/a><\/strong>&nbsp;dans le site de Philippe Meirieu.<\/p>\n\n\n\n<p class=\"has-text-align-center wp-block-paragraph\">***<\/p>\n\n\n\n<p class=\"wp-block-paragraph\">6\/12\/2023 et suites\u2026<\/p>\n\n\n\n<h3 class=\"wp-block-heading\">Maths, PISA, Atal\u2026 et t\u00e9moignages\u2026<\/h3>\n\n\n\n<p class=\"wp-block-paragraph\">Le 6 d\u00e9cembre 2023, dans les Matins de France-culture de 7h42 \u00e0 8h, suite \u00e0 PISA et aux&nbsp; d\u00e9clarations de Gabriel Attal, le journaliste Guillaume Erner s\u2019entretenait avec Hugo Demille-Copin m\u00e9daille Fields 2022 (la m\u00e9daille Fields est la plus prestigieuse r\u00e9compense en math\u00e9matiques)&nbsp;et Laure Car\u00e9mon math\u00e9maticienne de l\u2019EHES (l\u2019\u00c9cole des Hautes \u00e9tudes en Sciences sociales). Leurs propos sont concordants (sans intention de pol\u00e9miquer avec Attal, mais le trouvant implicitement ridicule).<\/p>\n\n\n\n<p class=\"wp-block-paragraph\">&nbsp;Les deux sp\u00e9cialistes sont d\u2019accord sur toutes les formulations suivantes : &nbsp;il ne s\u2019agit pas de s\u00e9lectionner des \u00e9lites, de m\u00e9langer \u00e9ducation et recherche&nbsp; mais de consid\u00e9rer qu\u2019il \u00ab&nbsp;s\u2019agit d\u2019une culture&nbsp;\u00bb \u00e0 d\u00e9velopper d\u00e8s les premiers \u00e2ges.<\/p>\n\n\n\n<p class=\"wp-block-paragraph\">Il s\u2019agit&nbsp;<strong>\u00ab&nbsp;d\u2019apprendre \u00e0 raisonner&nbsp;\u00bb<\/strong>,&nbsp;<strong>\u00ab&nbsp;de faire ensemble et non pas dans la comp\u00e9tition&nbsp;\u00bb<\/strong>&nbsp;et&nbsp;<strong>\u00ab&nbsp;essentiel, apprendre \u00e0 se tromper&nbsp;\u00bb<\/strong>. Hugo Demille-Copin raconte une erreur r\u00e9cente qu\u2019il vient de commettre sans honte. Il insiste&nbsp; en parlant \u00ab&nbsp;du petit enfant qui essaie d\u2019apprendre quelque chose en se trompant, en r\u00e9it\u00e9rant, r\u00e9it\u00e9rant&nbsp;\u00bb Il faut convaincre les parents en particulier qu\u2019un enfant qui se trompe n\u2019est pas nul en math.&nbsp;<strong>Parall\u00e8le avec la musique, le sport<\/strong>&nbsp;<strong>\u00ab&nbsp;r\u00e9p\u00e9ter un geste pour pouvoir le ma\u00eetriser&nbsp;\u00bb<\/strong>.<\/p>\n\n\n\n<p class=\"wp-block-paragraph\">A la remarque de G. Erner&nbsp;<strong>\u00ab&nbsp;l\u2019\u00e9chec est jug\u00e9 plus s\u00e9v\u00e8rement en France qu\u2019ailleurs&nbsp;\u00bb<\/strong>, Laure Car\u00e9mon d\u00e9clare : \u00ab&nbsp;<strong>on a un syst\u00e8me qui repose sur des notes<\/strong>, on a eu des&nbsp;2 et&nbsp; l\u2019on consid\u00e8re qu\u2019on est \u00ab&nbsp;nul en math&nbsp; pour le reste de sa vie&nbsp;\u00bb. On veut aussi \u00ab&nbsp;produire des scientifiques&nbsp;\u00bb \u00ab&nbsp;si l\u2019\u00e9cole est capable de produire des gens heureux qui sont capables de faire grandir leurs talents, on aura des scientifiques. &nbsp;Il faut compter aussi avec les \u00e9motions : \u00ab&nbsp;fiert\u00e9 d\u2019avoir m\u00e9rit\u00e9 apr\u00e8s avoir gal\u00e9r\u00e9&nbsp;\u00bb<\/p>\n\n\n\n<p class=\"has-text-align-center wp-block-paragraph\">***<\/p>\n\n\n\n<p class=\"wp-block-paragraph\">T\u00e9moignage de Raymond Millot ancien instituteur : \u00ab&nbsp;Je travaillais avec Nicole Picard de l\u2019INRDP. <strong>Je peux t\u00e9moigner de ce qu\u2019on peut faire avec des enfants de 6 \u00e0 8 pour cr\u00e9er la culture math\u00e9matique.<\/strong>&nbsp;Il faudrait faire un appel pour obtenir des t\u00e9moignages actuels. Nous travaillions :<\/p>\n\n\n\n<ul class=\"wp-block-list\">\n<li>&nbsp;<strong>sur la th\u00e9orie des ensembles<\/strong>&nbsp;: avec des \u00ab&nbsp;blocs logiques&nbsp;\u00bb qui conduisaient \u00e0 raisonner, d\u00e9terminer les caract\u00e9ristiques, classer,&nbsp; ranger dans des cercles en intersection, cela en groupe,&nbsp; en discutant sans note. &nbsp;<\/li>\n\n\n\n<li><strong>Sur les 4 op\u00e9rations \u00e0 la fois<\/strong>&nbsp;: Alors que selon la logique du simple au complexe&nbsp; on commence avec l\u2019addition etc. Avec le \u00ab&nbsp;mat\u00e9riel Cuisenaire&nbsp;\u00bb (r\u00e9glettes de couleur l\u2019unit\u00e9 \u00e9tant le cm3 couleur bois) permet qu\u2019en sachant compter jusqu\u2019\u00e0 12 ,&nbsp;d\u00e8s 6 ans, de comprendre sans les nommer les 4 op\u00e9rations, et visuellement , la moiti\u00e9, le tiers, le quart, donc avoir l\u2019id\u00e9e de fraction, d\u2019organiser le travail en petits groupe avec des consignes\u2026<\/li>\n\n\n\n<li><strong>Sur la num\u00e9ration<\/strong>&nbsp;: avec le mat\u00e9riel \u00abmulti-bases&nbsp;\u00bb comprendre que la base 10 n\u2019est qu\u2019une convention, savoir qu\u2019avec les \u0153ufs on comptait en base 12, qu\u2019on peut compter&nbsp; dans de multiples&nbsp; bases et m\u00eame savoir que l\u2019ordinateur fonctionne en base 2 , n\u2019utilisant que le 1 et le 0,( comme un interrupteur 1 le courant passe, 0 on coupe), avoir une id\u00e9e de surface (une plaque) et de volume(un cube).\n<ul class=\"wp-block-list\">\n<li>A chaque s\u00e9ance de&nbsp; gym, \u00e0 la fin la consigne \u00e9tait de se ranger en base 3 ou 4 ou 5, de discuter, en \u00e9tant 28 enfants :\n<ul class=\"wp-block-list\">\n<li>on formait &nbsp;<strong>en base 5<\/strong>, on formait une \u00ab&nbsp;plaque&nbsp;\u00bb (5 puissance 2) et&nbsp; 3 unit\u00e9s ( 3 petits cubes)<\/li>\n\n\n\n<li><strong>en base 4<\/strong>&nbsp;&nbsp;une \u00ab&nbsp;plaque&nbsp;\u00bb(4 puissance 2),&nbsp; 3 \u00ab&nbsp;barres&nbsp;\u00bb )<\/li>\n\n\n\n<li><strong>en base 3<\/strong>, un \u00ab&nbsp;cube&nbsp;\u00bb (3 puissance 3) &nbsp;et 1&nbsp;\u00bb&nbsp;\u00bb<\/li>\n<\/ul>\n<\/li>\n\n\n\n<li>et rentr\u00e9s en classe,&nbsp;constater que 28 en base 5&nbsp; s\u2019\u00e9crit 103, 28 en base 4 s\u2019\u00e9crit 130, 28 en base 3 s\u2019\u00e9crit 1001. Et&nbsp; constituer ces nombres avec le mat\u00e9riel.<\/li>\n<\/ul>\n<\/li>\n<\/ul>\n\n\n\n<p class=\"wp-block-paragraph\">Il n\u2019y avait aucune note, des erreurs et des discussions, des r\u00e9p\u00e9titions, du plaisir, parfois de la fiert\u00e9, ( en savoir plus que ses parents) une culture commune.&nbsp;<strong>C\u2019\u00e9tait \u00e0 l\u2019\u00e9cole exp\u00e9rimentale de la rue VITRUVE dans les ann\u00e9es 60&nbsp;!<\/strong><\/p>\n\n\n\n<p class=\"wp-block-paragraph\">Appel \u00e0 t\u00e9moignages\u2026<\/p>\n\n\n\n<p class=\"has-text-align-center wp-block-paragraph\">***<\/p>\n\n\n\n<p class=\"wp-block-paragraph\">05\/12\/2023<\/p>\n\n\n\n<h3 class=\"wp-block-heading\">R\u00e9sultats des \u00e9valuations internationales PISA : d\u00e9faillance du syst\u00e8me \u00e9ducatif<\/h3>\n\n\n\n<p class=\"wp-block-paragraph\">\u00ab&nbsp;<em>Le niveau des coll\u00e9giens fran\u00e7ais s\u2019affaisse t-il ou se redresse t-il ? Les r\u00e9sultats de Pisa 2022, la grande \u00e9tude internationale portant sur les jeunes \u00e2g\u00e9s de 15 ans, seront connus mardi 5 d\u00e9cembre et le Caf\u00e9 p\u00e9dagogique en rendra compte dans la matin\u00e9e. Aujourd\u2019hui, on peut revenir sur les r\u00e9sultats de Pisa 2018 pour estimer les chances d\u2019une am\u00e9lioration et celles d\u2019une aggravation du d\u00e9crochage. Et, comme les maths sont la discipline reine de l\u2019\u00e9dition 2022 de Pisa, on peut aussi revenir sur Timss 2019. Que nous ont-ils appris de l\u2019Ecole fran\u00e7aise ? Les gouvernements Macron ont-ils tenu compte de ces enseignements ?<\/em>&nbsp;\u00bb&nbsp;<strong><a href=\"http:\/\/xn--le%20niveau%20des%20collgiens%20franais%20saffaisse%20t-il%20ou%20se%20redresse%20t-il%20-5uh3o29171a\/?%20Les%20r%C3%A9sultats%20de%20Pisa%202022,%20la%20grande%20%C3%A9tude%20internationale%20portant%20sur%20les%20jeunes%20%C3%A2g%C3%A9s%20de%2015%20ans,%20seront%20connus%20mardi%205%20d%C3%A9cembre%20et%20le%20Caf%C3%A9%20p%C3%A9dagogique%20en%20rendra%20compte%20dans%20la%20matin%C3%A9e.%20Aujourd%E2%80%99hui,%20on%20peut%20revenir%20sur%20les%20r%C3%A9sultats%20de%20Pisa%202018%20pour%20estimer%20les%20chances%20d%E2%80%99une%20am%C3%A9lioration%20et%20celles%20d%E2%80%99une%20aggravation%20du%20d%C3%A9crochage.%20Et,%20comme%20les%20maths%20sont%20la%20discipline%20reine%20de%20l%E2%80%99%C3%A9dition%202022%20de%20Pisa,%20on%20peut%20aussi%20revenir%20sur%20Timss%202019.%20Que%20nous%20ont-ils%20appris%20de%20l%E2%80%99Ecole%20fran%C3%A7aise%20?%20Les%20gouvernements%20Macron%20ont-ils%20tenu%20compte%20de%20ces%20enseignements%20?\">Sur la page du Caf\u00e9 P\u00e9dagogique.<\/a><\/strong><\/p>\n\n\n\n<p class=\"wp-block-paragraph\">5\/12 : les r\u00e9sultats sont connus. \u00ab&nbsp;Cette fois, c\u2019est une vraie chute de niveau qu\u2019enregistre la nouvelle \u00e9valuation internationale Pisa organis\u00e9e par l\u2019OCDE. [\u2026] Si presque tous les pays sont touch\u00e9s par des cons\u00e9quences n\u00e9gatives du covid, les \u00e9l\u00e8ves fran\u00e7ais chutent beaucoup plus que les autres. Et, pour la premi\u00e8re fois, l\u2019OCDE pointe directement la gestion du syst\u00e8me \u00e9ducatif. Depuis 2018, la France est, apr\u00e8s le Cambodge, le pays o\u00f9 le nombre d\u2019\u00e9l\u00e8ves touch\u00e9s par le manque d\u2019enseignants a augment\u00e9 le plus : 67% des \u00e9l\u00e8ves sont scolaris\u00e9s dans des \u00e9tablissements o\u00f9 le chef d\u2019\u00e9tablissement signale qu\u2019il manque d\u2019enseignants. Le syst\u00e8me \u00e9ducatif fran\u00e7ais reste marqu\u00e9 par l\u2019importance des in\u00e9galit\u00e9s sociales de r\u00e9ussite scolaire&nbsp;\u00bb.&nbsp;<strong><a href=\"https:\/\/www.cafepedagogique.net\/...\/05\/pisa-2022-la-chute\/\">Article du Caf\u00e9 P\u00e9dagogique.<\/a><\/strong><\/p>\n\n\n\n<p class=\"wp-block-paragraph\">Le ministre G. Attal a aussit\u00f4t annonc\u00e9 les mesures pour remonter le niveau : par un retour en arri\u00e8re ? Le redoublement \u00e0 l\u2019honneur. Les groupes de niveau controvers\u00e9s m\u00eame par l\u2019OCDE.<\/p>\n\n\n\n<p class=\"wp-block-paragraph\">\u00ab&nbsp;Nouvelle \u00e9preuve de math\u00e9matiques en premi\u00e8re, brevet indispensable pour le passage au lyc\u00e9e ou encore changement de r\u00e8gles pour le redoublement [\u2026]<\/p>\n\n\n\n<p class=\"wp-block-paragraph\">\u00ab&nbsp;Des mesures tous azimuts. Gabriel Attal promet la mise en place d\u2019un logiciel comprenant une \u00ab&nbsp;intelligence artificielle&nbsp;\u00bb cens\u00e9e aider \u00e0 l\u2019apprentissage ou \u00e0 l\u2019approfondissement en fran\u00e7ais ou en math\u00e9matiques. [\u2026]<\/p>\n\n\n\n<p class=\"wp-block-paragraph\">\u00ab&nbsp;Inqui\u00e9tude sur les moyens humains. \u00ab&nbsp;Comment le minist\u00e8re va r\u00e9ussir \u00e0 recruter assez d\u2019enseignants pour mettre en \u0153uvre toutes ces mesures ?&nbsp;\u00bb, s\u2019interroge la FCPE sur franceinfo. Autre \u00e9l\u00e9ment controvers\u00e9 : les groupes de niveau.<\/p>\n\n\n\n<p class=\"wp-block-paragraph\">L\u2019enqu\u00eate Pisa \u00ab&nbsp;indique bien que ces groupes devraient plut\u00f4t \u00eatre des groupes de besoins ponctuels et ne pas conduire \u00e0 une s\u00e9gr\u00e9gation des \u00e9l\u00e8ves par classe au niveau scolaire&nbsp;\u00bb, fait valoir la f\u00e9d\u00e9ration de conseils de parents d\u2019\u00e9l\u00e8ves.&nbsp;\u00bb&nbsp;<strong><a href=\"https:\/\/www.francetvinfo.fr\/societe\/education\/classement-pisa\/direct-classement-pisa-suivez-les-annonces-du-ministre-de-l-education-gabriel-attal_6224463.html\">Sur la page de Franceinfo.<\/a><\/strong><\/p>\n\n\n\n<p class=\"has-text-align-center wp-block-paragraph\">***<\/p>\n\n\n\n<p class=\"wp-block-paragraph\">28\/11\/2023<\/p>\n\n\n\n<h3 class=\"wp-block-heading\">Roland Goigoux : \u00ab\u00a0Je ne m&rsquo;indigne pas des choix politiques mais de l&rsquo;instrumentalisation de la science\u00a0\u00bb.<\/h3>\n\n\n\n<p class=\"wp-block-paragraph\"><strong>Et en 2022 d\u00e9j\u00e0 : Lecture : Roland Goigoux d\u00e9nonce l\u2019engouement minist\u00e9riel pour la fluence<\/strong><\/p>\n\n\n\n<p class=\"wp-block-paragraph\">Reprenons ici les principes que nous \u00e9non\u00e7ons ici dans notre Collectif Education bien commun, depuis 2020 : \u00ab&nbsp;<strong><em>L\u2019\u00e9ducation est&nbsp;<mark><mark style=\"background-color:#ff6900\" class=\"has-inline-color\">un bien commun&nbsp;<\/mark><\/mark><\/em><\/strong><em>qui en tant que tel, ne doit pas d\u00e9pendre d\u2019un quelconque pouvoir politique ou \u00e9conomique mais faire l\u2019objet d\u2019<mark><mark style=\"background-color:#ff6900\" class=\"has-inline-color\">une construction collective \u00e9volutiv<\/mark>e<\/mark>&nbsp;\u00e9labor\u00e9e <mark style=\"background-color:#ff6900\" class=\"has-inline-color\">d\u00e9mocratiquement.<\/mark><\/em>&nbsp;\u00bb <\/p>\n\n\n\n<p class=\"wp-block-paragraph\">Que constatons-nous et avec nous Roland Goigoux, chercheur&nbsp;<em>sp\u00e9cialiste de l\u2019apprentissage de la lecture<\/em>&nbsp;? Que les diff\u00e9rents ministres de l\u2019\u00e9ducation imposent depuis J.M.Blanquer une m\u00e9thode de lecture syllabique dure, un livret unique le guide orange labellis\u00e9, un outil d\u2019\u00e9valuation, la fluence : \u00ab&nbsp;l<em>a fluence est un outil de mesure tr\u00e8s partiel de ce qu\u2019est la lecture.&nbsp;<strong>Elle ne dit rien de la compr\u00e9hension des textes.<\/strong>&nbsp;On peut lire vite des choses que l\u2019on ne comprend pas. On survalorise un test qui n\u2019\u00e9value qu\u2019une partie des comp\u00e9tences de lecture, celle de la ma\u00eetrise du d\u00e9codage et de son automatisation. Et qui n\u2019incite les professeurs qu\u2019\u00e0 entrainer cette seule habilet\u00e9.<\/em>&nbsp;\u00bb Il d\u00e9clare apr\u00e8s avoir \u00e9t\u00e9 auditionn\u00e9 l<em>e 8 novembre par les rapporteurs de la mission parlementaire sur l\u2019apprentissage de la lecture : \u00ab&nbsp;Que la politique fasse de la politique et assume ses choix, mais qu\u2019elle n\u2019utilise pas la science pour cautionner des directives qui sont id\u00e9ologiques&nbsp;\u00bb, l\u00e2che-t-il. Une mise au point salutaire en ces temps de r\u00e9cup\u00e9ration politique de l\u2019apprentissage de la lecture&nbsp;\u00bb.<\/em>&nbsp;<strong><a href=\"https:\/\/www.cafepedagogique.net\/2023\/11\/29\/roland-goigoux-cest-mon-devoir-de-chercheur-dinformer-les-elus\/\">Lire l\u2019int\u00e9gralit\u00e9 de l\u2019article sur le site du Caf\u00e9 P\u00e9dagogique.<\/a><\/strong><\/p>\n\n\n\n<p class=\"has-text-align-center wp-block-paragraph\">***<\/p>\n\n\n\n<p class=\"wp-block-paragraph\">11\/11\/2023<\/p>\n\n\n\n<h3 class=\"wp-block-heading\">Podcast : l&rsquo;exception de la p\u00e9dagogie Freinet<\/h3>\n\n\n\n<p class=\"wp-block-paragraph\">\u2026ou ce que la maternelle devrait \u00eatre aujourd\u2019hui mais dont les diff\u00e9rents ministres de l\u2019Education et aujourd\u2019hui le pr\u00e9sident Macron lui-m\u00eame, la d\u00e9tournent pour en faire l\u2019antichambre du\u2026 CP\u2026 au nom de\u2026 l\u2019\u00e9galit\u00e9 des chances ! La p\u00e9dagogie Blanquer a de beaux jours devant elle. La p\u00e9dagogie Freinet et toutes les p\u00e9dagogies de l\u2019\u00e9ducation nouvelle, du GFEN, de l\u2019AFL etc. font d\u2019abord confiance aux enfants d\u00e8s le plus jeune \u00e2ge avant de vouloir les embrigader, les formater.&nbsp;<strong><a href=\"https:\/\/www.telerama.fr\/radio\/podcast-l-exception-de-la-pedagogie-freinet-7018029.php?fbclid=IwAR0QjmCM7fHKX1yEAM2zCAbXLYZMnB11AlV_Qs77lINII2jH4CQt9dW9tF8\">Article de T\u00e9l\u00e9rama du 11\/11\/2023 qui pr\u00e9sente un podcast \u00e0 \u00e9couter.<\/a><\/strong><\/p>\n\n\n\n<p class=\"wp-block-paragraph\">\u00ab&nbsp;Et si on faisait confiance aux enfants&nbsp;? C\u2019est cette id\u00e9e, simple et difficile \u00e0 appliquer, que d\u00e9fend la p\u00e9dagogie Freinet, dont le podcast \u201cLa Buissonni\u00e8re\u201d explore la m\u00e9thode au fil d\u2019un reportage \u00e0 Vence. Utile et attendrissant. Pour le podcast&nbsp;<em>La Buissonni\u00e8re<\/em>, H\u00e9lo\u00efse Pierre pose son micro dans une classe de maternelle et fait d\u00e9couvrir cette m\u00e9thode bienveillante, exigeante et interactive. Les \u00e9l\u00e8ves apprennent \u00e0 lire et \u00e0 \u00e9crire \u00e0 partir de leurs propres histoires, se responsabilisent gr\u00e2ce \u00e0 un syst\u00e8me de parrainage entre grands et petits, d\u00e9battent autour de notions cruciales comme le consentement ou les st\u00e9r\u00e9otypes de genre. Quant aux conflits, ils sont r\u00e9solus par le dialogue et le vote. Immerg\u00e9e dans les journ\u00e9es de ces enfants, on est \u00e0 la fois attendri et impressionn\u00e9&nbsp;: on r\u00e9alise \u00e0 quel point ces mini-citoyens sont frapp\u00e9s de bon sens, en prenant tout simplement le temps de les \u00e9couter&nbsp;\u00bb.<\/p>\n\n\n\n<p class=\"wp-block-paragraph\">\u00ab&nbsp;<strong>Faire des \u00e9l\u00e8ves des acteurs de leur apprentissage<\/strong>, c\u2019est ce que propose la&nbsp;<strong>p\u00e9dagogie Freinet<\/strong>&nbsp;enseign\u00e9e \u00e0 l\u2019\u00e9cole publique Freinet de Vence. Durant une ann\u00e9e, nous suivons les \u00e9l\u00e8ves de maternelle et leur enseignante Marie, en immersion sonore dans une classe de trois niveaux de maternelle.&nbsp;<strong><a href=\"https:\/\/www.clap.audio\/la-buissonniere\">Ecouter ici le podcast.<\/a><\/strong><\/p>\n\n\n\n<p class=\"has-text-align-center wp-block-paragraph\">***<\/p>\n\n\n\n<p class=\"wp-block-paragraph\">6 novembre 2023<\/p>\n\n\n\n<h3 class=\"wp-block-heading\">Ce que la pens\u00e9e complexe d&rsquo;Edgar Morin apporte \u00e0 l&rsquo;\u00e9ducation : \u00ab\u00a0le paradigme de l&rsquo;\u00e9ducation complexe\u00a0\u00bb<\/h3>\n\n\n\n<p class=\"wp-block-paragraph\"><br>\u00ab&nbsp;Le dicton \u00ab&nbsp;nul n\u2019est proph\u00e8te en son pays&nbsp;\u00bb pourrait bien s\u2019appliquer aux travaux d\u2019Edgar Morin sur l\u2019\u00e9ducation. C\u2019est un champ que le sociologue a amplement trait\u00e9, pourtant son apport en la mati\u00e8re ne semble pas reconnu en France. L\u2019homme de la complexit\u00e9 ne trouve pas dans cette \u00ab&nbsp;province de la Terre-patrie&nbsp;\u00bb \u00e0 laquelle il se voue l\u2019\u00e9cho des honneurs et pl\u00e9biscites qu\u2019il re\u00e7oit \u00e0 l\u2019\u00e9chelle plan\u00e9taire, par exemple en&nbsp;<a href=\"https:\/\/www.cairn.info\/edgar-morin-les-cent-premieres-annees--9791037029317-page-41.htm\">Am\u00e9rique latine<\/a>&nbsp;qui d\u00e8s les ann\u00e9es&nbsp;60 a nou\u00e9 une forte relation avec lui.<\/p>\n\n\n\n<p class=\"wp-block-paragraph\">En repla\u00e7ant&nbsp;<a href=\"https:\/\/journals.openedition.org\/trema\/6357?fbclid=IwAR3RedO71Lp_SBcGbJiKmW5YzN-nO-k6HdbPI5Ghvkjik2fg4mNRIP_K2Qg\" rel=\"noreferrer noopener\" target=\"_blank\">l\u2019humain au c\u0153ur d\u2019une communaut\u00e9 de destin<\/a>, la vision anthropologique de l\u2019\u00e9ducation d\u2019Edgar Morin s\u2019inscrit dans une vis\u00e9e soci\u00e9tale qui fait de chacun de nous un citoyen du monde, un monde qui se transmet, et qu\u2019il nous appartient tant de pr\u00e9server que de b\u00e2tir. Au regard des probl\u00e9matiques qui parcourent l\u2019\u00e9cole aujourd\u2019hui, d\u00e9ployer des r\u00e9formes ne saurait suffire. Une pens\u00e9e prenant en compte la globalit\u00e9 des grands d\u00e9fis contemporains est n\u00e9cessaire pour assurer la transmission des connaissances aux jeunes g\u00e9n\u00e9rations.<\/p>\n\n\n\n<p class=\"wp-block-paragraph\">Cette pens\u00e9e \u00e9ducative, Morin s\u2019y est consacr\u00e9 \u00e0 travers une trilogie compos\u00e9e des ouvrages suivants :&nbsp;<em>La T\u00eate bien faite : repenser la r\u00e9forme, r\u00e9former la pens\u00e9e<\/em>&nbsp;(1999),&nbsp;<em>Relier les connaissances<\/em>&nbsp;(1999),&nbsp;<em>Les sept savoirs n\u00e9cessaires \u00e0 l\u2019\u00e9ducation du futur<\/em>&nbsp;(2000). La trilogie a \u00e9t\u00e9 compl\u00e9t\u00e9e une quinzaine d\u2019ann\u00e9es plus tard par l\u2019ouvrage&nbsp;<em>Enseigner \u00e0 vivre : manifeste pour changer l\u2019\u00e9ducation<\/em>&nbsp;(2014), dont s\u2019est inspir\u00e9 le r\u00e9alisateur Abraham S\u00e9gal pour r\u00e9aliser un&nbsp;<a href=\"https:\/\/www.allocine.fr\/video\/player_gen_cmedia=19574905?fbclid=IwAR0eTMNYs2RJqeNfP40ydkEp-e8HtJ8ZqpqjasJWgp8fyiyCC0M7-rtzU9w\" target=\"_blank\" rel=\"noreferrer noopener\">documentaire<\/a>&nbsp;montrant une mise en perspective des id\u00e9es de Morin dans 5 \u00e9tablissements publics&nbsp;\u00bb. [\u2026]<\/p>\n\n\n\n<p class=\"wp-block-paragraph\">\u00ab&nbsp;La transdisciplinarit\u00e9 au service de la compr\u00e9hension de l\u2019humain<\/p>\n\n\n\n<p class=\"wp-block-paragraph\">Les diff\u00e9rentes disciplines doivent \u00eatre mobilis\u00e9es ensemble plut\u00f4t que s\u00e9par\u00e9ment afin de converger sur la compr\u00e9hension de la condition humaine. C\u2019est sur ces bases que Morin appelle \u00e0 une r\u00e9forme de pens\u00e9e qu\u2019il annonce comme \u00e9tant historique et vitale en ce qu\u2019elle permettra conjointement de s\u00e9parer pour connaitre et de relier ce qui est s\u00e9par\u00e9&nbsp;\u00bb. [\u2026]<\/p>\n\n\n\n<p class=\"wp-block-paragraph\">\u00ab&nbsp;Concr\u00e8tement, la mission de l\u2019enseignant est de donner du sens aux apprentissages en proposant \u00e0 ses \u00e9l\u00e8ves un travail s\u2019appuyant sur leurs besoins profonds, comme le pr\u00e9conisait en son temps le p\u00e9dagogue belge&nbsp;<a href=\"https:\/\/l.facebook.com\/l.php?u=https%3A%2F%2Ffr.wikipedia.org%2Fwiki%2FOvide_Decroly%3Ffbclid%3DIwAR2SJNtOUHeTGVIK6yxKnxDHVuEghKqKU6KaLwvUwcpEVbq_eKSX7LjxbSg&amp;h=AT0YdgDafy_DMFD7wNkMFSmzpNuYngTpCEIqJGVIu6QopAe6Js94vVWmOOVMNPn2AKF21Tkt8-WXpN1q6ic_O7ypvjBJ0OtPs3bMPIk5CB5CHHOwDKosxxJbyWypZsFCHzePmRmaFZ1jyvr85Bciw0Q&amp;__tn__=-UK-R&amp;c[0]=AT1klmqhh834_AoagcMY44WGLFkKkRP7hUVPbN5BaEhJSN9e5sEdTHzQf9stPzetiEh3Tjxs0PoVguBxbsrK1BEfKTHNh979uQCNt-jp-GIjqtGE-dm6-qCZzURqRs1TM1uLJl9ZN878PfOAgVei6ZQ8jMWWIJiNvJiZRRc\" target=\"_blank\" rel=\"noreferrer noopener\">Ovide Decroly<\/a>&nbsp;avec la p\u00e9dagogie de l\u2019int\u00e9r\u00eat&nbsp;\u00bb.<\/p>\n\n\n\n<p class=\"wp-block-paragraph\">\u00ab&nbsp;Instaurer une d\u00e9mocratie \u00e0 l\u2019\u00e9cole<\/p>\n\n\n\n<p class=\"wp-block-paragraph\">Edgar Morin pr\u00f4ne aussi l\u2019instauration, dans le cadre de l\u2019\u00e9cole, d\u2019une d\u00e9mocratie qui permettrait aux \u00e9l\u00e8ves de prendre r\u00e9ellement part aux d\u00e9bats et \u00e0 la vie quotidienne scolaire. L\u2019objectif serait de redonner \u00e0 l\u2019\u00e9cole sa place comme lieu de formation du futur citoyen&nbsp;\u00bb.[\u2026]&nbsp;\u00ab&nbsp;Autrement dit, selon Morin, l\u2019\u00e9ducation doit non seulement permettre d\u2019apprendre \u00e0 vivre, mais \u00e0 vivre dans la solidarit\u00e9, et dans une solidarit\u00e9 qu\u2019il place dans un syst\u00e8me plan\u00e9taire.&nbsp;<a href=\"https:\/\/l.facebook.com\/l.php?u=https%3A%2F%2Ftheconversation.com%2Fla-competition-a-t-elle-une-vertu-educative-166586%3Ffbclid%3DIwAR3cpjbzScvt21OEdj7ZtHD8O8RCfS6yGh5kFi-0suzJeOGJX7KqTQlsD8M&amp;h=AT0dRzX38YZtNy0TnliPonBH6QeOuCjxo1FQJEdzbXz5zz8fP4ZZ1U9bePyykEFnbb86xO5RUn2ASZ7lljuoSrYcfLpt9UeMDAd4P_MWaIrP6fSIsslhFnL1rw7zayLerGqYx6eGvDV0I15N8ga0en4&amp;__tn__=-UK-R&amp;c[0]=AT1klmqhh834_AoagcMY44WGLFkKkRP7hUVPbN5BaEhJSN9e5sEdTHzQf9stPzetiEh3Tjxs0PoVguBxbsrK1BEfKTHNh979uQCNt-jp-GIjqtGE-dm6-qCZzURqRs1TM1uLJl9ZN878PfOAgVei6ZQ8jMWWIJiNvJiZRRc\" target=\"_blank\" rel=\"noreferrer noopener\">Le syst\u00e8me comp\u00e9titif<\/a>&nbsp;que l\u2019\u00e9cole continue \u00e0 favoriser devrait donc \u00eatre repens\u00e9 au prisme de la coop\u00e9ration pour permettre aux enfants et aux jeunes d\u2019apprendre \u00e0 travailler ensemble, dans un monde commun, et dans une relation de confiance qui englobe \u00e9galement les \u00e9ducateurs&nbsp;\u00bb.&nbsp;<strong><a href=\"https:\/\/theconversation.com\/ce-que-la-pensee-complexe-dedgar-morin-apporte-a-leducation-212999\">Lire l\u2019article ici.<\/a><\/strong><\/p>\n\n\n\n<blockquote class=\"wp-block-quote is-layout-flow wp-block-quote-is-layout-flow\">\n<p class=\"has-text-align-center wp-block-paragraph\">***<\/p>\n\n\n\n<p class=\"wp-block-paragraph\">5 octobre 2023<\/p>\n\n\n\n<h3 class=\"wp-block-heading\">D\u00e9bat sur les savoirs : un \u00e9lectrochoc r\u00e9actionnaire<\/h3>\n\n\n\n<p class=\"wp-block-paragraph\">\u00ab&nbsp;Une mission \u00ab&nbsp;exigence des savoirs&nbsp;\u00bb, avec une priorit\u00e9 sur le fran\u00e7ais et les math\u00e9matiques, sera lanc\u00e9e, associant les professeurs, des recteurs et des inspecteurs, annonce le ministre de l\u2019\u00e9ducation nationale, Gabriel Attal, dans un entretien au \u00ab&nbsp;Monde&nbsp;\u00bb.&nbsp;<strong><a href=\"https:\/\/www.lemonde.fr\/societe\/article\/2023\/10\/05\/gabriel-attal-nous-devons-engager-une-bataille-pour-le-niveau-de-notre-ecole_6192600_3224.html\">Article du Monde du 05\/10\/2023.<\/a><\/strong><\/p>\n<\/blockquote>\n\n\n\n<p class=\"wp-block-paragraph\">R\u00e9action \u00e0 cette derni\u00e8re com\u2019 du ministre Attal : \u00ab&nbsp;Qui pourrait douter du bien fond\u00e9 de mettre les savoirs au c\u0153ur du d\u00e9bat \u00e9ducatif ? Mais le \u00abchoc des savoirs\u00bb annonc\u00e9 par le ministre est un \u00e9lectrochoc r\u00e9actionnaire.&nbsp;\u00bb Le CICUR : Collectif d\u2019interpellation du curriculum (CICUR) au sein du Comit\u00e9 universitaire d\u2019information p\u00e9dagogique (CUIP), association loi 1901.<\/p>\n\n\n\n<p class=\"has-text-align-center wp-block-paragraph\">***<\/p>\n\n\n\n<p class=\"wp-block-paragraph\">5 octobre 2023<\/p>\n\n\n\n<h3 class=\"wp-block-heading\">Le 5 octobre, ce sera votre f\u00eate !<\/h3>\n\n\n\n<p class=\"wp-block-paragraph\"><em>\u00ab&nbsp;Nous sommes dans le temps de l\u2019action&nbsp;\u00bb. Intervenant \u00e0 l\u2019occasion de la Journ\u00e9e mondiale des enseignants, le 5 octobre, Gabriel Attal lance \u00ab&nbsp;le choc des savoirs&nbsp;\u00bb. En huit semaines, il promet de trouver les solutions pour \u201crelever le niveau\u201d et sauver l\u2019Ecole. C\u2019est que les \u201cconstats\u201d sont d\u00e9j\u00e0 faits et les r\u00e9ponses connues. Ce sont celles pr\u00e9conis\u00e9es depuis 2017&nbsp;: mettre fin aux cycles, g\u00e9n\u00e9raliser les classes de niveau, dicter aux enseignants les m\u00e9thodes \u00e0 suivre, labelliser les manuels scolaires. En toute logique, le ministre veut aussi r\u00e9tablir les \u00e9coles normales avec recrutement au niveau bac. Dans cette vision caporaliste de l\u2019Ecole, nul besoin d\u2019enseignants form\u00e9s en universit\u00e9, le minist\u00e8re pense pour eux. Des ex\u00e9cutants dociles suffisent. Pour l\u00e9gitimer cette vision, une consultation organis\u00e9e par le minist\u00e8re sera lanc\u00e9e aupr\u00e8s des enseignants. Vous avez aim\u00e9 Blanquer, vous aimerez Attal\u2026<\/em>&nbsp;\u00bb&nbsp;<strong><a href=\"https:\/\/www.cafepedagogique.net\/2023\/10\/06\/attal-gagner-la-bataille-du-niveau-avec-les-idees-davant-hier\/\">Lire ici sur la page du Caf\u00e9 P\u00e9dagogique<\/a><\/strong>.<\/p>\n\n\n\n<p class=\"wp-block-paragraph\">\u00ab&nbsp;<em>C\u2019\u00e9tait il y a 15 jours, le 5 octobre, lors de la journ\u00e9e des enseignants, le ministre de l\u2019\u00c9ducation promettait un \u00ab choc des savoirs \u00bb et annon\u00e7ait une mission de huit semaines pour tout r\u00e9former : recrutement des enseignants au niveau bac pour une formation au sein \u00ab d\u2019\u00e9coles normales du XXIe si\u00e8cle \u00bb, fin des cycles, g\u00e9n\u00e9ralisation les classes de niveau, labellisation les manuels scolaires\u2026 Jean-Paul Delahaye, ancien DGESCO, nous livre son analyse de ces annonces. Selon lui, ces annonces ne r\u00e8glent pas la question des in\u00e9galit\u00e9s qui \u00ab ne nuisent pas \u00e0 tout le monde \u00bb . Comment ne pas voir qu\u2019il existe une v\u00e9ritable lutte de classe dans notre syst\u00e8me \u00e9ducatif&nbsp;?&nbsp;\u00bb interroge-t-il. \u00ab&nbsp;Cette situation, mesurons-le, met en danger la coh\u00e9sion de notre pays&nbsp;\u00bb.&nbsp;<strong><a href=\"https:\/\/www.cafepedagogique.net\/2023\/10\/20\/jean-paul-delahaye-une-ecole-commune-et-pas-seulement-pour-ceux-qui-vont-bien\/?utm_campaign=Lexpresso_20-10-2023_1&amp;utm_medium=email&amp;utm_source=Expresso&amp;fbclid=IwAR3-wYxrWWaHu5OmszunMP9jDJgqI8Qwdtoh0L1Twa75ZGzy-0cXP8hTdQE\">Il r\u00e9pond aux questions du Caf\u00e9 p\u00e9dagogique<\/a><\/strong>\u00ab&nbsp;.<\/em><\/p>\n\n\n\n<p class=\"has-text-align-center wp-block-paragraph\">***<\/p>\n\n\n\n<p class=\"wp-block-paragraph\">Septembre 2023<\/p>\n\n\n\n<h3 class=\"wp-block-heading\">Crise d\u2019attractivit\u00e9 du m\u00e9tier : Finlande : une exception !<\/h3>\n\n\n\n<p class=\"wp-block-paragraph\">\u00ab&nbsp;Enseignement : la Finlande, une exception dans la crise d\u2019attractivit\u00e9 qui touche tous les pays de l\u2019OCDE.<\/p>\n\n\n\n<p class=\"wp-block-paragraph\">Dans son rapport annuel, \u00ab&nbsp;Regards sur l\u2019\u00e9ducation&nbsp;\u00bb, l\u2019OCDE compare les politiques de la quarantaine de pays membres et \u00e9voque notamment la question de la p\u00e9nurie de professeurs&nbsp;\u00bb.<\/p>\n\n\n\n<p class=\"wp-block-paragraph\">Radio France \u2013 Publi\u00e9 le 12\/09\/2023<\/p>\n\n\n\n<p class=\"wp-block-paragraph\">\u00ab&nbsp;\u00c0 notre connaissance, il n\u2019y a qu\u2019en Finlande et en Irlande en Europe o\u00f9 on arrive \u00e0 trouver des candidats pour tous les postes&nbsp;\u00bb, r\u00e9sume \u00c9ric Charbonnier,&nbsp;<a><\/a>analyste \u00e0 l\u2019OCDE&nbsp;\u00bb.<\/p>\n\n\n\n<p class=\"wp-block-paragraph\">\u00ab&nbsp;Il y a un probl\u00e8me d\u2019attractivit\u00e9 qui est li\u00e9 \u00e0 plusieurs raisons : la premi\u00e8re est salariale mais ce n\u2019est pas suffisant pour tout expliquer.&nbsp;\u00bb<\/p>\n\n\n\n<p class=\"wp-block-paragraph\">\u00ab&nbsp;Pourquoi la Finlande fait exception, alors que les enseignants n\u2019y sont pas beaucoup mieux pay\u00e9s qu\u2019en France ? C\u2019est une question de \u00ab&nbsp;valorisation du m\u00e9tier&nbsp;\u00bb, explique \u00c9ric Charbonnier.<\/p>\n\n\n\n<p class=\"wp-block-paragraph\">\u00ab&nbsp;On propose une formation de qualit\u00e9 aux enseignants et ils b\u00e9n\u00e9ficient de toutes les avanc\u00e9es de la recherche en \u00e9ducation, ils ont acc\u00e8s \u00e0 une formation continue sur leurs besoins&nbsp;\u00bb.<\/p>\n\n\n\n<p class=\"wp-block-paragraph\">\u00ab&nbsp;Les enseignants en Finlande sont valoris\u00e9s par la soci\u00e9t\u00e9. Il y a moins de probl\u00e8mes avec le respect des ma\u00eetres en Finlande.&nbsp;\u00bb&nbsp;<strong><a href=\"https:\/\/www.francetvinfo.fr\/societe\/education\/enseignement-la-finlande-une-exception-dans-la-crise-d-attractivite-qui-touche-tous-les-pays-de-l-ocde_6058263.html?fbclid=IwAR1tsSJIUlid3d1O3Eybfv5jNUmUUbg7Mh10jvondZ7_LmbVMvYoyiC1MeQ\">Lire l\u2019article ici.<\/a><\/strong><\/p>\n\n\n\n<p class=\"has-text-align-center wp-block-paragraph\">***<\/p>\n\n\n\n<p class=\"wp-block-paragraph\">24 Septembre 2023<\/p>\n\n\n\n<h3 class=\"wp-block-heading\">\u00ab&nbsp;Un silence si bruyant&nbsp;\u00bb : les enfants victimes d\u2019inceste<\/h3>\n\n\n\n<p class=\"wp-block-paragraph\">\u00ab&nbsp;Aucun cri ne sort de ma bouche&nbsp;\u00bb : l\u2019actrice Emmanuelle B\u00e9art r\u00e9v\u00e8le avoir \u00e9t\u00e9 victime d\u2019inceste pendant son adolescence.&nbsp;<em>\u00ab&nbsp;Mon p\u00e8re, ma m\u00e8re, mon \u00e9cole, mes amis ne voient rien. Tout peut recommencer et tu recommenceras pendant quatre ans&nbsp;\u00bb<\/em>, poursuit la com\u00e9dienne dans&nbsp;<em>Un silence si bruyant<\/em>, film qu\u2019elle a co-r\u00e9alis\u00e9 et qui sera diffus\u00e9 le 24&nbsp;septembre sur M6. \u00ab&nbsp;<em>\u00ab&nbsp;C\u2019est un film choral, collectif&nbsp;\u00bb<\/em>, a expliqu\u00e9 Anastasia Mikova, la co-r\u00e9alisatrice, rappelant&nbsp;<a href=\"https:\/\/www.francetvinfo.fr\/societe\/harcelement-sexuel\/ce-qu-il-faut-retenir-du-rapport-de-la-commission-independante-sur-l-inceste-et-les-violences-sexuelles-faites-aux-enfants_5053045.html\">les chiffres commun\u00e9ment admis sur les victimes d\u2019inceste<\/a>&nbsp;:&nbsp;<em>\u00ab&nbsp;10% de la population fran\u00e7aise, 6&nbsp;millions de personnes.&nbsp;\u00bb<\/em>&nbsp;Dans un propos liminaire enregistr\u00e9 et diffus\u00e9 lors de l\u2019avant-premi\u00e8re, Emmanuelle B\u00e9art a insist\u00e9 sur la port\u00e9e soci\u00e9tale de ce documentaire, au-del\u00e0 de son cas personnel&nbsp;\u00bb<\/p>\n\n\n\n<p class=\"wp-block-paragraph\"><em>\u00ab&nbsp;A partir du 24&nbsp;septembre, des enfants seront mieux prot\u00e9g\u00e9s gr\u00e2ce \u00e0 ce film&nbsp;\u00bb<\/em>&nbsp;: le juge Edouard Durand qui pr\u00e9side la Commission ind\u00e9pendante sur l\u2019inceste et les violences sexuelles faites aux enfants (Ciivise). La secr\u00e9taire d\u2019Etat charg\u00e9e de l\u2019Enfance, Charlotte Caubel, a salu\u00e9&nbsp;<em>\u00ab&nbsp;le courage des t\u00e9moignages&nbsp;\u00bb<\/em>&nbsp;de ce documentaire et annonc\u00e9 une&nbsp;<em>\u00ab&nbsp;grande campagne gouvernementale&nbsp;\u00bb<\/em>&nbsp;sur les&nbsp;<em>\u00ab&nbsp;violences sexuelles inflig\u00e9es aux enfants&nbsp;\u00bb,<\/em>&nbsp;<em>\u00ab&nbsp;dans les prochains jours&nbsp;\u00bb<\/em>.&nbsp;<strong><a href=\"https:\/\/www.francetvinfo.fr\/societe\/harcelement-sexuel\/aucun-cri-ne-sort-de-ma-bouche-l-actrice-emmanuelle-beart-revele-dans-un-documentaire-avoir-ete-victime-d-inceste-pendant-son-adolescence_6044408.html\">Lire l\u2019article ici.<\/a><\/strong><\/p>\n\n\n\n<p class=\"has-text-align-center wp-block-paragraph\">***<\/p>\n\n\n\n<p class=\"wp-block-paragraph\">Septembre 2023<\/p>\n\n\n<div class=\"wp-block-image\">\n<figure class=\"aligncenter size-large\"><img loading=\"lazy\" decoding=\"async\" width=\"1564\" height=\"1210\" src=\"https:\/\/education-bien-commun.fr\/wp-content\/uploads\/2024\/06\/capture-decran-2024-06-08-a-08.10.43.png?w=1024\" alt=\"\" class=\"wp-image-9454\" srcset=\"https:\/\/education-bien-commun.fr\/wp-content\/uploads\/2024\/06\/capture-decran-2024-06-08-a-08.10.43.png 1564w, https:\/\/education-bien-commun.fr\/wp-content\/uploads\/2024\/06\/capture-decran-2024-06-08-a-08.10.43-300x232.png 300w, https:\/\/education-bien-commun.fr\/wp-content\/uploads\/2024\/06\/capture-decran-2024-06-08-a-08.10.43-1024x792.png 1024w, https:\/\/education-bien-commun.fr\/wp-content\/uploads\/2024\/06\/capture-decran-2024-06-08-a-08.10.43-768x594.png 768w, https:\/\/education-bien-commun.fr\/wp-content\/uploads\/2024\/06\/capture-decran-2024-06-08-a-08.10.43-1536x1188.png 1536w\" sizes=\"auto, (max-width: 1564px) 100vw, 1564px\" \/><\/figure>\n<\/div>\n\n<div class=\"wp-block-image\">\n<figure class=\"alignright size-large is-resized\"><a href=\"https:\/\/education-bien-commun.fr\/\"><img decoding=\"async\" src=\"https:\/\/education-bien-commun.fr\/wp-content\/uploads\/2024\/06\/double-retour-1.webp?w=322\" alt=\"\" class=\"wp-image-9680\" style=\"width:172px;height:auto\" \/><\/a><\/figure>\n<\/div>","protected":false},"excerpt":{"rendered":"<p>Nous souhaitons publier sous cette rubrique des articles ayant trait aux possibilit\u00e9s et aux difficult\u00e9s du changement de paradigme en \u00e9ducation que propose notre APPEL et des articles en rapport avec les th\u00e8mes de la brochure \u00ab&nbsp;EDUCATION UN BIEN COMMUN&nbsp;\u00bb. L&rsquo;ensemble des faits d&rsquo;actualit\u00e9s les plus marquants depuis le 3 mai 2022, sont consultables dans&hellip; <a class=\"more-link\" href=\"https:\/\/education-bien-commun.fr\/?page_id=9428\">Lire la suite <span class=\"screen-reader-text\">ACTUALITES<\/span><\/a><\/p>\n","protected":false},"author":3,"featured_media":0,"parent":0,"menu_order":0,"comment_status":"closed","ping_status":"closed","template":"","meta":{"footnotes":""},"class_list":["post-9428","page","type-page","status-publish","hentry"],"jetpack_sharing_enabled":true,"_links":{"self":[{"href":"https:\/\/education-bien-commun.fr\/index.php?rest_route=\/wp\/v2\/pages\/9428","targetHints":{"allow":["GET"]}}],"collection":[{"href":"https:\/\/education-bien-commun.fr\/index.php?rest_route=\/wp\/v2\/pages"}],"about":[{"href":"https:\/\/education-bien-commun.fr\/index.php?rest_route=\/wp\/v2\/types\/page"}],"author":[{"embeddable":true,"href":"https:\/\/education-bien-commun.fr\/index.php?rest_route=\/wp\/v2\/users\/3"}],"replies":[{"embeddable":true,"href":"https:\/\/education-bien-commun.fr\/index.php?rest_route=%2Fwp%2Fv2%2Fcomments&post=9428"}],"version-history":[{"count":0,"href":"https:\/\/education-bien-commun.fr\/index.php?rest_route=\/wp\/v2\/pages\/9428\/revisions"}],"wp:attachment":[{"href":"https:\/\/education-bien-commun.fr\/index.php?rest_route=%2Fwp%2Fv2%2Fmedia&parent=9428"}],"curies":[{"name":"wp","href":"https:\/\/api.w.org\/{rel}","templated":true}]}}