{"id":9606,"date":"2024-06-19T04:28:47","date_gmt":"2024-06-19T02:28:47","guid":{"rendered":"https:\/\/educationbiencommun.fr\/?page_id=9606"},"modified":"2024-06-19T04:28:47","modified_gmt":"2024-06-19T02:28:47","slug":"2023-un-institut-pedagogique-provisoire","status":"publish","type":"page","link":"https:\/\/education-bien-commun.fr\/?page_id=9606","title":{"rendered":"2023 : Un I. P. P.\u00a0?"},"content":{"rendered":"\n<p class=\"wp-block-paragraph\">La contribution de Raymond Millot et du Collectif Education Commun qui lance le d\u00e9bat :<\/p>\n\n\n\n<p class=\"wp-block-paragraph\">SOMMAIRE<\/p>\n\n\n\n<ol><li><a class=\"wp-block-table-of-contents__entry\" href=\"https:\/\/education-bien-commun.fr\/2023-un-institut-pedagogique-provisoire\/#indignation-analyse-proposition\">INDIGNATION \u2013 ANALYSE \u2013 PROPOSITION<\/a><\/li><li><a class=\"wp-block-table-of-contents__entry\" href=\"https:\/\/education-bien-commun.fr\/2023-un-institut-pedagogique-provisoire\/#l-i-p-p-lance-le-debat\">L&rsquo;I.P.P. lance le d\u00e9bat<\/a><ol><li><a class=\"wp-block-table-of-contents__entry\" href=\"https:\/\/education-bien-commun.fr\/2023-un-institut-pedagogique-provisoire\/#pourquoi-toutes-les-mesures-actuellement-prises-contre-le-harcelement-scolaire-ne-peuvent-qu-echouer\">Pourquoi toutes les mesures actuellement prises contre le harc\u00e8lement scolaire ne peuvent qu\u2019\u00e9chouer\u00a0?<\/a><\/li><li><a class=\"wp-block-table-of-contents__entry\" href=\"https:\/\/education-bien-commun.fr\/2023-un-institut-pedagogique-provisoire\/#lire-aussi-le-texte-le-harcelement-en-milieu-scolaire-n-est-pas-que-du-harcelement-scolaire-d-eric-debarbieux\">Lire aussi le texte \u00ab\u00a0Le harc\u00e8lement en milieu scolaire n\u2019est pas que du\u00a0harc\u00e8lement scolaire\u00a0\u00bb d\u2019Eric Debarbieux.<\/a><\/li><li><a class=\"wp-block-table-of-contents__entry\" href=\"https:\/\/education-bien-commun.fr\/2023-un-institut-pedagogique-provisoire\/#11-petitions-contre-la-pedocriminalite-et-les-maltraitances-sur-les-enfants\">11 p\u00e9titions contre la p\u00e9docriminalit\u00e9 et les maltraitances sur les enfants<\/a><\/li><li><a class=\"wp-block-table-of-contents__entry\" href=\"https:\/\/education-bien-commun.fr\/2023-un-institut-pedagogique-provisoire\/#le-devenir-de-la-civiise\">Le devenir de la CIVIISE<\/a><\/li><li><a class=\"wp-block-table-of-contents__entry\" href=\"https:\/\/education-bien-commun.fr\/2023-un-institut-pedagogique-provisoire\/#l-enfant-le-jeune-l-eleve-sont-des-personnes\">L\u2019enfant, le jeune, l\u2019\u00e9l\u00e8ve sont des personnes<\/a><\/li><\/ol><\/li><\/ol>\n\n\n\n<h2 class=\"wp-block-heading has-text-align-center\" id=\"indignation-analyse-proposition\"><strong><mark style=\"background-color:#ff6900\" class=\"has-inline-color\">INDIGNATION \u2013 ANALYSE \u2013 PROPOSITION<\/mark><\/strong><\/h2>\n\n\n\n<p class=\"wp-block-paragraph\"><strong><em>L\u2019\u00e9ducation est un bien commun qui en tant que tel, ne doit pas d\u00e9pendre d\u2019un quelconque pouvoir politique ou \u00e9conomique mais faire l\u2019objet d\u2019une construction collective \u00e9volutive \u00e9labor\u00e9e d\u00e9mocratiquement.<\/em><\/strong><\/p>\n\n\n\n<p class=\"wp-block-paragraph\">L\u2019organisation de cette \u00ab&nbsp;<em>construction collective<\/em>&nbsp;\u00bb devra comprendre un&nbsp;<strong>Institut P\u00e9dagogique<\/strong>&nbsp;o\u00f9 seront examin\u00e9s des probl\u00e8mes, tels ce&nbsp;<strong>fait scandaleux<\/strong>&nbsp;r\u00e9v\u00e9l\u00e9 en septembre 2023 par le juge Edouard Durand et la CIIVISE (commission ind\u00e9pendante sur l\u2019 Inceste et les Violences Sexuelles faites aux enfants )&nbsp;:<\/p>\n\n\n\n<p class=\"wp-block-paragraph\"><strong>1 fille sur 5 et un gar\u00e7on sur 13 sont victimes d\u2019inceste et de violences sexuelles<\/strong><\/p>\n\n\n\n<p class=\"wp-block-paragraph\"><strong>CE CONSTAT DEVRAIT AVOIR L\u2019EFFET DE ME TOO ! CE N\u2019EST PAS LE CAS, POURQUOI ?<\/strong><\/p>\n\n\n\n<p class=\"has-text-align-center wp-block-paragraph\"><strong>L\u2019Institut P\u00e9dagogique Provisoire, I.P.P<\/strong>. ouvre le d\u00e9bat.<\/p>\n\n\n\n<p class=\"wp-block-paragraph\">Les hommes ont manifestement l\u2019habitude historique de cacher les souffrances des enfants sous le tapis.&nbsp;<strong>[1]<\/strong>&nbsp;Contrairement aux femmes qui ont su se faire entendre \u00ab&nbsp;Me Too&nbsp;!&nbsp;\u00bb, les enfants ne peuvent eux-m\u00eames s\u2019exprimer. Il faut donc que celles et ceux qui n\u2019entendent pas se r\u00e9signer devant ce fait monstrueux et leurs souffrances en g\u00e9n\u00e9ral, s\u2019emparent du probl\u00e8me<strong>.<\/strong>..<\/p>\n\n\n\n<p class=\"wp-block-paragraph\">Nous verrons que l\u2019institution scolaire n\u2019est pas en mesure de le faire du fait qu\u2019elle est elle-m\u00eame impliqu\u00e9e&nbsp;! Nous proposons d\u2019entrer dans le sujet par une&nbsp;<strong>analyse du statut qui est impos\u00e9 aux enfants depuis la nuit des temps&nbsp;<\/strong>comme l\u2019ont fait pour elles-m\u00eames les femmes avec&nbsp;\u00ab&nbsp;Me Too&nbsp;\u00bb en 2017, comme le font aujourd\u2019hui les Iraniennes<\/p>\n\n\n\n<p class=\"wp-block-paragraph\">Il est possible de poser tr\u00e8s simplement le probl\u00e8me en termes d\u2019<strong>objets<\/strong>&nbsp;et de&nbsp;<strong>sujets.<\/strong><\/p>\n\n\n\n<p class=\"wp-block-paragraph\">Le Juge Durand au sujet de l\u2019inceste, parle de \u00ab victimes \u00bb. Il ne r\u00e9cuserait pas le constat que ces nombreux enfants sont trait\u00e9s par les adultes comme des&nbsp;<strong>\u00ab&nbsp;objets sexuels&nbsp;\u00bb<\/strong>. Il semble ne mettre en cause que la famille et\/ou l\u2019entourage familial de l\u2019enfant, alors que le scandale touche aussi des \u00ab&nbsp;\u00e9ducateurs&nbsp;\u00bb particuli\u00e8rement dans les institutions religieuses mais aussi dans les \u00ab&nbsp;colonies&nbsp;\u00bb et centres de loisirs la\u00efques\u2026<\/p>\n\n\n\n<p class=\"wp-block-paragraph\">Il faut aussi consid\u00e9rer que les enfants ont connu massivement, au fil des si\u00e8cles, le&nbsp;<strong>statut d\u2019objets \u00e9conomiques&nbsp;\u00bb<\/strong>. Aujourd\u2019hui encore, selon l\u2019UNICEF&nbsp;:<strong>&nbsp;\u00ab&nbsp;<em>Dans le monde entier, des millions d\u2019enfants sont priv\u00e9s de leur enfance<\/em><\/strong><em>&nbsp;parce que contraints d\u2019exercer un travail mettant en p\u00e9ril leur sant\u00e9 et leur \u00e9ducation<\/em>&nbsp;\u00bb.<\/p>\n\n\n\n<p class=\"wp-block-paragraph\">L\u2019UNICEF entend susciter l\u2019indignation\u2026mais donne \u00e0 croire que la scolarisation apporte une r\u00e9ponse satisfaisante aux deux probl\u00e8mes.<\/p>\n\n\n\n<p class=\"wp-block-paragraph\">Une analyse critique permet de constater qu\u2019en tous pays,&nbsp;<strong>l\u2019\u00e9cole fournit aux enfants, plus mal que bien, les outils d\u2019une possible \u00ab&nbsp;\u00e9mancipation&nbsp;\u00bb (lecture, sciences\u2026), mais qu\u2019avant tout, elle leur impose un statut d\u2019objets \u00e9conomiques&nbsp;<\/strong>que l\u2019on forme pour les besoins de la soci\u00e9t\u00e9, son d\u00e9veloppement \u00e9conomique&nbsp;; et&nbsp;<strong>souvent d\u2019objets politiques que l\u2019on formate<\/strong>&nbsp;plus ou moins explicitement pour effectuer \u00ab&nbsp;la reproduction sociale&nbsp;\u00bb, ou pour \u00ab&nbsp;se sacrifier&nbsp;\u00bb pour la Patrie (l\u2019objectif de Jules Ferry a \u00e9t\u00e9 atteint d\u2019une mani\u00e8re inesp\u00e9r\u00e9e en 14-18).<\/p>\n\n\n\n<p class=\"wp-block-paragraph\">\u00ab&nbsp;A gauche&nbsp;\u00bb on a oubli\u00e9, ou l\u2019on ignore, que lors de la Commune de Paris, les membres de la Soci\u00e9t\u00e9 \u00ab&nbsp;l\u2019Education nouvelle&nbsp;\u00bb, \u00e9taient porteur\u2022se\u2022s&nbsp;<strong>d\u2019un espoir d\u2019\u00e9ducation \u00e9mancipatrice<\/strong>. Vaincus, ils ont consid\u00e9r\u00e9 que l\u2018\u00e9cole gratuite et obligatoire de Jules Ferry constituait un progr\u00e8s non n\u00e9gligeable, un moindre mal\u2026 Cette \u00ab&nbsp;Ecole de la R\u00e9publique&nbsp;\u00bb est aujourd\u2019hui difficilement remise en question tant elle est menac\u00e9e. N\u00e9anmoins, fait important, le pr\u00e9sident de l\u2019Institut de recherches de la F\u00e9d\u00e9ration syndicale unitaire (FSU) Paul Devin, se le permet\u2026<strong>[2]<\/strong><\/p>\n\n\n\n<p class=\"wp-block-paragraph\"><strong>Dans la confusion actuelle, il importe que notre r\u00e9flexion soit accessible au plus grand nombre.<\/strong><\/p>\n\n\n\n<p class=\"wp-block-paragraph\"><mark style=\"background-color:rgba(0, 0, 0, 0)\" class=\"has-inline-color has-luminous-vivid-orange-color\"><strong>Les parents<\/strong><\/mark><\/p>\n\n\n\n<p class=\"wp-block-paragraph\">Tr\u00e8s concr\u00e8tement, tous les parents peuvent&nbsp;faire le constat suivant :<\/p>\n\n\n\n<ul class=\"wp-block-list\">\n<li><strong>A l\u2019\u00e9cole maternelle<\/strong>, (telle qu\u2019elle a \u00e9t\u00e9 historiquement pens\u00e9e), l\u2019enfant est consid\u00e9r\u00e9 comme&nbsp;<strong>un sujet<\/strong>&nbsp;dont les rythmes de d\u00e9veloppement ne sont pas uniformes. On l\u2019encourage \u00e0 s\u2019exprimer dans des petits groupes o\u00f9 il constate des perceptions diff\u00e9rentes de la r\u00e9alit\u00e9 et des rapports sociaux, o\u00f9 sans faire la morale, on l\u2019invite \u00e0 comprendre et respecter, voire construire les r\u00e8gles de la vie en commun. Ces pratiques sont \u00e9videmment favorables \u00e0 l\u2019expression des peurs, des \u00e9merveillements, des questions que les enfants se posent sur la vie.<\/li>\n<\/ul>\n\n\n\n<p class=\"has-text-align-center wp-block-paragraph\"><strong>La pr\u00e9occupation d\u2019en faire la prop\u00e9deutique de l\u2019\u00e9cole primaire est h\u00e9las en cours&nbsp;!<\/strong><\/p>\n\n\n\n<ul class=\"wp-block-list\">\n<li><strong>De l\u2019\u00e9cole primaire \u00e0 la classe terminale,&nbsp;<\/strong>d\u00e8s 6 ans, les enfants sont plus ou moins explicitement trait\u00e9s en objets \u00e9conomiques en formation. Les parents sont contraints de leur dire, en souhaitant les flatter, que maintenant ils sont grands\u2026 Devenus \u00ab&nbsp;\u00e9l\u00e8ves&nbsp;\u00bb,&nbsp;<strong>ils sont format\u00e9s par des programmes qui compartimentent les savoirs<\/strong>, des \u00ab&nbsp;progressions&nbsp;\u00bb au cours desquelles se produisent les s\u00e9lections n\u00e9cessaires pour perp\u00e9tuer, \u00ab<em>&nbsp;reproduire&nbsp;\u00bb&nbsp;<\/em>(cf. Bourdieu)<em>,<\/em>&nbsp;le syst\u00e8me \u00e9conomique et politique r\u00e9gnant.<\/li>\n<\/ul>\n\n\n\n<p class=\"wp-block-paragraph\"><strong><mark style=\"background-color:rgba(0, 0, 0, 0)\" class=\"has-inline-color has-luminous-vivid-orange-color\">Les enseignant\u2022e\u2022s<\/mark><\/strong><\/p>\n\n\n\n<ul class=\"wp-block-list\">\n<li>Les professeur\u2022e\u2022s peuvent avoir du respect pour les enfants, les consid\u00e9rer comme des sujets dans leurs relations, mais les syst\u00e8mes de notation, d\u2019examens transforment ceux-ci, non plus en \u00ab&nbsp;apprenants&nbsp;\u00bb s\u2019int\u00e9ressant aux mati\u00e8res enseign\u00e9es mais en travailleurs pay\u00e9s par des notes. Nombreux sont les professeur\u2022e\u2022s qui d\u00e9plorent que la mati\u00e8re qu\u2019elles ou ils enseignent int\u00e9resse moins que la note obtenue lors d\u2019un contr\u00f4le.<\/li>\n\n\n\n<li>On peut remarquer que&nbsp;<strong>le formatage<\/strong>&nbsp;qui s\u2019op\u00e8re, pr\u00e9pare, objectivement, au travail tel qu\u2019il est con\u00e7u dans nos syst\u00e8mes \u00e9conomiques \u00ab&nbsp;capitalistes&nbsp;\u00bb (et tout autant, dans les syst\u00e8mes se pr\u00e9tendant \u00ab&nbsp;communistes&nbsp;\u00bb).<\/li>\n<\/ul>\n\n\n\n<p class=\"wp-block-paragraph\">La fameuse&nbsp;\u00ab&nbsp;valeur travail&nbsp;\u00bb telle qu\u2019elle nous est vendue est actuellement contest\u00e9e par les travailleur\u2022se\u2022s qui sont de plus en plus nombreux en qu\u00eate de \u00ab&nbsp;sens&nbsp;\u00bb. Et c\u2019est le m\u00eame combat qu\u2019il s\u2019agit de mener dans le domaine \u00e9ducatif quand&nbsp;<strong>nous pr\u00e9conisons un maximum de fonctionnalit\u00e9 dans les apprentissages scolaires pour leur donner \u00ab&nbsp;du sens&nbsp;\u00bb.<\/strong>&nbsp;Et pour ce faire, il faut ouvrir l\u2019\u00e9cole sur la vie r\u00e9elle, et singuli\u00e8rement, reconnaissant que nous sommes dans \u00ab&nbsp;l\u2019anthropoc\u00e8ne&nbsp;\u00bb, l\u2019engager dans les combats collectifs visant \u00e0 \u00e9viter \u00ab&nbsp;l\u2019effondrement&nbsp;\u00bb.<\/p>\n\n\n\n<p class=\"wp-block-paragraph\">Il est ainsi possible d\u2019op\u00e9rer une \u00ab&nbsp;<strong>bifurcation<\/strong>&nbsp;\u00bb&nbsp;: le passage du statut d\u2019objets \u00e9conomiques au statut de sujets politiques dans la mesure o\u00f9 les enfants seront, comme nous le souhaitons, acteurs de la transformation de la soci\u00e9t\u00e9, et non plus comme aujourd\u2019hui, de sa \u00ab&nbsp;reproduction&nbsp;\u00bb.&nbsp;<\/p>\n\n\n\n<p class=\"wp-block-paragraph\">En revanche la bifurcation d\u2019objets sexuels \u00e0 sujets sexuels qui se con\u00e7oit bien concernant les femmes, se pose d\u2019une autre mani\u00e8re pour les enfants et particuli\u00e8rement \u00e0 l\u2019\u00e9cole.<\/p>\n\n\n\n<p class=\"wp-block-paragraph\">Les enfants qui subissent des agressions sexuelles ont besoin de soins psychologiques. Il importe, en premier lieu, que les acteur\u2022rice\u2022s du champ \u00e9ducatif soient conscient\u2022e\u2022s du fait monstrueux qu\u2019un enfant sur sept est une victime sans qu\u2019on le sache, sauf exception.<\/p>\n\n\n\n<p class=\"wp-block-paragraph\">C\u2019est donc la qualit\u00e9 de la relation \u00e9tablie avec tous les enfants qui constitue une r\u00e9ponse au probl\u00e8me. Que l\u2019enfant victime soit repli\u00e9 sur lui-m\u00eame, ou agressif, il b\u00e9n\u00e9ficiera du climat social \u00e9tabli o\u00f9 la dignit\u00e9 de chacun\u2022e est respect\u00e9e, o\u00f9 lui est reconnu un statut de sujet, et du climat d\u2019empathie qu\u2019il importe d\u2019instituer.<\/p>\n\n\n\n<p class=\"wp-block-paragraph\">A cet effet il est possible et n\u00e9cessaire de pratiquer,&nbsp;<strong>d\u00e8s l\u2019\u00e9cole maternelle,<\/strong>&nbsp;une r\u00e9flexion syst\u00e9matique sur les faits de la vie collective pour construire le respect de la diff\u00e9rence, comprendre les raisons des comportements spontan\u00e9s, d\u00e9construire les pr\u00e9jug\u00e9s, les traditions contestables, proc\u00e9der \u00e0 une instruction civique adapt\u00e9e \u00e0 l\u2019\u00e2ge (ce qui peut se faire apr\u00e8s 6 ans, dans le sillage des \u00ab&nbsp;conseils de coop\u00e9rative&nbsp;\u00bb initi\u00e9s par C\u00e9lestin Freinet).<\/p>\n\n\n\n<p class=\"wp-block-paragraph\"><strong>Avec les coll\u00e9gien\u2022ne\u2022s<\/strong>, pour \u00e9viter les drames qui d\u00e9fraient la chronique (harc\u00e8lement, etc.) ind\u00e9pendamment des \u00ab&nbsp;cours d\u2019instruction civique&nbsp;\u00bb,&nbsp;<strong>une pratique autog\u00e9r\u00e9e de la vie collective&nbsp;<\/strong>devrait permettre de r\u00e9soudre les conflits et de d\u00e9battre sur les sujets d\u2019actualit\u00e9.<\/p>\n\n\n\n<p class=\"wp-block-paragraph\">Il est m\u00eame possible d\u2019imaginer&nbsp;<strong>l\u2019instauration, au coll\u00e8ge d\u2019une heure hebdomadaire, dans toutes les classes,&nbsp;<\/strong>anim\u00e9e par un professeur sp\u00e9cialis\u00e9 en sociologie et en animation de groupe. Le co\u00fbt d\u2019une telle innovation serait tr\u00e8s largement compens\u00e9 \u00e0 moyen et long terme par le b\u00e9n\u00e9fice social, et \u00e0 court terme en diminuant consid\u00e9rablement les ph\u00e9nom\u00e8nes de harc\u00e8lement, les suicides, le mal \u00eatre que connaissent beaucoup d\u2019enfants.<\/p>\n\n\n\n<p class=\"wp-block-paragraph\">C\u2019est l\u00e0 un second sujet dont aurait \u00e0 traiter l\u2019<strong>Institut P\u00e9dagogique (I.P.P.) que nous proposons de faire vivre.<\/strong><\/p>\n\n\n\n<p class=\"has-text-align-right wp-block-paragraph\">Le 6 octobre 2023 \u2013 Raymond Millot et le Collectif Education Bien commun<\/p>\n\n\n\n<p class=\"wp-block-paragraph\"><strong>Notes<\/strong><\/p>\n\n\n\n<p class=\"wp-block-paragraph\"><strong>[1]<\/strong>&nbsp;L\u2019Observatoire National de l\u2019Enfance en Danger (ONED) pouvait en d\u00e9crire l\u2019Histoire par exemple nous rappeler que&nbsp;:&nbsp;\u00ab&nbsp;<em>La plupart des soci\u00e9t\u00e9s patriarcales antiques accordent presque toutes au p\u00e8re&nbsp;<strong>le droit de vie et de mort sur ses enfants<\/strong>&nbsp;ou celui de les vendre comme esclaves\u2026&nbsp;\u00bb. \u00ab&nbsp;Au d\u00e9but du Moyen \u00c2ge,&nbsp;<strong>la vente<\/strong>&nbsp;d\u2019enfants dans les foires est av\u00e9r\u00e9e, et&nbsp;<strong>l\u2019exposition<\/strong>&nbsp;aux portes des \u00e9glises g\u00e9n\u00e9ralis\u00e9e<\/em>\u2026&nbsp;\u00bb.&nbsp;<em>\u00ab&nbsp;Le l\u00e9gislateur peut dor\u00e9navant prot\u00e9ger l\u2019enfant contre ses parents, en pronon\u00e7ant la&nbsp;<strong>d\u00e9ch\u00e9ance de la puissance paternelle<\/strong>. Le projet de loi se heurte, cependant, d\u00e8s 1883, \u00e0 une opposition vigoureuse de la droite<\/em>&nbsp;\u00bb.&nbsp;&nbsp;&nbsp;<\/p>\n\n\n\n<p class=\"wp-block-paragraph\"><strong>[2]&nbsp;<\/strong>Paul Devin (FSU) \u00e9crit dans un article titr\u00e9 \u00ab&nbsp;En d\u00e9non\u00e7ant le \u201cp\u00e9dagogisme\u201d, le chef de l\u2019Etat nourrit un objet fantasmatique&nbsp;\u00bb<em>&nbsp;(le Monde du 31 08 23)<\/em><strong>&nbsp;:<\/strong><\/p>\n\n\n\n<ul class=\"wp-block-list\">\n<li><em>\u00ab&nbsp;On oublie aussi que&nbsp;<strong>la pr\u00e9tendue assurance de cette \u00e9cole \u00e0 cr\u00e9er des r\u00e9publicains<\/strong>&nbsp;ne l\u2019a pas emp\u00each\u00e9e de former des g\u00e9n\u00e9rations qui feront le lit de l\u2019antis\u00e9mitisme et des penchants p\u00e9tainistes. Et, plus tard, de g\u00e9n\u00e9rations qui ne se r\u00e9v\u00e8lent gu\u00e8re capables d\u2019exiger la r\u00e9alit\u00e9 d\u2019une \u00e9galit\u00e9 promise par les valeurs r\u00e9publicaines&nbsp;\u00bb.<\/em><\/li>\n\n\n\n<li><em>\u00ab&nbsp;La formulation des \u00ab&nbsp;hypocrisies&nbsp;\u00bb auxquelles il nous faudrait renoncer est bien l\u00e0 pour affirmer la ligne essentielle&nbsp;: pour une part de la population scolaire, \u00e9videmment celle des milieux populaires, il faut revenir \u00e0 une&nbsp;<strong>formation centr\u00e9e sur les seuls besoins imm\u00e9diats des entreprises<\/strong>, aux d\u00e9pens de leurs d\u00e9sirs d\u2019orientation ou de leur volont\u00e9 d\u2019\u00e9tudes sup\u00e9rieures \u00bb. &nbsp;&nbsp;<\/em><\/li>\n<\/ul>\n\n\n\n<p class=\"has-text-align-center wp-block-paragraph\">***<\/p>\n\n\n\n<h2 class=\"wp-block-heading has-text-align-center\" id=\"l-i-p-p-lance-le-debat\"><mark style=\"background-color:#ff6900\" class=\"has-inline-color\">L&rsquo;I.P.P. lance le d\u00e9bat<\/mark><\/h2>\n\n\n\n<p class=\"wp-block-paragraph\">Nous avons re\u00e7u des textes, des r\u00e9flexions.<\/p>\n\n\n\n<h3 class=\"wp-block-heading\" id=\"pourquoi-toutes-les-mesures-actuellement-prises-contre-le-harcelement-scolaire-ne-peuvent-qu-echouer\"><strong>Pourquoi toutes les mesures actuellement prises contre le harc\u00e8lement scolaire<\/strong> <strong>ne peuvent qu\u2019\u00e9chouer&nbsp;?<\/strong><\/h3>\n\n\n\n<p class=\"wp-block-paragraph\">Par Bernard Defrance, philosophe (son site&nbsp;<a href=\"http:\/\/www.bernard-defrance.net\/\" target=\"_blank\" rel=\"noreferrer noopener\"><strong>ici<\/strong><\/a>)<\/p>\n\n\n\n<p class=\"wp-block-paragraph\">\u2026 Tout simplement parce qu\u2019<strong>elles ne mettent pas en cause le fonctionnement institutionnel de notre syst\u00e8me \u00e9ducatif<\/strong>, qui, \u00e0 la racine, est le producteur par sa violence intrins\u00e8que, verticale, continue, froide et invisible, des violences horizontales, sporadiques, chaudes, dont la visibilit\u00e9 donne pr\u00e9texte \u00e0 exploitation m\u00e9diatique et politique, sur le mode compassionnel ou r\u00e9pressif.<\/p>\n\n\n\n<p class=\"wp-block-paragraph\">Serait-ce trop demander \u00e0 nos d\u00e9cideurs au plus haut niveau de s\u2019instruire&nbsp;? ou au moins de lire, entre autres, <strong>sur les causes des violences, Henri Laborit ou Ren\u00e9 Girard&nbsp;<\/strong>? Notre \u00e9cole en effet r\u00e9duit constamment \u00e9coliers, coll\u00e9giens et lyc\u00e9ens au statut des rats de Laborit, qui, soumis \u00e0 un stress ext\u00e9rieur (la grille \u00e9lectrique d\u00e9clench\u00e9e par l\u2019exp\u00e9rimentateur), se battent entre eux pour pr\u00e9server tout bonnement leur sant\u00e9, y compris physique, au moins un certain temps, au lieu de sombrer dans la d\u00e9pression, les maladies psychosomatiques et carr\u00e9ment le suicide, comme forme ultime de la fuite. <\/p>\n\n\n\n<p class=\"wp-block-paragraph\">Et dans le harc\u00e8lement,<strong> sont en cause les encha\u00eenements sacrificiels<\/strong> qui permettent aux groupes (classes, bandes de quartier, gangs \u00e9conomiques\u2026) de <strong>maintenir leur fusion mafieuse, en parall\u00e8le exact de l\u2019\u00e9chec scolaire <\/strong>n\u00e9cessaire \u00e0 l\u2019autojustification de l\u2019institution, productrice, notamment dans le creuset des classes pr\u00e9paratoires, des soci\u00e9t\u00e9s d\u2019anciens \u00e9l\u00e8ves qui se partagent l\u2019essentiel des pouvoirs \u00e9conomiques et politiques dans un jeu f\u00e9roce de chaises musicales et de corruptions partag\u00e9es.<\/p>\n\n\n\n<p class=\"wp-block-paragraph\">C\u2019est d\u2019abord dans le refus d\u2019une prise en compte p\u00e9dagogique des origines et histoires sociales, culturelles, familiales des enfants au nom d\u2019une pseudo-\u00e9galit\u00e9 de principe que les conditions m\u00eames du travail scolaire le rendent producteur de frustrations, voire de n\u00e9gation de l\u2019identit\u00e9 de chaque \u00e9l\u00e8ve. Ensuite, <strong>c\u2019est dans l\u2019inversion mortif\u00e8re entre les fondamentaux et les instrumentaux de la culture que se consacre la d\u00e9connexion entre d\u00e9sir et sens&nbsp;<\/strong>: lire, \u00e9crire, d\u2019instruments d\u2019expression de soi et d\u2019impression par autrui, se pervertissent en devoir de performance utilitaire. Ce qui entra\u00eene la p\u00e9nalisation des apprentissages o\u00f9 une t\u00e2che devient un devoir, une interrogation un interrogatoire, une sanction une punition, sous le r\u00e9gime de la mise en examen au rythme des \u00e9valuations quantifi\u00e9es&nbsp;: apprendre est d\u2019abord apprendre \u00e0 restituer ce que le ma\u00eetre ou le directeur de th\u00e8se attend, tout en donnant l\u2019illusion d\u2019\u00e9crire et non de recopier, de parler au lieu de r\u00e9p\u00e9ter, de cr\u00e9er et non reproduire\u2026<\/p>\n\n\n\n<p class=\"wp-block-paragraph\">Dans le quotidien scolaire, le hachis caract\u00e9ristique des emplois des temps et des espaces d\u00e9structure le sens des investissements culturels dans les <strong>successions m\u00e9caniques et chronom\u00e9tr\u00e9es des disciplines et des exigences de la discipline,<\/strong> objet d\u2019incantations rituelles \u2013 et ridicules \u2013 de \u00ab&nbsp;retour&nbsp;\u00bb \u00e0 l\u2019autorit\u00e9 confondue avec l\u2019exercice du pouvoir, chez des professeurs contraints institutionnellement d\u2019\u00eatre juges et parties puisqu\u2019ils doivent juger des r\u00e9sultats de leur propre enseignement, ou de se faire justice \u00e0 eux-m\u00eames dans les n\u00e9cessit\u00e9s du maintien de l\u2019ordre. <\/p>\n\n\n\n<p class=\"wp-block-paragraph\">Cette p\u00e9nalisation des apprentissages rend n\u00e9cessaire le nivellement homog\u00e8ne des progressions dans le carcan du syst\u00e8me des classes d\u2019\u00e2ges qui interdisent d\u2019\u00eatre \u00e0 la fois tout d\u00e9butant dans une mati\u00e8re et d\u00e9j\u00e0 bien avanc\u00e9 dans une autre, qui oblige dans le doublement d\u2019une ann\u00e9e \u00e0 refaire ce que l\u2019on ma\u00eetrisait d\u00e9j\u00e0. Les discriminations \u00e0 l\u2019\u0153uvre dans les orientations sont pr\u00e9par\u00e9es d\u00e8s la maternelle avec la premi\u00e8re perception des divisions du travail par la fr\u00e9quentation d\u2019adultes dont les uns organisent les t\u00e2ches nobles, l\u2019initiation aux \u00e9l\u00e9ments de la culture assortie du droit de punir, les autres \u00e9tant charg\u00e9s des t\u00e2ches \u2018\u2019ignobles\u2019\u2019 d\u2019entretien des lieux ou de cuisine. La s\u00e9paration des fili\u00e8res techniques, litt\u00e9raires, scientifiques fabrique des individus mutil\u00e9s culturellement, techniciens m\u00e9pris\u00e9s, scientifiques incultes, et litt\u00e9raires hors-sol.<\/p>\n\n\n\n<p class=\"wp-block-paragraph\">Six heures par jour, cinq jours par semaine, la \u2018\u2018vie scolaire\u2019\u2019 bafoue constamment les exigences de bien vivre ensemble, de la citoyennet\u00e9, dans la r\u00e9p\u00e9tition des micro-humiliations, des brimades, de l\u2019alternance de la coercition et du laxisme, de la notation et de sa \u2018\u2019constante macabre\u2019\u2019 dont le caract\u00e8re arbitraire a depuis longtemps \u00e9t\u00e9 d\u00e9montr\u00e9. Un des exemples de ces rituels meurtriers est la remise des copies \u2013 terme qui trahit la v\u00e9ritable nature des t\u00e2ches scolaires \u2013 publiquement, assortie g\u00e9n\u00e9ralement de remarques humiliantes ou dangereusement (pour la suite dans la cour) \u00e9logieuses. Imagine-t-on un chef d\u2019\u00e9tablissement r\u00e9unissant ses professeurs pour d\u00e9livrer en public ses notations et appr\u00e9ciations administratives, sans courir le risque de se faire imm\u00e9diatement lyncher&nbsp;? Or toute atteinte au droit est, par principe indiscutable, plus lourdement punie si la victime est mineure\u2026<\/p>\n\n\n\n<p class=\"wp-block-paragraph\"><strong>\u00ab&nbsp;La r\u00e9ussite scolaire est un signe majeur de n\u00e9vrose&nbsp;\u00bb disait jadis Fran\u00e7oise Dolto<\/strong>1, et chacun peut constater en effet dans la vie quotidienne et les al\u00e9as de la vie administrative et politique les d\u00e9g\u00e2ts commis par nombre de d\u00e9cideurs, anciens bons \u00e9l\u00e8ves. Le dernier exemple \u00e9tant fourni par une rectrice \u2013 partie pantoufler dans le priv\u00e9 depuis \u2013 mena\u00e7ant les parents d\u2019un \u00e9l\u00e8ve harcel\u00e9, et qui s\u2019est suicid\u00e9 par la suite, de poursuites en diffamation\u2026<\/p>\n\n\n\n<p class=\"wp-block-paragraph\">On l\u2019aura compris&nbsp;: la somme des stress engendr\u00e9s par le fonctionnement institutionnel de notre \u00e9cole aboutit \u00e0 la vaste r\u00e9signation\/soumission de la tr\u00e8s grande majorit\u00e9 des \u00e9l\u00e8ves, \u00e0 l\u2019int\u00e9riorisation par une minorit\u00e9 socialement h\u00e9riti\u00e8re des m\u00e9canismes d\u2019obtention des dipl\u00f4mes ouvrant, en marchant sur les rivaux, acc\u00e8s \u00e0 vie \u00e0 des positions, m\u00eames d\u00e9risoires, de pouvoir, et \u00e0 la fabrication de la minorit\u00e9 sym\u00e9trique des d\u00e9crocheurs et de ceux, encore plus minoritaires, qui d\u00e9chargent leurs frustrations sur les pairs \u2018\u2019maillons faibles\u2019\u2019&nbsp;: la violence verticale engendre la violence horizontale.<\/p>\n\n\n\n<p class=\"wp-block-paragraph\">On le sait aussi (mais apparemment pas les ministres successifs et leurs conseillers)&nbsp;: <strong>les solutions institutionnelles et p\u00e9dagogiques existent et sont mises en \u0153uvre depuis longtemps dans les p\u00e9dagogies coop\u00e9ratives<\/strong>. Une d\u00e9j\u00e0 fort ancienne monographie de Fernand Oury, Luigi et Mohamed, montre avec pr\u00e9cision comment peuvent se d\u00e9jouer les m\u00e9canismes de harc\u00e8lement au b\u00e9n\u00e9fice de tous les acteurs, bourreaux et victime et aussi du ma\u00eetre, aveugle jusque l\u00e0\u2026 Mais les praticiens dans l\u2019institution des p\u00e9dagogies Freinet, Oury, etc., sont constamment entrav\u00e9s, voire carr\u00e9ment r\u00e9prim\u00e9s dans leur action par les stupidit\u00e9s des hi\u00e9rarchies interm\u00e9diaires, jouant des mutations \u2018\u2019dans l\u2019int\u00e9r\u00eat du service\u2019\u2019 pour casser les rares \u00e9quipes qui font face avec succ\u00e8s aux d\u00e9fis actuels dans l\u2019\u00e9ducation de nos enfants&nbsp;; et cela dans le m\u00eame temps o\u00f9 ces p\u00e9dagogies dites nouvelles se commercialisent dans des officines priv\u00e9es o\u00f9 les parents qui en ont les moyens peuvent esp\u00e9rer faire \u00e9chapper leurs enfants aux rigueurs de la carte scolaire et aux promiscuit\u00e9s populaires. Le ministre actuel \u00e9tant lui-m\u00eame le produit de ces couveuses \u00e0 \u00e9lite\u2026<\/p>\n\n\n\n<p class=\"wp-block-paragraph\">Mettre fin aux m\u00e9canismes d\u2019agressivit\u00e9 et de harc\u00e8lement, mais aussi de passivit\u00e9, de r\u00e9signation et de d\u00e9crochage, supposera donc que l\u2019\u00e9cole r\u00e9publicaine cesse, enfin, de trahir ses propres finalit\u00e9s. Peut-on esp\u00e9rer que l\u2019\u00e9cole devienne enfin \u00e9cole&nbsp;?<\/p>\n\n\n\n<p class=\"has-text-align-center wp-block-paragraph\">***<\/p>\n\n\n\n<h3 class=\"wp-block-heading\" id=\"lire-aussi-le-texte-le-harcelement-en-milieu-scolaire-n-est-pas-que-du-harcelement-scolaire-d-eric-debarbieux\">Lire aussi le texte \u00ab&nbsp;Le harc\u00e8lement en milieu scolaire n\u2019est pas que du&nbsp;harc\u00e8lement scolaire&nbsp;\u00bb d\u2019Eric Debarbieux.<\/h3>\n\n\n\n<p class=\"wp-block-paragraph\">\u00ab&nbsp;<em>\u00c9ric Debarbieux, chercheur sp\u00e9cialiste des questions de violence \u00e0 l\u2019\u00e9cole qui a entre autres r\u00e9dig\u00e9 le rapport \u00ab Refuser l\u2019oppression quotidienne : la pr\u00e9vention du harc\u00e8lement \u00e0 l\u2019\u00e9cole \u00bb, r\u00e9agit aux annonces du Ministre en mati\u00e8re de harc\u00e8lement. Selon lui, ce \u00e9ni\u00e8me plan, \u00ab au moins le vingti\u00e8me \u00bb ne r\u00e9glera pas la question. \u00ab C\u2019est dans l\u2019interminist\u00e9riel que cela doit se jouer, au niveau des politiques publiques \u00bb explique-t-il au Caf\u00e9 p\u00e9dagogique. Il pointe aussi la lourde responsabilit\u00e9 du d\u00e9bat politique actuel&nbsp;\u00bb.<\/em><strong><a href=\"http:\/\/Lire aussi le texte \u00ab Le harc\u00e8lement en milieu scolaire n\u2019est pas que du harc\u00e8lement scolaire \u00bb d\u2019Eric Debarbieux. \u00ab \u00c9ric Debarbieux, chercheur sp\u00e9cialiste des questions de violence \u00e0 l\u2019\u00e9cole qui a entre autres r\u00e9dig\u00e9 le rapport \u00ab Refuser l\u2019oppression quotidienne : la pr\u00e9vention du harc\u00e8lement \u00e0 l\u2019\u00e9cole \u00bb, r\u00e9agit aux annonces du Ministre en mati\u00e8re de harc\u00e8lement. Selon lui, ce \u00e9ni\u00e8me plan, \u00ab au moins le vingti\u00e8me \u00bb ne r\u00e9glera pas la question. \u00ab C\u2019est dans l\u2019interminist\u00e9riel que cela doit se jouer, au niveau des politiques publiques \u00bb explique-t-il au Caf\u00e9 p\u00e9dagogique. Il pointe aussi la lourde responsabilit\u00e9 du d\u00e9bat politique actuel \u00bb.\"> Lire ici.<\/a><\/strong><\/p>\n\n\n\n<p class=\"has-text-align-center wp-block-paragraph\">***<\/p>\n\n\n\n<h3 class=\"wp-block-heading\" id=\"11-petitions-contre-la-pedocriminalite-et-les-maltraitances-sur-les-enfants\"><strong>11 p\u00e9titions contre la p\u00e9docriminalit\u00e9 et les maltraitances sur les enfants<\/strong><\/h3>\n\n\n\n<p class=\"wp-block-paragraph\"><strong><em>Plusieurs contributions sur les maltraitances sur les enfants :<\/em><\/strong>&nbsp;En ce moment tournent sur Internet&nbsp;<strong>11 p\u00e9titions<\/strong>&nbsp;dont celles intitul\u00e9es&nbsp;<strong><a href=\"https:\/\/www.change.org\/m\/luttons-contre-la-p%C3%A9docriminalit%C3%A9?source_location=petition_page&amp;source_event=movement_indicator&amp;petition_id=36864948\">\u00ab&nbsp;Luttons contre la p\u00e9docriminalit\u00e9&nbsp;\u00bb<\/a><\/strong>&nbsp;pour d\u00e9noncer les violences et maltraitances faites aux enfants. \u00ab&nbsp;Selon les chiffres officiels, 10% des Fran\u00e7ais-es ont \u00e9t\u00e9 victimes de p\u00e9docriminalit\u00e9. 80% des violences sexuelles commises sur mineur-es ont lieu au sein de la famille. Une victime sur deux a moins de 9 ans. La France ne prot\u00e8ge pas ses enfants, il est temps que cela cesse !&nbsp;<strong><a href=\"https:\/\/www.change.org\/m\/luttons-contre-la-p%C3%A9docriminalit%C3%A9?source_location=petition_page&amp;source_event=movement_indicator&amp;petition_id=36864948\">11 p\u00e9titions sont lan\u00e7\u00e9es sur ce site.<\/a><\/strong><\/p>\n\n\n\n<ul class=\"wp-block-list\">\n<li>La plus urgente est celle qui r\u00e9clame&nbsp;<strong>la reconduction de la commission la CIIVISE dont nous avons retenu les r\u00e9sultats pour \u00e9crire notre Appel.<\/strong>&nbsp;Sa fin programm\u00e9e approche : D\u00e9cembre 2023. La CIIVISE (commission ind\u00e9pendante sur l\u2019 Inceste et les Violences Sexuelles faites aux enfants ) qui a pour objet de recueillir les t\u00e9moignages d\u2019 adultes victimes dans leur enfance, ou de parents protecteurs de leur enfant victime, a malheureusement une dur\u00e9e de vie de 2 ans seulement.&nbsp;<strong><a href=\"https:\/\/www.change.org\/p\/contre-l-arr%C3%AAt-de-la-commission-ciivise-violences-sexuelles-sur-les-enfants-dont-inceste\">Signer la p\u00e9tition ici<\/a><\/strong>.<\/li>\n\n\n\n<li>Si vous jugez que la lutte contre la p\u00e9docriminalit\u00e9 doit \u00eatre plus qu\u2019une priorit\u00e9, une urgence absolue,&nbsp;<strong>signez et partagez cette p\u00e9tition<\/strong>\u00ab&nbsp;.<strong><a href=\"https:\/\/www.change.org\/p\/la-france-doit-pr%C3%A9venir-la-p%C3%A9docriminalit%C3%A9-leurcorpsleurappartient\">\u00ab&nbsp;La France doit pr\u00e9venir la p\u00e9docriminalit\u00e9&nbsp;\u00bb<\/a><\/strong>&nbsp;: \u00ab&nbsp;En France, chaque ann\u00e9e, 160 000 enfants subissent des violences sexuelles.&nbsp;<strong>C\u2019est 3 enfants par classe.<\/strong>&nbsp;10% des Fran\u00e7ais disent avoir \u00e9t\u00e9 victimes d\u2019inceste pendant leur enfance, soit 6,7 millions de femmes et d\u2019hommes. Des chiffres minor\u00e9s, tant on sait qu\u2019ils se basent sur des faits r\u00e9v\u00e9l\u00e9s et que le silence p\u00e8se lourdement sur bon nombre de situations&nbsp;\u00bb [\u2026]<\/li>\n\n\n\n<li>\u00ab&nbsp;Je suis Mai Lan, j\u2019ai 40 ans, et pour avoir \u00e9t\u00e9 moi-m\u00eame victime d\u2019agressions sexuelles quand j\u2019\u00e9tais petite, je suis tr\u00e8s mobilis\u00e9e dans la protection de l\u2019enfance en danger. Artiste, autrice du projet de pr\u00e9vention contre l\u2019inceste \u00ab Le Loup \u00bb, je suis aussi m\u00e8re de 3 enfants. Je ne peux que regretter que mon a\u00een\u00e9, \u00e2g\u00e9 de 13 ans, n\u2019ait jamais \u00e9t\u00e9 sensibilis\u00e9 \u00e0 ce sujet \u00e0 l\u2019\u00e9cole. Le Code de l\u2019\u00e9ducation pr\u00e9voit pourtant depuis 2001 que ce soit le cas\u00a0\u00bb.<\/li>\n\n\n\n<li><strong>La p\u00e9docriminalit\u00e9 est un sujet n\u00e9glig\u00e9 en France. Les enfants ne sont pas prot\u00e9g\u00e9s et il est temps que cela change.&nbsp;<\/strong>C\u2019est une terrible r\u00e9alit\u00e9 : la majorit\u00e9 des violences sexuelles faites aux enfants arrivent en moyenne \u00e0 l\u2019\u00e2ge de 7 ans et sont le fait de membres de la famille ou d\u2019amis proches. L\u2019Etat ne saurait d\u00e8s lors se reposer sur les seuls parents, logiquement peu outill\u00e9s \u00e0 penser l\u2019impensable. L\u2019institution scolaire, parce qu\u2019elle accueille 99% des enfants, parce qu\u2019elle a vocation \u00e0 former les citoyens de demain est la mieux plac\u00e9e pour leur expliquer qu\u2019ils ont des droits, que leur corps leur appartient et que personne ne peut en disposer.<\/li>\n\n\n\n<li><strong>Avec cette p\u00e9tition, nous demandons d\u00e8s l\u2019ann\u00e9e scolaire 2023-2024 l\u2019organisation de temps de pr\u00e9vention dans toutes les \u00e9coles du pays.<\/strong>&nbsp;Les alentours du 19 novembre, journ\u00e9e mondiale pour la pr\u00e9vention des abus envers les enfants, s\u2019y pr\u00eateraient parfaitement.&nbsp;<strong>L\u2019id\u00e9e n\u2019est pas, contrairement aux craintes de beaucoup d\u2019adultes, de parler de sexualit\u00e9 crue, mais d\u2019informer \u00e0 hauteur d\u2019enfant.<\/strong><\/li>\n\n\n\n<li>Sensibiliser l\u2019ensemble des enfants dissuadera pour partie les agresseurs.&nbsp;<strong>Cela permettra \u00e9galement de rep\u00e9rer et prendre en charge au plus t\u00f4t les jeunes victimes et ainsi diminuer l\u2019impact des violences sur leur sant\u00e9 physique et mentale.&nbsp;<\/strong>La France ne compte que trop de vies ab\u00eem\u00e9es, de conduites \u00e0 risques et autres suicides li\u00e9s aux violences sexuelles subies dans l\u2019enfance&nbsp;\u00bb.&nbsp;[\u2026]<\/li>\n\n\n\n<li><strong><a href=\"https:\/\/www.change.org\/p\/violences-faites-aux-enfants-appel-%C3%A0-la-mobilisation-face-%C3%A0-une-crise-sans-pr%C3%A9c%C3%A9dent\">\u00ab&nbsp;Le 18 novembre, j\u2019agis contre les violences faites aux enfants et adolescents&nbsp;\u00bb.<\/a>&nbsp;Le 18 novembre 2023, nous nous rassemblerons partout <\/strong>Sensibiliser l\u2019ensemble des enfants dissuadera pour partie les agresseurs.&nbsp;<strong>Cela permettra \u00e9galement de rep\u00e9rer et prendre en charge au plus t\u00f4t les jeunes victimes et ainsi diminuer l\u2019impact des violences sur leur sant\u00e9 physique et mentale.&nbsp;<\/strong>La France ne compte que trop de vies ab\u00eem\u00e9es, de conduites \u00e0 risques et autres suicides li\u00e9s aux violences sexuelles subies dans l\u2019enfance&nbsp;\u00bb.&nbsp;[\u2026]<strong>en France contre les violences faites aux enfants et en faveur de leurs droits, pour appeler \u00e0 l\u2019action la soci\u00e9t\u00e9 et le gouvernement face \u00e0 l\u2019urgence de la situation. &nbsp;<\/strong>Avec cette p\u00e9tition, nous demandons \u00e0 Charlotte Caubel, secr\u00e9taire d\u2019\u00e9tat charg\u00e9e de l\u2019enfance, de nous pr\u00e9senter pour&nbsp;<strong>le 20 novembre, journ\u00e9e internationale des droits des enfants,<\/strong>&nbsp;un plan d\u2019envergure et \u00e0 la hauteur de la situation dramatique des violences faites aux enfants.&nbsp; Nous demandons notamment la suspension de l\u2019autorit\u00e9 parentale automatique dans le cadre d\u2019une mise en examen d\u2019un des parents pour maltraitances physiques, psychologiques et sexuelles et&nbsp;<strong>la mise en place d\u2019\u00e9tats g\u00e9n\u00e9raux sur la protection de l\u2019enfance&nbsp;\u00bb.<\/strong><\/li>\n<\/ul>\n\n\n\n<p class=\"has-text-align-center wp-block-paragraph\">***<\/p>\n\n\n\n<h3 class=\"wp-block-heading\" id=\"le-devenir-de-la-civiise\"><mark style=\"background-color:rgba(0, 0, 0, 0)\" class=\"has-inline-color has-luminous-vivid-orange-color\"><strong>Le devenir de la CIVIISE<\/strong><\/mark><\/h3>\n\n\n\n<ul class=\"wp-block-list\">\n<li><strong>D\u00e9cembre 2023<\/strong> : \u00ab&nbsp;le gouvernement maintient la Commission ind\u00e9pendante sur l\u2019inceste et les violences sexuelles faites aux enfants. Son m\u00e9diatique pr\u00e9sident,&nbsp;<strong>le juge \u00c9douard Durand<\/strong>, est d\u00e9barqu\u00e9. Ses rempla\u00e7ants, l\u2019ex-rubgyman S\u00e9bastien Boueilh et la p\u00e9diatre Caroline Rey-Salmon, sont aux antipodes de l\u2019\u00e9quipe sortante&nbsp;\u00bb.&nbsp;<strong><a href=\"https:\/\/www.mediapart.fr\/journal\/france\/141223\/inceste-la-ciivise-un-changement-de-presidence-qui-va-changer-la-ligne\">Article de M\u00e9diapart<\/a><\/strong>&nbsp;pour abonn\u00e9\u2022e\u2022s et Lib\u00e9ration annonce la possible d\u00e9mission de plusieurs de ses membres.&nbsp;<strong><a href=\"https:\/\/www.liberation.fr\/societe\/familles\/lutte-contre-linceste-choques-et-en-colere-neuf-membres-de-la-ciivise-demissionnent\">Article de Lib\u00e9ration<\/a><\/strong>&nbsp;pour abonn\u00e9\u2022e\u2022s<\/li>\n\n\n\n<li><strong>Le 09\/02\/24 <\/strong>: \u00ab&nbsp;Remise en place le 5 f\u00e9vrier, apr\u00e8s l\u2019\u00e9viction en d\u00e9cembre dernier du&nbsp;&nbsp;<strong>juge Edouard Durand<\/strong>, l\u2019instance s\u2019est bris\u00e9e le soir du 8 f\u00e9vrier, avec la d\u00e9mission de son copr\u00e9sident S\u00e9bastien Boueilh. L\u2019avant-veille, sa copr\u00e9sidente Caroline Rey-Salmon, p\u00e9diatre et l\u00e9giste, faisait l\u2019objet d\u2019une plainte pour agression sexuelle. Dans une s\u00e9quence d\u00e9sastreuse sur TMC, Boueilh avait alors foul\u00e9 au pied la doctrine, si forte, de&nbsp;<strong>la Ciivise<\/strong>, le&nbsp;<strong><em>\u00ab&nbsp;on vous croit&nbsp;\u00bb<\/em><\/strong>&nbsp;qui affirmait jusqu\u2019ici la l\u00e9gitimit\u00e9 de la parole des victimes&nbsp;\u00bb.&nbsp;<strong><a href=\"https:\/\/www.telerama.fr\/debats-reportages\/la-nouvelle-commission-sur-l-inceste-s-ecroule-en-quatre-jours-laissant-un-sentiment-de-gachis-et-de-colere-7019204.php\">Sur T\u00e9l\u00e9rama.<\/a><\/strong><\/li>\n\n\n\n<li><strong>Le 08\/02\/2024<\/strong> : publication du livre d\u2019Edouard Durand<br>Edouard Durand publie&nbsp;<strong>l\u2019ouvrage&nbsp;<em>160&nbsp;000 enfants. Violences sexuelles et d\u00e9ni social<\/em>&nbsp;(Gallimard)<\/strong>, dans lequel il rapporte le constat fait par la Ciivise lorsqu\u2019il en \u00e9tait le co-pr\u00e9sident&nbsp;:&nbsp;<strong>en France, 160&nbsp;000 enfants sont victimes de violences sexuelles, soit un enfant toutes les trois minutes.<\/strong><\/li>\n\n\n\n<li>Le <strong>23\/02\/2024<\/strong> : Dans l\u2019\u00e9mission de&nbsp;<strong>Public S\u00e9nat<\/strong>&nbsp;\u00ab&nbsp;Sens public&nbsp;\u00bb, le magistrat Edouard Durand a rappel\u00e9 le r\u00f4le que l\u2019Etat devait jouer dans la protection des enfants victimes de violences sexuelles. Depuis bient\u00f4t un mois, les travaux de la commission sont en pause, apr\u00e8s le d\u00e9part de ses deux co-pr\u00e9sidents, nomm\u00e9s fin 2023.<\/li>\n\n\n\n<li><strong>Les 83 propositions&nbsp;de la premi\u00e8re CIVIISE :<\/strong><br>Edouard Durand regrette que les pol\u00e9miques autour de la reconduction de la Ciivise, tendent \u00e0 faire oublier ses 83 pr\u00e9conisations. Ces derni\u00e8res avaient \u00e9t\u00e9 <strong>\u00e9tablies \u00e0 partir des t\u00e9moignages de victimes, recueillis entre 2021 et 2023. <\/strong>Parmi ces recommandations figuraient entre autres : l\u2019imprescriptibilit\u00e9 pour les viols et les agressions sur mineurs, la garantie pour les victimes que leurs soins sp\u00e9cialis\u00e9s soient pris en charge \u00e0 100% ou encore, la reconnaissance du caract\u00e8re incestueux pour des violences commises par un cousin ou une cousine. [\u2026] Il tient \u00e9galement \u00e0 rappeler que \u00ab&nbsp;prot\u00e9ger un enfant n\u2019est jamais contraire \u00e0 la pr\u00e9somption d\u2019innocence&nbsp;\u00bb et que recueillir la parole des enfants rel\u00e8ve de la \u00ab&nbsp;politique publique&nbsp;\u00bb.&nbsp;<a href=\"https:\/\/www.publicsenat.fr\/actualites\/societe\/violences-sexuelles-sur-mineurs-le-juge-durand-appelle-letat-a-organiser-une-reponse-sociale-protectrice\"><strong>Lire sur la page de Public S\u00e9nat.<\/strong><\/a><\/li>\n<\/ul>\n\n\n\n<p class=\"has-text-align-center wp-block-paragraph\">***<\/p>\n\n\n\n<h3 class=\"wp-block-heading\" id=\"l-enfant-le-jeune-l-eleve-sont-des-personnes\"><strong>L\u2019enfant, le jeune, l\u2019\u00e9l\u00e8ve sont des personnes<\/strong><\/h3>\n\n\n\n<p class=\"wp-block-paragraph\">Par Nadine Lanneau, anciennement professeure documentaliste dans l\u2019Education nationale, coll\u00e8ge et lyc\u00e9e, membre de l\u2019Association Fran\u00e7aise pour la Lecture (AFL), anciennement animatrice de Centres de loisirs associ\u00e9s aux Ecoles, de l\u2019Education populaire, grand-m\u00e8re et citoyenne active et r\u00e9active.<\/p>\n\n\n\n<p class=\"wp-block-paragraph\">Comme nous l\u2019avons vu, dans notre Appel, depuis la nuit des temps, les b\u00e9b\u00e9s, les enfants, m\u00eame les jeunes sont trait\u00e9s majoritairement comme&nbsp;<strong>des objets<\/strong>. Fran\u00e7oise Dolto a d\u00e9fendu vigoureusement dans les m\u00e9dias que&nbsp;<strong>l\u2019enfant doit \u00eatre trait\u00e9 en SUJET<\/strong>. \u00ab&nbsp;Fran\u00e7oise Dolto, la \u00ab&nbsp;grand-m\u00e8re des enfants&nbsp;\u00bb, aura marqu\u00e9 des g\u00e9n\u00e9rations, \u00e0 tel point que les principes d\u2019\u00e9ducation aujourd\u2019hui appliqu\u00e9s par les jeunes g\u00e9n\u00e9rations semblent inn\u00e9s, alors que la psychanalyste, premi\u00e8re \u00e0 concevoir ces principes, bien avant mai 68, avait d\u00fb se battre pour se faire entendre. [\u2026] \u00ab&nbsp;Mais la psychanalyste a aussi \u00e9t\u00e9 beaucoup critiqu\u00e9e, notamment sur la notion \u00ab&nbsp;d\u2019enfant roi&nbsp;\u00bb qui a \u00e9t\u00e9 d\u00e9form\u00e9e, d\u00e9plore sa fille. Des critiques qui se basent sur des pr\u00e9ceptes qui n\u2019ont jamais \u00e9t\u00e9 \u00e9crits par la m\u00e9decin. &nbsp;\u00bb&nbsp;<strong><a href=\"https:\/\/www.radiofrance.fr\/franceinter\/podcasts\/l-invite-de-8h20-le-grand-entretien\/catherine-dolto-francoise-dolto-a-ete-beaucoup-critiquee-par-des-gens-qui-ne-l-avaient-pas-lue-5957670\">Lire, voir les vid\u00e9os sur la page de Radio France.&nbsp;<\/a><\/strong>\u00ab&nbsp;Catherine Dolto&nbsp;: \u00ab&nbsp;Fran\u00e7oise Dolto a \u00e9t\u00e9 beaucoup critiqu\u00e9e par des gens qui ne l\u2019avaient pas lue&nbsp;\u00bb.<\/p>\n\n\n\n<p class=\"wp-block-paragraph\">A l\u2019heure actuelle, o\u00f9 le discours de Fran\u00e7oise Dolto est d\u00e9valoris\u00e9, d\u00e9natur\u00e9 m\u00eame, nous pouvons avancer qu\u2019une r\u00e9gression \u00e9norme est \u00e0 l\u2019oeuvre et que la r\u00e9flexion de Fran\u00e7oise Dolto nous manque lorsque nous constatons que les enfants et les jeunes, sont trait\u00e9s comme des OBJETS, \u00e0 commencer par les b\u00e9b\u00e9s, \u00eatres encore plus sans d\u00e9fense.<\/p>\n\n\n\n<p class=\"wp-block-paragraph\"><strong><mark style=\"background-color:rgba(0, 0, 0, 0)\" class=\"has-inline-color has-luminous-vivid-orange-color\">Des b\u00e9b\u00e9s, objets dans les syst\u00e8mes de garde<\/mark>&nbsp;<\/strong>: apr\u00e8s le scandale des EHPAD, celui de&nbsp;<strong>l\u2019accueil de la petite enfance<\/strong>.<\/p>\n\n\n\n<ul class=\"wp-block-list\">\n<li>\u00ab&nbsp;En avril 2023, suite \u00e0 un drame dans une cr\u00e8che \u00e0 Lyon, l\u2019Inspection g\u00e9n\u00e9rale des affaires sociales (Igas) publiait&nbsp;<strong>un rapport alarmant confirmant la d\u00e9gradation des conditions d\u2019accueil dans les \u00e9tablissements de petite enfance.&nbsp;<\/strong><em>\u00ab Bas\u00e9 sur l\u2019observation de structures d\u2019accueil et des questionnaires aupr\u00e8s des professionnel\u00b7es, ce rapport fait \u00e9tat de nombreux t\u00e9moignages qui pourraient renvoyer \u00e0&nbsp;<strong>des situations de maltraitance institutionnelles<\/strong>&nbsp;o\u00f9 les personnels sont mis en condition de devenir maltraitant du fait du manque de temps, de formation et d\u2019effectifs notamment mais, aussi, d\u2019un management qui pressurise les salari\u00e9\u2022e\u2022s. \u00bb<\/em><\/li>\n\n\n\n<li>\u00ab&nbsp;C\u2019est dans ce contexte que, jeudi 19 octobre 2023, la CGT appelait les professionnel\u2022le\u2022s du secteur de la petite enfance \u00e0 la gr\u00e8ve et \u00e0 manifester aux c\u00f4t\u00e9s du&nbsp;<strong>Collectif \u00ab&nbsp;Pas de b\u00e9b\u00e9s \u00e0 la consigne&nbsp;\u00bb<\/strong>. Lire ici&nbsp;<strong><a href=\"https:\/\/www.cgt.fr\/actualites\/france\/services-publics\/egalite-femmehomme\/un-plan-dinvestissement-pour-proteger-nos-enfants?utm_source=brevo&amp;utm_campaign=Newsletter%20n279%20du%2020102023&amp;utm_medium=email\">l\u2019article appelant \u00e0 la cr\u00e9ation d\u2019un v\u00e9ritable service public avec un vrai plan d\u2019investissement pour la petite enfance.<\/a><\/strong>&nbsp;&nbsp;Et pr\u00e9avis de gr\u00e8ve des syndicats CGT, CFDT et SNUTER-FSU.<\/li>\n<\/ul>\n\n\n\n<p class=\"wp-block-paragraph\"><strong><mark style=\"background-color:rgba(0, 0, 0, 0)\" class=\"has-inline-color has-luminous-vivid-orange-color\">Des objets en famille et dans l\u2019entourage propre&nbsp;: des adultes t\u00e9moignent, d\u00e9noncent.<\/mark><\/strong><\/p>\n\n\n\n<ul class=\"wp-block-list\">\n<li>1 fille sur 5 et un gar\u00e7on sur 13 sont victimes d\u2019inceste et de violences sexuelles.&nbsp;<strong>L\u2019inceste<\/strong>, pourtant interdit par les religions et de nombreux pays, n\u2019a cess\u00e9 de r\u00e9pandre son horreur, dans le silence des enfants victimes,&nbsp;<strong>interdits de parole.<\/strong>&nbsp;Ainsi <strong>Emmanuelle B\u00e9art<\/strong> \u00e2g\u00e9e actuellement de 50 ans, s\u2019est r\u00e9solue ce mois-ci en 2023, \u00e0 t\u00e9moigner&nbsp;: \u00ab&nbsp;Emmanuelle B\u00e9art r\u00e9v\u00e8le avoir \u00e9t\u00e9 victime d\u2019inceste durant son adolescence, dans \u00ab&nbsp;Un silence si bruyant&nbsp;\u00bb, film cor\u00e9alis\u00e9 par l\u2019actrice, diffus\u00e9 sur M6 le 24&nbsp;septembre 2023. Quatre victimes, trois femmes et un homme t\u00e9moignent.<\/li>\n<\/ul>\n\n\n\n<ul class=\"wp-block-list\">\n<li>Et dans un autre article du Monde dat\u00e9 du 18 janvier 2021&nbsp;:<ul><li><em>\u00ab&nbsp;Muriel Salmona a pass\u00e9 le week-end sur son portable. Des heures durant, la psychiatre sp\u00e9cialiste des violences faites aux femmes et aux enfants a consult\u00e9 compulsivement les&nbsp;<\/em><a href=\"https:\/\/www.lemonde.fr\/societe\/article\/2021\/01\/16\/metooinceste-dans-le-sillage-de-l-affaire-duhamel-des-centaines-de-victimes-temoignent-sur-twitter_6066539_3224.html\"><strong><em>dizaines de milliers de Tweet publi\u00e9s avec le mot-di\u00e8se #metooinceste.<\/em><\/strong><\/a><em>&nbsp;Elle a regard\u00e9 \u00e9clore les histoires de tous ces Fran\u00e7ais, connus ou inconnus, petits comptes \u00e0 quelques followers cr\u00e9\u00e9s pour l\u2019occasion, ou gros comptes leaders, qui racontent publiquement les agressions dont ils se disent victimes \u00e0 5, 8 ou 13&nbsp;ans, par leur p\u00e8re, grand-p\u00e8re, fr\u00e8re, oncle ou cousin.\u00ab&nbsp;\u00c7a concr\u00e9tise ce que l\u2019on sait d\u00e9j\u00e0, il y a tellement de victimes en France. C\u2019est une bonne nouvelle, elles arrivent \u00e0 parler, \u00e7a veut dire qu\u2019elles se sont senties en s\u00e9curit\u00e9 pour affronter le poids du secret&nbsp;\u00bb,&nbsp;s\u2019enthousiasme la soignante. Elle-m\u00eame a pour la deuxi\u00e8me fois \u00e9voqu\u00e9 les propres faits dont elle a \u00e9t\u00e9 victime, pour montrer \u00ab&nbsp;que ce sont les personnes les plus saccag\u00e9es qui se battent, les plus ab\u00eem\u00e9es qui tentent de remettre le monde \u00e0 l\u2019endroit&nbsp;\u00bb.\u00ab&nbsp;Caroline De Haas, militante au sein du collectif #NousToutes, a elle aussi eu du mal \u00e0 dormir ce week-end. Cramponn\u00e9e \u00e0 son t\u00e9l\u00e9phone, \u00e0 lire tous ces r\u00e9cits et \u00e0 savoir que derri\u00e8re les Tweet, il y a&nbsp;\u00ab&nbsp;tous ces gens fracass\u00e9s, qui souffrent autant&nbsp;\u00bb. Pour rendre visible l\u2019inceste apr\u00e8s la publication du livre de Camille Kouchner,&nbsp;<\/em><a href=\"https:\/\/www.lemonde.fr\/societe\/article\/2021\/01\/04\/la-familia-grande-autopsie-d-un-inceste_6065168_3224.html\"><strong><em>La Familia grande<\/em><\/strong><\/a><em>&nbsp;(Seuil, 208 p., 18&nbsp;euros),&nbsp;paru le 7&nbsp;janvier, elle a orchestr\u00e9 avec Madeline Da Silva, du m\u00eame collectif, cette campagne #metooinceste sur les r\u00e9seaux sociaux&nbsp;\u00bb.<\/em><\/li><\/ul><\/li>\n\n\n\n<li><strong><a href=\"https:\/\/www.lemonde.fr\/societe\/article\/2021\/01\/18\/la-france-a-un-probleme-avec-l-inceste-avec-metooinceste-des-dizaines-de-milliers-de-tweets-liberent-la-parole_6066605_3224.html\">Le Monde du 18\/01\/2021<\/a><\/strong>&nbsp;: \u00ab&nbsp;\u00ab&nbsp;La France a un probl\u00e8me avec l\u2019inceste&nbsp;\u00bb&nbsp;: avec #metooinceste, des dizaines de milliers de Tweet lib\u00e8rent la parole&nbsp;\u00bb.<\/li>\n<\/ul>\n\n\n\n<p class=\"wp-block-paragraph\"><strong><mark style=\"background-color:rgba(0, 0, 0, 0)\" class=\"has-inline-color has-luminous-vivid-orange-color\">Des objets \u00e0 l\u2019heure d\u2019Internet,&nbsp;sur les r\u00e9seaux sociaux<\/mark><\/strong><\/p>\n\n\n\n<ul class=\"wp-block-list\">\n<li><strong>Surexposition<\/strong>&nbsp;des enfants&nbsp;(photos, vid\u00e9os). Documentaire d\u2019\u00c9lisa Jadot le 15\/09\/2023 : \u00ab&nbsp;Enfants sous influence, surexpos\u00e9s au nom du like&nbsp;\u00bb. \u00ab\u00a0Les r\u00e9seaux sociaux h\u00e9bergent des milliers de comptes familiaux aliment\u00e9s par des parents en qu\u00eate de popularit\u00e9 et d&rsquo;argent. Derri\u00e8re ces comptes, se cachent des commerces tr\u00e8s lucratifs dans lesquels les enfants deviennent des app\u00e2ts. Contrats publicitaires, placements de produits, r\u00e9mun\u00e9ration au nombre de vues : certains parents parviennent \u00e0 gagner plusieurs millions d&rsquo;euros par an. Le public, lui, en redemande. Ils sont des milliards d&rsquo;utilisateurs \u00e0 suivre et consommer la vie priv\u00e9e de ces enfants vedettes. Parmi eux, des pr\u00e9dateurs sexuels. Dans l&rsquo;ombre, ceux-ci enregistrent et s&rsquo;\u00e9changent chaque jour photos et vid\u00e9os. Plus de la moiti\u00e9 des contenus partag\u00e9s sur les sites p\u00e9dophiles proviendraient ainsi des r\u00e9seaux sociaux\u00a0\u00bb <strong><a href=\"https:\/\/www.france.tv\/documentaires\/societe\/5216163-enfants-sous-influence-surexposes-au-nom-du-like.html#section-about\">Sur le site de France tv<\/a><\/strong>.<ul><li>\u00ab&nbsp;Victimes de p\u00e9do-criminels (comme toujours, mais amplifi\u00e9 avec Internet). \u00ab&nbsp;On s\u2019imagine souvent que c\u2019est la nudit\u00e9 qui attire les pr\u00e9dateurs sexuels. Mais pas seulement&nbsp;\u00bb, avertit la r\u00e9alisatrice&nbsp;\u00bb.<\/li><\/ul>\n<ul class=\"wp-block-list\">\n<li>Un autre exemple&nbsp;<strong>Cam, une jeune Am\u00e9ricaine de 24 ans. Elle est traumatis\u00e9e par la surexposition que lui a impos\u00e9e sa maman.&nbsp;<\/strong>\u00ab&nbsp;Elle raconte notamment un moment o\u00f9 sa maman a publi\u00e9 la premi\u00e8re fois qu\u2019elle avait ses r\u00e8gles. Elle avait neuf ans, elle \u00e9tait tr\u00e8s jeune, donc il y a eu une perte de confiance. Elle s\u2019est sentie trahie par sa maman qui a d\u00e9voil\u00e9 cette information particuli\u00e8rement intime.&nbsp;<strong><a href=\"https:\/\/www.francetvinfo.fr\/replay-radio\/info-medias\/france-5-alerte-sur-les-dangers-des-photos-d-enfants-publiees-sur-internet-par-leurs-parents_6036122.html\">Lire ici.<\/a><\/strong><\/li>\n<\/ul>\n<\/li>\n<\/ul>\n\n\n\n<ul class=\"wp-block-list\">\n<li><strong>Enfants,objets de divertissement<\/strong>&nbsp;dans le m\u00eame reportage :\n<ul class=\"wp-block-list\">\n<li>\u00ab&nbsp;Il y a aussi un tas de d\u00e9rives comme ce qu\u2019on appelle le&nbsp;<strong>\u00ab&nbsp;kids shaming&nbsp;\u00bb<\/strong>, c\u2019est-\u00e0-dire se moquer de son enfant dans des vid\u00e9os.&nbsp;\u00bb<br>Il y a m\u00eame des challenges comme&nbsp;<strong>le \u00ab&nbsp;cheese&nbsp;\u00bb challenge<\/strong>&nbsp;qui consiste \u00e0 jeter une tranche de fromage au visage de son tout petit b\u00e9b\u00e9. Donc, l\u2019enfant devient assez facilement sur les r\u00e9seaux sociaux un objet de divertissement. Et \u00e7a fait carr\u00e9ment peur. Comment peut grandir un enfant quand il est chez lui, qu\u2019il est cens\u00e9 \u00eatre libre et en s\u00e9curit\u00e9 ? Il se dira : \u00c0 tout moment, mon parent peut m\u2019envoyer une tranche de fromage au visage. Cela pose donc un certain nombre de questions sur notre \u00e9poque&nbsp;\u00bb.<\/li>\n<\/ul>\n<\/li>\n<\/ul>\n\n\n\n<p class=\"wp-block-paragraph\">Et des exemples encore plus terribles dans le documentaire&#8230;<\/p>\n\n\n\n<p class=\"wp-block-paragraph\"><strong><mark style=\"background-color:rgba(0, 0, 0, 0)\" class=\"has-inline-color has-luminous-vivid-orange-color\">Des objets encore trop \u00e0 l\u2019\u00e9cole, dans le syst\u00e8me \u00e9ducatif en g\u00e9n\u00e9ral<\/mark><\/strong><\/p>\n\n\n\n<ul class=\"wp-block-list\">\n<li>Les ch\u00e2timents corporels ont disparu heureusement de l\u2019Ecole (encore dans les ann\u00e9es 60, on s\u2019en souvient\u2026) mais n\u2019ont-ils pas \u00e9t\u00e9 remplac\u00e9s par des ch\u00e2timents psychologiques, des brimades, des ph\u00e9nom\u00e8nes de harc\u00e8lement encore plus graves, de la part de personnes \u00e0 tendance sadique ? Le syst\u00e8me est ainsi fait que l\u2019enseignant\u2022e a tout pouvoir sur les \u00e9l\u00e8ves\u2026 tout pouvoir de lui assurer ou non une bonne estime de soi. Tout pouvoir parce que l\u2019enseignant\u2022e est seul\u2022e face \u00e0 sa classe, le travail en \u00e9quipe n\u2019existant pratiquement pas.<\/li>\n\n\n\n<li>Une organisation jamais remise en question des locaux, de l\u2019utilisation de ces locaux, font qu\u2019\u00e0 l\u2019\u00e9cole, au coll\u00e8ge, les enfants et les jeunes ne sont pas libres de circuler ne serait-ce que pour satisfaire des besoins physiques comme celui d\u2019aller aux toilettes : on doit y aller \u00e0 heure fixe, pendant les r\u00e9cr\u00e9ations et apr\u00e8s, on doit attendre la nouvelle r\u00e9cr\u00e9ation. Manque d\u2019autonomie, peur de l\u2019enseignant.e d\u2019\u00eatre d\u00e9bord\u00e9.e si l\u2019enfant ou le jeune en profite pour s\u2019\u00e9chapper sans raison\u2026<\/li>\n\n\n\n<li>Les enseignant\u2022e\u2022s ont d\u2019autre part, du mal \u00e0 accepter la diff\u00e9rence. Les diff\u00e9rences sont multiples et j\u2019insisterai surtout sur la diff\u00e9rence de rythme de chaque \u00e9l\u00e8ve pour apprendre. Car l\u2019enseignant\u2022e enseigne, l\u2019\u00e9l\u00e8ve apprend et l\u2019\u00e9l\u00e8ve est unique. Or, il existe un malentendu d\u00e8s le CP (attention maintenant \u00e0 ce que l\u2019on fait de la maternelle o\u00f9 l\u2019on est oblig\u00e9 d\u2019entrer \u00e0 3 ans pour suivre des \u00e9valuations en vue de l\u2019apprentissage de la lecture du CP, \u00e9valuations incessantes qui d\u00e9naturent ce lieu d\u2019apprentissage original o\u00f9 les rythmes de chacun.ne \u00e9taient jusque-l\u00e0 respect\u00e9s) : l\u2019\u00e9l\u00e8ve doit maintenant apprendre \u00e0 lire\u2026or l\u2019on sait que chaque \u00e9l\u00e8ve n\u2019est pas \u00e9gal aux autres pour faire face \u00e0 cette acquisition. Les diff\u00e9rences d\u2019acquisition sont encore ici des diff\u00e9rences de\u2026 classe sociale. Quoi de commun entre l\u2019\u00e9l\u00e8ve d\u2019un milieu ais\u00e9 ou cultiv\u00e9 qui a chez lui tout ce que va lui demander le syst\u00e8me scolaire (des livres, des parents qui lui lisent des livres, la fr\u00e9quentation de la biblioth\u00e8que, du mus\u00e9e, des sorties, qui \u00e9change en famille, et ne s\u2019abrutit pas devant la tv, qui est sollicit\u00e9 pour donner son avis, qui se fait aider dans sa famille pour les devoirs, etc. ), et l\u2019\u00e9l\u00e8ve qui ne b\u00e9n\u00e9ficie de rien, \u00e0 part de la culture de son milieu que l\u2019Ecole m\u00e9conna\u00eet ou rejette ? Un foss\u00e9 infranchissable\u2026 et d\u2019autant infranchissable que trop souvent l\u2019enseignant\u2022e rejette la faute sur les parents.<\/li>\n\n\n\n<li>Les enseignant\u2022e\u2022s ne laissent pas le temps au temps, ne laissent pas le temps qu\u2019il faudrait \u00e0 chacun\u2022une pour&nbsp;<strong>apprendre \u00e0 son propre rythme<\/strong>. Pourquoi ? Parce que les enseignant\u2022e\u2022s sont de la m\u00eame fa\u00e7on que les \u00e9l\u00e8ves, sous la pression des programmes, de l\u2019avis de l\u2019Inspecteur\u2022rice, des parents d\u2019\u00e9l\u00e8ves, des autres coll\u00e8gues\u2026 L\u2019Ecole qui fait de l\u2019enseignement des programmes, l\u2019alpha et l\u2019om\u00e9ga ! \u2013 comme si \u00e0 tous les niveaux, l\u2019\u00e9l\u00e8ve n\u2019\u00e9tait qu\u2019un objet de programmation, un robot, non un \u00eatre humain, \u2013 ne se soucie pas de ce qui peut gripper dans la \u00ab&nbsp;machine&nbsp;\u00bb. Comme tout y est syst\u00e9mique,&nbsp;<strong>l\u2019enseignant\u2022e \u00e9tant une partie du probl\u00e8me<\/strong>, est incapable de s\u2019apercevoir des probl\u00e8mes, encore moins de les traiter. Ainsi aussi, j\u2019ai l\u2019exemple d\u2019autistes asperger, de bipolaires qui sont arriv\u00e9\u2022e\u2022s en CP d\u00e9j\u00e0 lecteur\u2022rice\u2022s, qui regardent les autres \u00e2nonner et\u2026 s\u2019ennuient\u2026 quand ils ne sont pas l\u2019objet de r\u00e9flexions humiliantes de la part de leur enseignant\u2022e parce qu\u2019ils ne veulent pas entrer dans le moule ! Mais quel moule !<\/li>\n\n\n\n<li>Une solution jamais mise en pratique, ce sont&nbsp;<strong>les cycles<\/strong>, d\u2019abord \u00e0 l\u2019\u00e9cole primaire mais aussi au coll\u00e8ge et au lyc\u00e9e. Institu\u00e9s en 1989 avec la loi Jospin, pourquoi les cycles n\u2019existent-ils toujours pas ? Voir mon article avec cette introduction : \u00ab&nbsp;Et tout d\u2019abord, comme&nbsp;pour mieux comprendre le pr\u00e9sent et l\u2019avenir, rien ne vaut mieux que de&nbsp;<strong>se pencher sur le pass\u00e9&nbsp;<\/strong>:&nbsp;<strong>un petit historique des r\u00e9formes dans l\u2019Education nationale pour comprendre les manigances du ministre&nbsp;\u00bb.<\/strong>&nbsp;<strong><a href=\"https:\/\/education-bien-commun.fr\/2023\/10\/15\/il-est-grand-temps-de-bifurquer\/\">Lire ici<\/a><\/strong>.<\/li>\n<\/ul>\n\n\n\n<p class=\"has-text-align-center wp-block-paragraph\"><\/p>\n\n\n\n<p class=\"wp-block-paragraph\">Un cas \u00e0 la limite de l\u2019absurde : l\u2019Ecole d\u00e9nie m\u00eame aux plus \u00e2g\u00e9\u2022e\u2022s, la qualification de&nbsp;<strong>\u00ab&nbsp;personnes&nbsp;\u00bb capables de penser par elles-m\u00eames<\/strong>&nbsp;: et par ce r\u00e9cent exemple, nous en revenons \u00e0 cette triste r\u00e9alit\u00e9 qu\u2019est l\u2019inceste.<\/p>\n\n\n\n<p class=\"wp-block-paragraph\">Le Huffingtonpost du 18\/10\/2023 nous apprend ce fait terrible qui met en cause l\u2019Ecole et son fonctionnement : \u00ab&nbsp;Le livre <strong>\u00ab&nbsp;Triste tigre&nbsp;\u00bb de Neige Sinno<\/strong>, qui aborde l\u2019inceste qu\u2019elle a subi, n\u2019est plus disponible dans un lyc\u00e9e breton. <strong>Selon la cheffe d\u2019\u00e9tablissement, il comporte des passages qui peuvent heurter des sensibilit\u00e9s.<\/strong> Une d\u00e9cision qui provoque un toll\u00e9&nbsp;\u00bb. Heurter la sensibilit\u00e9 ? Alors qu\u2019au lyc\u00e9e particuli\u00e8rement, vu l\u2019\u00e2ge des \u00e9l\u00e8ves, il serait grand temps d\u2019ouvrir leur sensibilit\u00e9 aux r\u00e9alit\u00e9s du monde. \u00ab&nbsp;Jean-Paul Hirsch, attach\u00e9 de presse des \u00e9ditions P.O.L, [\u2026] rapporte une rencontre entre l\u2019autrice, des lyc\u00e9ens et des enseignants, o\u00f9 certaines&nbsp;\u00e9l\u00e8ves ont fini&nbsp;<em>\u00ab&nbsp;en larmes&nbsp;\u00bb,<\/em>&nbsp;remerciant Neige Sinno pour ce&nbsp;<em>\u00ab&nbsp;moment d\u2019intense \u00e9motion&nbsp;\u00bb<\/em>. Selon lui, ce livre est&nbsp;<em>\u00ab&nbsp;quasiment&nbsp;d\u2019utilit\u00e9 publique&nbsp;\u00bb<\/em>&nbsp;: \u00ab<em>&nbsp;Ce ne sont pas les mots, les paragraphes de ce livre qui sont tr\u00e8s durs, c\u2019est l\u2019inceste et le silence qui r\u00e8gne autour.&nbsp;\u00bb<\/em>&nbsp;\u00ab&nbsp;Cet ouvrage est salu\u00e9 par la critique et fait partie des favoris du&nbsp;Prix Goncourt\u2026 <\/p>\n\n\n\n<p class=\"wp-block-paragraph\">\u00ab&nbsp;<strong>Un cas de censure donc qui remet en cause \u00e9galement, le choix des documents que les professeur\u2022e\u2022s documentalistes proposent aux \u00e9l\u00e8ves au CDI.&nbsp;<\/strong>C\u2019est tr\u00e8s grave ! J\u2019ai \u00e9t\u00e9 prof documentaliste, ce fait me r\u00e9vulse Que devient la libert\u00e9 p\u00e9dagogique des profs docs ? \u00ab&nbsp;Les \u00e9l\u00e8ves du&nbsp;lyc\u00e9e priv\u00e9 Le Mennais de Plo\u00ebrmel, en Bretagne, ne pourront pas acc\u00e9der \u00e0 ce livre mis \u00e0 disposition au CDI dans leur \u00e9tablissement. La proviseure V\u00e9ronique Calas a pris la d\u00e9cision de retirer des rayons du CDI le livre&nbsp;<em>Triste Tigre&nbsp;<\/em>de Neige Sinno. [\u2026]&nbsp;\u00bb La raison&nbsp;? Dans cet ouvrage, l\u2019autrice aborde&nbsp;les abus et viols incestueux perp\u00e9tr\u00e9s sur elle par son beau-p\u00e8re, entre ses 7&nbsp;et 14&nbsp;ans&nbsp;\u00bb.&nbsp;<\/p>\n\n\n\n<ul class=\"wp-block-list\">\n<li>Cet \u00e9tablissement aurait pu \u00eatre un lieu de d\u00e9voilement sur ce probl\u00e8me majeur jamais discut\u00e9 dans les classes alors que les victimes y sont pr\u00e9sentes. L\u00e0, tout \u00e9tait d\u2019ailleurs d\u00e9j\u00e0 mis en place : \u00ab&nbsp;<strong>Ce livre \u00e9tait au CDI car il faisait partie d\u2019une s\u00e9lection propos\u00e9e aux \u00e9l\u00e8ves afin qu\u2019ils r\u00e9digent une critique<\/strong>&nbsp;dans le cadre du Prix de la plume lyc\u00e9enne&nbsp;\u00bb. On demandait enfin leur avis personnel aux \u00e9l\u00e8ves !<\/li>\n<\/ul>\n\n\n\n<p class=\"wp-block-paragraph\">La cheffe d\u2019\u00e9tablissement prend pr\u00e9texte de la sensibilit\u00e9 des jeunes \u00e0 qui il ne faut pas dire ni montrer certaines choses, pour&nbsp;<strong>censurer l\u2019ouvrage<\/strong>. Quand on sait que les adolescent\u2022e\u2022s sont confront\u00e9\u2022e\u2022s de plus en plus \u00e0 des sc\u00e8nes pornographiques sur Internet ! Personne alors ne se pr\u00e9occupe de leur sensibilit\u00e9 ! Mais l\u00e0, non plus personne ne r\u00e9agit\u2026 dans l\u2019Education nationale ! Des enseignant\u2022e\u2022s ont quand m\u00eame protest\u00e9 :&nbsp; \u00ab&nbsp;aupr\u00e8s du&nbsp;<em>Parisien<\/em>, ils se disent&nbsp;<em>\u00ab&nbsp;\u00e9mus, choqu\u00e9s, voire r\u00e9volt\u00e9s par le principe m\u00eame de la censure d\u2019une \u0153uvre valid\u00e9e par l\u2019\u00c9ducation nationale et l\u2019Acad\u00e9mie Goncourt&nbsp;\u00bb<\/em>. Le comble\u2026&nbsp;<strong><a href=\"https:\/\/www.huffingtonpost.fr\/life\/article\/le-livre-triste-tigre-de-neige-sinno-retire-d-un-lycee-breton-certains-denoncent-une-censure_224583.html\">Lire ici.<\/a><\/strong><\/p>\n\n\n<div class=\"wp-block-image\">\n<figure class=\"alignright size-large is-resized\"><a href=\"https:\/\/education-bien-commun.fr\/\"><img loading=\"lazy\" decoding=\"async\" width=\"322\" height=\"227\" src=\"https:\/\/education-bien-commun.fr\/wp-content\/uploads\/2024\/06\/retour-1.png?w=322\" alt=\"\" class=\"wp-image-9657\" style=\"width:166px;height:auto\" srcset=\"https:\/\/education-bien-commun.fr\/wp-content\/uploads\/2024\/06\/retour-1.png 322w, https:\/\/education-bien-commun.fr\/wp-content\/uploads\/2024\/06\/retour-1-300x211.png 300w\" sizes=\"auto, (max-width: 322px) 100vw, 322px\" \/><\/a><\/figure>\n<\/div>\n\n\n<p class=\"wp-block-paragraph\"><\/p>\n\n\n\n<p class=\"wp-block-paragraph\"><\/p>\n","protected":false},"excerpt":{"rendered":"<p>La contribution de Raymond Millot et du Collectif Education Commun qui lance le d\u00e9bat : SOMMAIRE INDIGNATION \u2013 ANALYSE \u2013 PROPOSITION L\u2019\u00e9ducation est un bien commun qui en tant que tel, ne doit pas d\u00e9pendre d\u2019un quelconque pouvoir politique ou \u00e9conomique mais faire l\u2019objet d\u2019une construction collective \u00e9volutive \u00e9labor\u00e9e d\u00e9mocratiquement. L\u2019organisation de cette \u00ab&nbsp;construction collective&nbsp;\u00bb&hellip; <a class=\"more-link\" href=\"https:\/\/education-bien-commun.fr\/?page_id=9606\">Lire la suite <span class=\"screen-reader-text\">2023 : Un I. P. P.\u00a0?<\/span><\/a><\/p>\n","protected":false},"author":3,"featured_media":0,"parent":0,"menu_order":0,"comment_status":"closed","ping_status":"closed","template":"","meta":{"footnotes":""},"class_list":["post-9606","page","type-page","status-publish","hentry"],"jetpack_sharing_enabled":true,"_links":{"self":[{"href":"https:\/\/education-bien-commun.fr\/index.php?rest_route=\/wp\/v2\/pages\/9606","targetHints":{"allow":["GET"]}}],"collection":[{"href":"https:\/\/education-bien-commun.fr\/index.php?rest_route=\/wp\/v2\/pages"}],"about":[{"href":"https:\/\/education-bien-commun.fr\/index.php?rest_route=\/wp\/v2\/types\/page"}],"author":[{"embeddable":true,"href":"https:\/\/education-bien-commun.fr\/index.php?rest_route=\/wp\/v2\/users\/3"}],"replies":[{"embeddable":true,"href":"https:\/\/education-bien-commun.fr\/index.php?rest_route=%2Fwp%2Fv2%2Fcomments&post=9606"}],"version-history":[{"count":0,"href":"https:\/\/education-bien-commun.fr\/index.php?rest_route=\/wp\/v2\/pages\/9606\/revisions"}],"wp:attachment":[{"href":"https:\/\/education-bien-commun.fr\/index.php?rest_route=%2Fwp%2Fv2%2Fmedia&parent=9606"}],"curies":[{"name":"wp","href":"https:\/\/api.w.org\/{rel}","templated":true}]}}