{"id":9745,"date":"2024-07-12T00:01:24","date_gmt":"2024-07-11T22:01:24","guid":{"rendered":"https:\/\/educationbiencommun.fr\/?page_id=9745"},"modified":"2024-07-12T00:01:24","modified_gmt":"2024-07-11T22:01:24","slug":"2023-mobilisation-generale","status":"publish","type":"page","link":"https:\/\/education-bien-commun.fr\/?page_id=9745","title":{"rendered":"2023 : Mobilisation g\u00e9n\u00e9rale"},"content":{"rendered":"\n<p class=\"wp-block-paragraph\">Texte de 2023 &#8211; Raymond Millot et le Collectif Education bien commun<\/p>\n\n\n\n<p class=\"wp-block-paragraph\"><\/p>\n\n\n\n<p class=\"wp-block-paragraph\">Les effets du r\u00e9chauffement climatique se manifestent plus vite et plus gravement que pr\u00e9vu. Les journalistes et les politiciens en sont inform\u00e9s mais, allant au plus press\u00e9, ils mettent presque syst\u00e9matiquement cette perspective entre parenth\u00e8ses.<\/p>\n\n\n\n<p class=\"wp-block-paragraph\"><strong>Contrairement \u00e0 eux, le secr\u00e9taire g\u00e9n\u00e9ral de l\u2019ONU, Antonio Guterres, s\u2019en inqui\u00e8te au point d\u2019appeler \u00e0 la&nbsp;\u00ab&nbsp;mobilisation g\u00e9n\u00e9rale&nbsp;\u00bb.<\/strong><\/p>\n\n\n\n<p class=\"wp-block-paragraph\"><strong>Dans le champ de<\/strong>&nbsp;<strong>l\u2019\u00e9ducation,<\/strong>&nbsp;notre collectif&nbsp;(1) s\u2019est&nbsp;<strong>\u00ab&nbsp;mobilis\u00e9&nbsp;\u00bb<\/strong>&nbsp;d\u00e8s 2020, en lan\u00e7ant un premier appel \u00ab&nbsp;<strong>Une \u00e9ducation pour faire face au \u00ab&nbsp;jour d\u2019apr\u00e8s<\/strong>&nbsp;\u00bb dans le sillage de l\u2019appel de 18 organisations sur le th\u00e8me \u00ab&nbsp;Plus jamais \u00e7a&nbsp;! Pr\u00e9parons le jour d\u2019apr\u00e8s&nbsp;!&nbsp;\u00bb&nbsp;(l\u2019\u00e9ditorial du Monde du 5 -12- 23 porte sur son 4<sup>\u00e8me<\/sup>&nbsp;objectif \u00ab&nbsp;<strong>l\u2019\u00e9ducation, bien commun ind\u00e9pendant du pouvoir politique<\/strong>&nbsp;\u00bb&nbsp;!).<\/p>\n\n\n\n<p class=\"wp-block-paragraph\"><strong>En 2022<\/strong>, \u00e0 la suite de la manifestation des \u00e9l\u00e8ves des \u00ab&nbsp;Grandes Ecoles&nbsp;\u00bbdont \u00ab&nbsp;AgroParisTech&nbsp;\u00bb, nouvel appel&nbsp;: \u00ab&nbsp;<strong>C\u2019est tout le syst\u00e8me \u00e9ducatif qui doit bifurquer<\/strong>&nbsp;\u00bb.<\/p>\n\n\n\n<p class=\"wp-block-paragraph\">Ces appels ont recueilli&nbsp;<strong>des signatures significatives<\/strong>&nbsp;de personnalit\u00e9s connues des sciences de l\u2019\u00e9ducation, de la philosophie, de la psychologie, de la psychiatrie, et de militant.es appartenant aux diff\u00e9rents mouvements p\u00e9dagogiques.&nbsp;<strong><a href=\"https:\/\/education-bien-commun.fr\/bifurquer\/\">Voir sur cette page de notre site.<\/a><\/strong><\/p>\n\n\n\n<p class=\"wp-block-paragraph\"><strong>&nbsp;En novembre 2023<\/strong>, des \u00e9l\u00e8ves de Grandes Ecoles manifestent de nouveau leur volont\u00e9 de \u00ab&nbsp;bifurquer&nbsp;\u00bb. Ils apportent implicitement&nbsp;<strong>leur contribution<\/strong>&nbsp;\u00e0 cette mobilisation g\u00e9n\u00e9rale.<\/p>\n\n\n\n<p class=\"wp-block-paragraph\">En attendant que celle-ci devienne effective,&nbsp;il est possible&nbsp;:<\/p>\n\n\n\n<ul class=\"wp-block-list\">\n<li>d\u2019exploiter et d\u00e9border les timides propositions de l\u2019institution scolaire concernant \u00ab&nbsp;<strong>l\u2019\u00e9ducation au d\u00e9veloppement durable<\/strong>&nbsp;\u00bb. Occasion d\u2019accumuler de l\u2019exp\u00e9rience utile \u00e0 l\u2019\u00e9ventuelle\u00ab&nbsp;bifurcation&nbsp;\u00bb et de donner un sens \u00e0 la \u00ab&nbsp;transdisciplinarit\u00e9&nbsp;\u00bb<\/li>\n\n\n\n<li><strong>d\u2019imaginer une mise en \u0153uvre de cette mobilisation<\/strong>, dans les diff\u00e9rents domaines de la vie sociale.<\/li>\n<\/ul>\n\n\n\n<p class=\"wp-block-paragraph\">Il est impossible de tenir les enfants et les adolescents&nbsp;\u00e0 l\u2019\u00e9cart des horreurs du monde.&nbsp; Nous constatons&nbsp;<strong>leur inqui\u00e9tude<\/strong>&nbsp;et nous estimons que le moyen le plus efficacepour emp\u00eacher qu\u2019elle n\u2019envahisse les esprits,&nbsp;<strong>c\u2019est l\u2019action<\/strong>. A cet effet, nous proposons d\u2019examiner&nbsp;<strong>une premi\u00e8re hypoth\u00e8se.<\/strong><\/p>\n\n\n\n<h3 class=\"wp-block-heading\" id=\"la-mobilisation-generale-doit-impliquer-les-enfants-et-les-adolescents\"><strong><em>La mobilisation g\u00e9n\u00e9rale doit impliquer les enfants et les adolescents<\/em><\/strong><\/h3>\n\n\n\n<p class=\"wp-block-paragraph\">Les p\u00e9dagogues qui ont&nbsp;<strong>ouvert<\/strong>&nbsp;l\u2019\u00e9cole sur le monde et pratiqu\u00e9 \u00ab&nbsp;<strong>la p\u00e9dagogie du projet<\/strong>&nbsp;\u00bb ont constat\u00e9 qu\u2019ainsi, les apprentissages prenaient<strong>&nbsp;du sens<\/strong>&nbsp;aux yeux des enfants. &nbsp;<\/p>\n\n\n\n<p class=\"wp-block-paragraph\">La lutte contre les effets du changement climatique et les efforts pour y porter rem\u00e8de constituent&nbsp;<strong>un projet majeur et vital qui &nbsp;les concerne au premier titre<\/strong>.<\/p>\n\n\n\n<p class=\"wp-block-paragraph\">Il est donc fond\u00e9 d\u2019envisager que les enfants et les adolescents deviennent, aux c\u00f4t\u00e9s des adultes,&nbsp;<strong>acteurs de cette mobilisation g\u00e9n\u00e9rale.<\/strong><\/p>\n\n\n\n<p class=\"wp-block-paragraph\">Nous avons donc tent\u00e9 de d\u00e9crire le processus d\u2019une mani\u00e8re r\u00e9aliste et \u00e0 nos yeux&nbsp;<strong>f\u00e9conde&nbsp;<\/strong>car elle a permis d\u2019aborder divers sujets sous un angle nouveau, ainsi :<\/p>\n\n\n\n<ul class=\"wp-block-list\">\n<li>Ce r\u00f4le d\u2019<strong>acteur<\/strong>&nbsp;conduit \u00e0 consid\u00e9rer&nbsp;<strong>le statut<\/strong>&nbsp;de l\u2019enfant et en quoi il se trouve chang\u00e9, non seulement parce que le processus d\u2019auto-socio-construction transforme son statut d\u2019<strong>\u00e9l\u00e8ve<\/strong>, mais aussi son statut de \u00ab&nbsp;<strong>personne<\/strong>&nbsp;\u00bb partenaire des adultes.<\/li>\n\n\n\n<li>Un tel objectif constitue une rupture avec le&nbsp;<strong>statut actuel&nbsp; de l\u2019\u00e9colier.&nbsp;<\/strong>Consid\u00e9rer<strong>&nbsp;l\u2019<\/strong>enfant en termes de<strong>&nbsp;personne ou de \u00ab&nbsp;sujet&nbsp;\u00bb&nbsp;<\/strong>a \u00e9t\u00e9 longtemps un objectif majeur&nbsp;<strong>\u00e0 l\u2019\u00e9cole maternelle.<\/strong>&nbsp;Il appara\u00eet d\u2019une mani\u00e8re tr\u00e8s secondaire apr\u00e8s 1968 dans la p\u00e9riode scolaire de 6 \u00e0 18 ans au cours de laquelle l\u2019enfant est&nbsp; assign\u00e9 au statut d\u2019<strong>\u00ab&nbsp;objet&nbsp;\u00bb<\/strong>&nbsp;qu\u2019on pr\u00e9pare et&nbsp;<strong>s\u00e9lectionne&nbsp;<\/strong>pour son insertion dans le syst\u00e8me \u00e9conomique.<\/li>\n\n\n\n<li>Dans le paradigme qui a produit la catastrophe climatique, le r\u00e9alisme conduisit \u00e0 trouver naturelle cette s\u00e9lection. Et souvent \u00e0 oublier qu\u2019elle est fauss\u00e9e comme&nbsp;<strong>Bourdieu et Passeron<\/strong>, en ont fait le constat en 1964, qu\u2019elle a une fonction de \u00ab&nbsp;<strong>reproduction sociale<\/strong>&nbsp;\u00bb, qu\u2019elle&nbsp;<strong>entretient les in\u00e9galit\u00e9s<\/strong>&nbsp;sociales\u2026 et qu\u2019elle est toujours \u00e0 l\u2019\u0153uvre en 2023.<\/li>\n\n\n\n<li>Le projet \u00ab&nbsp;changer de paradigme&nbsp;\u00bb, implique d\u2019analyser les caract\u00e9ristiques de l\u2019ancien et conduit \u00e0 compl\u00e9ter le constat des sociologues&nbsp;: &nbsp;&nbsp;le syst\u00e8me scolaire actuel contribue &nbsp;\u00e0&nbsp;<strong>l\u2019acceptation&nbsp;<\/strong>et \u00e0 la<strong>&nbsp;reproduction du paradigme.&nbsp;<\/strong>Le&nbsp;<strong>travail scolaire&nbsp;<\/strong>sert avant tout \u00e0 obtenir des notes et des dipl\u00f4mes monnayables \u00e0 l\u2019\u00e2ge adulte\u2026<\/li>\n<\/ul>\n\n\n\n<h3 class=\"wp-block-heading\" id=\"notre-hypothese-se-situe-dans-la-perspective-d-un-nouveau-paradigme\"><strong><em>Notre hypoth\u00e8se se situe dans la perspective d\u2019un nouveau paradigme&nbsp;:<\/em><\/strong><\/h3>\n\n\n\n<ul class=\"wp-block-list\">\n<li>Le&nbsp;<strong>travail pour le bien commun<\/strong>&nbsp;aux c\u00f4t\u00e9 des adultes, sera source d\u2019apprentissages porteurs de sens, valorisant les transmissions de savoirs et justifiant les efforts pour les assimiler.&nbsp;<br>&nbsp;<\/li>\n\n\n\n<li>Dans des groupes d\u2019enfants h\u00e9t\u00e9rog\u00e8nes o\u00f9 chacun peut apprendre \u00e0 chacun et de chacun, le&nbsp;<strong>bagage culturel<\/strong>&nbsp;qui avantageait les enfants favoris\u00e9s sera mis en commun dans l\u2019action, tout comme les&nbsp;<strong>savoir-faire et l\u2019exp\u00e9rience des r\u00e9alit\u00e9s<\/strong>&nbsp;acquis par les enfants des milieux populaires (constat\u00e9s &nbsp;dans la p\u00e9dagogie du projet).<br>&nbsp;<\/li>\n\n\n\n<li>En promouvant la p\u00e9dagogie du projet sur&nbsp;<strong>une grande \u00e9chelle<\/strong>, il est possible de transformer \u00e0 la fois le&nbsp;<strong>statut de l\u2019enfant&nbsp;et le statut du travail.<\/strong><\/li>\n<\/ul>\n\n\n\n<p class=\"wp-block-paragraph\"><strong>Le r\u00e9alisme&nbsp;<\/strong>oblige \u00e0 examiner les modalit\u00e9s de la mise en \u0153uvre d\u2019un tel changement du paradigme \u00e9ducatif&nbsp;; l\u2019exp\u00e9rience acquise dans le cadre de la recherche p\u00e9dagogique le permet. La mobilisation g\u00e9n\u00e9rale lib\u00e9rant les potentiels d\u2019engagement et de cr\u00e9ativit\u00e9 rendra possible une ambitieuse \u00ab&nbsp;recherche-action&nbsp;\u00bb<\/p>\n\n\n\n<ul class=\"wp-block-list\">\n<li>bas\u00e9e sur des projets locaux<\/li>\n\n\n\n<li>se dotant d\u2019objectifs d\u00e9finis d\u00e9mocratiquement, pr\u00e9cisant l\u2019engagement des acteurs<\/li>\n\n\n\n<li>et s\u2019int\u00e9grant dans une recherche organis\u00e9e r\u00e9gionalement et nationalement (2)<\/li>\n<\/ul>\n\n\n\n<p class=\"wp-block-paragraph\">N.B. tous les sujets de r\u00e9flexion \u00e9voqu\u00e9s sont d\u00e9velopp\u00e9s dans des articles figurant sur ce site.<\/p>\n\n\n\n<p class=\"wp-block-paragraph\"><strong>Nous souhaitons que d\u2019autres hypoth\u00e8ses soient formul\u00e9es et que celle-ci soit examin\u00e9e par celles et ceux qui croient en l\u2019urgence d\u2019une \u00ab&nbsp;mobilisation g\u00e9n\u00e9rale&nbsp;\u00bb.<\/strong><\/p>\n\n\n\n<p class=\"wp-block-paragraph\">2023 \u2013 Raymond Millot et le Collectif Education bien commun<\/p>\n\n\n\n<p class=\"wp-block-paragraph\">Ce texte a \u00e9t\u00e9 \u00e9crit pour pr\u00e9senter l\u2019action de notre collectif depuis 2021 \u00e0&nbsp;<strong><a href=\"https:\/\/convergences-educnouv.org\/\">\u00ab&nbsp;Convergence(s) pour l\u2019Education Nouvelle&nbsp;\u00bb.<\/a><\/strong>&nbsp;Regroupons nos forces p\u00e9dagogiques avec d\u2019autres collectifs ou associations vu la situation d\u00e9sastreuse du syst\u00e8me \u00e9ducatif.<\/p>\n\n\n\n<p class=\"wp-block-paragraph\"><strong>Notes<\/strong><\/p>\n\n\n\n<ol start=\"1\" class=\"wp-block-list\">\n<li>Constitu\u00e9 lors de la publication de \u00ab&nbsp;L\u2019EDUCATION UN BIEN COMMUN&nbsp;\u00bb Raymond Millot&nbsp; (\u00e9d. Massot).<\/li>\n\n\n\n<li>&nbsp;Ces propositions reposent sur une \u00ab&nbsp;exp\u00e9rience&nbsp;\u00bb, une r\u00e9alisation qui a dur\u00e9 trente ans de 1972 \u00e0 2001 concernant un quartier de 9000 habitants, suivie par l\u2019INRP, d\u00e9crite dans \u00ab&nbsp;<strong>Une voie communautaire&nbsp;: les \u00e9coles de la Villeneuve de Grenoble<\/strong>&nbsp;\u00bb, Rolande et Raymond Millot, pr\u00e9face de Bertrand Schwartz&nbsp; \u00e9d. Castermann, et relat\u00e9e dans \u00ab<strong>&nbsp;Ecoles en rupture<\/strong>&nbsp;\u00bb et dans&nbsp;<strong>Ecole ouverte\/recherche action\/ soci\u00e9t\u00e9 \u00e9ducatrice&nbsp; \u00e9d. AFL 2013<\/strong><\/li>\n<\/ol>\n\n\n\n<h3 class=\"wp-block-heading\" id=\"bifurquer-n-est-pas-une-mode-passagere\"><em>Bifurquer n\u2019est pas une mode passag\u00e8re<\/em><\/h3>\n\n\n\n<p class=\"wp-block-paragraph\">\u00ab&nbsp;[\u2026] La saison des forums d\u2019entreprises est ouverte. Cette traditionnelle op\u00e9ration [\u2026] vire d\u00e9sormais \u00e0 l\u2019insurrection. De polytechnique aux Mines&nbsp; Paris-PSI ,&nbsp; en passant par Agro Paris Tech, le sc\u00e9nario est toujours le m\u00eame. [\u2026]des dizaines d\u2019\u00e9tudiants se laissent tomber par terre, simulant la mort [\u2026]. Tout autour des banderoles aux slogans percutants&nbsp;: \u00ab&nbsp;<em>Ecole financ\u00e9e par l\u2019or noir<\/em>&nbsp;\u00bb , \u00ab&nbsp;<em>Stop aux cabinets de con(seil)<\/em>&nbsp;\u00bb \u00ab&nbsp;<em>Les int\u00e9r\u00eats priv\u00e9s se font toujours au d\u00e9triment de l\u2019avenir commun&nbsp;<\/em>\u00bb. Puis des discours viennent rompre le silence de la foule interloqu\u00e9e.&nbsp;<em>\u00ab&nbsp;Comment peut-on encore accepter d\u2019\u00eatre financ\u00e9 par TotalEnergies, qui continue de multiplier les nouveaux projets p\u00e9troliers,<\/em>&nbsp;[\u2026]&nbsp;<em>en Ouganda<\/em>&nbsp;?&nbsp;<em>Comment peut-on encore accepter des partenariats avec&nbsp; la BNP, la Soci\u00e9t\u00e9 g\u00e9n\u00e9rale ou le Cr\u00e9dit Agricole<\/em>&nbsp;<em>qui continuent de financer les projets les plus destructeurs&nbsp;<\/em>? [\u2026] s\u2019insurgeaient d\u00e9but octobre une trentaine d\u2019\u00e9tudiants de Polytechnique \u00e0 l\u2019occasion du X Forum devant les regards parfois approbateurs, amus\u00e9s ou le plus souvent indiff\u00e9rents de leurs camarades. \u00ab&nbsp;D\u00e9roul\u00e9 similaire quelques jours plus tard, au Forum Trium co-organis\u00e9 par les associations \u00e9tudiantes de quatre \u00e9coles d\u2019ing\u00e9nieurs (Mines Paris PSL, Ponts Paris Tech, Ensta Paris et Ensae Paris)&nbsp;\u00bb [\u2026]&nbsp;<strong><a href=\"https:\/\/www.lemonde.fr\/campus\/article\/2023\/11\/29\/a-polytechnique-aux-mines-de-paris-ou-a-agroparistech-les-liaisons-dangereuses-avec-les-grandes-entreprises-denoncees-par-des-etudiants-militants_6202902_4401467.html\">LE MONDE CAMPUS&nbsp; 30 novembre 23.<\/a><\/strong>&nbsp;Pour abonn\u00e9\u2022e\u2022s.<\/p>\n","protected":false},"excerpt":{"rendered":"<p>Texte de 2023 &#8211; Raymond Millot et le Collectif Education bien commun Les effets du r\u00e9chauffement climatique se manifestent plus vite et plus gravement que pr\u00e9vu. Les journalistes et les politiciens en sont inform\u00e9s mais, allant au plus press\u00e9, ils mettent presque syst\u00e9matiquement cette perspective entre parenth\u00e8ses. Contrairement \u00e0 eux, le secr\u00e9taire g\u00e9n\u00e9ral de l\u2019ONU,&hellip; <a class=\"more-link\" href=\"https:\/\/education-bien-commun.fr\/?page_id=9745\">Lire la suite <span class=\"screen-reader-text\">2023 : Mobilisation g\u00e9n\u00e9rale<\/span><\/a><\/p>\n","protected":false},"author":3,"featured_media":0,"parent":0,"menu_order":0,"comment_status":"closed","ping_status":"closed","template":"","meta":{"footnotes":""},"class_list":["post-9745","page","type-page","status-publish","hentry"],"jetpack_sharing_enabled":true,"_links":{"self":[{"href":"https:\/\/education-bien-commun.fr\/index.php?rest_route=\/wp\/v2\/pages\/9745","targetHints":{"allow":["GET"]}}],"collection":[{"href":"https:\/\/education-bien-commun.fr\/index.php?rest_route=\/wp\/v2\/pages"}],"about":[{"href":"https:\/\/education-bien-commun.fr\/index.php?rest_route=\/wp\/v2\/types\/page"}],"author":[{"embeddable":true,"href":"https:\/\/education-bien-commun.fr\/index.php?rest_route=\/wp\/v2\/users\/3"}],"replies":[{"embeddable":true,"href":"https:\/\/education-bien-commun.fr\/index.php?rest_route=%2Fwp%2Fv2%2Fcomments&post=9745"}],"version-history":[{"count":0,"href":"https:\/\/education-bien-commun.fr\/index.php?rest_route=\/wp\/v2\/pages\/9745\/revisions"}],"wp:attachment":[{"href":"https:\/\/education-bien-commun.fr\/index.php?rest_route=%2Fwp%2Fv2%2Fmedia&parent=9745"}],"curies":[{"name":"wp","href":"https:\/\/api.w.org\/{rel}","templated":true}]}}